{"id":4507,"date":"2020-11-27T12:28:02","date_gmt":"2020-11-27T11:28:02","guid":{"rendered":"https:\/\/conferencia.lifeshara.com\/conclusiones\/"},"modified":"2021-03-16T11:43:58","modified_gmt":"2021-03-16T10:43:58","slug":"materiais","status":"publish","type":"page","link":"https:\/\/conferencia.lifeshara.com\/pt-pt\/materiais\/","title":{"rendered":"Materiais"},"content":{"rendered":"<p>[et_pb_section fb_built=&#8221;1&#8243; admin_label=&#8221;Cabecera p\u00e1gina&#8221; _builder_version=&#8221;4.6.6&#8243; _module_preset=&#8221;default&#8221; background_color=&#8221;#fdfcec&#8221; custom_margin=&#8221;0px||||false|false&#8221; custom_margin_tablet=&#8221;0px||||false|false&#8221; custom_margin_phone=&#8221;&#8221; custom_margin_last_edited=&#8221;on|phone&#8221; custom_padding=&#8221;0px|||||&#8221;][et_pb_row column_structure=&#8221;3_5,2_5&#8243; _builder_version=&#8221;4.6.6&#8243; _module_preset=&#8221;default&#8221; background_color=&#8221;#fdfcec&#8221; width=&#8221;100%&#8221; max_width=&#8221;100%&#8221; custom_margin_last_edited=&#8221;off|desktop&#8221; custom_padding=&#8221;0px|||||&#8221; custom_margin__hover_enabled=&#8221;off|desktop&#8221;][et_pb_column type=&#8221;3_5&#8243; _builder_version=&#8221;4.6.6&#8243; _module_preset=&#8221;default&#8221; background_color=&#8221;#ffFFFF&#8221;][et_pb_cta title=&#8221;MATERIAIS&#8221; button_url=&#8221;#sesion&#8221; admin_label=&#8221;T\u00edtulo+subt\u00edtulo+bot\u00f3n&#8221; _builder_version=&#8221;4.8.2&#8243; _module_preset=&#8221;default&#8221; header_font=&#8221;|700|||||||&#8221; header_text_align=&#8221;left&#8221; header_text_color=&#8221;#2a2a29&#8243; header_letter_spacing=&#8221;2px&#8221; body_font=&#8221;Ubuntu Mono||||||||&#8221; body_text_align=&#8221;left&#8221; body_text_color=&#8221;#de6f5b&#8221; body_font_size=&#8221;25px&#8221; body_line_height=&#8221;1.3em&#8221; background_color=&#8221;rgba(0,0,0,0)&#8221; custom_button=&#8221;on&#8221; button_font=&#8221;|700|||||||&#8221; button_icon=&#8221;%%1%%&#8221; button_on_hover=&#8221;off&#8221; text_orientation=&#8221;left&#8221; background_layout=&#8221;light&#8221; width=&#8221;80%&#8221; width_tablet=&#8221;75%&#8221; width_phone=&#8221;100%&#8221; width_last_edited=&#8221;on|phone&#8221; module_alignment=&#8221;right&#8221; custom_margin=&#8221;70px|0px|10px||false|false&#8221; custom_margin_tablet=&#8221;80px||10px||false|false&#8221; custom_margin_phone=&#8221;80px||0px||false|false&#8221; custom_margin_last_edited=&#8221;on|phone&#8221; custom_padding=&#8221;|0px|0px||false|false&#8221; header_font_size_tablet=&#8221;&#8221; header_font_size_phone=&#8221;&#8221; header_font_size_last_edited=&#8221;on|phone&#8221; body_font_size_tablet=&#8221;24px&#8221; body_font_size_phone=&#8221;22px&#8221; body_font_size_last_edited=&#8221;on|phone&#8221; module_alignment_tablet=&#8221;center&#8221; module_alignment_phone=&#8221;&#8221; module_alignment_last_edited=&#8221;on|tablet&#8221; custom_css_promo_button=&#8221;margin-top: 20px; &#8221; custom_css_promo_title=&#8221;padding-bottom:20px; &#8221; button_bg_color__hover_enabled=&#8221;on|hover&#8221; button_bg_color__hover=&#8221;#fdfcec&#8221; button_bg_enable_color__hover=&#8221;on&#8221;][\/et_pb_cta][et_pb_cta button_url=&#8221;#sesion&#8221; button_text=&#8221;Veja as MATERIAIS&#8221; admin_label=&#8221;T\u00edtulo+subt\u00edtulo+bot\u00f3n&#8221; _builder_version=&#8221;4.8.2&#8243; _module_preset=&#8221;default&#8221; header_level=&#8221;h1&#8243; header_font=&#8221;|700|||||||&#8221; header_text_align=&#8221;left&#8221; header_text_color=&#8221;#2a2a29&#8243; header_font_size=&#8221;45px&#8221; header_letter_spacing=&#8221;2px&#8221; body_font=&#8221;Ubuntu Mono|700|||||||&#8221; body_text_align=&#8221;left&#8221; body_text_color=&#8221;#2a2a29&#8243; body_font_size=&#8221;35px&#8221; body_line_height=&#8221;1.1em&#8221; background_color=&#8221;rgba(0,0,0,0)&#8221; custom_button=&#8221;on&#8221; button_font=&#8221;|700|||||||&#8221; button_icon=&#8221;%%1%%&#8221; button_on_hover=&#8221;off&#8221; text_orientation=&#8221;left&#8221; background_layout=&#8221;light&#8221; width=&#8221;80%&#8221; width_tablet=&#8221;75%&#8221; width_phone=&#8221;100%&#8221; width_last_edited=&#8221;on|phone&#8221; module_alignment=&#8221;right&#8221; custom_margin=&#8221;2px|0px|50px||false|false&#8221; custom_margin_tablet=&#8221;||80px||false|false&#8221; custom_margin_phone=&#8221;20px||50px||false|false&#8221; custom_margin_last_edited=&#8221;on|tablet&#8221; custom_padding=&#8221;0px|||||&#8221; header_font_size_tablet=&#8221;40px&#8221; header_font_size_phone=&#8221;30px&#8221; header_font_size_last_edited=&#8221;on|phone&#8221; body_font_size_tablet=&#8221;35px&#8221; body_font_size_phone=&#8221;30px&#8221; body_font_size_last_edited=&#8221;on|phone&#8221; module_alignment_tablet=&#8221;center&#8221; module_alignment_phone=&#8221;&#8221; module_alignment_last_edited=&#8221;on|tablet&#8221; custom_css_promo_button=&#8221;margin-top: 20px; &#8221; custom_css_promo_title=&#8221;padding-bottom:20px; &#8221; button_bg_color__hover_enabled=&#8221;on|hover&#8221; button_bg_color__hover=&#8221;#fdfcec&#8221; button_bg_enable_color__hover=&#8221;on&#8221;][\/et_pb_cta][\/et_pb_column][et_pb_column type=&#8221;2_5&#8243; _builder_version=&#8221;4.6.6&#8243; _module_preset=&#8221;default&#8221; background_enable_color=&#8221;off&#8221;][et_pb_divider show_divider=&#8221;off&#8221; _builder_version=&#8221;4.6.6&#8243; _module_preset=&#8221;default&#8221;][\/et_pb_divider][et_pb_image src=&#8221;https:\/\/conferencia.lifeshara.com\/wp-content\/uploads\/2020\/10\/Adaptes-Fin-opt.gif&#8221; title_text=&#8221;Adaptes-Fin-opt&#8221; align=&#8221;center&#8221; _builder_version=&#8221;4.6.6&#8243; width=&#8221;90%&#8221; width_tablet=&#8221;70%&#8221; width_phone=&#8221;&#8221; width_last_edited=&#8221;on|tablet&#8221; module_alignment=&#8221;center&#8221; max_height_tablet=&#8221;400px&#8221; max_height_phone=&#8221;&#8221; max_height_last_edited=&#8221;on|tablet&#8221; custom_margin=&#8221;|||-100px|false|false&#8221; custom_margin_tablet=&#8221;|||0px|false|false&#8221; custom_margin_phone=&#8221;&#8221; custom_margin_last_edited=&#8221;on|tablet&#8221; custom_padding=&#8221;40px||40px||true|false&#8221; custom_padding_tablet=&#8221;0px||0px||false|false&#8221; custom_padding_phone=&#8221;0px||0px||true|false&#8221; custom_padding_last_edited=&#8221;on|phone&#8221; scroll_vertical_motion_enable=&#8221;on&#8221; scroll_vertical_motion=&#8221;0|82|82|100|1|0|-1&#8243; locked=&#8221;off&#8221;][\/et_pb_image][\/et_pb_column][\/et_pb_row][\/et_pb_section][et_pb_section fb_built=&#8221;1&#8243; admin_label=&#8221;Cuerpo p\u00e1gina&#8221; module_id=&#8221;sesion&#8221; _builder_version=&#8221;4.6.6&#8243; background_color=&#8221;#fdfcec&#8221; custom_margin=&#8221;-60px||||false|false&#8221; locked=&#8221;off&#8221;][et_pb_row column_structure=&#8221;1_2,1_2&#8243; use_custom_gutter=&#8221;on&#8221; gutter_width=&#8221;2&#8243; make_equal=&#8221;on&#8221; disabled_on=&#8221;off|off|off&#8221; _builder_version=&#8221;4.6.6&#8243; custom_padding=&#8221;10px||10px||false|false&#8221; animation_direction=&#8221;top&#8221; border_color_all=&#8221;rgba(51,51,51,0.05)&#8221; border_width_top=&#8221;1px&#8221; border_color_top=&#8221;#de6f5b&#8221; border_color_bottom=&#8221;#de6f5b&#8221;][et_pb_column type=&#8221;1_2&#8243; _builder_version=&#8221;4.6.5&#8243; background_color=&#8221;rgba(0,0,0,0)&#8221; custom_padding=&#8221;2%|2%|2%|2%|true|true&#8221; custom_padding__hover=&#8221;|||&#8221;][et_pb_text _builder_version=&#8221;4.8.2&#8243; text_font=&#8221;||||||||&#8221; text_text_color=&#8221;#2a2a29&#8243; text_font_size=&#8221;18px&#8221; header_font=&#8221;Ubuntu Mono|700|||||||&#8221; header_text_color=&#8221;#de6f5b&#8221; header_2_font=&#8221;Ubuntu Mono|700|||||||&#8221; header_2_text_color=&#8221;#fdfcec&#8221; header_2_font_size=&#8221;38px&#8221; header_3_font=&#8221;Ubuntu Mono|700|||||||&#8221; header_3_text_color=&#8221;#2a2a29&#8243; header_3_font_size=&#8221;32px&#8221; header_4_font=&#8221;Ubuntu Mono|700|||||||&#8221; header_4_text_color=&#8221;#2a2a29&#8243; header_5_font=&#8221;Ubuntu Mono|700|||||||&#8221; header_5_text_color=&#8221;#2a2a29&#8243; header_6_font=&#8221;Ubuntu Mono|700|||||||&#8221; custom_padding=&#8221;||25px||false|false&#8221; text_font_size_tablet=&#8221;17px&#8221; text_font_size_phone=&#8221;16px&#8221; text_font_size_last_edited=&#8221;on|phone&#8221; header_2_font_size_tablet=&#8221;38px&#8221; header_2_font_size_phone=&#8221;35px&#8221; header_2_font_size_last_edited=&#8221;on|phone&#8221; header_3_font_size_tablet=&#8221;&#8221; header_3_font_size_phone=&#8221;29px&#8221; header_3_font_size_last_edited=&#8221;on|phone&#8221; border_color_bottom=&#8221;#de6f5b&#8221;]<\/p>\n<h4>Relat\u00f3rio final<\/h4>\n<p>[\/et_pb_text][et_pb_button button_url=&#8221;https:\/\/conferencia.lifeshara.com\/wp-content\/uploads\/2021\/03\/ADAPTES-Relato\u0301rio-final-PT.pdf&#8221; url_new_window=&#8221;on&#8221; button_text=&#8221;Baixe&#8221; button_alignment=&#8221;left&#8221; _builder_version=&#8221;4.8.2&#8243; _module_preset=&#8221;default&#8221; custom_button=&#8221;on&#8221; button_icon=&#8221;%%266%%&#8221; button_on_hover=&#8221;off&#8221; custom_margin=&#8221;0px||30px||false|false&#8221;][\/et_pb_button][et_pb_image src=&#8221;https:\/\/conferencia.lifeshara.com\/wp-content\/uploads\/2021\/03\/Informe-fina_ES-1.png&#8221; alt=&#8221;Informe final &#8221; title_text=&#8221;Informe fina_ES (1)&#8221; _builder_version=&#8221;4.8.2&#8243; _module_preset=&#8221;default&#8221; border_width_all=&#8221;1px&#8221; border_color_all=&#8221;#2A2A29&#8243;][\/et_pb_image][\/et_pb_column][et_pb_column type=&#8221;1_2&#8243; _builder_version=&#8221;4.6.5&#8243; background_color=&#8221;rgba(0,0,0,0)&#8221; custom_padding=&#8221;2%|2%|2%|2%|true|true&#8221; custom_padding__hover=&#8221;|||&#8221;][et_pb_text _builder_version=&#8221;4.8.2&#8243; text_font=&#8221;||||||||&#8221; text_text_color=&#8221;#2a2a29&#8243; text_font_size=&#8221;18px&#8221; header_font=&#8221;Ubuntu Mono|700|||||||&#8221; header_text_color=&#8221;#de6f5b&#8221; header_2_font=&#8221;Ubuntu Mono|700|||||||&#8221; header_2_text_color=&#8221;#fdfcec&#8221; header_2_font_size=&#8221;38px&#8221; header_3_font=&#8221;Ubuntu Mono|700|||||||&#8221; header_3_text_color=&#8221;#2a2a29&#8243; header_3_font_size=&#8221;32px&#8221; header_4_font=&#8221;Ubuntu Mono|700|||||||&#8221; header_4_text_color=&#8221;#2a2a29&#8243; header_5_font=&#8221;Ubuntu Mono|700|||||||&#8221; header_5_text_color=&#8221;#2a2a29&#8243; header_6_font=&#8221;Ubuntu Mono|700|||||||&#8221; custom_padding=&#8221;||25px||false|false&#8221; text_font_size_tablet=&#8221;17px&#8221; text_font_size_phone=&#8221;16px&#8221; text_font_size_last_edited=&#8221;on|phone&#8221; header_2_font_size_tablet=&#8221;38px&#8221; header_2_font_size_phone=&#8221;35px&#8221; header_2_font_size_last_edited=&#8221;on|phone&#8221; header_3_font_size_tablet=&#8221;&#8221; header_3_font_size_phone=&#8221;29px&#8221; header_3_font_size_last_edited=&#8221;on|phone&#8221; border_color_bottom=&#8221;#de6f5b&#8221;]<\/p>\n<h4><span>Conclus\u00f5es<\/span><\/h4>\n<p>[\/et_pb_text][et_pb_button button_url=&#8221;https:\/\/conferencia.lifeshara.com\/wp-content\/uploads\/2020\/12\/Adaptes_Concluc\u0327oes-PT_30_11_2020.pdf&#8221; url_new_window=&#8221;on&#8221; button_text=&#8221;Baixe&#8221; button_alignment=&#8221;left&#8221; _builder_version=&#8221;4.8.2&#8243; _module_preset=&#8221;default&#8221; custom_button=&#8221;on&#8221; button_icon=&#8221;%%266%%&#8221; button_on_hover=&#8221;off&#8221; custom_margin=&#8221;0px||30px||false|false&#8221;][\/et_pb_button][et_pb_gallery gallery_ids=&#8221;4511,4514,4517,4520,4523,4526,4529,4532,4535,4538&#8243; fullwidth=&#8221;on&#8221; _builder_version=&#8221;4.8.2&#8243; _module_preset=&#8221;default&#8221; border_width_all=&#8221;1px&#8221; border_color_all=&#8221;#2A2A29&#8243;][\/et_pb_gallery][\/et_pb_column][\/et_pb_row][et_pb_row use_custom_gutter=&#8221;on&#8221; gutter_width=&#8221;2&#8243; make_equal=&#8221;on&#8221; _builder_version=&#8221;4.6.6&#8243; custom_padding=&#8221;10px||10px||false|false&#8221; animation_direction=&#8221;top&#8221; border_color_all=&#8221;rgba(51,51,51,0.05)&#8221; border_width_top=&#8221;1px&#8221; border_color_top=&#8221;#de6f5b&#8221; border_width_bottom=&#8221;1px&#8221; border_color_bottom=&#8221;#de6f5b&#8221;][et_pb_column type=&#8221;4_4&#8243; _builder_version=&#8221;4.6.5&#8243; background_color=&#8221;rgba(0,0,0,0)&#8221; custom_padding=&#8221;2%|2%|2%|2%|true|true&#8221; custom_padding__hover=&#8221;|||&#8221;][et_pb_text _builder_version=&#8221;4.6.6&#8243; text_font=&#8221;||||||||&#8221; text_text_color=&#8221;#2a2a29&#8243; text_font_size=&#8221;18px&#8221; header_font=&#8221;Ubuntu Mono|700|||||||&#8221; header_text_color=&#8221;#de6f5b&#8221; header_2_font=&#8221;Ubuntu Mono|700|||||||&#8221; header_2_text_color=&#8221;#fdfcec&#8221; header_2_font_size=&#8221;38px&#8221; header_3_font=&#8221;Ubuntu Mono|700|||||||&#8221; header_3_text_color=&#8221;#2a2a29&#8243; header_3_font_size=&#8221;32px&#8221; header_4_font=&#8221;Ubuntu Mono|700|||||||&#8221; header_4_text_color=&#8221;#2a2a29&#8243; header_5_font=&#8221;Ubuntu Mono|700|||||||&#8221; header_5_text_color=&#8221;#2a2a29&#8243; header_6_font=&#8221;Ubuntu Mono|700|||||||&#8221; custom_padding=&#8221;||25px||false|false&#8221; text_font_size_tablet=&#8221;17px&#8221; text_font_size_phone=&#8221;16px&#8221; text_font_size_last_edited=&#8221;on|phone&#8221; header_2_font_size_tablet=&#8221;38px&#8221; header_2_font_size_phone=&#8221;35px&#8221; header_2_font_size_last_edited=&#8221;on|phone&#8221; header_3_font_size_tablet=&#8221;&#8221; header_3_font_size_phone=&#8221;29px&#8221; header_3_font_size_last_edited=&#8221;on|phone&#8221; border_color_bottom=&#8221;#de6f5b&#8221;]<\/p>\n<h4><span>Representa\u00e7\u00e3o gr\u00e1fica das conclus\u00f5es<\/span><\/h4>\n<p>[\/et_pb_text][et_pb_gallery gallery_ids=&#8221;4484,4481,4478,4475,4472,4469,4466,4463,4460,4457&#8243; posts_number=&#8221;20&#8243; _builder_version=&#8221;4.9.1&#8243; _module_preset=&#8221;default&#8221; hover_enabled=&#8221;0&#8243; disabled_on=&#8221;on|on|on&#8221; disabled=&#8221;on&#8221; sticky_enabled=&#8221;0&#8243;][\/et_pb_gallery][et_pb_slider arrows_custom_color=&#8221;#DE6F5B&#8221; dot_nav_custom_color=&#8221;#DE6F5B&#8221; _builder_version=&#8221;4.9.1&#8243; _module_preset=&#8221;default&#8221; header_level=&#8221;h5&#8243; header_font=&#8221;|600|||||||&#8221; header_font_size=&#8221;20px&#8221; body_font_size=&#8221;16px&#8221; body_line_height=&#8221;1.6em&#8221; custom_padding=&#8221;0px||0px||true|false&#8221; hover_enabled=&#8221;0&#8243; sticky_enabled=&#8221;0&#8243;][et_pb_slide heading=&#8221;SESS\u00c3O TEM\u00c1TICA 01&#8243; image=&#8221;https:\/\/conferencia.lifeshara.com\/wp-content\/uploads\/2020\/11\/01_CIUDADES-scaled.jpg&#8221; _builder_version=&#8221;4.9.1&#8243; _module_preset=&#8221;default&#8221; header_level=&#8221;h5&#8243; header_text_color=&#8221;#2A2A29&#8243; background_color=&#8221;#FDFCEC&#8221; background_enable_color=&#8221;on&#8221; background_layout=&#8221;light&#8221; hover_enabled=&#8221;0&#8243; sticky_transition=&#8221;on&#8221; sticky_enabled=&#8221;0&#8243;]<\/p>\n<ul>\n<li>As cidades est\u00e3o a adaptar-se \u00e0s altera\u00e7\u00f5es clim\u00e1ticas? \/ Financiamento Europeu \/ Novas formas de viver a cidade \/ Projetos integrados no territ\u00f3rio e no tempo<\/li>\n<li>Infraestrutura verde \/ Alian\u00e7as para o desenvolvimento tecnol\u00f3gicos \/ Redes de cidades \/ Interc\u00e2mbio pol\u00edtico e de financiamento<\/li>\n<li>Aprendizagem colaborativa \/ Desafios comuns<\/li>\n<\/ul>\n<p>[\/et_pb_slide][et_pb_slide heading=&#8221;SESS\u00c3O TEM\u00c1TICA 02&#8243; image=&#8221;https:\/\/conferencia.lifeshara.com\/wp-content\/uploads\/2020\/11\/02_RURAL-scaled.jpg&#8221; _builder_version=&#8221;4.9.1&#8243; _module_preset=&#8221;default&#8221; header_level=&#8221;h5&#8243; header_text_color=&#8221;#2A2A29&#8243; background_color=&#8221;#FDFCEC&#8221; background_enable_color=&#8221;on&#8221; background_layout=&#8221;light&#8221; hover_enabled=&#8221;0&#8243; sticky_transition=&#8221;on&#8221; sticky_enabled=&#8221;0&#8243;]<\/p>\n<ul>\n<li>Desafios e solu\u00e7\u00f5es do setor agr\u00e1rio para adapta\u00e7\u00e3o \u00e0s altera\u00e7\u00f5es clim\u00e1ticas \/ Ferramentas para a a\u00e7\u00e3o \/ Abordagem da base para o topo. Uma abordagem local<\/li>\n<li>Posi\u00e7\u00f5es comuns perante a EU \/ Recursos h\u00eddricos \/ Eco esquemas, por exemplo, laborat\u00f3rio de adapta\u00e7\u00e3o \/ Coer\u00eancia no planeamento<\/li>\n<li>Desertifica\u00e7\u00e3o \/ Cocria\u00e7\u00e3o e transfer\u00eancia bidirecional \/ Comunicar a incerteza<\/li>\n<\/ul>\n<p>[\/et_pb_slide][et_pb_slide heading=&#8221;SESS\u00c3O TEM\u00c1TICA 03&#8243; image=&#8221;https:\/\/conferencia.lifeshara.com\/wp-content\/uploads\/2020\/11\/03_AGUA-scaled.jpg&#8221; _builder_version=&#8221;4.9.1&#8243; _module_preset=&#8221;default&#8221; header_level=&#8221;h5&#8243; header_text_color=&#8221;#2A2A29&#8243; background_color=&#8221;#FDFCEC&#8221; background_enable_color=&#8221;on&#8221; background_layout=&#8221;light&#8221; hover_enabled=&#8221;0&#8243; sticky_transition=&#8221;on&#8221; sticky_enabled=&#8221;0&#8243;]<\/p>\n<ul>\n<li>Altera\u00e7\u00f5es clim\u00e1ticas e \u00e1gua: desafios e solu\u00e7\u00f5es para a adapta\u00e7\u00e3o \/ Territ\u00f3rio comum, resposta comum \/ Sensibiliza\u00e7\u00e3o da cidadania \/ Oportunidades<\/li>\n<li>Melhoria do conhecimento t\u00e9cnico e cient\u00edfico \/ Efici\u00eancia da agua \/ Quadro normativo \/ Intercoopera\u00e7\u00e3o \/ Melhorar e partilhar as informa\u00e7\u00f5es<\/li>\n<li>Limite de disponibilidade de agua \/ Desafios \/ A \u00e1gua como territ\u00f3rio, n\u00e3o apenas como recurso \/ Atua\u00e7\u00f5es coordenadas<\/li>\n<\/ul>\n<p>[\/et_pb_slide][et_pb_slide heading=&#8221;SESS\u00c3O TEM\u00c1TICA 04&#8243; image=&#8221;https:\/\/conferencia.lifeshara.com\/wp-content\/uploads\/2020\/11\/04_COSTAS-scaled.jpg&#8221; _builder_version=&#8221;4.9.1&#8243; _module_preset=&#8221;default&#8221; header_level=&#8221;h5&#8243; header_text_color=&#8221;#2A2A29&#8243; background_color=&#8221;#FDFCEC&#8221; background_enable_color=&#8221;on&#8221; background_layout=&#8221;light&#8221; hover_enabled=&#8221;0&#8243; sticky_transition=&#8221;on&#8221; sticky_enabled=&#8221;0&#8243;]<\/p>\n<ul>\n<li>Altera\u00e7\u00f5es clim\u00e1ticas e gest\u00e3o dos espa\u00e7os costeiros \/ Governa\u00e7\u00e3o multin\u00edvel (de nacional a local) \/ Alinhamento ib\u00e9rico para avaliar a din\u00e2mica sedent\u00e1ria<\/li>\n<li>Aumento e interc\u00e2mbio de conhecimentos \/ A din\u00e2mica costeira n\u00e3o tem fronteiras \/ O grande desafio do retrocesso do litoral<\/li>\n<li>A alimenta\u00e7\u00e3o de sedimentos artificiais deve ser combinada com outras medidas<\/li>\n<\/ul>\n<p>[\/et_pb_slide][et_pb_slide heading=&#8221;SESS\u00c3O TEM\u00c1TICA 05&#8243; image=&#8221;https:\/\/conferencia.lifeshara.com\/wp-content\/uploads\/2020\/11\/05_SALUD-scaled.jpg&#8221; _builder_version=&#8221;4.9.1&#8243; _module_preset=&#8221;default&#8221; header_level=&#8221;h5&#8243; header_text_color=&#8221;#2A2A29&#8243; background_color=&#8221;#FDFCEC&#8221; background_enable_color=&#8221;on&#8221; background_layout=&#8221;light&#8221; hover_enabled=&#8221;0&#8243; sticky_transition=&#8221;on&#8221; sticky_enabled=&#8221;0&#8243;]<\/p>\n<ul>\n<li>Sa\u00fade e adapta\u00e7\u00e3o \u00e0s altera\u00e7\u00f5es clim\u00e1ticas \/ Estrat\u00e9gias win win\/One health\/Sa\u00fade planet\u00e1ria\/Eco-health \/ A emerg\u00eancia covid-19 deixa muito aprendizado relativamente \u00e0 vigil\u00e2ncia e resiliencia \/ Trabalhar eixos de desigualdade, rendimento, g\u00e9nero, territ\u00f3rio<\/li>\n<li>Monitoriza\u00e7\u00e3o conjunta \/ Risco de contamina\u00e7\u00e3o por toxinas n\u00e3o habituais \/ Desafios e oportunidades \/ Reabilita\u00e7\u00e3o de resid\u00eancias e espa\u00e7os verdes<\/li>\n<li>Potenciar a comunica\u00e7\u00e3o transfronteiri\u00e7a \/ Colabora\u00e7\u00e3o entre sa\u00fade e meio ambiente \/ Intercoopera\u00e7\u00e3o \/ Trabalho interdisciplinar<\/li>\n<\/ul>\n<p>[\/et_pb_slide][et_pb_slide heading=&#8221;SESS\u00c3O TEM\u00c1TICA 06&#8243; image=&#8221;https:\/\/conferencia.lifeshara.com\/wp-content\/uploads\/2020\/11\/06_ISLAS-scaled.jpg&#8221; _builder_version=&#8221;4.9.1&#8243; _module_preset=&#8221;default&#8221; header_level=&#8221;h5&#8243; header_text_color=&#8221;#2A2A29&#8243; background_color=&#8221;#FDFCEC&#8221; background_enable_color=&#8221;on&#8221; background_layout=&#8221;light&#8221; hover_enabled=&#8221;0&#8243; sticky_transition=&#8221;on&#8221; sticky_enabled=&#8221;0&#8243;]<\/p>\n<ul>\n<li>Adapta\u00e7\u00e3o \u00e0s altera\u00e7\u00f5es clim\u00e1ticas nas ilhas mediterr\u00e2nicas e macaron\u00e9sicas \/ Aprofundar os conhecimentos de fatores que influenciam a adapta\u00e7\u00e3o \/ As macaron\u00e9sias t\u00eam riscos comuns que podem ser abordados de forma conjunta<\/li>\n<li>Elaborar projetos de forma conjunta para conseguir financiamento \/ Transferir experi\u00eancias para outros territ\u00f3rios \/ O desenvolvimento normativo faz com que a adapta\u00e7\u00e3o esteja na agenda<\/li>\n<li>Transversalizar a adapta\u00e7\u00e3o nas pol\u00edticas setoriais \/ Metas concretas \/ Evitar a m\u00e1 adapta\u00e7\u00e3o a curto prazo<\/li>\n<\/ul>\n<p>[\/et_pb_slide][et_pb_slide heading=&#8221;SESS\u00c3O TEM\u00c1TICA 07&#8243; image=&#8221;https:\/\/conferencia.lifeshara.com\/wp-content\/uploads\/2020\/11\/07_EDUCACIO\u0301N-scaled.jpg&#8221; _builder_version=&#8221;4.9.1&#8243; _module_preset=&#8221;default&#8221; header_level=&#8221;h5&#8243; header_text_color=&#8221;#2A2A29&#8243; background_color=&#8221;#FDFCEC&#8221; background_enable_color=&#8221;on&#8221; background_layout=&#8221;light&#8221; hover_enabled=&#8221;0&#8243; sticky_transition=&#8221;on&#8221; sticky_enabled=&#8221;0&#8243;]<\/p>\n<ul>\n<li>Informa\u00e7\u00e3o, educa\u00e7\u00e3o e capacita\u00e7\u00e3o para a adapta\u00e7\u00e3o \u00e0s altera\u00e7\u00f5es clim\u00e1ticas \/ Testar pr\u00e1ticas incluindo perspetiva de g\u00e9nero e gest\u00e3o das emo\u00e7\u00f5es<\/li>\n<li>Intercoopera\u00e7\u00e3o \/ Procurar sinergias entre: planeamento espanhol e portugu\u00eas \/ Desafios \/ Forma\u00e7\u00e3o e literatura espec\u00edfica para a educa\u00e7\u00e3o ambiental<\/li>\n<li>Promover a alfabetiza\u00e7\u00e3o ambiental envolvendo a cidadania<\/li>\n<\/ul>\n<p>[\/et_pb_slide][et_pb_slide heading=&#8221;SESS\u00c3O TEM\u00c1TICA 08&#8243; image=&#8221;https:\/\/conferencia.lifeshara.com\/wp-content\/uploads\/2020\/11\/08_RIESGO_DE_DESASTRES&#8211;scaled.jpg&#8221; _builder_version=&#8221;4.9.1&#8243; _module_preset=&#8221;default&#8221; header_level=&#8221;h5&#8243; header_text_color=&#8221;#2A2A29&#8243; background_color=&#8221;#FDFCEC&#8221; background_enable_color=&#8221;on&#8221; background_layout=&#8221;light&#8221; hover_enabled=&#8221;0&#8243; sticky_transition=&#8221;on&#8221; sticky_enabled=&#8221;0&#8243;]<\/p>\n<ul>\n<li>Redu\u00e7\u00e3o do risco de desastres e adapta\u00e7\u00e3o \u00e0s altera\u00e7\u00f5es clim\u00e1ticas \/ Aprender a viver com a incerteza<\/li>\n<li>Gest\u00e3o adaptativa da paisagem para prevenir incendios \/ Prevenir a \u201cm\u00e1 adapta\u00e7\u00e3o\u201d com medidas a curto prazo \/ Incluir os efeitos das altera\u00e7\u00f5es clim\u00e1ticas no planeamento de riscos de inunda\u00e7\u00e3o<\/li>\n<li>Adapta\u00e7\u00e3o \u00e0s ondas de calor individual e estrutural \/ Muito risco de secas frequentes e prolongadas<\/li>\n<\/ul>\n<p>[\/et_pb_slide][et_pb_slide heading=&#8221;SESS\u00c3O TEM\u00c1TICA 09&#8243; image=&#8221;https:\/\/conferencia.lifeshara.com\/wp-content\/uploads\/2020\/11\/09_TURISMO-2-scaled.jpg&#8221; _builder_version=&#8221;4.9.1&#8243; _module_preset=&#8221;default&#8221; header_level=&#8221;h5&#8243; header_text_color=&#8221;#2A2A29&#8243; background_color=&#8221;#FDFCEC&#8221; background_enable_color=&#8221;on&#8221; background_layout=&#8221;light&#8221; hover_enabled=&#8221;0&#8243; sticky_transition=&#8221;on&#8221; sticky_enabled=&#8221;0&#8243;]<\/p>\n<ul>\n<li>Converter os desafios clim\u00e1ticos e ambientais em oportunidades \/ As ajudas p\u00f3s-Covid devem potenciar altera\u00e7\u00f5es ecol\u00f3gicas<\/li>\n<li>Vetor de desenvolvimento econ\u00f3mico \/ Os pr\u00f3prios turistas s\u00e3o agentes de mudan\u00e7a, mais exigentes do que a regula\u00e7\u00e3o<\/li>\n<li>Aproveitar as sinergias da adapta\u00e7\u00e3o e a promo\u00e7\u00e3o do turismo \/ Promover a economia circular<\/li>\n<\/ul>\n<p>[\/et_pb_slide][et_pb_slide heading=&#8221;SESS\u00c3O TEM\u00c1TICA 10&#8243; image=&#8221;https:\/\/conferencia.lifeshara.com\/wp-content\/uploads\/2020\/11\/10_BIODIVERSIDAD-3-scaled.jpg&#8221; _builder_version=&#8221;4.9.1&#8243; _module_preset=&#8221;default&#8221; header_level=&#8221;h5&#8243; header_text_color=&#8221;#2A2A29&#8243; background_color=&#8221;#FDFCEC&#8221; background_enable_color=&#8221;on&#8221; background_layout=&#8221;light&#8221; hover_enabled=&#8221;0&#8243; sticky_transition=&#8221;on&#8221; sticky_enabled=&#8221;0&#8243;]<\/p>\n<ul>\n<li>Biodiversidade protetora perante as altera\u00e7\u00f5es clim\u00e1ticas \/ Partilhar experi\u00eancias \/ Solu\u00e7\u00f5es baseadas na natureza que contribuam para o desenvolvimento<\/li>\n<li>Imprescind\u00edvel o envolvimento social \/ Incorporar o conhecimento cient\u00edfico<\/li>\n<li>\u00c1reas protegidas como lugares chave \/ Acelerar a coloca\u00e7\u00e3o em marcha de medidas<\/li>\n<\/ul>\n<p>[\/et_pb_slide][\/et_pb_slider][et_pb_video src=&#8221;https:\/\/conferencia.lifeshara.com\/wp-content\/uploads\/2020\/12\/clip-animacio\u0301n-ilustraciom.mp4&#8243; _builder_version=&#8221;4.6.6&#8243; _module_preset=&#8221;default&#8221; custom_margin=&#8221;50px||||false|false&#8221;][\/et_pb_video][\/et_pb_column][\/et_pb_row][\/et_pb_section][et_pb_section fb_built=&#8221;1&#8243; admin_label=&#8221;#Adaptes&#8221; _builder_version=&#8221;4.6.5&#8243; _module_preset=&#8221;default&#8221; background_color=&#8221;#fdfcec&#8221; custom_padding=&#8221;80px||0px|||&#8221; locked=&#8221;off&#8221; collapsed=&#8221;off&#8221;][et_pb_row column_structure=&#8221;2_3,1_3&#8243; disabled_on=&#8221;on|on|on&#8221; admin_label=&#8221;Fila&#8221; _builder_version=&#8221;4.6.6&#8243; _module_preset=&#8221;default&#8221; custom_padding=&#8221;||0px|||&#8221; disabled=&#8221;on&#8221;][et_pb_column type=&#8221;2_3&#8243; _builder_version=&#8221;4.6.5&#8243; _module_preset=&#8221;default&#8221;][\/et_pb_column][et_pb_column type=&#8221;1_3&#8243; _builder_version=&#8221;4.6.5&#8243; _module_preset=&#8221;default&#8221;][et_pb_button button_url=&#8221;\/programa\/&#8221; url_new_window=&#8221;on&#8221; button_text=&#8221;Ver conferencia Online&#8221; button_alignment=&#8221;right&#8221; admin_label=&#8221;Bot\u00f3n \u00a1Inscribete YA!&#8221; _builder_version=&#8221;4.6.6&#8243; _module_preset=&#8221;default&#8221; custom_button=&#8221;on&#8221; button_text_color=&#8221;#fdfcec&#8221; button_bg_color=&#8221;#91c468&#8243; button_border_color=&#8221;rgba(0,0,0,0)&#8221; button_font=&#8221;|800|||||||&#8221; button_icon=&#8221;%%302%%&#8221; button_icon_placement=&#8221;left&#8221; button_on_hover=&#8221;off&#8221; positioning=&#8221;fixed&#8221; position_origin_f=&#8221;top_right&#8221; vertical_offset=&#8221;75px&#8221; horizontal_offset=&#8221;0px&#8221; vertical_offset_tablet=&#8221;90px&#8221; vertical_offset_phone=&#8221;72px&#8221; vertical_offset_last_edited=&#8221;on|phone&#8221; position_origin_a_tablet=&#8221;&#8221; position_origin_a_phone=&#8221;&#8221; position_origin_a_last_edited=&#8221;on|tablet&#8221; position_origin_f_tablet=&#8221;&#8221; position_origin_f_phone=&#8221;&#8221; position_origin_f_last_edited=&#8221;on|desktop&#8221; position_origin_r_tablet=&#8221;&#8221; position_origin_r_phone=&#8221;&#8221; position_origin_r_last_edited=&#8221;on|tablet&#8221; custom_padding=&#8221;20px|||40px|false|false&#8221; button_text_size_tablet=&#8221;18px&#8221; button_text_size_phone=&#8221;16px&#8221; button_text_size_last_edited=&#8221;on|phone&#8221; positioning_tablet=&#8221;&#8221; positioning_phone=&#8221;&#8221; positioning_last_edited=&#8221;on|phone&#8221; button_bg_color__hover_enabled=&#8221;on|desktop&#8221; button_bg_color__hover=&#8221;#de6f5b&#8221; button_bg_enable_color__hover=&#8221;on&#8221;][\/et_pb_button][\/et_pb_column][\/et_pb_row][et_pb_row admin_label=&#8221;Fila&#8221; _builder_version=&#8221;4.6.5&#8243; _module_preset=&#8221;default&#8221; custom_padding=&#8221;||0px|||&#8221;][et_pb_column type=&#8221;4_4&#8243; _builder_version=&#8221;4.6.5&#8243; _module_preset=&#8221;default&#8221;][et_pb_text admin_label=&#8221;#Adaptes&#8221; _builder_version=&#8221;4.6.5&#8243; _module_preset=&#8221;default&#8221; header_2_font=&#8221;||||||||&#8221; header_2_font_size=&#8221;30px&#8221;]<\/p>\n<h2 style=\"text-align: center;\">#Adaptes<\/h2>\n<p>[\/et_pb_text][\/et_pb_column][\/et_pb_row][\/et_pb_section]<\/p>\n","protected":false},"excerpt":{"rendered":"<p>Relat\u00f3rio finalConclus\u00f5esRepresenta\u00e7\u00e3o gr\u00e1fica das conclus\u00f5es As cidades est\u00e3o a adaptar-se \u00e0s altera\u00e7\u00f5es clim\u00e1ticas? \/ Financiamento Europeu \/ Novas formas de viver a cidade \/ Projetos integrados no territ\u00f3rio e no tempo Infraestrutura verde \/ Alian\u00e7as para o desenvolvimento tecnol\u00f3gicos \/ Redes de cidades \/ Interc\u00e2mbio pol\u00edtico e de financiamento Aprendizagem colaborativa \/ Desafios comuns Desafios [&hellip;]<\/p>\n","protected":false},"author":4,"featured_media":2372,"parent":0,"menu_order":0,"comment_status":"closed","ping_status":"closed","template":"","meta":{"_et_pb_use_builder":"on","_et_pb_old_content":"","_et_gb_content_width":"","footnotes":""},"class_list":["post-4507","page","type-page","status-publish","has-post-thumbnail","hentry"],"_links":{"self":[{"href":"https:\/\/conferencia.lifeshara.com\/pt-pt\/wp-json\/wp\/v2\/pages\/4507","targetHints":{"allow":["GET"]}}],"collection":[{"href":"https:\/\/conferencia.lifeshara.com\/pt-pt\/wp-json\/wp\/v2\/pages"}],"about":[{"href":"https:\/\/conferencia.lifeshara.com\/pt-pt\/wp-json\/wp\/v2\/types\/page"}],"author":[{"embeddable":true,"href":"https:\/\/conferencia.lifeshara.com\/pt-pt\/wp-json\/wp\/v2\/users\/4"}],"replies":[{"embeddable":true,"href":"https:\/\/conferencia.lifeshara.com\/pt-pt\/wp-json\/wp\/v2\/comments?post=4507"}],"version-history":[{"count":0,"href":"https:\/\/conferencia.lifeshara.com\/pt-pt\/wp-json\/wp\/v2\/pages\/4507\/revisions"}],"wp:featuredmedia":[{"embeddable":true,"href":"https:\/\/conferencia.lifeshara.com\/pt-pt\/wp-json\/wp\/v2\/media\/2372"}],"wp:attachment":[{"href":"https:\/\/conferencia.lifeshara.com\/pt-pt\/wp-json\/wp\/v2\/media?parent=4507"}],"curies":[{"name":"wp","href":"https:\/\/api.w.org\/{rel}","templated":true}]}}