{"id":3925,"date":"2020-10-13T13:43:46","date_gmt":"2020-10-13T11:43:46","guid":{"rendered":"https:\/\/conferencia.lifeshara.com\/programa\/ponentes\/"},"modified":"2021-03-11T11:01:49","modified_gmt":"2021-03-11T10:01:49","slug":"ponentes","status":"publish","type":"page","link":"https:\/\/conferencia.lifeshara.com\/pt-pt\/programa\/ponentes\/","title":{"rendered":"Ponentes"},"content":{"rendered":"<p>[et_pb_section fb_built=&#8221;1&#8243; admin_label=&#8221;Cabecera p\u00e1gina&#8221; _builder_version=&#8221;4.6.6&#8243; _module_preset=&#8221;default&#8221; background_color=&#8221;rgba(0,0,0,0)&#8221; custom_margin=&#8221;0px||||false|false&#8221; custom_margin_tablet=&#8221;&#8221; custom_margin_phone=&#8221;&#8221; custom_margin_last_edited=&#8221;on|desktop&#8221; custom_padding=&#8221;0px|||||&#8221;][et_pb_row column_structure=&#8221;1_2,1_2&#8243; _builder_version=&#8221;4.6.6&#8243; _module_preset=&#8221;default&#8221; background_color=&#8221;rgba(0,0,0,0)&#8221; width=&#8221;100%&#8221; max_width=&#8221;100%&#8221; custom_margin_last_edited=&#8221;off|desktop&#8221; custom_padding=&#8221;0px|||||&#8221; custom_margin__hover_enabled=&#8221;off|desktop&#8221;][et_pb_column type=&#8221;1_2&#8243; _builder_version=&#8221;4.6.6&#8243; _module_preset=&#8221;default&#8221; background_color=&#8221;#ffFFFF&#8221;][et_pb_cta title=&#8221;Oradores&#8221; button_url=&#8221;#ponentes&#8221; button_text=&#8221;Ver oradores&#8221; admin_label=&#8221;T\u00edtulo+subt\u00edtulo+bot\u00f3n&#8221; _builder_version=&#8221;4.6.6&#8243; _module_preset=&#8221;default&#8221; header_level=&#8221;h1&#8243; header_font=&#8221;|700|||||||&#8221; header_text_align=&#8221;left&#8221; header_text_color=&#8221;#2a2a29&#8243; header_font_size=&#8221;60px&#8221; body_text_align=&#8221;left&#8221; body_text_color=&#8221;#2a2a29&#8243; body_font_size=&#8221;20px&#8221; background_color=&#8221;rgba(0,0,0,0)&#8221; custom_button=&#8221;on&#8221; button_font=&#8221;|700|||||||&#8221; button_icon=&#8221;%%1%%&#8221; button_on_hover=&#8221;off&#8221; text_orientation=&#8221;left&#8221; background_layout=&#8221;light&#8221; width=&#8221;75%&#8221; width_tablet=&#8221;75%&#8221; width_phone=&#8221;90%&#8221; width_last_edited=&#8221;on|tablet&#8221; module_alignment=&#8221;right&#8221; custom_margin=&#8221;70px||50px||false|false&#8221; custom_margin_tablet=&#8221;||80px||false|false&#8221; custom_margin_phone=&#8221;80px||50px||false|false&#8221; custom_margin_last_edited=&#8221;on|phone&#8221; header_font_size_tablet=&#8221;50px&#8221; header_font_size_phone=&#8221;40px&#8221; header_font_size_last_edited=&#8221;on|phone&#8221; body_font_size_tablet=&#8221;&#8221; body_font_size_phone=&#8221;18px&#8221; body_font_size_last_edited=&#8221;on|phone&#8221; module_alignment_tablet=&#8221;center&#8221; module_alignment_phone=&#8221;&#8221; module_alignment_last_edited=&#8221;on|tablet&#8221; custom_css_promo_button=&#8221;margin-top: 20px; &#8221; custom_css_promo_title=&#8221;padding-bottom:20px; &#8221; button_bg_color__hover_enabled=&#8221;on|hover&#8221; button_bg_color__hover=&#8221;#fdfcec&#8221; button_bg_enable_color__hover=&#8221;on&#8221;][\/et_pb_cta][\/et_pb_column][et_pb_column type=&#8221;1_2&#8243; _builder_version=&#8221;4.6.6&#8243; _module_preset=&#8221;default&#8221; background_color=&#8221;#fdfcec&#8221;][et_pb_image src=&#8221;https:\/\/conferencia.lifeshara.com\/wp-content\/uploads\/2020\/10\/AdaptesAdaptes-Peninsula-iberica@2x.png&#8221; title_text=&#8221;AdaptesAdaptes-Peninsula iberica@2x&#8221; align=&#8221;center&#8221; _builder_version=&#8221;4.6.6&#8243; width=&#8221;90%&#8221; width_tablet=&#8221;70%&#8221; width_phone=&#8221;&#8221; width_last_edited=&#8221;on|tablet&#8221; module_alignment=&#8221;center&#8221; max_height_tablet=&#8221;400px&#8221; max_height_phone=&#8221;&#8221; max_height_last_edited=&#8221;on|tablet&#8221; custom_margin=&#8221;|||-100px|false|false&#8221; custom_margin_tablet=&#8221;|||0px|false|false&#8221; custom_margin_phone=&#8221;&#8221; custom_margin_last_edited=&#8221;on|tablet&#8221; custom_padding=&#8221;40px||40px||true|false&#8221; custom_padding_tablet=&#8221;0px||0px||false|false&#8221; custom_padding_phone=&#8221;0px||0px||true|false&#8221; custom_padding_last_edited=&#8221;on|phone&#8221; scroll_vertical_motion_enable=&#8221;on&#8221; scroll_vertical_motion=&#8221;0|82|82|100|1|0|-1&#8243; locked=&#8221;off&#8221;][\/et_pb_image][\/et_pb_column][\/et_pb_row][\/et_pb_section][et_pb_section fb_built=&#8221;1&#8243; admin_label=&#8221;Ponentes&#8221; module_id=&#8221;ponentes&#8221; _builder_version=&#8221;4.6.5&#8243; background_color=&#8221;#fdfcec&#8221; custom_padding=&#8221;||0px|||&#8221;][et_pb_row column_structure=&#8221;1_4,1_4,1_4,1_4&#8243; use_custom_gutter=&#8221;on&#8221; gutter_width=&#8221;2&#8243; make_equal=&#8221;on&#8221; disabled_on=&#8221;off|off|off&#8221; _builder_version=&#8221;4.6.6&#8243; background_color=&#8221;#fdfcec&#8221; width=&#8221;90%&#8221; max_width=&#8221;90%&#8221; custom_margin=&#8221;|auto|-1px|auto|false|false&#8221; custom_padding=&#8221;0px||0px||true|&#8221; border_color_all=&#8221;#fdfcec&#8221; border_color_all__hover_enabled=&#8221;on|hover&#8221;][et_pb_column type=&#8221;1_4&#8243; _builder_version=&#8221;4.6.6&#8243; background_color=&#8221;#ffffff&#8221; z_index=&#8221;11&#8243; custom_padding=&#8221;30px|2vw|30px|2vw|true|true&#8221; custom_padding_tablet=&#8221;48px|4vw|48px|4vw|true|true&#8221; custom_padding_phone=&#8221;|||5vw|true|false&#8221; custom_padding_last_edited=&#8221;on|phone&#8221; border_width_all=&#8221;1px&#8221; border_color_all=&#8221;#de6f5b&#8221; background_color__hover=&#8221;#fdfcec&#8221; background__hover_enabled=&#8221;on|hover&#8221; background_enable_color__hover=&#8221;on&#8221; border_width_all__hover_enabled=&#8221;on|desktop&#8221;][et_pb_image src=&#8221;https:\/\/conferencia.lifeshara.com\/wp-content\/uploads\/2020\/10\/Teresa-Ribera.png&#8221; title_text=&#8221;Teresa Ribera&#8221; admin_label=&#8221;Imagen ponente&#8221; module_class=&#8221;ponente&#8221; _builder_version=&#8221;4.6.6&#8243; _module_preset=&#8221;default&#8221; width=&#8221;150px&#8221; custom_margin=&#8221;||20px||false|false&#8221;][\/et_pb_image][et_pb_team_member name=&#8221;Teresa Ribera&#8221; twitter_url=&#8221;https:\/\/twitter.com\/Teresaribera&#8221; _builder_version=&#8221;4.6.6&#8243; _module_preset=&#8221;default&#8221; header_level=&#8221;h2&#8243; header_font=&#8221;|700|||||||&#8221; body_line_height=&#8221;1.6em&#8221; position_font=&#8221;Ubuntu Mono||||||||&#8221; position_text_color=&#8221;#de6f5b&#8221; position_font_size=&#8221;18px&#8221; custom_css_member_position=&#8221;margin-bottom: 20px;&#8221; background__hover_enabled=&#8221;on|hover&#8221;]Vice-presidenta quarta do Governo da Espanha e ministra para a Transi\u00e7\u00e3o Ecol\u00f3gica e o Desafio Demogr\u00e1fico. Licenciada em Direito e membro do Corpo Superior dos Administradores Civis do Estado, tesoura uma longa trajet\u00f3ria na luta contra as altera\u00e7\u00f5es  clim\u00e1ticas na Administra\u00e7\u00e3o P\u00fablica espanhola e em institui\u00e7\u00f5es internacionais como o Instituto do Desenvolvimento Sustent\u00e1vel e Rela\u00e7\u00f5es Internacionais.[\/et_pb_team_member][et_pb_text _builder_version=&#8221;4.6.6&#8243; _module_preset=&#8221;default&#8221; text_text_color=&#8221;#2a2a29&#8243; header_text_color=&#8221;#de6f5b&#8221; header_6_text_color=&#8221;#de6f5b&#8221; custom_margin=&#8221;15px||||false|false&#8221; custom_padding=&#8221;15px||||false|false&#8221; border_width_top=&#8221;1px&#8221;]<\/p>\n<h6>Estar\u00e1 em: <\/h6>\n<p>[\/et_pb_text][et_pb_button button_url=&#8221;https:\/\/conferencia.lifeshara.com\/pt-pt\/programa\/sessoes\/sessao-de-abertura\/&#8221; button_text=&#8221;Sess\u00e3o de abertura. Adapta\u00e7\u00e3o \u00e0s altera\u00e7\u00f5es clim\u00e1ticas para a resili\u00eancia ib\u00e9rica &#8221; button_alignment=&#8221;left&#8221; _builder_version=&#8221;4.6.6&#8243; custom_button=&#8221;on&#8221; button_text_size=&#8221;16px&#8221; button_text_color=&#8221;#2a2a29&#8243; button_border_width=&#8221;0px&#8221; button_letter_spacing=&#8221;3px&#8221; button_font=&#8221;Ubuntu Mono|700|||||||&#8221; button_icon=&#8221;%%3%%&#8221; custom_margin=&#8221;5px||||false|false&#8221; custom_padding=&#8221;|0px||0px|false|true&#8221; button_bg_color__hover_enabled=&#8221;on|desktop&#8221; button_text_color__hover=&#8221;#2a2a29&#8243; button_text_color__hover_enabled=&#8221;on|hover&#8221;][\/et_pb_button][\/et_pb_column][et_pb_column type=&#8221;1_4&#8243; _builder_version=&#8221;4.6.6&#8243; background_color=&#8221;#964e54&#8243; z_index=&#8221;11&#8243; custom_padding=&#8221;30px|2vw|30px|2vw|true|true&#8221; custom_padding_tablet=&#8221;48px|4vw|48px|4vw|true|true&#8221; custom_padding_phone=&#8221;|||5vw|true|false&#8221; custom_padding_last_edited=&#8221;on|phone&#8221; background_last_edited=&#8221;on|desktop&#8221; background__hover_enabled=&#8221;on|desktop&#8221; background_color__hover=&#8221;#2a2a29&#8243; background_enable_color__hover=&#8221;on&#8221;][et_pb_image src=&#8221;https:\/\/conferencia.lifeshara.com\/wp-content\/uploads\/2020\/11\/joao-pedro-matos.jpg.png&#8221; title_text=&#8221;joao pedro matos.jpg&#8221; admin_label=&#8221;Imagen ponente&#8221; module_class=&#8221;ponente&#8221; _builder_version=&#8221;4.6.6&#8243; _module_preset=&#8221;default&#8221; width=&#8221;150px&#8221; custom_margin=&#8221;||20px||false|false&#8221;][\/et_pb_image][et_pb_team_member name=&#8221;Jo\u00e3o Pedro Matos Fernandes&#8221; _builder_version=&#8221;4.6.6&#8243; _module_preset=&#8221;default&#8221; header_level=&#8221;h2&#8243; header_font=&#8221;|700|||||||&#8221; header_text_color=&#8221;#fdfcec&#8221; body_text_color=&#8221;#fdfcec&#8221; body_line_height=&#8221;1.6em&#8221; position_font=&#8221;Ubuntu Mono||||||||&#8221; position_text_color=&#8221;#de6f5b&#8221; position_font_size=&#8221;18px&#8221; custom_css_member_position=&#8221;margin-bottom: 20px;&#8221; icon_color__hover_enabled=&#8221;on|hover&#8221; icon_color__hover=&#8221;#fdfcec&#8221; background__hover_enabled=&#8221;on|hover&#8221;]O ministro do Ambiente e da A\u00e7\u00e3o Clim\u00e1tica de Portugal formou-se como engenheiro civil e tem uma comprida experi\u00eancia na gest\u00e3o p\u00fablica da \u00e0gua, da atividade portu\u00e1ria e do transporte e desenvolvimento.[\/et_pb_team_member][et_pb_text _builder_version=&#8221;4.6.6&#8243; _module_preset=&#8221;default&#8221; header_text_color=&#8221;#fdfcec&#8221; header_6_text_color=&#8221;#fdfcec&#8221; custom_margin=&#8221;15px||||false|false&#8221; custom_padding=&#8221;15px||||false|false&#8221; border_width_top=&#8221;1px&#8221;]<\/p>\n<h6>Estar\u00e1 em: <\/h6>\n<p>[\/et_pb_text][et_pb_button button_url=&#8221;https:\/\/conferencia.lifeshara.com\/pt-pt\/programa\/sessoes\/sessao-de-abertura\/&#8221; button_text=&#8221;Sess\u00e3o de abertura. Adapta\u00e7\u00e3o \u00e0s altera\u00e7\u00f5es clim\u00e1ticas para a resili\u00eancia ib\u00e9rica &#8221; button_alignment=&#8221;left&#8221; _builder_version=&#8221;4.6.6&#8243; custom_button=&#8221;on&#8221; button_text_size=&#8221;16px&#8221; button_text_color=&#8221;#ffffff&#8221; button_border_width=&#8221;0px&#8221; button_letter_spacing=&#8221;3px&#8221; button_font=&#8221;Ubuntu Mono|700|||||||&#8221; button_icon=&#8221;%%3%%&#8221; custom_margin=&#8221;5px||||false|false&#8221; custom_padding=&#8221;|0px||0px|false|true&#8221; button_bg_color__hover_enabled=&#8221;on|desktop&#8221; button_text_color__hover=&#8221;#2a2a29&#8243; button_text_color__hover_enabled=&#8221;on|hover&#8221;][\/et_pb_button][\/et_pb_column][et_pb_column type=&#8221;1_4&#8243; _builder_version=&#8221;4.6.6&#8243; background_color=&#8221;#f1a336&#8243; z_index=&#8221;11&#8243; custom_padding=&#8221;30px|2vw|30px|2vw|true|true&#8221; custom_padding_tablet=&#8221;48px|4vw|48px|4vw|true|true&#8221; custom_padding_phone=&#8221;|||5vw|true|false&#8221; custom_padding_last_edited=&#8221;on|phone&#8221; background__hover_enabled=&#8221;on|desktop&#8221; background_color__hover=&#8221;#2a2a29&#8243; background_enable_color__hover=&#8221;on&#8221;][et_pb_image src=&#8221;https:\/\/conferencia.lifeshara.com\/wp-content\/uploads\/2020\/10\/Valvanera-Ulargui.png&#8221; title_text=&#8221;Valvanera Ulargui&#8221; admin_label=&#8221;Imagen ponente&#8221; module_class=&#8221;ponente&#8221; _builder_version=&#8221;4.6.6&#8243; _module_preset=&#8221;default&#8221; width=&#8221;150px&#8221; custom_margin=&#8221;||20px||false|false&#8221;][\/et_pb_image][et_pb_team_member name=&#8221;Valvanera Ulargui&#8221; _builder_version=&#8221;4.6.6&#8243; _module_preset=&#8221;default&#8221; header_level=&#8221;h2&#8243; header_font=&#8221;|700|||||||&#8221; header_text_color=&#8221;#fdfcec&#8221; body_text_color=&#8221;#fdfcec&#8221; body_line_height=&#8221;1.6em&#8221; position_font=&#8221;Ubuntu Mono||||||||&#8221; position_text_color=&#8221;#de6f5b&#8221; position_font_size=&#8221;18px&#8221; custom_css_member_position=&#8221;margin-bottom: 20px;&#8221; icon_color__hover_enabled=&#8221;on|hover&#8221; icon_color__hover=&#8221;#fdfcec&#8221; background__hover_enabled=&#8221;on|hover&#8221;]A atual Diretora Geral do Gabinete Espanhol para as Altera\u00e7\u00f5es Clim\u00e1ticas do Minist\u00e9rio para a Transi\u00e7\u00e3o Ecol\u00f3gica e o Desafio Demogr\u00e1fico \u00e9 especialista no campo das negocia\u00e7\u00f5es internacionais da luta para combater \u00e0s altera\u00e7\u00f5es clim\u00e1ticas, campo sobre o qual tamb\u00e9m aconselhou institui\u00e7\u00f5es como a Comiss\u00e3o Europeia ou o ICEX. [\/et_pb_team_member][et_pb_text _builder_version=&#8221;4.6.6&#8243; _module_preset=&#8221;default&#8221; header_text_color=&#8221;#fdfcec&#8221; header_6_text_color=&#8221;#fdfcec&#8221; custom_margin=&#8221;15px||||false|false&#8221; custom_padding=&#8221;15px||||false|false&#8221; border_width_top=&#8221;1px&#8221;]<\/p>\n<h6>Estar\u00e1 em: <\/h6>\n<p>[\/et_pb_text][et_pb_button button_url=&#8221;https:\/\/conferencia.lifeshara.com\/pt-pt\/programa\/sessoes\/sessao-de-abertura\/&#8221; button_text=&#8221;Sess\u00e3o de abertura. Adapta\u00e7\u00e3o \u00e0s altera\u00e7\u00f5es clim\u00e1ticas para a resili\u00eancia ib\u00e9rica &#8221; button_alignment=&#8221;left&#8221; _builder_version=&#8221;4.6.6&#8243; custom_button=&#8221;on&#8221; button_text_size=&#8221;16px&#8221; button_text_color=&#8221;#ffffff&#8221; button_border_width=&#8221;0px&#8221; button_letter_spacing=&#8221;3px&#8221; button_font=&#8221;Ubuntu Mono|700|||||||&#8221; button_icon=&#8221;%%3%%&#8221; custom_margin=&#8221;5px||||false|false&#8221; custom_padding=&#8221;|0px||0px|false|true&#8221; button_bg_color__hover_enabled=&#8221;on|desktop&#8221; button_text_color__hover=&#8221;#2a2a29&#8243; button_text_color__hover_enabled=&#8221;on|hover&#8221;][\/et_pb_button][\/et_pb_column][et_pb_column type=&#8221;1_4&#8243; _builder_version=&#8221;4.6.6&#8243; background_color=&#8221;#91c468&#8243; z_index=&#8221;11&#8243; custom_padding=&#8221;30px|2vw|30px|2vw|true|true&#8221; custom_padding_tablet=&#8221;48px|4vw|48px|4vw|true|true&#8221; custom_padding_phone=&#8221;|||5vw|true|false&#8221; custom_padding_last_edited=&#8221;on|phone&#8221; background__hover_enabled=&#8221;on|desktop&#8221; background_color__hover=&#8221;#2a2a29&#8243; background_enable_color__hover=&#8221;on&#8221;][et_pb_image src=&#8221;https:\/\/conferencia.lifeshara.com\/wp-content\/uploads\/2020\/11\/Nuno-Lacasta.jpg&#8221; title_text=&#8221;Nuno-Lacasta&#8221; admin_label=&#8221;Imagen ponente&#8221; module_class=&#8221;ponente&#8221; _builder_version=&#8221;4.6.6&#8243; _module_preset=&#8221;default&#8221; width=&#8221;150px&#8221; custom_margin=&#8221;||20px||false|false&#8221;][\/et_pb_image][et_pb_team_member name=&#8221;Nuno Lacasta&#8221; _builder_version=&#8221;4.6.6&#8243; _module_preset=&#8221;default&#8221; header_level=&#8221;h2&#8243; header_font=&#8221;|700|||||||&#8221; header_text_color=&#8221;#fdfcec&#8221; body_text_color=&#8221;#fdfcec&#8221; body_line_height=&#8221;1.6em&#8221; position_font=&#8221;Ubuntu Mono||||||||&#8221; position_text_color=&#8221;#de6f5b&#8221; position_font_size=&#8221;18px&#8221; custom_css_member_position=&#8221;margin-bottom: 20px;&#8221; icon_color__hover_enabled=&#8221;on|hover&#8221; icon_color__hover=&#8221;#fdfcec&#8221; background__hover_enabled=&#8221;on|hover&#8221;]O atual presidente da Ag\u00eancia Portuguesa do Ambiente \u00e9 licenciado em Direito e tem uma trajet\u00f3ria de mais de 20 anos dedicada ao ambiente e ao desenvolvimento sustent\u00e1vel, especialmente no campo p\u00fablico. Foi consultor em organiza\u00e7\u00f5es internacionais como a OCDE, UE u ONU e professor de Direito e pol\u00edticas ambientais em universidades europeias e estadunidenses. [\/et_pb_team_member][et_pb_text _builder_version=&#8221;4.6.6&#8243; _module_preset=&#8221;default&#8221; header_text_color=&#8221;#fdfcec&#8221; header_6_text_color=&#8221;#fdfcec&#8221; custom_margin=&#8221;15px||||false|false&#8221; custom_padding=&#8221;15px||||false|false&#8221; border_width_top=&#8221;1px&#8221;]<\/p>\n<h6>Estar\u00e1 em: <\/h6>\n<p>[\/et_pb_text][et_pb_button button_url=&#8221;https:\/\/conferencia.lifeshara.com\/pt-pt\/programa\/sessoes\/reflexoes-e-conclusoes\/&#8221; button_text=&#8221;Sess\u00e3o de encerramento. A adapta\u00e7\u00e3o como solu\u00e7\u00e3o para o presente e o futuro &#8221; button_alignment=&#8221;left&#8221; _builder_version=&#8221;4.6.6&#8243; custom_button=&#8221;on&#8221; button_text_size=&#8221;16px&#8221; button_text_color=&#8221;#ffffff&#8221; button_border_width=&#8221;0px&#8221; button_letter_spacing=&#8221;3px&#8221; button_font=&#8221;Ubuntu Mono|700|||||||&#8221; button_icon=&#8221;%%3%%&#8221; custom_margin=&#8221;5px||||false|false&#8221; custom_padding=&#8221;|0px||0px|false|true&#8221; button_bg_color__hover_enabled=&#8221;on|desktop&#8221; button_text_color__hover=&#8221;#2a2a29&#8243; button_text_color__hover_enabled=&#8221;on|hover&#8221;][\/et_pb_button][\/et_pb_column][\/et_pb_row][et_pb_row column_structure=&#8221;1_4,1_4,1_4,1_4&#8243; use_custom_gutter=&#8221;on&#8221; gutter_width=&#8221;2&#8243; make_equal=&#8221;on&#8221; disabled_on=&#8221;on|on|on&#8221; admin_label=&#8221;Fila 1&#8243; _builder_version=&#8221;4.6.6&#8243; background_enable_color=&#8221;off&#8221; width=&#8221;90%&#8221; max_width=&#8221;90%&#8221; custom_margin=&#8221;49px|auto|30px|auto|false|false&#8221; custom_padding=&#8221;0px||0px||true|&#8221; border_color_all=&#8221;#fdfcec&#8221; disabled=&#8221;on&#8221; border_color_all__hover_enabled=&#8221;on|hover&#8221;][et_pb_column type=&#8221;1_4&#8243; _builder_version=&#8221;4.6.6&#8243; background_color=&#8221;#f1a336&#8243; z_index=&#8221;11&#8243; custom_padding=&#8221;30px|2vw|30px|2vw|true|true&#8221; custom_padding_tablet=&#8221;48px|4vw|48px|4vw|true|true&#8221; custom_padding_phone=&#8221;|||5vw|true|false&#8221; custom_padding_last_edited=&#8221;on|phone&#8221; border_width_all=&#8221;1px&#8221; border_color_all=&#8221;#de6f5b&#8221; background_color__hover=&#8221;#2a2a29&#8243; background__hover_enabled=&#8221;on|hover&#8221; background_enable_color__hover=&#8221;on&#8221; border_width_all__hover_enabled=&#8221;on|desktop&#8221;][et_pb_image src=&#8221;https:\/\/conferencia.lifeshara.com\/wp-content\/uploads\/2020\/10\/Elena-Pita.png&#8221; title_text=&#8221;Elena Pita&#8221; admin_label=&#8221;Imagen ponente&#8221; module_class=&#8221;ponente&#8221; _builder_version=&#8221;4.6.6&#8243; _module_preset=&#8221;default&#8221; width=&#8221;150px&#8221; custom_margin=&#8221;||20px||false|false&#8221;][\/et_pb_image][et_pb_team_member name=&#8221;Elena Pita&#8221; _builder_version=&#8221;4.6.6&#8243; _module_preset=&#8221;default&#8221; header_level=&#8221;h2&#8243; header_font=&#8221;|700|||||||&#8221; header_text_color=&#8221;#fdfcec&#8221; body_text_color=&#8221;#fdfcec&#8221; body_line_height=&#8221;1.6em&#8221; position_font=&#8221;Ubuntu Mono||||||||&#8221; position_text_color=&#8221;#de6f5b&#8221; position_font_size=&#8221;18px&#8221; custom_css_member_position=&#8221;margin-bottom: 20px;&#8221; icon_color__hover_enabled=&#8221;on|hover&#8221; icon_color__hover=&#8221;#fdfcec&#8221; background__hover_enabled=&#8221;on|hover&#8221;]<\/p>\n<p><span>Directora de la Fundaci\u00f3n Biodiversidad del Ministerio para la Transici\u00f3n Ecol\u00f3gica y el Reto Demogr\u00e1fico. Es ingeniera agr\u00f3noma y experta en medio ambiente, desarrollo sostenible y cambio clim\u00e1tico. Cuenta con una extensa experiencia en cooperaci\u00f3n al desarrollo.<\/span><\/p>\n<p>[\/et_pb_team_member][\/et_pb_column][et_pb_column type=&#8221;1_4&#8243; _builder_version=&#8221;4.6.6&#8243; background_color=&#8221;#91c468&#8243; z_index=&#8221;11&#8243; custom_padding=&#8221;30px|2vw|30px|2vw|true|true&#8221; custom_padding_tablet=&#8221;48px|4vw|48px|4vw|true|true&#8221; custom_padding_phone=&#8221;|||5vw|true|false&#8221; custom_padding_last_edited=&#8221;on|phone&#8221; background_last_edited=&#8221;on|desktop&#8221; background__hover_enabled=&#8221;on|hover&#8221; background_color__hover=&#8221;#2a2a29&#8243; background_enable_color__hover=&#8221;on&#8221;][et_pb_image src=&#8221;https:\/\/conferencia.lifeshara.com\/wp-content\/uploads\/2020\/10\/Elena-Pita.png&#8221; title_text=&#8221;Elena Pita&#8221; admin_label=&#8221;Imagen ponente&#8221; module_class=&#8221;ponente&#8221; _builder_version=&#8221;4.6.6&#8243; _module_preset=&#8221;default&#8221; width=&#8221;150px&#8221; custom_margin=&#8221;||20px||false|false&#8221;][\/et_pb_image][et_pb_team_member name=&#8221;Elena Pita&#8221; _builder_version=&#8221;4.6.6&#8243; _module_preset=&#8221;default&#8221; header_level=&#8221;h2&#8243; header_font=&#8221;|700|||||||&#8221; header_text_color=&#8221;#fdfcec&#8221; body_text_color=&#8221;#fdfcec&#8221; body_line_height=&#8221;1.6em&#8221; position_font=&#8221;Ubuntu Mono||||||||&#8221; position_text_color=&#8221;#de6f5b&#8221; position_font_size=&#8221;18px&#8221; custom_css_member_position=&#8221;margin-bottom: 20px;&#8221; icon_color__hover_enabled=&#8221;on|hover&#8221; icon_color__hover=&#8221;#fdfcec&#8221; background__hover_enabled=&#8221;on|hover&#8221;]<\/p>\n<p><span>Directora de la Fundaci\u00f3n Biodiversidad del Ministerio para la Transici\u00f3n Ecol\u00f3gica y el Reto Demogr\u00e1fico. Es ingeniera agr\u00f3noma y experta en medio ambiente, desarrollo sostenible y cambio clim\u00e1tico. Cuenta con una extensa experiencia en cooperaci\u00f3n al desarrollo.<\/span><\/p>\n<p>[\/et_pb_team_member][et_pb_text _builder_version=&#8221;4.6.5&#8243; _module_preset=&#8221;default&#8221; header_text_color=&#8221;#fdfcec&#8221; header_6_text_color=&#8221;#fdfcec&#8221; custom_margin=&#8221;15px||||false|false&#8221; custom_padding=&#8221;15px||||false|false&#8221; border_width_top=&#8221;1px&#8221;]<\/p>\n<h6>Estar\u00e1 en:\u00a0<\/h6>\n<p>[\/et_pb_text][et_pb_button button_url=&#8221;https:\/\/conferencia.lifeshara.com\/programa\/sesiones\/reflexiones-y-conclusiones\/&#8221; button_text=&#8221;Reflexiones y conclusiones. Cierre de la Conferencia&#8221; button_alignment=&#8221;left&#8221; _builder_version=&#8221;4.6.6&#8243; custom_button=&#8221;on&#8221; button_text_size=&#8221;16px&#8221; button_text_color=&#8221;#ffffff&#8221; button_border_width=&#8221;0px&#8221; button_letter_spacing=&#8221;3px&#8221; button_font=&#8221;Ubuntu Mono|700|||||||&#8221; button_icon=&#8221;%%3%%&#8221; custom_margin=&#8221;5px||||false|false&#8221; custom_padding=&#8221;|0px||0px|false|true&#8221; button_bg_color__hover_enabled=&#8221;on|desktop&#8221;][\/et_pb_button][\/et_pb_column][et_pb_column type=&#8221;1_4&#8243; _builder_version=&#8221;4.6.6&#8243; background_color=&#8221;#ffffff&#8221; z_index=&#8221;11&#8243; custom_padding=&#8221;30px|2vw|30px|2vw|true|true&#8221; custom_padding_tablet=&#8221;48px|4vw|48px|4vw|true|true&#8221; custom_padding_phone=&#8221;|||5vw|true|false&#8221; custom_padding_last_edited=&#8221;on|phone&#8221; background_last_edited=&#8221;on|desktop&#8221; border_width_all=&#8221;1px&#8221; border_color_all=&#8221;#de6f5b&#8221; background__hover_enabled=&#8221;on|desktop&#8221; background_color__hover=&#8221;#fdfcec&#8221; background_enable_color__hover=&#8221;on&#8221; border_width_all__hover_enabled=&#8221;on|desktop&#8221;][et_pb_image src=&#8221;https:\/\/conferencia.lifeshara.com\/wp-content\/uploads\/2020\/10\/Marta-Mugica.png&#8221; title_text=&#8221;Marta Mugica&#8221; admin_label=&#8221;Imagen ponente&#8221; module_class=&#8221;ponente&#8221; _builder_version=&#8221;4.6.6&#8243; _module_preset=&#8221;default&#8221; width=&#8221;150px&#8221; custom_margin=&#8221;||20px||false|false&#8221;][\/et_pb_image][et_pb_team_member name=&#8221;Marta M\u00fagica de la Guerra &#8221; _builder_version=&#8221;4.6.6&#8243; _module_preset=&#8221;default&#8221; header_level=&#8221;h2&#8243; header_font=&#8221;|700|||||||&#8221; header_text_color=&#8221;#2a2a29&#8243; body_text_color=&#8221;#2a2a29&#8243; body_line_height=&#8221;1.6em&#8221; position_font=&#8221;Ubuntu Mono||||||||&#8221; position_text_color=&#8221;#de6f5b&#8221; position_font_size=&#8221;18px&#8221; custom_css_member_position=&#8221;margin-bottom: 20px;&#8221; icon_color__hover_enabled=&#8221;on|hover&#8221; icon_color__hover=&#8221;#fdfcec&#8221; background__hover_enabled=&#8221;on|hover&#8221;]<\/p>\n<p><span>Marta M\u00fagica de la Guerra es la coordinadora de la Oficina T\u00e9cnica de EUROPARC-Espa\u00f1a y directora de la Fundaci\u00f3n Fernando Gonz\u00e1lez Bern\u00e1ldez. Doctora en Ciencias Biol\u00f3gicas por la Universidad Aut\u00f3noma de Madrid, ha sido Profesora Asociada de la Universidad Complutense de Madrid y ha desarrollado un curso de doctorado dedicado a la interacci\u00f3n entre la investigaci\u00f3n y la gesti\u00f3n en espacios naturales protegidos.<\/span><\/p>\n<p>[\/et_pb_team_member][et_pb_text _builder_version=&#8221;4.6.6&#8243; _module_preset=&#8221;default&#8221; header_text_color=&#8221;#fdfcec&#8221; header_6_text_color=&#8221;#964e54&#8243; custom_margin=&#8221;15px||||false|false&#8221; custom_padding=&#8221;15px||||false|false&#8221; border_width_top=&#8221;1px&#8221;]<\/p>\n<h6>Estar\u00e1 en:\u00a0<\/h6>\n<p>[\/et_pb_text][et_pb_button button_url=&#8221;\/sesion-10&#8243; button_text=&#8221;Sesi\u00f3n tem\u00e1tica 10. Biodiversidad protectora ante el cambio clim\u00e1tico&#8221; button_alignment=&#8221;left&#8221; _builder_version=&#8221;4.6.6&#8243; custom_button=&#8221;on&#8221; button_text_size=&#8221;16px&#8221; button_text_color=&#8221;#2a2a29&#8243; button_border_width=&#8221;0px&#8221; button_letter_spacing=&#8221;3px&#8221; button_font=&#8221;Ubuntu Mono|700|||||||&#8221; button_icon=&#8221;%%3%%&#8221; custom_margin=&#8221;5px||||false|false&#8221; custom_padding=&#8221;|0px||0px|false|true&#8221; button_bg_color__hover_enabled=&#8221;on|desktop&#8221;][\/et_pb_button][\/et_pb_column][et_pb_column type=&#8221;1_4&#8243; _builder_version=&#8221;4.6.6&#8243; background_color=&#8221;#964e54&#8243; z_index=&#8221;11&#8243; custom_padding=&#8221;30px|2vw|30px|2vw|true|true&#8221; custom_padding_tablet=&#8221;48px|4vw|48px|4vw|true|true&#8221; custom_padding_phone=&#8221;|||5vw|true|false&#8221; custom_padding_last_edited=&#8221;on|phone&#8221; background_last_edited=&#8221;on|desktop&#8221; background__hover_enabled=&#8221;on|hover&#8221; background_color__hover=&#8221;#2a2a29&#8243; background_enable_color__hover=&#8221;on&#8221;][et_pb_image src=&#8221;https:\/\/conferencia.lifeshara.com\/wp-content\/uploads\/2020\/11\/Cristina-Garrett.jpg&#8221; title_text=&#8221;Cristina-Garrett&#8221; admin_label=&#8221;Imagen ponente&#8221; module_class=&#8221;ponente&#8221; _builder_version=&#8221;4.6.6&#8243; _module_preset=&#8221;default&#8221; width=&#8221;150px&#8221; custom_margin=&#8221;||20px||false|false&#8221;][\/et_pb_image][et_pb_team_member name=&#8221;Cristina Garret&#8221; _builder_version=&#8221;4.6.6&#8243; _module_preset=&#8221;default&#8221; header_level=&#8221;h2&#8243; header_font=&#8221;|700|||||||&#8221; header_text_color=&#8221;#fdfcec&#8221; body_text_color=&#8221;#fdfcec&#8221; body_line_height=&#8221;1.6em&#8221; position_font=&#8221;Ubuntu Mono||||||||&#8221; position_text_color=&#8221;#de6f5b&#8221; position_font_size=&#8221;18px&#8221; custom_css_member_position=&#8221;margin-bottom: 20px;&#8221; header_text_color__hover_enabled=&#8221;on|hover&#8221; header_text_color__hover=&#8221;#2a2a29&#8243; body_text_color__hover_enabled=&#8221;on|hover&#8221; body_text_color__hover=&#8221;#2a2a29&#8243; background__hover_enabled=&#8221;on|hover&#8221;]<\/p>\n<p>Ingeniera Ambiental y M\u00e1ster en Planificaci\u00f3n Regional y Urbana, ha trabajado en cooperaci\u00f3n europea, evaluaci\u00f3n del impacto ambiental, educaci\u00f3n ambiental, Agenda 21 local y planificaci\u00f3n territorial en servicios del Ministerio de Medioambiente portugu\u00e9s. Es Directora de Servicios de Ordenaci\u00f3n del Territorio del Ministerio de Medio Ambiente y Transici\u00f3n Energ\u00e9tica.<\/p>\n<p>[\/et_pb_team_member][et_pb_text _builder_version=&#8221;4.6.5&#8243; _module_preset=&#8221;default&#8221; header_text_color=&#8221;#fdfcec&#8221; header_6_text_color=&#8221;#fdfcec&#8221; custom_margin=&#8221;15px||||false|false&#8221; custom_padding=&#8221;15px||||false|false&#8221; border_width_top=&#8221;1px&#8221;]<\/p>\n<h6>Estar\u00e1 en:\u00a0<\/h6>\n<p>[\/et_pb_text][et_pb_button button_url=&#8221;https:\/\/conferencia.lifeshara.com\/sesion-01\/&#8221; button_text=&#8221;Sesi\u00f3n Tem\u00e1tica 01. \u00bfSe est\u00e1n adaptando las ciudades al cambio clim\u00e1tico?&#8221; button_alignment=&#8221;left&#8221; _builder_version=&#8221;4.6.6&#8243; custom_button=&#8221;on&#8221; button_text_size=&#8221;16px&#8221; button_text_color=&#8221;#fdfcec&#8221; button_border_width=&#8221;0px&#8221; button_letter_spacing=&#8221;3px&#8221; button_font=&#8221;Ubuntu Mono|700|||||||&#8221; button_icon=&#8221;%%3%%&#8221; custom_margin=&#8221;5px||||false|false&#8221; custom_padding=&#8221;|0px||0px|false|true&#8221; button_bg_color__hover_enabled=&#8221;on|desktop&#8221; button_text_color__hover=&#8221;#2a2a29&#8243; button_text_color__hover_enabled=&#8221;on|hover&#8221;][\/et_pb_button][\/et_pb_column][\/et_pb_row][et_pb_row column_structure=&#8221;1_4,1_4,1_4,1_4&#8243; use_custom_gutter=&#8221;on&#8221; gutter_width=&#8221;2&#8243; make_equal=&#8221;on&#8221; admin_label=&#8221;Fila 1&#8243; _builder_version=&#8221;4.6.6&#8243; background_enable_color=&#8221;off&#8221; width=&#8221;90%&#8221; max_width=&#8221;90%&#8221; custom_margin=&#8221;49px|auto|30px|auto|false|false&#8221; custom_padding=&#8221;0px||0px||true|&#8221; border_color_all=&#8221;#fdfcec&#8221; border_color_all__hover_enabled=&#8221;on|hover&#8221;][et_pb_column type=&#8221;1_4&#8243; _builder_version=&#8221;4.6.6&#8243; background_color=&#8221;#f1a336&#8243; z_index=&#8221;11&#8243; custom_padding=&#8221;30px|2vw|30px|2vw|true|true&#8221; custom_padding_tablet=&#8221;48px|4vw|48px|4vw|true|true&#8221; custom_padding_phone=&#8221;|||5vw|true|false&#8221; custom_padding_last_edited=&#8221;on|phone&#8221; background_last_edited=&#8221;on|desktop&#8221; background__hover_enabled=&#8221;on|hover&#8221; background_color__hover=&#8221;#2a2a29&#8243; background_enable_color__hover=&#8221;on&#8221;][et_pb_image src=&#8221;https:\/\/conferencia.lifeshara.com\/wp-content\/uploads\/2020\/11\/Claudia-GUERRINI-European-Commission-scaled.jpg&#8221; title_text=&#8221;Claudia-GUERRINI&#8212;European-Commission&#8221; admin_label=&#8221;Imagen ponente&#8221; module_class=&#8221;ponente&#8221; _builder_version=&#8221;4.6.6&#8243; _module_preset=&#8221;default&#8221; width=&#8221;150px&#8221; custom_margin=&#8221;||20px||false|false&#8221;][\/et_pb_image][et_pb_team_member name=&#8221;Claudia Guerrini&#8221; _builder_version=&#8221;4.6.6&#8243; _module_preset=&#8221;default&#8221; header_level=&#8221;h2&#8243; header_font=&#8221;|700|||||||&#8221; header_text_color=&#8221;#fdfcec&#8221; body_text_color=&#8221;#fdfcec&#8221; body_line_height=&#8221;1.6em&#8221; position_font=&#8221;Ubuntu Mono||||||||&#8221; position_text_color=&#8221;#de6f5b&#8221; position_font_size=&#8221;18px&#8221; custom_css_member_position=&#8221;margin-bottom: 20px;&#8221; icon_color__hover_enabled=&#8221;on|hover&#8221; icon_color__hover=&#8221;#fdfcec&#8221; background__hover_enabled=&#8221;on|hover&#8221;]Graduada em Ci\u00eancias Pol\u00edticas e Estudos Estrat\u00e9gicos, Guerrini \u00e9 Assessora de projetos na Unidade de programas LIFE na Ag\u00eancia Executiva pelas Pequenas e M\u00e9dias Empresas da Comiss\u00e3o Europeia. Atualmente, lidera a gest\u00e3o de projetos cofinanciados pelo programa LIFE nos setores da informa\u00e7\u00e3o, gobernanza, adapta\u00e7\u00e3o e mitiga\u00e7\u00e3o \u00e0s altera\u00e7\u00f5es clim\u00e1ticos, e com um especial foco na comunica\u00e7\u00e3o dos resultados dos projetos pela cidadania e os decisores pol\u00edticos. [\/et_pb_team_member][et_pb_text _builder_version=&#8221;4.6.6&#8243; _module_preset=&#8221;default&#8221; header_text_color=&#8221;#fdfcec&#8221; header_6_text_color=&#8221;#fdfcec&#8221; custom_margin=&#8221;15px||||false|false&#8221; custom_padding=&#8221;15px||||false|false&#8221; border_width_top=&#8221;1px&#8221;]<\/p>\n<h6>Estar\u00e1 em: <\/h6>\n<p>[\/et_pb_text][et_pb_button button_url=&#8221;https:\/\/conferencia.lifeshara.com\/pt-pt\/programa\/sessoes\/reflexoes-e-conclusoes\/&#8221; button_text=&#8221;Sess\u00e3o de encerramento. A adapta\u00e7\u00e3o como solu\u00e7\u00e3o para o presente e o futuro&#8221; button_alignment=&#8221;left&#8221; _builder_version=&#8221;4.6.6&#8243; custom_button=&#8221;on&#8221; button_text_size=&#8221;16px&#8221; button_text_color=&#8221;#ffffff&#8221; button_border_width=&#8221;0px&#8221; button_letter_spacing=&#8221;3px&#8221; button_font=&#8221;Ubuntu Mono|700|||||||&#8221; button_icon=&#8221;%%3%%&#8221; custom_margin=&#8221;5px||||false|false&#8221; custom_padding=&#8221;|0px||0px|false|true&#8221; button_bg_color__hover_enabled=&#8221;on|desktop&#8221; button_text_color__hover=&#8221;#2a2a29&#8243; button_text_color__hover_enabled=&#8221;on|hover&#8221;][\/et_pb_button][\/et_pb_column][et_pb_column type=&#8221;1_4&#8243; _builder_version=&#8221;4.6.6&#8243; background_color=&#8221;#91c468&#8243; z_index=&#8221;11&#8243; custom_padding=&#8221;30px|2vw|30px|2vw|true|true&#8221; custom_padding_tablet=&#8221;48px|4vw|48px|4vw|true|true&#8221; custom_padding_phone=&#8221;|||5vw|true|false&#8221; custom_padding_last_edited=&#8221;on|phone&#8221; background_last_edited=&#8221;on|desktop&#8221; background__hover_enabled=&#8221;on|hover&#8221; background_color__hover=&#8221;#2a2a29&#8243; background_enable_color__hover=&#8221;on&#8221;][et_pb_image src=&#8221;https:\/\/conferencia.lifeshara.com\/wp-content\/uploads\/2020\/10\/Elena-Pita.png&#8221; title_text=&#8221;Elena Pita&#8221; admin_label=&#8221;Imagen ponente&#8221; module_class=&#8221;ponente&#8221; _builder_version=&#8221;4.6.6&#8243; _module_preset=&#8221;default&#8221; width=&#8221;150px&#8221; custom_margin=&#8221;||20px||false|false&#8221;][\/et_pb_image][et_pb_team_member name=&#8221;Elena Pita&#8221; _builder_version=&#8221;4.6.6&#8243; _module_preset=&#8221;default&#8221; header_level=&#8221;h2&#8243; header_font=&#8221;|700|||||||&#8221; header_text_color=&#8221;#fdfcec&#8221; body_text_color=&#8221;#fdfcec&#8221; body_line_height=&#8221;1.6em&#8221; position_font=&#8221;Ubuntu Mono||||||||&#8221; position_text_color=&#8221;#de6f5b&#8221; position_font_size=&#8221;18px&#8221; custom_css_member_position=&#8221;margin-bottom: 20px;&#8221; icon_color__hover_enabled=&#8221;on|hover&#8221; icon_color__hover=&#8221;#fdfcec&#8221; background__hover_enabled=&#8221;on|hover&#8221;]Diretora da Funda\u00e7\u00e3o Biodiversidade do Minist\u00e9rio para a Transi\u00e7\u00e3o Ecol\u00f3gica e o Desafio Demogr\u00e1fico. \u00c9 Engenheira Agr\u00f4noma e especialista no ambiente, no desenvolvimento sustent\u00e1vel e nas altera\u00e7\u00f5es clim\u00e1ticas. Ela conta com uma experi\u00eancia extensa no coopera\u00e7\u00e3o ao desenvolvimento. [\/et_pb_team_member][et_pb_text _builder_version=&#8221;4.6.6&#8243; _module_preset=&#8221;default&#8221; header_text_color=&#8221;#fdfcec&#8221; header_6_text_color=&#8221;#fdfcec&#8221; custom_margin=&#8221;15px||||false|false&#8221; custom_padding=&#8221;15px||||false|false&#8221; border_width_top=&#8221;1px&#8221;]<\/p>\n<h6>Estar\u00e1 em: <\/h6>\n<p>[\/et_pb_text][et_pb_button button_url=&#8221;https:\/\/conferencia.lifeshara.com\/pt-pt\/programa\/sessoes\/reflexoes-e-conclusoes\/&#8221; button_text=&#8221;Sess\u00e3o de encerramento. A adapta\u00e7\u00e3o como solu\u00e7\u00e3o para o presente e o futuro &#8221; button_alignment=&#8221;left&#8221; _builder_version=&#8221;4.6.6&#8243; custom_button=&#8221;on&#8221; button_text_size=&#8221;16px&#8221; button_text_color=&#8221;#ffffff&#8221; button_border_width=&#8221;0px&#8221; button_letter_spacing=&#8221;3px&#8221; button_font=&#8221;Ubuntu Mono|700|||||||&#8221; button_icon=&#8221;%%3%%&#8221; custom_margin=&#8221;5px||||false|false&#8221; custom_padding=&#8221;|0px||0px|false|true&#8221; button_bg_color__hover_enabled=&#8221;on|desktop&#8221; button_text_color__hover=&#8221;#2a2a29&#8243; button_text_color__hover_enabled=&#8221;on|hover&#8221;][\/et_pb_button][\/et_pb_column][et_pb_column type=&#8221;1_4&#8243; _builder_version=&#8221;4.6.6&#8243; background_color=&#8221;#ffffff&#8221; z_index=&#8221;11&#8243; custom_padding=&#8221;30px|2vw|30px|2vw|true|true&#8221; custom_padding_tablet=&#8221;48px|4vw|48px|4vw|true|true&#8221; custom_padding_phone=&#8221;|||5vw|true|false&#8221; custom_padding_last_edited=&#8221;on|phone&#8221; background_last_edited=&#8221;on|desktop&#8221; border_width_all=&#8221;1px&#8221; border_color_all=&#8221;#de6f5b&#8221; background__hover_enabled=&#8221;on|desktop&#8221; background_color__hover=&#8221;#fdfcec&#8221; background_enable_color__hover=&#8221;on&#8221; border_width_all__hover_enabled=&#8221;on|desktop&#8221;][et_pb_image src=&#8221;https:\/\/conferencia.lifeshara.com\/wp-content\/uploads\/2020\/10\/Marta-Mugica.png&#8221; title_text=&#8221;Marta Mugica&#8221; admin_label=&#8221;Imagen ponente&#8221; module_class=&#8221;ponente&#8221; _builder_version=&#8221;4.6.6&#8243; _module_preset=&#8221;default&#8221; width=&#8221;150px&#8221; custom_margin=&#8221;||20px||false|false&#8221;][\/et_pb_image][et_pb_team_member name=&#8221;Marta M\u00fagica de la Guerra &#8221; _builder_version=&#8221;4.6.6&#8243; _module_preset=&#8221;default&#8221; header_level=&#8221;h2&#8243; header_font=&#8221;|700|||||||&#8221; header_text_color=&#8221;#2a2a29&#8243; body_text_color=&#8221;#2a2a29&#8243; body_line_height=&#8221;1.6em&#8221; position_font=&#8221;Ubuntu Mono||||||||&#8221; position_text_color=&#8221;#de6f5b&#8221; position_font_size=&#8221;18px&#8221; custom_css_member_position=&#8221;margin-bottom: 20px;&#8221; icon_color__hover_enabled=&#8221;on|hover&#8221; icon_color__hover=&#8221;#fdfcec&#8221; background__hover_enabled=&#8221;on|hover&#8221;]Marta M\u00fagica de la Guerra \u00e9 a coordenadora do Gabinete T\u00e9cnico do EUROPARC-Espanha e diretora da Funda\u00e7\u00e3o Fernando Gonz\u00e1lez Bern\u00e1ldez. Doutora em Ci\u00eancias Biol\u00f3gicas pela Universidade Aut\u00f3noma de Madrid, foi Professora Associada da Universidade Complutense de Madrid e projetou um curso de doutorado dedicado \u00e0 intera\u00e7\u00e3o entre a investiga\u00e7\u00e3o e a gest\u00e3o nos espa\u00e7os naturais protegidos. [\/et_pb_team_member][et_pb_text _builder_version=&#8221;4.6.6&#8243; _module_preset=&#8221;default&#8221; header_text_color=&#8221;#fdfcec&#8221; header_6_text_color=&#8221;#964e54&#8243; custom_margin=&#8221;15px||||false|false&#8221; custom_padding=&#8221;15px||||false|false&#8221; border_width_top=&#8221;1px&#8221;]<\/p>\n<h6>Estar\u00e1 em: <\/h6>\n<p>[\/et_pb_text][et_pb_button button_url=&#8221;https:\/\/conferencia.lifeshara.com\/pt-pt\/programa\/sessoes\/sessao-10\/&#8221; button_text=&#8221;Sess\u00e3o Tem\u00e1tica 10: Biodiversidade protetora perante \u00e0s altera\u00e7\u00f5es clim\u00e1ticas &#8221; button_alignment=&#8221;left&#8221; _builder_version=&#8221;4.6.6&#8243; custom_button=&#8221;on&#8221; button_text_size=&#8221;16px&#8221; button_text_color=&#8221;#2a2a29&#8243; button_border_width=&#8221;0px&#8221; button_letter_spacing=&#8221;3px&#8221; button_font=&#8221;Ubuntu Mono|700|||||||&#8221; button_icon=&#8221;%%3%%&#8221; custom_margin=&#8221;5px||||false|false&#8221; custom_padding=&#8221;|0px||0px|false|true&#8221; button_bg_color__hover_enabled=&#8221;on|desktop&#8221;][\/et_pb_button][\/et_pb_column][et_pb_column type=&#8221;1_4&#8243; _builder_version=&#8221;4.6.6&#8243; background_color=&#8221;#964e54&#8243; z_index=&#8221;11&#8243; custom_padding=&#8221;30px|2vw|30px|2vw|true|true&#8221; custom_padding_tablet=&#8221;48px|4vw|48px|4vw|true|true&#8221; custom_padding_phone=&#8221;|||5vw|true|false&#8221; custom_padding_last_edited=&#8221;on|phone&#8221; background_last_edited=&#8221;on|desktop&#8221; background__hover_enabled=&#8221;on|hover&#8221; background_color__hover=&#8221;#2a2a29&#8243; background_enable_color__hover=&#8221;on&#8221;][et_pb_image src=&#8221;https:\/\/conferencia.lifeshara.com\/wp-content\/uploads\/2020\/11\/Cristina-Garrett.jpg&#8221; title_text=&#8221;Cristina-Garrett&#8221; admin_label=&#8221;Imagen ponente&#8221; module_class=&#8221;ponente&#8221; _builder_version=&#8221;4.6.6&#8243; _module_preset=&#8221;default&#8221; width=&#8221;150px&#8221; custom_margin=&#8221;||20px||false|false&#8221;][\/et_pb_image][et_pb_team_member name=&#8221;Cristina Garret&#8221; _builder_version=&#8221;4.6.6&#8243; _module_preset=&#8221;default&#8221; header_level=&#8221;h2&#8243; header_font=&#8221;|700|||||||&#8221; header_text_color=&#8221;#fdfcec&#8221; body_text_color=&#8221;#fdfcec&#8221; body_line_height=&#8221;1.6em&#8221; position_font=&#8221;Ubuntu Mono||||||||&#8221; position_text_color=&#8221;#de6f5b&#8221; position_font_size=&#8221;18px&#8221; custom_css_member_position=&#8221;margin-bottom: 20px;&#8221; header_text_color__hover_enabled=&#8221;on|hover&#8221; header_text_color__hover=&#8221;#2a2a29&#8243; body_text_color__hover_enabled=&#8221;on|hover&#8221; body_text_color__hover=&#8221;#2a2a29&#8243; background__hover_enabled=&#8221;on|hover&#8221;]<\/p>\n<p>Engenheira do Ambiente e Mestre em Planeamento Regional e Urbano, trabalhou em coopera\u00e7\u00e3o europeia, avalia\u00e7\u00e3o de impacte ambiental, educa\u00e7\u00e3o ambiental, Agenda 21 local e planeamento territorial em servi\u00e7os do Minist\u00e9rio do Ambiente. \u00c9 Diretora de Servi\u00e7os de Ordenamento do Territ\u00f3rio no Minist\u00e9rio do Ambiente e Transi\u00e7\u00e3o Energ\u00e9tica.<\/p>\n<p>[\/et_pb_team_member][et_pb_text _builder_version=&#8221;4.6.5&#8243; _module_preset=&#8221;default&#8221; header_text_color=&#8221;#fdfcec&#8221; header_6_text_color=&#8221;#fdfcec&#8221; custom_margin=&#8221;15px||||false|false&#8221; custom_padding=&#8221;15px||||false|false&#8221; border_width_top=&#8221;1px&#8221;]<\/p>\n<h6>Estar\u00e1 en:\u00a0<\/h6>\n<p>[\/et_pb_text][et_pb_button button_url=&#8221;https:\/\/conferencia.lifeshara.com\/pt-pt\/sessao-01\/&#8221; button_text=&#8221;Sess\u00e3o Tem\u00e1tica 01: Est\u00e3o as cidades a adaptar-se \u00e0s altera\u00e7\u00f5es clim\u00e1ticas? &#8221; button_alignment=&#8221;left&#8221; _builder_version=&#8221;4.6.6&#8243; custom_button=&#8221;on&#8221; button_text_size=&#8221;16px&#8221; button_text_color=&#8221;#fdfcec&#8221; button_border_width=&#8221;0px&#8221; button_letter_spacing=&#8221;3px&#8221; button_font=&#8221;Ubuntu Mono|700|||||||&#8221; button_icon=&#8221;%%3%%&#8221; custom_margin=&#8221;5px||||false|false&#8221; custom_padding=&#8221;|0px||0px|false|true&#8221; button_bg_color__hover_enabled=&#8221;on|desktop&#8221; button_text_color__hover=&#8221;#2a2a29&#8243; button_text_color__hover_enabled=&#8221;on|hover&#8221;][\/et_pb_button][\/et_pb_column][\/et_pb_row][et_pb_row column_structure=&#8221;1_4,1_4,1_4,1_4&#8243; use_custom_gutter=&#8221;on&#8221; gutter_width=&#8221;2&#8243; make_equal=&#8221;on&#8221; admin_label=&#8221;Fila 1&#8243; _builder_version=&#8221;4.6.6&#8243; background_enable_color=&#8221;off&#8221; width=&#8221;90%&#8221; max_width=&#8221;90%&#8221; custom_margin=&#8221;49px|auto|30px|auto|false|false&#8221; custom_padding=&#8221;0px||0px||true|&#8221; border_color_all=&#8221;#fdfcec&#8221; border_color_all__hover_enabled=&#8221;on|hover&#8221;][et_pb_column type=&#8221;1_4&#8243; _builder_version=&#8221;4.6.6&#8243; background_color=&#8221;#91c468&#8243; z_index=&#8221;11&#8243; custom_padding=&#8221;30px|2vw|30px|2vw|true|true&#8221; custom_padding_tablet=&#8221;48px|4vw|48px|4vw|true|true&#8221; custom_padding_phone=&#8221;|||5vw|true|false&#8221; custom_padding_last_edited=&#8221;on|phone&#8221; background_last_edited=&#8221;on|desktop&#8221; background__hover_enabled=&#8221;on|hover&#8221; background_color__hover=&#8221;#2a2a29&#8243; background_enable_color__hover=&#8221;on&#8221;][et_pb_image src=&#8221;https:\/\/conferencia.lifeshara.com\/wp-content\/uploads\/2020\/11\/Foto_Luis-Tejero.jpg&#8221; title_text=&#8221;Foto_Luis Tejero&#8221; admin_label=&#8221;Imagen ponente&#8221; module_class=&#8221;ponente&#8221; _builder_version=&#8221;4.6.6&#8243; _module_preset=&#8221;default&#8221; width=&#8221;150px&#8221; custom_margin=&#8221;||20px||false|false&#8221;][\/et_pb_image][et_pb_team_member name=&#8221;Luis Tejero Encinas&#8221; icon_color=&#8221;#2a2a29&#8243; _builder_version=&#8221;4.6.6&#8243; _module_preset=&#8221;default&#8221; header_level=&#8221;h2&#8243; header_font=&#8221;|700|||||||&#8221; header_text_color=&#8221;#fdfcec&#8221; position_font=&#8221;Ubuntu Mono||||||||&#8221; position_text_color=&#8221;#fdfcec&#8221; position_font_size=&#8221;18px&#8221; background_layout=&#8221;dark&#8221; custom_css_member_position=&#8221;margin-bottom: 20px;&#8221; icon_color__hover_enabled=&#8221;on|hover&#8221; icon_color__hover=&#8221;#fdfcec&#8221;]Engenheiro Agr\u00edcola e Mestre em Ci\u00eancias da Cidade, trabalha na C\u00e2mara Municipal de Madrid desde 2005. Tem desenvolvido a sua atividade nos departamentos de Parques e Jardins, Educa\u00e7\u00e3o Ambiental e Energia e Altera\u00e7\u00f5es Clim\u00e1ticas. Atualmente trabalha sobre pol\u00edticas de Altera\u00e7\u00f5es Clim\u00e1ticas, especialmente na coordena\u00e7\u00e3o dos programas de Adapta\u00e7\u00e3o \u00e0s Altera\u00e7\u00f5es Clim\u00e1ticas da cidade.[\/et_pb_team_member][et_pb_text _builder_version=&#8221;4.6.6&#8243; _module_preset=&#8221;default&#8221; header_text_color=&#8221;#fdfcec&#8221; header_6_text_color=&#8221;#fdfcec&#8221; custom_margin=&#8221;15px||||false|false&#8221; custom_padding=&#8221;15px||||false|false&#8221; border_width_top=&#8221;1px&#8221;]<\/p>\n<h6>Estar\u00e1 em: <\/h6>\n<p>[\/et_pb_text][et_pb_button button_url=&#8221;https:\/\/conferencia.lifeshara.com\/pt-pt\/sessao-01\/&#8221; button_text=&#8221;Sess\u00e3o Tem\u00e1tica 01: Est\u00e3o as cidades a adaptar-se \u00e0s altera\u00e7\u00f5es clim\u00e1ticas? &#8221; button_alignment=&#8221;left&#8221; _builder_version=&#8221;4.6.6&#8243; custom_button=&#8221;on&#8221; button_text_size=&#8221;16px&#8221; button_text_color=&#8221;#fdfcec&#8221; button_border_width=&#8221;0px&#8221; button_letter_spacing=&#8221;3px&#8221; button_font=&#8221;Ubuntu Mono|700|||||||&#8221; button_icon=&#8221;%%3%%&#8221; custom_margin=&#8221;5px||||false|false&#8221; custom_padding=&#8221;|0px||0px|false|true&#8221; button_bg_color__hover_enabled=&#8221;on|desktop&#8221; button_text_color__hover=&#8221;#2a2a29&#8243; button_text_color__hover_enabled=&#8221;on|hover&#8221;][\/et_pb_button][\/et_pb_column][et_pb_column type=&#8221;1_4&#8243; _builder_version=&#8221;4.6.6&#8243; background_color=&#8221;#f1a336&#8243; z_index=&#8221;11&#8243; custom_padding=&#8221;30px|2vw|30px|2vw|true|true&#8221; custom_padding_tablet=&#8221;48px|4vw|48px|4vw|true|true&#8221; custom_padding_phone=&#8221;|||5vw|true|false&#8221; custom_padding_last_edited=&#8221;on|phone&#8221; border_width_all=&#8221;1px&#8221; border_color_all=&#8221;#de6f5b&#8221; background_color__hover=&#8221;#2a2a29&#8243; background__hover_enabled=&#8221;on|hover&#8221; background_enable_color__hover=&#8221;on&#8221; border_width_all__hover_enabled=&#8221;on|desktop&#8221;][et_pb_image src=&#8221;https:\/\/conferencia.lifeshara.com\/wp-content\/uploads\/2020\/10\/Vanessa-Ortega.jpg&#8221; title_text=&#8221;Vanessa Ortega&#8221; admin_label=&#8221;Imagen ponente&#8221; module_class=&#8221;ponente&#8221; _builder_version=&#8221;4.6.6&#8243; _module_preset=&#8221;default&#8221; width=&#8221;150px&#8221; custom_margin=&#8221;||20px||false|false&#8221;][\/et_pb_image][et_pb_team_member name=&#8221;Vanessa S\u00e1nchez Ortega &#8221; icon_color=&#8221;#2a2a29&#8243; _builder_version=&#8221;4.6.6&#8243; _module_preset=&#8221;default&#8221; header_level=&#8221;h2&#8243; header_font=&#8221;|700|||||||&#8221; header_text_color=&#8221;#fdfcec&#8221; position_font=&#8221;Ubuntu Mono||||||||&#8221; position_text_color=&#8221;#fdfcec&#8221; position_font_size=&#8221;18px&#8221; background_layout=&#8221;dark&#8221; custom_css_member_position=&#8221;margin-bottom: 20px;&#8221; icon_color__hover_enabled=&#8221;on|hover&#8221; icon_color__hover=&#8221;#fdfcec&#8221;]<\/p>\n<p>\u00c9 licenciada em Ci\u00eancias Ambientais e trabalha na Funda\u00e7\u00e3o Global Nature. Depois de v\u00e1rios anos a trabalhar em projetos de biodiversidade, sustentabilidade agr\u00e1ria e altera\u00e7\u00f5es clim\u00e1ticas, atualmente coordena o projeto LIFE AgriAdapt, de adapta\u00e7\u00e3o sustent\u00e1vel da pecu\u00e1ria e a agricultura para combater os efeitos das altera\u00e7\u00f5es clim\u00e1ticas.<\/p>\n<p>[\/et_pb_team_member][et_pb_text _builder_version=&#8221;4.6.6&#8243; _module_preset=&#8221;default&#8221; header_text_color=&#8221;#fdfcec&#8221; header_6_text_color=&#8221;#fdfcec&#8221; custom_margin=&#8221;15px||||false|false&#8221; custom_padding=&#8221;15px||||false|false&#8221; border_width_top=&#8221;1px&#8221;]<\/p>\n<h6>Estar\u00e1 em: <\/h6>\n<p>[\/et_pb_text][et_pb_button button_url=&#8221;https:\/\/conferencia.lifeshara.com\/pt-pt\/programa\/sessoes\/sessao-02\/&#8221; button_text=&#8221;Sess\u00e3o Tem\u00e1tica 02: Desafios e solu\u00e7\u00f5es do sector agr\u00e1rio pela adapta\u00e7\u00e3o \u00e0s mudan\u00e7as clim\u00e1ticas &#8221; button_alignment=&#8221;left&#8221; _builder_version=&#8221;4.6.6&#8243; custom_button=&#8221;on&#8221; button_text_size=&#8221;16px&#8221; button_text_color=&#8221;#ffffff&#8221; button_border_width=&#8221;0px&#8221; button_letter_spacing=&#8221;3px&#8221; button_font=&#8221;Ubuntu Mono|700|||||||&#8221; button_icon=&#8221;%%3%%&#8221; custom_margin=&#8221;5px||||false|false&#8221; custom_padding=&#8221;|0px||0px|false|true&#8221; button_bg_color__hover_enabled=&#8221;on|desktop&#8221;][\/et_pb_button][\/et_pb_column][et_pb_column type=&#8221;1_4&#8243; _builder_version=&#8221;4.6.6&#8243; background_color=&#8221;#964e54&#8243; z_index=&#8221;11&#8243; custom_padding=&#8221;30px|2vw|30px|2vw|true|true&#8221; custom_padding_tablet=&#8221;48px|4vw|48px|4vw|true|true&#8221; custom_padding_phone=&#8221;|||5vw|true|false&#8221; custom_padding_last_edited=&#8221;on|phone&#8221; background_last_edited=&#8221;on|desktop&#8221; background__hover_enabled=&#8221;on|hover&#8221; background_color__hover=&#8221;#2a2a29&#8243; background_enable_color__hover=&#8221;on&#8221;][et_pb_image src=&#8221;https:\/\/conferencia.lifeshara.com\/wp-content\/uploads\/2020\/10\/Fernando-Magdaleno.png&#8221; title_text=&#8221;Fernando Magdaleno&#8221; admin_label=&#8221;Imagen ponente&#8221; module_class=&#8221;ponente&#8221; _builder_version=&#8221;4.6.6&#8243; _module_preset=&#8221;default&#8221; width=&#8221;150px&#8221; custom_margin=&#8221;||20px||false|false&#8221;][\/et_pb_image][et_pb_team_member name=&#8221;Fernando Magdaleno Mas&#8221; _builder_version=&#8221;4.6.6&#8243; _module_preset=&#8221;default&#8221; header_level=&#8221;h2&#8243; header_font=&#8221;|700|||||||&#8221; header_text_color=&#8221;#fdfcec&#8221; body_text_color=&#8221;#fdfcec&#8221; body_line_height=&#8221;1.6em&#8221; position_font=&#8221;Ubuntu Mono||||||||&#8221; position_text_color=&#8221;#de6f5b&#8221; position_font_size=&#8221;18px&#8221; custom_css_member_position=&#8221;margin-bottom: 20px;&#8221; icon_color__hover_enabled=&#8221;on|hover&#8221; icon_color__hover=&#8221;#fdfcec&#8221; header_text_color__hover=&#8221;#2a2a29&#8243; header_text_color__hover_enabled=&#8221;on|hover&#8221; body_text_color__hover=&#8221;#2a2a29&#8243; body_text_color__hover_enabled=&#8221;on|hover&#8221; background__hover_enabled=&#8221;on|hover&#8221;]<\/p>\n<p>Vice-diretor Geral Adjunto de Protec\u00e7\u00e3o das \u00c1guas e Gest\u00e3o dos Riscos no Minist\u00e9rio para a Transi\u00e7\u00e3o Ecol\u00f3gica e o Desafio Demogr\u00e1fico. Especialista na rela\u00e7\u00e3o entre a \u00e1gua, o territ\u00f3rio e o ambiente, tamb\u00e9m trabalhou como conselheiro t\u00e9cnico no CEDEX e como professor associado da Universidade de Alcal\u00e1 e da Universidade Polit\u00e9cnica de Madrid.<\/p>\n<p>[\/et_pb_team_member][et_pb_text _builder_version=&#8221;4.6.6&#8243; _module_preset=&#8221;default&#8221; header_text_color=&#8221;#fdfcec&#8221; header_6_text_color=&#8221;#fdfcec&#8221; custom_margin=&#8221;15px||||false|false&#8221; custom_padding=&#8221;15px||||false|false&#8221; border_width_top=&#8221;1px&#8221;]<\/p>\n<h6>Estar\u00e1 em: <\/h6>\n<p>[\/et_pb_text][et_pb_button button_url=&#8221;https:\/\/conferencia.lifeshara.com\/pt-pt\/programa\/sessoes\/sessao-03\/&#8221; button_text=&#8221;Sess\u00e3o Tem\u00e1tica 03: Altera\u00e7\u00f5es clim\u00e1ticas e gest\u00e3o da \u00e1gua: desafios e solu\u00e7\u00f5es pela adapta\u00e7\u00e3o&#8221; button_alignment=&#8221;left&#8221; _builder_version=&#8221;4.6.6&#8243; custom_button=&#8221;on&#8221; button_text_size=&#8221;16px&#8221; button_text_color=&#8221;#fdfcec&#8221; button_border_width=&#8221;0px&#8221; button_letter_spacing=&#8221;3px&#8221; button_font=&#8221;Ubuntu Mono|700|||||||&#8221; button_icon=&#8221;%%3%%&#8221; custom_margin=&#8221;5px||||false|false&#8221; custom_padding=&#8221;|0px||0px|false|true&#8221; button_bg_color__hover_enabled=&#8221;on|desktop&#8221; button_text_color__hover=&#8221;#2a2a29&#8243; button_text_color__hover_enabled=&#8221;on|hover&#8221;][\/et_pb_button][\/et_pb_column][et_pb_column type=&#8221;1_4&#8243; _builder_version=&#8221;4.6.6&#8243; background_color=&#8221;#ffffff&#8221; z_index=&#8221;11&#8243; custom_padding=&#8221;30px|2vw|30px|2vw|true|true&#8221; custom_padding_tablet=&#8221;48px|4vw|48px|4vw|true|true&#8221; custom_padding_phone=&#8221;|||5vw|true|false&#8221; custom_padding_last_edited=&#8221;on|phone&#8221; background_last_edited=&#8221;on|desktop&#8221; border_width_all=&#8221;1px&#8221; border_color_all=&#8221;#de6f5b&#8221; background__hover_enabled=&#8221;on|desktop&#8221; background_color__hover=&#8221;#fdfcec&#8221; background_enable_color__hover=&#8221;on&#8221; border_width_all__hover_enabled=&#8221;on|desktop&#8221;][et_pb_image src=&#8221;https:\/\/conferencia.lifeshara.com\/wp-content\/uploads\/2020\/11\/TeresaPinto-Correia_RoCabpasse.jpg&#8221; title_text=&#8221;TeresaPinto-Correia_RoCabpasse&#8221; admin_label=&#8221;Imagen ponente&#8221; module_class=&#8221;ponente&#8221; _builder_version=&#8221;4.6.6&#8243; _module_preset=&#8221;default&#8221; width=&#8221;150px&#8221; custom_margin=&#8221;||20px||false|false&#8221;][\/et_pb_image][et_pb_team_member name=&#8221;Teresa Pinto-Correia &#8221; _builder_version=&#8221;4.6.6&#8243; _module_preset=&#8221;default&#8221; header_level=&#8221;h2&#8243; header_font=&#8221;|700|||||||&#8221; header_text_color=&#8221;#2a2a29&#8243; body_text_color=&#8221;#2a2a29&#8243; body_line_height=&#8221;1.6em&#8221; position_font=&#8221;Ubuntu Mono||||||||&#8221; position_text_color=&#8221;#de6f5b&#8221; position_font_size=&#8221;18px&#8221; custom_css_member_position=&#8221;margin-bottom: 20px;&#8221; icon_color__hover_enabled=&#8221;on|hover&#8221; icon_color__hover=&#8221;#fdfcec&#8221; background__hover_enabled=&#8221;on|hover&#8221;]Ge\u00f3grafa, professora da Universidade de \u00c9vora e diretora do Instituto Mediterr\u00e1neo de Agricultura, Ambiente e Desenvolvimento. Teresa coordena o equipo LABscape e faz parte em 7 projetos Horizonte2020. O suo objetivo de investiga\u00e7\u00e3o \u00e9 fornecer novos conceitos e pruebas da unicidade e complexidade dos processos de transi\u00e7\u00e3o que afetam aos paisagens rurais do Mediterr\u00e1neo.[\/et_pb_team_member][et_pb_text _builder_version=&#8221;4.6.6&#8243; _module_preset=&#8221;default&#8221; header_text_color=&#8221;#fdfcec&#8221; header_6_text_color=&#8221;#964e54&#8243; custom_margin=&#8221;15px||||false|false&#8221; custom_padding=&#8221;15px||||false|false&#8221; border_width_top=&#8221;1px&#8221;]<\/p>\n<h6>Estar\u00e1 em: <\/h6>\n<p>[\/et_pb_text][et_pb_button button_url=&#8221;https:\/\/conferencia.lifeshara.com\/pt-pt\/programa\/sessoes\/sessao-02\/&#8221; button_text=&#8221;Sess\u00e3o Tem\u00e1tica 02: Desafios e solu\u00e7\u00f5es do sector agr\u00e1rio pela adapta\u00e7\u00e3o \u00e0s mudan\u00e7as clim\u00e1ticas &#8221; button_alignment=&#8221;left&#8221; _builder_version=&#8221;4.6.6&#8243; custom_button=&#8221;on&#8221; button_text_size=&#8221;16px&#8221; button_text_color=&#8221;#2a2a29&#8243; button_border_width=&#8221;0px&#8221; button_letter_spacing=&#8221;3px&#8221; button_font=&#8221;Ubuntu Mono|700|||||||&#8221; button_icon=&#8221;%%3%%&#8221; custom_margin=&#8221;5px||||false|false&#8221; custom_padding=&#8221;|0px||0px|false|true&#8221; button_bg_color__hover_enabled=&#8221;on|desktop&#8221;][\/et_pb_button][\/et_pb_column][\/et_pb_row][et_pb_row column_structure=&#8221;1_4,1_4,1_4,1_4&#8243; use_custom_gutter=&#8221;on&#8221; gutter_width=&#8221;2&#8243; make_equal=&#8221;on&#8221; admin_label=&#8221;Fila 2&#8243; _builder_version=&#8221;4.6.6&#8243; background_color=&#8221;#fdfcec&#8221; width=&#8221;90%&#8221; max_width=&#8221;90%&#8221; custom_margin=&#8221;49px|auto|30px|auto|false|false&#8221; custom_padding=&#8221;0px||0px||true|&#8221; border_color_all=&#8221;#fdfcec&#8221; border_color_all__hover_enabled=&#8221;on|hover&#8221;][et_pb_column type=&#8221;1_4&#8243; _builder_version=&#8221;4.6.6&#8243; background_color=&#8221;#de6f5b&#8221; z_index=&#8221;11&#8243; custom_padding=&#8221;30px|2vw|30px|2vw|true|true&#8221; custom_padding_tablet=&#8221;48px|4vw|48px|4vw|true|true&#8221; custom_padding_phone=&#8221;|||5vw|true|false&#8221; custom_padding_last_edited=&#8221;on|phone&#8221; border_width_all=&#8221;1px&#8221; border_color_all=&#8221;#de6f5b&#8221; background_color__hover=&#8221;#2a2a29&#8243; background__hover_enabled=&#8221;on|hover&#8221; background_enable_color__hover=&#8221;on&#8221; border_width_all__hover_enabled=&#8221;on|desktop&#8221;][et_pb_image src=&#8221;https:\/\/conferencia.lifeshara.com\/wp-content\/uploads\/2020\/10\/Carla-Pinto.jpg&#8221; title_text=&#8221;Carla Pinto&#8221; admin_label=&#8221;Imagen ponente&#8221; module_class=&#8221;ponente&#8221; _builder_version=&#8221;4.6.6&#8243; _module_preset=&#8221;default&#8221; width=&#8221;150px&#8221; custom_margin=&#8221;||20px||false|false&#8221;][\/et_pb_image][et_pb_team_member name=&#8221;Carla Pinto &#8221; _builder_version=&#8221;4.6.6&#8243; _module_preset=&#8221;default&#8221; header_level=&#8221;h2&#8243; header_font=&#8221;|700|||||||&#8221; header_text_color=&#8221;#fdfcec&#8221; body_text_color=&#8221;#fdfcec&#8221; body_line_height=&#8221;1.6em&#8221; position_font=&#8221;Ubuntu Mono||||||||&#8221; position_text_color=&#8221;#de6f5b&#8221; position_font_size=&#8221;18px&#8221; custom_css_member_position=&#8221;margin-bottom: 20px;&#8221; icon_color__hover_enabled=&#8221;on|hover&#8221; icon_color__hover=&#8221;#fdfcec&#8221; background__hover_enabled=&#8221;on|hover&#8221;]Licenciada em Engenharia do Ambiente pela Universidade Nova de Lisboa, foi perita Nacional Destacada na Dire\u00e7\u00e3o-Geral do Ambiente (DG ENV) da Comiss\u00e3o Europeia entre 2012 e 2016 e exerce desde 2017 as fun\u00e7\u00f5es de Diretora de Servi\u00e7os da Sustentabilidade Empresarial da Dire\u00e7\u00e3o-Geral das Atividades Econ\u00f3micas do Minist\u00e9rio da Economia e da Transi\u00e7\u00e3o Digital.[\/et_pb_team_member][et_pb_text _builder_version=&#8221;4.6.6&#8243; _module_preset=&#8221;default&#8221; header_text_color=&#8221;#fdfcec&#8221; header_6_text_color=&#8221;#fdfcec&#8221; custom_margin=&#8221;15px||||false|false&#8221; custom_padding=&#8221;15px||||false|false&#8221; border_width_top=&#8221;1px&#8221;]<\/p>\n<h6>Estar\u00e1 em: <\/h6>\n<p>[\/et_pb_text][et_pb_button button_url=&#8221;https:\/\/conferencia.lifeshara.com\/pt-pt\/programa\/sessoes\/sessao-09\/&#8221; button_text=&#8221;Sess\u00e3o Tem\u00e1tica 09: Turismo. Converter os desafios clim\u00e1ticos e ambientais em oportunidades&#8221; button_alignment=&#8221;left&#8221; _builder_version=&#8221;4.6.6&#8243; custom_button=&#8221;on&#8221; button_text_size=&#8221;16px&#8221; button_text_color=&#8221;#ffffff&#8221; button_border_width=&#8221;0px&#8221; button_letter_spacing=&#8221;3px&#8221; button_font=&#8221;Ubuntu Mono|700|||||||&#8221; button_icon=&#8221;%%3%%&#8221; custom_margin=&#8221;5px||||false|false&#8221; custom_padding=&#8221;|0px||0px|false|true&#8221; button_bg_color__hover_enabled=&#8221;on|desktop&#8221;][\/et_pb_button][\/et_pb_column][et_pb_column type=&#8221;1_4&#8243; _builder_version=&#8221;4.6.6&#8243; background_color=&#8221;#ffd656&#8243; z_index=&#8221;11&#8243; custom_padding=&#8221;30px|2vw|30px|2vw|true|true&#8221; custom_padding_tablet=&#8221;48px|4vw|48px|4vw|true|true&#8221; custom_padding_phone=&#8221;|||5vw|true|false&#8221; custom_padding_last_edited=&#8221;on|phone&#8221; background_last_edited=&#8221;on|desktop&#8221; background__hover_enabled=&#8221;on|hover&#8221; background_color__hover=&#8221;#2a2a29&#8243; background_enable_color__hover=&#8221;on&#8221;][et_pb_image src=&#8221;https:\/\/conferencia.lifeshara.com\/wp-content\/uploads\/2020\/10\/Oriana-Ramirez.png&#8221; title_text=&#8221;Oriana Ramirez&#8221; admin_label=&#8221;Imagen ponente&#8221; module_class=&#8221;ponente&#8221; _builder_version=&#8221;4.6.6&#8243; _module_preset=&#8221;default&#8221; width=&#8221;150px&#8221; custom_margin=&#8221;||20px||false|false&#8221;][\/et_pb_image][et_pb_team_member name=&#8221;Oriana Ram\u00edrez Rubio&#8221; twitter_url=&#8221;https:\/\/twitter.com\/Ori_SaludGlobal&#8221; linkedin_url=&#8221;https:\/\/www.linkedin.com\/in\/orianaramirezrubio\/&#8221; icon_color=&#8221;#2a2a29&#8243; _builder_version=&#8221;4.6.6&#8243; _module_preset=&#8221;default&#8221; header_level=&#8221;h2&#8243; header_font=&#8221;|700|||||||&#8221; header_text_color=&#8221;#fdfcec&#8221; position_font=&#8221;Ubuntu Mono||||||||&#8221; position_text_color=&#8221;#fdfcec&#8221; position_font_size=&#8221;18px&#8221; background_layout=&#8221;dark&#8221; custom_css_member_position=&#8221;margin-bottom: 20px;&#8221; icon_color__hover_enabled=&#8221;on|hover&#8221; icon_color__hover=&#8221;#fdfcec&#8221;]<\/p>\n<p>Coordenadora de An\u00e1lise das Pol\u00edticas no Instituto de Sa\u00fade Global de Barcelona, onde tamb\u00e9m \u00e9 investigadora no programa das Doen\u00e7as n\u00e3o Transmiss\u00edveis e o Ambiente. \u00c9 licenciada em Medicina e Cirurgia e tamb\u00e9m \u00e9 especialista em Sa\u00fade P\u00fablica, Medicina Preventiva e Coopera\u00e7\u00e3o Internacional.<\/p>\n<p>[\/et_pb_team_member][et_pb_text _builder_version=&#8221;4.6.6&#8243; _module_preset=&#8221;default&#8221; header_text_color=&#8221;#fdfcec&#8221; header_6_text_color=&#8221;#fdfcec&#8221; custom_margin=&#8221;15px||||false|false&#8221; custom_padding=&#8221;15px||||false|false&#8221; border_width_top=&#8221;1px&#8221;]<\/p>\n<h6>Estar\u00e1 em: <\/h6>\n<p>[\/et_pb_text][et_pb_button button_url=&#8221;https:\/\/conferencia.lifeshara.com\/pt-pt\/programa\/sessoes\/sessao-05\/&#8221; button_text=&#8221;Sess\u00e3o Tem\u00e1tica 05: Sa\u00fade e Adapta\u00e7\u00e3o \u00e0s altera\u00e7\u00f5es clim\u00e1ticas &#8221; button_alignment=&#8221;left&#8221; _builder_version=&#8221;4.6.6&#8243; custom_button=&#8221;on&#8221; button_text_size=&#8221;16px&#8221; button_text_color=&#8221;#ffffff&#8221; button_border_width=&#8221;0px&#8221; button_letter_spacing=&#8221;3px&#8221; button_font=&#8221;Ubuntu Mono|700|||||||&#8221; button_icon=&#8221;%%3%%&#8221; custom_margin=&#8221;5px||||false|false&#8221; custom_padding=&#8221;|0px||0px|false|true&#8221; button_bg_color__hover_enabled=&#8221;on|desktop&#8221;][\/et_pb_button][\/et_pb_column][et_pb_column type=&#8221;1_4&#8243; _builder_version=&#8221;4.6.6&#8243; background_color=&#8221;#946aac&#8221; z_index=&#8221;11&#8243; custom_padding=&#8221;30px|2vw|30px|2vw|true|true&#8221; custom_padding_tablet=&#8221;48px|4vw|48px|4vw|true|true&#8221; custom_padding_phone=&#8221;|||5vw|true|false&#8221; custom_padding_last_edited=&#8221;on|phone&#8221; background_last_edited=&#8221;on|desktop&#8221; background__hover_enabled=&#8221;on|hover&#8221; background_color__hover=&#8221;#2a2a29&#8243; background_enable_color__hover=&#8221;on&#8221;][et_pb_image src=&#8221;https:\/\/conferencia.lifeshara.com\/wp-content\/uploads\/2020\/11\/DLPC_TA_red.png&#8221; title_text=&#8221;DLPC_TA_red&#8221; admin_label=&#8221;Imagen ponente&#8221; module_class=&#8221;ponente&#8221; _builder_version=&#8221;4.6.6&#8243; _module_preset=&#8221;default&#8221; width=&#8221;150px&#8221; custom_margin=&#8221;||20px||false|false&#8221;][\/et_pb_image][et_pb_team_member name=&#8221;Teresa Alvares&#8221; icon_color=&#8221;#2a2a29&#8243; _builder_version=&#8221;4.6.6&#8243; _module_preset=&#8221;default&#8221; header_level=&#8221;h2&#8243; header_font=&#8221;|700|||||||&#8221; header_text_color=&#8221;#fdfcec&#8221; position_font=&#8221;Ubuntu Mono||||||||&#8221; position_text_color=&#8221;#fdfcec&#8221; position_font_size=&#8221;18px&#8221; background_layout=&#8221;dark&#8221; custom_css_member_position=&#8221;margin-bottom: 20px;&#8221; icon_color__hover_enabled=&#8221;on|hover&#8221; icon_color__hover=&#8221;#fdfcec&#8221;]<\/p>\n<p>\u00a0Licenciada em Engenharia Biof\u00edsica, Mestre em Hidr\u00e1ulica e Recursos H\u00eddricos, tem uma especializa\u00e7\u00e3o em Gest\u00e3o e Restauro Fluvial de um programa de doutoramento. \u00c9 a Diretora do Litoral e Prote\u00e7\u00e3o Costeira da Ag\u00eancia Portuguesa do Ambiente.\u00a0<\/p>\n<p>[\/et_pb_team_member][et_pb_text _builder_version=&#8221;4.6.6&#8243; _module_preset=&#8221;default&#8221; header_text_color=&#8221;#fdfcec&#8221; header_6_text_color=&#8221;#fdfcec&#8221; custom_margin=&#8221;15px||||false|false&#8221; custom_padding=&#8221;15px||||false|false&#8221; border_width_top=&#8221;1px&#8221;]<\/p>\n<h6>Estar\u00e1 em: <\/h6>\n<p>[\/et_pb_text][et_pb_button button_url=&#8221;https:\/\/conferencia.lifeshara.com\/pt-pt\/programa\/sessoes\/sessao-04&#8243; button_text=&#8221;Sess\u00e3o Tem\u00e1tica 04: Altera\u00e7\u00f5es clim\u00e1ticas e gest\u00e3o dos espa\u00e7os costeiros&#8221; button_alignment=&#8221;left&#8221; _builder_version=&#8221;4.6.6&#8243; custom_button=&#8221;on&#8221; button_text_size=&#8221;16px&#8221; button_text_color=&#8221;#ffffff&#8221; button_border_width=&#8221;0px&#8221; button_letter_spacing=&#8221;3px&#8221; button_font=&#8221;Ubuntu Mono|700|||||||&#8221; button_icon=&#8221;%%3%%&#8221; custom_margin=&#8221;5px||||false|false&#8221; custom_padding=&#8221;|0px||0px|false|true&#8221; button_bg_color__hover_enabled=&#8221;on|desktop&#8221;][\/et_pb_button][\/et_pb_column][et_pb_column type=&#8221;1_4&#8243; _builder_version=&#8221;4.6.6&#8243; background_color=&#8221;#09a0d2&#8243; z_index=&#8221;11&#8243; custom_padding=&#8221;30px|2vw|30px|2vw|true|true&#8221; custom_padding_tablet=&#8221;48px|4vw|48px|4vw|true|true&#8221; custom_padding_phone=&#8221;|||5vw|true|false&#8221; custom_padding_last_edited=&#8221;on|phone&#8221; background_last_edited=&#8221;on|desktop&#8221; background__hover_enabled=&#8221;on|hover&#8221; background_color__hover=&#8221;#2a2a29&#8243; background_enable_color__hover=&#8221;on&#8221;][et_pb_image src=&#8221;https:\/\/conferencia.lifeshara.com\/wp-content\/uploads\/2020\/11\/Miguel-Pardellas-Santiago.jpg&#8221; title_text=&#8221;Miguel-Pardellas-Santiago&#8221; admin_label=&#8221;Imagen ponente&#8221; module_class=&#8221;ponente&#8221; _builder_version=&#8221;4.6.6&#8243; _module_preset=&#8221;default&#8221; width=&#8221;150px&#8221; custom_margin=&#8221;||20px||false|false&#8221;][\/et_pb_image][et_pb_team_member name=&#8221;Miguel Pardellas Santiago&#8221; _builder_version=&#8221;4.6.6&#8243; _module_preset=&#8221;default&#8221; header_level=&#8221;h2&#8243; header_font=&#8221;|700|||||||&#8221; header_text_color=&#8221;#fdfcec&#8221; body_text_color=&#8221;#fdfcec&#8221; body_line_height=&#8221;1.6em&#8221; position_font=&#8221;Ubuntu Mono||||||||&#8221; position_text_color=&#8221;#de6f5b&#8221; position_font_size=&#8221;18px&#8221; custom_css_member_position=&#8221;margin-bottom: 20px;&#8221; icon_color__hover_enabled=&#8221;on|hover&#8221; icon_color__hover=&#8221;#fdfcec&#8221; background__hover_enabled=&#8221;on|hover&#8221;]Licenciado em Ci\u00eancias Ambientais e Doutor em Educa\u00e7\u00e3o, \u00e9 educador ambiental e investigador em mat\u00e9ria de Educa\u00e7\u00e3o, Movimentos Sociais, Participa\u00e7\u00e3o e Altera\u00e7\u00f5es Clim\u00e1ticas e trabalhou como assessor e coordenador de v\u00e1rios projetos de participa\u00e7\u00e3o cidadania, ambiente e dinamiza\u00e7\u00e3o comunit\u00e1ria. Atualmente faz parte da equipa da cooperativa sem fins lucrativos Feitoria Verde.[\/et_pb_team_member][et_pb_text _builder_version=&#8221;4.6.6&#8243; _module_preset=&#8221;default&#8221; header_text_color=&#8221;#fdfcec&#8221; header_6_text_color=&#8221;#fdfcec&#8221; custom_margin=&#8221;15px||||false|false&#8221; custom_padding=&#8221;15px||||false|false&#8221; border_width_top=&#8221;1px&#8221;]<\/p>\n<h6>Estar\u00e1 em: <\/h6>\n<p>[\/et_pb_text][et_pb_button button_url=&#8221;https:\/\/conferencia.lifeshara.com\/pt-pt\/programa\/sessoes\/sessao-07\/&#8221; button_text=&#8221;Sess\u00e3o Tem\u00e1tica 07: Informa\u00e7\u00e3o, Educa\u00e7\u00e3o e Capacita\u00e7\u00e3o pela adapta\u00e7\u00e3o \u00e0s altera\u00e7\u00f5es clim\u00e1ticas&#8221; button_alignment=&#8221;left&#8221; _builder_version=&#8221;4.6.6&#8243; custom_button=&#8221;on&#8221; button_text_size=&#8221;16px&#8221; button_text_color=&#8221;#ffffff&#8221; button_border_width=&#8221;0px&#8221; button_letter_spacing=&#8221;3px&#8221; button_font=&#8221;Ubuntu Mono|700|||||||&#8221; button_icon=&#8221;%%3%%&#8221; custom_margin=&#8221;5px||||false|false&#8221; custom_padding=&#8221;|0px||0px|false|true&#8221; button_bg_color__hover_enabled=&#8221;on|desktop&#8221;][\/et_pb_button][\/et_pb_column][\/et_pb_row][et_pb_row column_structure=&#8221;1_4,1_4,1_4,1_4&#8243; use_custom_gutter=&#8221;on&#8221; gutter_width=&#8221;2&#8243; make_equal=&#8221;on&#8221; admin_label=&#8221;Fila 3&#8243; _builder_version=&#8221;4.6.6&#8243; background_color=&#8221;#fdfcec&#8221; width=&#8221;90%&#8221; max_width=&#8221;90%&#8221; custom_margin=&#8221;|auto|-1px|auto|false|false&#8221; custom_padding=&#8221;0px||0px||true|&#8221; border_color_all=&#8221;#fdfcec&#8221; border_color_all__hover_enabled=&#8221;on|hover&#8221;][et_pb_column type=&#8221;1_4&#8243; _builder_version=&#8221;4.6.6&#8243; background_color=&#8221;#ffffff&#8221; z_index=&#8221;11&#8243; custom_padding=&#8221;30px|2vw|30px|2vw|true|true&#8221; custom_padding_tablet=&#8221;48px|4vw|48px|4vw|true|true&#8221; custom_padding_phone=&#8221;|||5vw|true|false&#8221; custom_padding_last_edited=&#8221;on|phone&#8221; border_width_all=&#8221;1px&#8221; border_color_all=&#8221;#de6f5b&#8221; background_color__hover=&#8221;#fdfcec&#8221; background__hover_enabled=&#8221;on|hover&#8221; background_enable_color__hover=&#8221;on&#8221; border_width_all__hover_enabled=&#8221;on|desktop&#8221;][et_pb_image src=&#8221;https:\/\/conferencia.lifeshara.com\/wp-content\/uploads\/2020\/11\/Juan-Manuel-Moreno.jpg&#8221; title_text=&#8221;Juan-Manuel-Moreno&#8221; admin_label=&#8221;Imagen ponente&#8221; module_class=&#8221;ponente&#8221; _builder_version=&#8221;4.6.6&#8243; _module_preset=&#8221;default&#8221; width=&#8221;150px&#8221; custom_margin=&#8221;||20px||false|false&#8221;][\/et_pb_image][et_pb_team_member name=&#8221;Jos\u00e9 Manuel Moreno Rodr\u00edguez &#8221; _builder_version=&#8221;4.6.6&#8243; _module_preset=&#8221;default&#8221; header_level=&#8221;h2&#8243; header_font=&#8221;|700|||||||&#8221; body_line_height=&#8221;1.6em&#8221; position_font=&#8221;Ubuntu Mono||||||||&#8221; position_text_color=&#8221;#de6f5b&#8221; position_font_size=&#8221;18px&#8221; custom_css_member_position=&#8221;margin-bottom: 20px;&#8221; icon_color__hover_enabled=&#8221;on|hover&#8221; icon_color__hover=&#8221;#fdfcec&#8221; header_text_color__hover=&#8221;#2a2a29&#8243; header_text_color__hover_enabled=&#8221;on|hover&#8221; body_text_color__hover=&#8221;#2a2a29&#8243; body_text_color__hover_enabled=&#8221;on|hover&#8221; background__hover_enabled=&#8221;on|hover&#8221;]Catedr\u00e1tico de Ecologia e Diretor do Departamento das Ci\u00eancias Ambientais da Universidade de Castilla-La Mancha. Doutor em Biologia pela Universidade Complutense, \u00e9 o vice-presidente do Grupo II, dedicado a Impactes, Adapta\u00e7\u00e3o e Vulnerabilidade, do Painel Intergovernamental para as Altera\u00e7\u00f5es Clim\u00e1ticas (IPCC) e coordenou v\u00e1rios projetos europeus sobre inc\u00eandios e mudan\u00e7a global. [\/et_pb_team_member][et_pb_text _builder_version=&#8221;4.6.6&#8243; _module_preset=&#8221;default&#8221; header_text_color=&#8221;#fdfcec&#8221; header_6_text_color=&#8221;#964e54&#8243; custom_margin=&#8221;15px||||false|false&#8221; custom_padding=&#8221;15px||||false|false&#8221; border_width_top=&#8221;1px&#8221;]<\/p>\n<h6>Estar\u00e1 em: <\/h6>\n<p>[\/et_pb_text][et_pb_button button_url=&#8221;https:\/\/conferencia.lifeshara.com\/pt-pt\/programa\/sessoes\/sessao-08\/&#8221; button_text=&#8221;Sess\u00e3o Tem\u00e1tica 08: Redu\u00e7\u00e3o do risco de desastres e adapta\u00e7\u00e3o \u00e0s altera\u00e7\u00f5es clim\u00e1ticas&#8221; button_alignment=&#8221;left&#8221; _builder_version=&#8221;4.6.6&#8243; custom_button=&#8221;on&#8221; button_text_size=&#8221;16px&#8221; button_text_color=&#8221;#2a2a29&#8243; button_border_width=&#8221;0px&#8221; button_letter_spacing=&#8221;3px&#8221; button_font=&#8221;Ubuntu Mono|700|||||||&#8221; button_icon=&#8221;%%3%%&#8221; custom_margin=&#8221;5px||||false|false&#8221; custom_padding=&#8221;|0px||0px|false|true&#8221; button_bg_color__hover_enabled=&#8221;on|desktop&#8221; button_text_color__hover=&#8221;#2a2a29&#8243; button_text_color__hover_enabled=&#8221;on|hover&#8221;][\/et_pb_button][\/et_pb_column][et_pb_column type=&#8221;1_4&#8243; _builder_version=&#8221;4.6.6&#8243; background_color=&#8221;#964e54&#8243; z_index=&#8221;11&#8243; custom_padding=&#8221;30px|2vw|30px|2vw|true|true&#8221; custom_padding_tablet=&#8221;48px|4vw|48px|4vw|true|true&#8221; custom_padding_phone=&#8221;|||5vw|true|false&#8221; custom_padding_last_edited=&#8221;on|phone&#8221; background_last_edited=&#8221;on|desktop&#8221; background__hover_enabled=&#8221;on|hover&#8221; background_color__hover=&#8221;#2a2a29&#8243; background_enable_color__hover=&#8221;on&#8221;][et_pb_image src=&#8221;https:\/\/conferencia.lifeshara.com\/wp-content\/uploads\/2020\/10\/Ana-Goulart.jpg&#8221; title_text=&#8221;Ana Goulart&#8221; admin_label=&#8221;Imagen ponente&#8221; module_class=&#8221;ponente&#8221; _builder_version=&#8221;4.6.6&#8243; _module_preset=&#8221;default&#8221; width=&#8221;150px&#8221; custom_margin=&#8221;||20px||false|false&#8221;][\/et_pb_image][et_pb_team_member name=&#8221;Ana Goulart &#8221; icon_color=&#8221;#2a2a29&#8243; _builder_version=&#8221;4.6.6&#8243; _module_preset=&#8221;default&#8221; header_level=&#8221;h2&#8243; header_font=&#8221;|700|||||||&#8221; header_text_color=&#8221;#fdfcec&#8221; position_font=&#8221;Ubuntu Mono||||||||&#8221; position_text_color=&#8221;#fdfcec&#8221; position_font_size=&#8221;18px&#8221; background_layout=&#8221;dark&#8221; custom_css_member_position=&#8221;margin-bottom: 20px;&#8221; icon_color__hover_enabled=&#8221;on|hover&#8221; icon_color__hover=&#8221;#fdfcec&#8221;]Mestre em Engenharia do Ambiente e T\u00e9cnica-superior da Dire\u00e7\u00e3o Regional do Ambiente dos A\u00e7ores com experi\u00eancia em altera\u00e7\u00f5es clim\u00e1ticas, nomeadamente coordena\u00e7\u00e3o da elabora\u00e7\u00e3o do Programa Regional para as Altera\u00e7\u00f5es Clim\u00e1ticas e da elabora\u00e7\u00e3o do Invent\u00e1rio de Emiss\u00f5es por Fontes e Remo\u00e7\u00e3o por Sumidouros de Poluentes Atmosf\u00e9rico.[\/et_pb_team_member][et_pb_text _builder_version=&#8221;4.6.6&#8243; _module_preset=&#8221;default&#8221; header_text_color=&#8221;#fdfcec&#8221; header_6_text_color=&#8221;#fdfcec&#8221; custom_margin=&#8221;15px||||false|false&#8221; custom_padding=&#8221;15px||||false|false&#8221; border_width_top=&#8221;1px&#8221;]<\/p>\n<h6>Estar\u00e1 em: <\/h6>\n<p>[\/et_pb_text][et_pb_button button_url=&#8221;https:\/\/conferencia.lifeshara.com\/pt-pt\/programa\/sessoes\/sessao-06\/&#8221; button_text=&#8221;Sess\u00e3o Tem\u00e1tica 06: Adapta\u00e7\u00e3o \u00e0s altera\u00e7\u00f5es clim\u00e1ticas nas ilhas do Mediterr\u00e2neo e da Macaron\u00e9sia&#8221; button_alignment=&#8221;left&#8221; _builder_version=&#8221;4.6.6&#8243; custom_button=&#8221;on&#8221; button_text_size=&#8221;16px&#8221; button_text_color=&#8221;#ffffff&#8221; button_border_width=&#8221;0px&#8221; button_letter_spacing=&#8221;3px&#8221; button_font=&#8221;Ubuntu Mono|700|||||||&#8221; button_icon=&#8221;%%3%%&#8221; custom_margin=&#8221;5px||||false|false&#8221; custom_padding=&#8221;|0px||0px|false|true&#8221; button_bg_color__hover_enabled=&#8221;on|desktop&#8221;][\/et_pb_button][\/et_pb_column][et_pb_column type=&#8221;1_4&#8243; _builder_version=&#8221;4.6.6&#8243; background_color=&#8221;#f1a336&#8243; z_index=&#8221;11&#8243; custom_padding=&#8221;30px|2vw|30px|2vw|true|true&#8221; custom_padding_tablet=&#8221;48px|4vw|48px|4vw|true|true&#8221; custom_padding_phone=&#8221;|||5vw|true|false&#8221; custom_padding_last_edited=&#8221;on|phone&#8221; background__hover_enabled=&#8221;on|hover&#8221; background_color__hover=&#8221;#2a2a29&#8243; background_enable_color__hover=&#8221;on&#8221;][et_pb_image src=&#8221;https:\/\/conferencia.lifeshara.com\/wp-content\/uploads\/2020\/10\/Isabel-Moreno-Blanco.jpg&#8221; title_text=&#8221;Isabel Moreno Blanco&#8221; admin_label=&#8221;Imagen ponente&#8221; module_class=&#8221;ponente&#8221; _builder_version=&#8221;4.6.6&#8243; _module_preset=&#8221;default&#8221; width=&#8221;150px&#8221; custom_margin=&#8221;||20px||false|false&#8221;][\/et_pb_image][et_pb_team_member name=&#8221;Isabel Moreno Mu\u00f1oz &#8221; twitter_url=&#8221;@IsabelIsamoren&#8221; _builder_version=&#8221;4.6.6&#8243; _module_preset=&#8221;default&#8221; header_level=&#8221;h2&#8243; header_font=&#8221;|700|||||||&#8221; header_text_color=&#8221;#fdfcec&#8221; body_text_color=&#8221;#fdfcec&#8221; body_line_height=&#8221;1.6em&#8221; position_font=&#8221;Ubuntu Mono||||||||&#8221; position_text_color=&#8221;#de6f5b&#8221; position_font_size=&#8221;18px&#8221; custom_css_member_position=&#8221;margin-bottom: 20px;&#8221; icon_color__hover_enabled=&#8221;on|hover&#8221; icon_color__hover=&#8221;#fdfcec&#8221; background__hover_enabled=&#8221;on|hover&#8221;]F\u00edsica, meteorologista e apresentadora. Estudou as Ci\u00eancias F\u00edsicas e um mestrado em Meteorologia e Geof\u00edsica. Desde o ano 2016 apresenta a sec\u00e7\u00e3o do tempo em diferentes meios de comunica\u00e7\u00e3o e, agora, o faz no programa Aqui a Terra da Televis\u00e3o Espanhola. Combina este trabalho com a participa\u00e7\u00e3o em confer\u00eancias de divulga\u00e7\u00e3o e eventos relacionados com a ci\u00eancia e o ambiente. Ela ser\u00e1 a moderadora da Confer\u00eancia. [\/et_pb_team_member][et_pb_text _builder_version=&#8221;4.6.6&#8243; _module_preset=&#8221;default&#8221; header_text_color=&#8221;#fdfcec&#8221; header_6_text_color=&#8221;#fdfcec&#8221; custom_margin=&#8221;15px||||false|false&#8221; custom_padding=&#8221;15px||||false|false&#8221; border_width_top=&#8221;1px&#8221;]<\/p>\n<h6>Estar\u00e1 em: <\/h6>\n<p>[\/et_pb_text][et_pb_button button_url=&#8221;https:\/\/conferencia.lifeshara.com\/pt-pt\/programa\/&#8221; button_text=&#8221;Moderador da sess\u00e3o de abertura e da sess\u00e3o de encerramento&#8221; button_alignment=&#8221;left&#8221; _builder_version=&#8221;4.8.2&#8243; custom_button=&#8221;on&#8221; button_text_size=&#8221;16px&#8221; button_text_color=&#8221;#ffffff&#8221; button_border_width=&#8221;0px&#8221; button_letter_spacing=&#8221;3px&#8221; button_font=&#8221;Ubuntu Mono|700|||||||&#8221; button_icon=&#8221;%%3%%&#8221; custom_margin=&#8221;5px||||false|false&#8221; custom_padding=&#8221;|0px||0px|false|true&#8221; button_bg_color__hover_enabled=&#8221;on|desktop&#8221;][\/et_pb_button][\/et_pb_column][et_pb_column type=&#8221;1_4&#8243; _builder_version=&#8221;4.6.6&#8243; background_color=&#8221;#91c468&#8243; z_index=&#8221;11&#8243; custom_padding=&#8221;30px|2vw|30px|2vw|true|true&#8221; custom_padding_tablet=&#8221;48px|4vw|48px|4vw|true|true&#8221; custom_padding_phone=&#8221;|||5vw|true|false&#8221; custom_padding_last_edited=&#8221;on|phone&#8221; background__hover_enabled=&#8221;on|hover&#8221; background_color__hover=&#8221;#2a2a29&#8243; background_enable_color__hover=&#8221;on&#8221;][et_pb_image src=&#8221;https:\/\/conferencia.lifeshara.com\/wp-content\/uploads\/2020\/11\/JMC-Pereira.jpg&#8221; title_text=&#8221;JMC Pereira&#8221; admin_label=&#8221;Imagen ponente&#8221; module_class=&#8221;ponente&#8221; _builder_version=&#8221;4.6.6&#8243; _module_preset=&#8221;default&#8221; width=&#8221;150px&#8221; custom_margin=&#8221;||20px||false|false&#8221;][\/et_pb_image][et_pb_team_member name=&#8221;Jos\u00e9 Miguel Pereira &#8221; _builder_version=&#8221;4.6.6&#8243; _module_preset=&#8221;default&#8221; header_level=&#8221;h2&#8243; header_font=&#8221;|700|||||||&#8221; header_text_color=&#8221;#fdfcec&#8221; body_text_color=&#8221;#fdfcec&#8221; body_line_height=&#8221;1.6em&#8221; position_font=&#8221;Ubuntu Mono||||||||&#8221; position_text_color=&#8221;#de6f5b&#8221; position_font_size=&#8221;18px&#8221; custom_css_member_position=&#8221;margin-bottom: 20px;&#8221; icon_color__hover_enabled=&#8221;on|hover&#8221; icon_color__hover=&#8221;#fdfcec&#8221; background__hover_enabled=&#8221;on|hover&#8221;]Licenciado em Bosques e Doutor em Estudos dos Recursos Naturais Renov\u00e1veis, \u00e9 professor de assuntos florestais na Escola de Agricultura da Universidade de Lisboa e coordenador do Centro de Investiga\u00e7\u00e3o Florestal. As suas principais linhas de investiga\u00e7\u00e3o s\u00e3o a pirogeograf\u00eda e a tele-detec\u00e7\u00e3o de inc\u00eandios.[\/et_pb_team_member][et_pb_text _builder_version=&#8221;4.6.6&#8243; _module_preset=&#8221;default&#8221; header_text_color=&#8221;#fdfcec&#8221; header_6_text_color=&#8221;#fdfcec&#8221; custom_margin=&#8221;15px||||false|false&#8221; custom_padding=&#8221;15px||||false|false&#8221; border_width_top=&#8221;1px&#8221;]<\/p>\n<h6>Estar\u00e1 em: <\/h6>\n<p>[\/et_pb_text][et_pb_button button_url=&#8221;https:\/\/conferencia.lifeshara.com\/pt-pt\/programa\/sessoes\/sessao-08\/&#8221; button_text=&#8221;Sess\u00e3o Tem\u00e1tica 08: Redu\u00e7\u00e3o do risco de desastres e adapta\u00e7\u00e3o \u00e0s altera\u00e7\u00f5es clim\u00e1ticas&#8221; button_alignment=&#8221;left&#8221; _builder_version=&#8221;4.6.6&#8243; custom_button=&#8221;on&#8221; button_text_size=&#8221;16px&#8221; button_text_color=&#8221;#ffffff&#8221; button_border_width=&#8221;0px&#8221; button_letter_spacing=&#8221;3px&#8221; button_font=&#8221;Ubuntu Mono|700|||||||&#8221; button_icon=&#8221;%%3%%&#8221; custom_margin=&#8221;5px||||false|false&#8221; custom_padding=&#8221;|0px||0px|false|true&#8221; button_bg_color__hover_enabled=&#8221;on|desktop&#8221; button_text_color__hover=&#8221;#2a2a29&#8243; button_text_color__hover_enabled=&#8221;on|hover&#8221;][\/et_pb_button][\/et_pb_column][\/et_pb_row][et_pb_row column_structure=&#8221;1_4,1_4,1_4,1_4&#8243; use_custom_gutter=&#8221;on&#8221; gutter_width=&#8221;2&#8243; make_equal=&#8221;on&#8221; admin_label=&#8221;Fila 4&#8243; _builder_version=&#8221;4.6.6&#8243; background_color=&#8221;#fdfcec&#8221; width=&#8221;90%&#8221; max_width=&#8221;90%&#8221; custom_margin=&#8221;49px|auto|30px|auto|false|false&#8221; custom_padding=&#8221;0px||0px||true|&#8221; border_color_all=&#8221;#fdfcec&#8221; border_color_all__hover_enabled=&#8221;on|hover&#8221;][et_pb_column type=&#8221;1_4&#8243; _builder_version=&#8221;4.6.6&#8243; background_color=&#8221;#de6f5b&#8221; z_index=&#8221;11&#8243; custom_padding=&#8221;30px|2vw|30px|2vw|true|true&#8221; custom_padding_tablet=&#8221;48px|4vw|48px|4vw|true|true&#8221; custom_padding_phone=&#8221;|||5vw|true|false&#8221; custom_padding_last_edited=&#8221;on|phone&#8221; border_width_all=&#8221;1px&#8221; border_color_all=&#8221;#de6f5b&#8221; background_color__hover=&#8221;#2a2a29&#8243; background__hover_enabled=&#8221;on|hover&#8221; background_enable_color__hover=&#8221;on&#8221; border_width_all__hover_enabled=&#8221;on|desktop&#8221;][et_pb_image src=&#8221;https:\/\/conferencia.lifeshara.com\/wp-content\/uploads\/2020\/11\/Blaz_Kurnik.jpg&#8221; title_text=&#8221;Blaz_Kurnik&#8221; admin_label=&#8221;Imagen ponente&#8221; module_class=&#8221;ponente&#8221; _builder_version=&#8221;4.6.6&#8243; _module_preset=&#8221;default&#8221; width=&#8221;150px&#8221; custom_margin=&#8221;||20px||false|false&#8221;][\/et_pb_image][et_pb_team_member name=&#8221;Bla\u017e Kurnik&#8221; _builder_version=&#8221;4.6.6&#8243; _module_preset=&#8221;default&#8221; header_level=&#8221;h2&#8243; header_font=&#8221;|700|||||||&#8221; header_text_color=&#8221;#fdfcec&#8221; body_text_color=&#8221;#fdfcec&#8221; body_line_height=&#8221;1.6em&#8221; position_font=&#8221;Ubuntu Mono||||||||&#8221; position_text_color=&#8221;#de6f5b&#8221; position_font_size=&#8221;18px&#8221; custom_css_member_position=&#8221;margin-bottom: 20px;&#8221; icon_color__hover_enabled=&#8221;on|hover&#8221; icon_color__hover=&#8221;#fdfcec&#8221; background__hover_enabled=&#8221;on|hover&#8221;]Doutor em F\u00edsicas, Bla\u017e Kurnik tem trabalhado na Ag\u00e8ncia Europeia do Ambiente (AEA) desde 2020 em diferentes posi\u00e7\u00f5es. Foi coordenador e colaborador em v\u00e1rios projetos sobre adapta\u00e7\u00e3o e agricultura, impactes das altera\u00e7\u00f5es clim\u00e1ticas e redu\u00e7\u00e3o do risco de desastre na AEA. Desde 2020 lidera a Equipa de Adapta\u00e7\u00e3o, Uso da Terra, Mudan\u00e7a de Uso da Terra e Silvicultura (LULUCF em as suas siglas en ingl\u00e9s).[\/et_pb_team_member][et_pb_text _builder_version=&#8221;4.6.6&#8243; _module_preset=&#8221;default&#8221; header_text_color=&#8221;#fdfcec&#8221; header_6_text_color=&#8221;#fdfcec&#8221; custom_margin=&#8221;15px||||false|false&#8221; custom_padding=&#8221;15px||||false|false&#8221; border_width_top=&#8221;1px&#8221;]<\/p>\n<h6>Estar\u00e1 em: <\/h6>\n<p>[\/et_pb_text][et_pb_button button_url=&#8221;https:\/\/conferencia.lifeshara.com\/pt-pt\/programa\/sessoes\/sessao-de-abertura\/&#8221; button_text=&#8221;Sess\u00e3o de abertura: Desafios comuns a Espanha e Portugal&#8221; button_alignment=&#8221;left&#8221; _builder_version=&#8221;4.6.6&#8243; custom_button=&#8221;on&#8221; button_text_size=&#8221;16px&#8221; button_text_color=&#8221;#ffffff&#8221; button_border_width=&#8221;0px&#8221; button_letter_spacing=&#8221;3px&#8221; button_font=&#8221;Ubuntu Mono|700|||||||&#8221; button_icon=&#8221;%%3%%&#8221; custom_margin=&#8221;5px||||false|false&#8221; custom_padding=&#8221;|0px||0px|false|true&#8221; button_bg_color__hover_enabled=&#8221;on|desktop&#8221; button_text_color__hover=&#8221;#2a2a29&#8243; button_text_color__hover_enabled=&#8221;on|hover&#8221;][\/et_pb_button][\/et_pb_column][et_pb_column type=&#8221;1_4&#8243; _builder_version=&#8221;4.6.6&#8243; background_color=&#8221;#ffd656&#8243; z_index=&#8221;11&#8243; custom_padding=&#8221;30px|2vw|30px|2vw|true|true&#8221; custom_padding_tablet=&#8221;48px|4vw|48px|4vw|true|true&#8221; custom_padding_phone=&#8221;|||5vw|true|false&#8221; custom_padding_last_edited=&#8221;on|phone&#8221; background_last_edited=&#8221;on|desktop&#8221; background__hover_enabled=&#8221;on|hover&#8221; background_color__hover=&#8221;#2a2a29&#8243; background_enable_color__hover=&#8221;on&#8221;][et_pb_image src=&#8221;https:\/\/conferencia.lifeshara.com\/wp-content\/uploads\/2020\/11\/Pedro-Matos-Soares.jpg&#8221; title_text=&#8221;Pedro-Matos-Soares&#8221; admin_label=&#8221;Imagen ponente&#8221; module_class=&#8221;ponente&#8221; _builder_version=&#8221;4.6.6&#8243; _module_preset=&#8221;default&#8221; width=&#8221;150px&#8221; custom_margin=&#8221;||20px||false|false&#8221;][\/et_pb_image][et_pb_team_member name=&#8221;Pedro Matos Soares &#8221; twitter_url=&#8221;@tinamonge&#8221; icon_color=&#8221;#2a2a29&#8243; _builder_version=&#8221;4.6.6&#8243; _module_preset=&#8221;default&#8221; header_level=&#8221;h2&#8243; header_font=&#8221;|700|||||||&#8221; header_text_color=&#8221;#fdfcec&#8221; position_font=&#8221;Ubuntu Mono||||||||&#8221; position_text_color=&#8221;#fdfcec&#8221; position_font_size=&#8221;18px&#8221; background_layout=&#8221;dark&#8221; custom_css_member_position=&#8221;margin-bottom: 20px;&#8221; icon_color__hover_enabled=&#8221;on|hover&#8221; icon_color__hover=&#8221;#fdfcec&#8221;]\u00c9 Doutor em F\u00edsica, especializado em meteorologia, investigador principal no Instituto Dom Luiz e docente convidado no Departamentos de Engenharia Geogr\u00e1fica, Geof\u00edsica e Energia, ambos da Faculdade de Ci\u00eancias da Universidade de Lisboa. Atualmente coordena a grupo de Altera\u00e7\u00f5es Clim\u00e1ticas do IDL e a equipa portuguesa do Coordinated Regional Climate Downscaling Experiment (CORDEX).[\/et_pb_team_member][et_pb_text _builder_version=&#8221;4.6.6&#8243; _module_preset=&#8221;default&#8221; header_text_color=&#8221;#fdfcec&#8221; header_6_text_color=&#8221;#fdfcec&#8221; custom_margin=&#8221;15px||||false|false&#8221; custom_padding=&#8221;15px||||false|false&#8221; border_width_top=&#8221;1px&#8221;]<\/p>\n<h6>Estar\u00e1 em: <\/h6>\n<p>[\/et_pb_text][et_pb_button button_url=&#8221;https:\/\/conferencia.lifeshara.com\/pt-pt\/programa\/sessoes\/sessao-de-abertura\/&#8221; button_text=&#8221;Sess\u00e3o de abertura: Desafios comuns a Espanha e Portugal&#8221; button_alignment=&#8221;left&#8221; _builder_version=&#8221;4.6.6&#8243; custom_button=&#8221;on&#8221; button_text_size=&#8221;16px&#8221; button_text_color=&#8221;#ffffff&#8221; button_border_width=&#8221;0px&#8221; button_letter_spacing=&#8221;3px&#8221; button_font=&#8221;Ubuntu Mono|700|||||||&#8221; button_icon=&#8221;%%3%%&#8221; custom_margin=&#8221;5px||||false|false&#8221; custom_padding=&#8221;|0px||0px|false|true&#8221; button_bg_color__hover_enabled=&#8221;on|desktop&#8221; button_text_color__hover=&#8221;#2a2a29&#8243; button_text_color__hover_enabled=&#8221;on|hover&#8221;][\/et_pb_button][\/et_pb_column][et_pb_column type=&#8221;1_4&#8243; _builder_version=&#8221;4.6.6&#8243; background_color=&#8221;#946aac&#8221; z_index=&#8221;11&#8243; custom_padding=&#8221;30px|2vw|30px|2vw|true|true&#8221; custom_padding_tablet=&#8221;48px|4vw|48px|4vw|true|true&#8221; custom_padding_phone=&#8221;|||5vw|true|false&#8221; custom_padding_last_edited=&#8221;on|phone&#8221; background_last_edited=&#8221;on|desktop&#8221; background__hover_enabled=&#8221;on|hover&#8221; background_color__hover=&#8221;#2a2a29&#8243; background_enable_color__hover=&#8221;on&#8221;][et_pb_image src=&#8221;https:\/\/conferencia.lifeshara.com\/wp-content\/uploads\/2020\/11\/FValladares2.jpg&#8221; title_text=&#8221;FValladares2&#8243; admin_label=&#8221;Imagen ponente&#8221; module_class=&#8221;ponente&#8221; _builder_version=&#8221;4.6.6&#8243; _module_preset=&#8221;default&#8221; width=&#8221;150px&#8221; custom_margin=&#8221;||20px||false|false&#8221;][\/et_pb_image][et_pb_team_member name=&#8221;Fernando Valladares&#8221; icon_color=&#8221;#2a2a29&#8243; _builder_version=&#8221;4.6.6&#8243; _module_preset=&#8221;default&#8221; header_level=&#8221;h2&#8243; header_font=&#8221;|700|||||||&#8221; header_text_color=&#8221;#fdfcec&#8221; position_font=&#8221;Ubuntu Mono||||||||&#8221; position_text_color=&#8221;#fdfcec&#8221; position_font_size=&#8221;18px&#8221; background_layout=&#8221;dark&#8221; custom_css_member_position=&#8221;margin-bottom: 20px;&#8221; icon_color__hover_enabled=&#8221;on|hover&#8221; icon_color__hover=&#8221;#fdfcec&#8221;]Valladares \u00e9 Doutor em Ci\u00eancias Biol\u00f3gicas pela Universidade Complutense de Madrid e professor de investiga\u00e7\u00e3o do CSIC, onde dirige a equipa de Ecolog\u00eda e Cambio Global no Museu Nacional das Ci\u00eancias Naturais. Tamb\u00e9m \u00e9 professor associado da Universidade Rey Juan Carlos de Madrid.[\/et_pb_team_member][et_pb_text _builder_version=&#8221;4.6.6&#8243; _module_preset=&#8221;default&#8221; header_text_color=&#8221;#fdfcec&#8221; header_6_text_color=&#8221;#fdfcec&#8221; custom_margin=&#8221;15px||||false|false&#8221; custom_padding=&#8221;15px||||false|false&#8221; border_width_top=&#8221;1px&#8221;]<\/p>\n<h6>Estar\u00e1 em: <\/h6>\n<p>[\/et_pb_text][et_pb_button button_url=&#8221;https:\/\/conferencia.lifeshara.com\/pt-pt\/programa\/sessoes\/reflexoes-e-conclusoes\/&#8221; button_text=&#8221;Sess\u00e3o de encerramento: Di\u00e1logo \u00abAdapta\u00e7\u00e3o e resili\u00eancia clim\u00e1tica na transi\u00e7\u00e3o ecol\u00f3gica e a reconstru\u00e7\u00e3o verde\u00bb&#8221; button_alignment=&#8221;left&#8221; _builder_version=&#8221;4.9.1&#8243; custom_button=&#8221;on&#8221; button_text_size=&#8221;16px&#8221; button_text_color=&#8221;#ffffff&#8221; button_border_width=&#8221;0px&#8221; button_letter_spacing=&#8221;3px&#8221; button_font=&#8221;Ubuntu Mono|700|||||||&#8221; button_icon=&#8221;%%3%%&#8221; custom_margin=&#8221;5px||||false|false&#8221; custom_padding=&#8221;|0px||0px|false|true&#8221; hover_enabled=&#8221;0&#8243; button_bg_color__hover_enabled=&#8221;on|desktop&#8221; button_text_color__hover=&#8221;#2a2a29&#8243; button_text_color__hover_enabled=&#8221;on|hover&#8221; sticky_enabled=&#8221;0&#8243;][\/et_pb_button][\/et_pb_column][et_pb_column type=&#8221;1_4&#8243; _builder_version=&#8221;4.6.6&#8243; background_color=&#8221;#09a0d2&#8243; z_index=&#8221;11&#8243; custom_padding=&#8221;30px|2vw|30px|2vw|true|true&#8221; custom_padding_tablet=&#8221;48px|4vw|48px|4vw|true|true&#8221; custom_padding_phone=&#8221;|||5vw|true|false&#8221; custom_padding_last_edited=&#8221;on|phone&#8221; background_last_edited=&#8221;on|desktop&#8221; background__hover_enabled=&#8221;on|hover&#8221; background_color__hover=&#8221;#2a2a29&#8243; background_enable_color__hover=&#8221;on&#8221;][et_pb_image src=&#8221;https:\/\/conferencia.lifeshara.com\/wp-content\/uploads\/2020\/11\/Cristina-Monge.jpeg&#8221; title_text=&#8221;Cristina Monge&#8221; admin_label=&#8221;Imagen ponente&#8221; module_class=&#8221;ponente&#8221; _builder_version=&#8221;4.6.6&#8243; _module_preset=&#8221;default&#8221; width=&#8221;150px&#8221; custom_margin=&#8221;||20px||false|false&#8221;][\/et_pb_image][et_pb_team_member name=&#8221;Cristina Monge &#8221; twitter_url=&#8221;@tinamonge&#8221; icon_color=&#8221;#2a2a29&#8243; _builder_version=&#8221;4.6.6&#8243; _module_preset=&#8221;default&#8221; header_level=&#8221;h2&#8243; header_font=&#8221;|700|||||||&#8221; header_text_color=&#8221;#fdfcec&#8221; position_font=&#8221;Ubuntu Mono||||||||&#8221; position_text_color=&#8221;#fdfcec&#8221; position_font_size=&#8221;18px&#8221; background_layout=&#8221;dark&#8221; custom_css_member_position=&#8221;margin-bottom: 20px;&#8221; icon_color__hover_enabled=&#8221;on|hover&#8221; icon_color__hover=&#8221;#fdfcec&#8221;]Cientista pol\u00edtica de prest\u00edgio, Monge \u00e9 assessora de ECODES e investigadora asociada de Globernances e de BC3. Tamb\u00e9m \u00e9 professora da Universidade de Zaragoza e membro do Conselho Assessor da Funda\u00e7\u00e3o Renov\u00e1veis. Na Agenda P\u00fablica coordena a sec\u00e7\u00e3o da Transi\u00e7\u00e3o Energ\u00e9tica e exerce como analista em v\u00e1rios meios de comunica\u00e7\u00e3o.[\/et_pb_team_member][et_pb_text _builder_version=&#8221;4.6.6&#8243; _module_preset=&#8221;default&#8221; header_text_color=&#8221;#fdfcec&#8221; header_6_text_color=&#8221;#fdfcec&#8221; custom_margin=&#8221;15px||||false|false&#8221; custom_padding=&#8221;15px||||false|false&#8221; border_width_top=&#8221;1px&#8221;]<\/p>\n<h6>Estar\u00e1 em: <\/h6>\n<p>[\/et_pb_text][et_pb_button button_url=&#8221;https:\/\/conferencia.lifeshara.com\/pt-pt\/programa\/sessoes\/reflexoes-e-conclusoes\/&#8221; button_text=&#8221;Sess\u00e3o de encerramento: Di\u00e1logo \u00abAdapta\u00e7\u00e3o e resili\u00eancia clim\u00e1tica na transi\u00e7\u00e3o ecol\u00f3gica e a reconstru\u00e7\u00e3o verde\u00bb&#8221; button_alignment=&#8221;left&#8221; _builder_version=&#8221;4.9.1&#8243; custom_button=&#8221;on&#8221; button_text_size=&#8221;16px&#8221; button_text_color=&#8221;#ffffff&#8221; button_border_width=&#8221;0px&#8221; button_letter_spacing=&#8221;3px&#8221; button_font=&#8221;Ubuntu Mono|700|||||||&#8221; button_icon=&#8221;%%3%%&#8221; custom_margin=&#8221;5px||||false|false&#8221; custom_padding=&#8221;|0px||0px|false|true&#8221; hover_enabled=&#8221;0&#8243; button_bg_color__hover_enabled=&#8221;on|desktop&#8221; button_text_color__hover=&#8221;#2a2a29&#8243; button_text_color__hover_enabled=&#8221;on|hover&#8221; sticky_enabled=&#8221;0&#8243;][\/et_pb_button][\/et_pb_column][\/et_pb_row][et_pb_row column_structure=&#8221;1_4,1_4,1_4,1_4&#8243; use_custom_gutter=&#8221;on&#8221; gutter_width=&#8221;2&#8243; make_equal=&#8221;on&#8221; admin_label=&#8221;Fila 1 2\u00aa&#8221; _builder_version=&#8221;4.6.6&#8243; background_enable_color=&#8221;off&#8221; width=&#8221;90%&#8221; max_width=&#8221;90%&#8221; custom_margin=&#8221;|auto|-1px|auto|false|false&#8221; custom_padding=&#8221;0px||0px||true|&#8221; border_color_all=&#8221;#fdfcec&#8221; border_color_all__hover_enabled=&#8221;on|hover&#8221;][et_pb_column type=&#8221;1_4&#8243; _builder_version=&#8221;4.6.6&#8243; background_color=&#8221;#f1a336&#8243; z_index=&#8221;11&#8243; custom_padding=&#8221;30px|2vw|30px|2vw|true|true&#8221; custom_padding_tablet=&#8221;48px|4vw|48px|4vw|true|true&#8221; custom_padding_phone=&#8221;|||5vw|true|false&#8221; custom_padding_last_edited=&#8221;on|phone&#8221; border_width_all=&#8221;1px&#8221; border_color_all=&#8221;#de6f5b&#8221; background_color__hover=&#8221;#2a2a29&#8243; background__hover_enabled=&#8221;on|hover&#8221; background_enable_color__hover=&#8221;on&#8221; border_width_all__hover_enabled=&#8221;on|desktop&#8221;][et_pb_image src=&#8221;https:\/\/conferencia.lifeshara.com\/wp-content\/uploads\/2020\/11\/SofiaSantos.jpg&#8221; title_text=&#8221;SofiaSantos&#8221; admin_label=&#8221;Imagen ponente&#8221; module_class=&#8221;ponente&#8221; _builder_version=&#8221;4.6.6&#8243; _module_preset=&#8221;default&#8221; width=&#8221;150px&#8221; custom_margin=&#8221;||20px||false|false&#8221;][\/et_pb_image][et_pb_team_member name=&#8221;Sofia Santos  &#8221; _builder_version=&#8221;4.6.6&#8243; _module_preset=&#8221;default&#8221; header_level=&#8221;h2&#8243; header_font=&#8221;|700|||||||&#8221; header_text_color=&#8221;#fdfcec&#8221; body_text_color=&#8221;#fdfcec&#8221; body_line_height=&#8221;1.6em&#8221; position_font=&#8221;Ubuntu Mono||||||||&#8221; position_text_color=&#8221;#de6f5b&#8221; position_font_size=&#8221;18px&#8221; custom_css_member_position=&#8221;margin-bottom: 20px;&#8221; icon_color__hover_enabled=&#8221;on|hover&#8221; icon_color__hover=&#8221;#fdfcec&#8221; background__hover_enabled=&#8221;on|hover&#8221;]Empres\u00e1ria e consultora de SystemicSphere, \u00e9 especialista em financia\u00e7\u00e3o clim\u00e1tica sustent\u00e1vel, risco ESG e rela\u00e7\u00f5es sustent\u00e1veis com os inversores. Tem 23 a\u00f1os de experi\u00eancia profissional em consultor\u00eda em administra\u00e7\u00f5es p\u00fablicas e empresas privadas tanto em Londres como e tamb\u00e9m como professora universit\u00e1ria em centros portugueses. [\/et_pb_team_member][et_pb_text _builder_version=&#8221;4.6.6&#8243; _module_preset=&#8221;default&#8221; header_text_color=&#8221;#fdfcec&#8221; header_6_text_color=&#8221;#fdfcec&#8221; custom_margin=&#8221;15px||||false|false&#8221; custom_padding=&#8221;15px||||false|false&#8221; border_width_top=&#8221;1px&#8221;]<\/p>\n<h6>Estar\u00e1 em: <\/h6>\n<p>[\/et_pb_text][et_pb_button button_url=&#8221;https:\/\/conferencia.lifeshara.com\/pt-pt\/programa\/sessoes\/reflexoes-e-conclusoes\/&#8221; button_text=&#8221;Sess\u00e3o de encerramento: Di\u00e1logo \u00abAdapta\u00e7\u00e3o e resili\u00eancia clim\u00e1tica na transi\u00e7\u00e3o ecol\u00f3gica e a reconstru\u00e7\u00e3o verde\u00bb&#8221; button_alignment=&#8221;left&#8221; _builder_version=&#8221;4.9.1&#8243; custom_button=&#8221;on&#8221; button_text_size=&#8221;16px&#8221; button_text_color=&#8221;#ffffff&#8221; button_border_width=&#8221;0px&#8221; button_letter_spacing=&#8221;3px&#8221; button_font=&#8221;Ubuntu Mono|700|||||||&#8221; button_icon=&#8221;%%3%%&#8221; custom_margin=&#8221;5px||||false|false&#8221; custom_padding=&#8221;|0px||0px|false|true&#8221; hover_enabled=&#8221;0&#8243; button_bg_color__hover_enabled=&#8221;on|desktop&#8221; button_text_color__hover=&#8221;#2a2a29&#8243; button_text_color__hover_enabled=&#8221;on|hover&#8221; sticky_enabled=&#8221;0&#8243;][\/et_pb_button][\/et_pb_column][et_pb_column type=&#8221;1_4&#8243; _builder_version=&#8221;4.6.6&#8243; background_color=&#8221;#91c468&#8243; z_index=&#8221;11&#8243; custom_padding=&#8221;30px|2vw|30px|2vw|true|true&#8221; custom_padding_tablet=&#8221;48px|4vw|48px|4vw|true|true&#8221; custom_padding_phone=&#8221;|||5vw|true|false&#8221; custom_padding_last_edited=&#8221;on|phone&#8221; background_last_edited=&#8221;on|desktop&#8221; background__hover_enabled=&#8221;on|hover&#8221; background_color__hover=&#8221;#2a2a29&#8243; background_enable_color__hover=&#8221;on&#8221;][et_pb_image src=&#8221;https:\/\/conferencia.lifeshara.com\/wp-content\/uploads\/2020\/11\/joana-balsemao.jpg&#8221; title_text=&#8221;joana-balsemao&#8221; admin_label=&#8221;Imagen ponente&#8221; module_class=&#8221;ponente&#8221; _builder_version=&#8221;4.6.6&#8243; _module_preset=&#8221;default&#8221; width=&#8221;150px&#8221; custom_margin=&#8221;||20px||false|false&#8221;][\/et_pb_image][et_pb_team_member name=&#8221;Joana Balsem\u00e3o &#8221; _builder_version=&#8221;4.6.6&#8243; _module_preset=&#8221;default&#8221; header_level=&#8221;h2&#8243; header_font=&#8221;|700|||||||&#8221; header_text_color=&#8221;#fdfcec&#8221; body_text_color=&#8221;#fdfcec&#8221; body_line_height=&#8221;1.6em&#8221; position_font=&#8221;Ubuntu Mono||||||||&#8221; position_text_color=&#8221;#de6f5b&#8221; position_font_size=&#8221;18px&#8221; custom_css_member_position=&#8221;margin-bottom: 20px;&#8221; icon_color__hover_enabled=&#8221;on|hover&#8221; icon_color__hover=&#8221;#fdfcec&#8221; header_text_color__hover=&#8221;#2a2a29&#8243; header_text_color__hover_enabled=&#8221;on|hover&#8221; body_text_color__hover=&#8221;#2a2a29&#8243; body_text_color__hover_enabled=&#8221;on|hover&#8221; background__hover_enabled=&#8221;on|hover&#8221;]Balsem\u00e3o tem uma extensa experi\u00eancia investigadora e t\u00e9cnica no campo p\u00fablico e privado. Depois de trabalhar como Conselheira T\u00e9cnica em quest\u00f5es clim\u00e1ticas e ambientais na Representa\u00e7\u00e3o Permanente junto da UE, exerce como Conselheira Executiva do Ambiente e Ciudadan\u00eda no munic\u00edpio de Cascais. [\/et_pb_team_member][et_pb_text _builder_version=&#8221;4.6.6&#8243; _module_preset=&#8221;default&#8221; header_text_color=&#8221;#fdfcec&#8221; header_6_text_color=&#8221;#fdfcec&#8221; custom_margin=&#8221;15px||||false|false&#8221; custom_padding=&#8221;15px||||false|false&#8221; border_width_top=&#8221;1px&#8221;]<\/p>\n<h6>Estar\u00e1 em: <\/h6>\n<p>[\/et_pb_text][et_pb_button button_url=&#8221;https:\/\/conferencia.lifeshara.com\/pt-pt\/programa\/sessoes\/reflexoes-e-conclusoes\/&#8221; button_text=&#8221;Sess\u00e3o de encerramento: Di\u00e1logo \u00abAdapta\u00e7\u00e3o e resili\u00eancia clim\u00e1tica na transi\u00e7\u00e3o ecol\u00f3gica e a reconstru\u00e7\u00e3o verde\u00bb&#8221; button_alignment=&#8221;left&#8221; _builder_version=&#8221;4.9.1&#8243; custom_button=&#8221;on&#8221; button_text_size=&#8221;16px&#8221; button_text_color=&#8221;#ffffff&#8221; button_border_width=&#8221;0px&#8221; button_letter_spacing=&#8221;3px&#8221; button_font=&#8221;Ubuntu Mono|700|||||||&#8221; button_icon=&#8221;%%3%%&#8221; custom_margin=&#8221;5px||||false|false&#8221; custom_padding=&#8221;|0px||0px|false|true&#8221; hover_enabled=&#8221;0&#8243; button_bg_color__hover_enabled=&#8221;on|desktop&#8221; button_text_color__hover=&#8221;#2a2a29&#8243; button_text_color__hover_enabled=&#8221;on|hover&#8221; sticky_enabled=&#8221;0&#8243;][\/et_pb_button][\/et_pb_column][et_pb_column type=&#8221;1_4&#8243; _builder_version=&#8221;4.6.6&#8243; background_color=&#8221;#964e54&#8243; z_index=&#8221;11&#8243; custom_padding=&#8221;30px|2vw|30px|2vw|true|true&#8221; custom_padding_tablet=&#8221;48px|4vw|48px|4vw|true|true&#8221; custom_padding_phone=&#8221;|||5vw|true|false&#8221; custom_padding_last_edited=&#8221;on|phone&#8221; background_last_edited=&#8221;on|desktop&#8221; background__hover_enabled=&#8221;on|hover&#8221; background_color__hover=&#8221;#2a2a29&#8243; background_enable_color__hover=&#8221;on&#8221;][et_pb_image src=&#8221;https:\/\/conferencia.lifeshara.com\/wp-content\/uploads\/2020\/10\/JR-Picatoste-scaled.jpg&#8221; title_text=&#8221;JR Picatoste&#8221; admin_label=&#8221;Imagen ponente&#8221; module_class=&#8221;ponente&#8221; _builder_version=&#8221;4.6.6&#8243; _module_preset=&#8221;default&#8221; width=&#8221;150px&#8221; custom_margin=&#8221;||20px||false|false&#8221;][\/et_pb_image][et_pb_team_member name=&#8221;Jos\u00e9 Ram\u00f3n Picatoste Ruggeroni   &#8221; _builder_version=&#8221;4.6.6&#8243; _module_preset=&#8221;default&#8221; header_level=&#8221;h2&#8243; header_font=&#8221;|700|||||||&#8221; header_text_color=&#8221;#fdfcec&#8221; body_text_color=&#8221;#fdfcec&#8221; body_line_height=&#8221;1.6em&#8221; position_font=&#8221;Ubuntu Mono||||||||&#8221; position_text_color=&#8221;#de6f5b&#8221; position_font_size=&#8221;18px&#8221; custom_css_member_position=&#8221;margin-bottom: 20px;&#8221; header_text_color__hover_enabled=&#8221;on|hover&#8221; header_text_color__hover=&#8221;#2a2a29&#8243; body_text_color__hover_enabled=&#8221;on|hover&#8221; body_text_color__hover=&#8221;#2a2a29&#8243; icon_color__hover=&#8221;#fdfcec&#8221; icon_color__hover_enabled=&#8221;on|hover&#8221; background__hover_enabled=&#8221;on|hover&#8221;]\u00c9 Chefe de \u00c1rea de Estrat\u00e9gias de Adapta\u00e7\u00e3o no Gabinete Espanhol para as Altera\u00e7\u00f5es Clim\u00e1ticas. Recentemente Recentemente atuou como especialista nacional em e Impactes, Vulnerabilidade e Adapta\u00e7\u00e3o \u00e0s Altera\u00e7\u00f5es Clim\u00e1ticas da Ag\u00eancia Europeia do Ambiente, onde endere\u00e7ou o planeamento e gest\u00e3o da Plataforma Europeia de Adapta\u00e7\u00e3o   (Climate-ADAPT).  [\/et_pb_team_member][et_pb_text _builder_version=&#8221;4.6.6&#8243; _module_preset=&#8221;default&#8221; header_text_color=&#8221;#fdfcec&#8221; header_6_text_color=&#8221;#fdfcec&#8221; custom_margin=&#8221;15px||||false|false&#8221; custom_padding=&#8221;15px||||false|false&#8221; border_width_top=&#8221;1px&#8221;]<\/p>\n<h6>Estar\u00e1 em: <\/h6>\n<p>[\/et_pb_text][et_pb_button button_url=&#8221;https:\/\/conferencia.lifeshara.com\/pt-pt\/programa\/sessoes\/reflexoes-e-conclusoes\/&#8221; button_text=&#8221;Reflex\u00f5es e conclus\u00f5es: Conclus\u00f5es e mensagens-chave das sess\u00f5es tem\u00e1ticas&#8221; button_alignment=&#8221;left&#8221; _builder_version=&#8221;4.6.6&#8243; custom_button=&#8221;on&#8221; button_text_size=&#8221;16px&#8221; button_text_color=&#8221;#ffffff&#8221; button_border_width=&#8221;0px&#8221; button_letter_spacing=&#8221;3px&#8221; button_font=&#8221;Ubuntu Mono|700|||||||&#8221; button_icon=&#8221;%%3%%&#8221; custom_margin=&#8221;5px||||false|false&#8221; custom_padding=&#8221;|0px||0px|false|true&#8221; button_bg_color__hover_enabled=&#8221;on|desktop&#8221; button_text_color__hover=&#8221;#2a2a29&#8243; button_text_color__hover_enabled=&#8221;on|hover&#8221;][\/et_pb_button][\/et_pb_column][et_pb_column type=&#8221;1_4&#8243; _builder_version=&#8221;4.6.6&#8243; background_color=&#8221;#ffffff&#8221; z_index=&#8221;11&#8243; custom_padding=&#8221;30px|2vw|30px|2vw|true|true&#8221; custom_padding_tablet=&#8221;48px|4vw|48px|4vw|true|true&#8221; custom_padding_phone=&#8221;|||5vw|true|false&#8221; custom_padding_last_edited=&#8221;on|phone&#8221; background_last_edited=&#8221;on|desktop&#8221; border_width_all=&#8221;1px&#8221; border_color_all=&#8221;#de6f5b&#8221; background__hover_enabled=&#8221;on|desktop&#8221; background_color__hover=&#8221;#fdfcec&#8221; background_enable_color__hover=&#8221;on&#8221; border_width_all__hover_enabled=&#8221;on|desktop&#8221;][et_pb_image src=&#8221;https:\/\/conferencia.lifeshara.com\/wp-content\/uploads\/2020\/11\/Eduardo-Santos.jpg&#8221; title_text=&#8221;Eduardo-Santos&#8221; admin_label=&#8221;Imagen ponente&#8221; module_class=&#8221;ponente&#8221; _builder_version=&#8221;4.6.6&#8243; _module_preset=&#8221;default&#8221; width=&#8221;150px&#8221; custom_margin=&#8221;||20px||false|false&#8221;][\/et_pb_image][et_pb_team_member name=&#8221;Eduardo Santos &#8221; _builder_version=&#8221;4.6.6&#8243; _module_preset=&#8221;default&#8221; header_level=&#8221;h2&#8243; header_font=&#8221;|700|||||||&#8221; body_line_height=&#8221;1.6em&#8221; position_font=&#8221;Ubuntu Mono||||||||&#8221; position_text_color=&#8221;#de6f5b&#8221; position_font_size=&#8221;18px&#8221; custom_css_member_position=&#8221;margin-bottom: 20px;&#8221; icon_color__hover_enabled=&#8221;on|hover&#8221; icon_color__hover=&#8221;#fdfcec&#8221; header_text_color__hover=&#8221;#2a2a29&#8243; header_text_color__hover_enabled=&#8221;on|hover&#8221; body_text_color__hover=&#8221;#2a2a29&#8243; body_text_color__hover_enabled=&#8221;on|hover&#8221; background__hover_enabled=&#8221;on|hover&#8221;]Santos trabalha desde 2004 no Minist\u00e9rio do Ambiente de Portugal; atualmente como diretor do Gabinete das Altera\u00e7\u00f5es clim\u00e1ticas da Ag\u00eancia Portuguesa do Ambiente. Tamb\u00e9m esteve implicado nas negocia\u00e7\u00f5es sobre o pacote energ\u00e9tico clim\u00e1tico 2020 e na equipa negociadora da UE nas Cimeiras do Clima de Na\u00e7\u00f5es Unidas. [\/et_pb_team_member][et_pb_text _builder_version=&#8221;4.6.6&#8243; _module_preset=&#8221;default&#8221; text_text_color=&#8221;#2a2a29&#8243; header_text_color=&#8221;#de6f5b&#8221; header_6_text_color=&#8221;#de6f5b&#8221; custom_margin=&#8221;15px||||false|false&#8221; custom_padding=&#8221;15px||||false|false&#8221; border_width_top=&#8221;1px&#8221;]<\/p>\n<h6>Estar\u00e1 em:\u00a0<\/h6>\n<p>[\/et_pb_text][et_pb_button button_url=&#8221;https:\/\/conferencia.lifeshara.com\/pt-pt\/programa\/sessoes\/reflexoes-e-conclusoes\/&#8221; button_text=&#8221;Reflex\u00f5es e conclus\u00f5es: Conclus\u00f5es e mensagens-chave das sess\u00f5es tem\u00e1ticas&#8221; button_alignment=&#8221;left&#8221; _builder_version=&#8221;4.6.6&#8243; custom_button=&#8221;on&#8221; button_text_size=&#8221;16px&#8221; button_text_color=&#8221;#2a2a29&#8243; button_border_width=&#8221;0px&#8221; button_letter_spacing=&#8221;3px&#8221; button_font=&#8221;Ubuntu Mono|700|||||||&#8221; button_icon=&#8221;%%3%%&#8221; custom_margin=&#8221;5px||||false|false&#8221; custom_padding=&#8221;|0px||0px|false|true&#8221; button_bg_color__hover_enabled=&#8221;on|desktop&#8221; button_text_color__hover=&#8221;#2a2a29&#8243; button_text_color__hover_enabled=&#8221;on|hover&#8221;][\/et_pb_button][\/et_pb_column][\/et_pb_row][et_pb_row column_structure=&#8221;1_4,1_4,1_4,1_4&#8243; use_custom_gutter=&#8221;on&#8221; gutter_width=&#8221;2&#8243; make_equal=&#8221;on&#8221; admin_label=&#8221;Fila 2 2\u00aa&#8221; _builder_version=&#8221;4.6.6&#8243; background_color=&#8221;#fdfcec&#8221; width=&#8221;90%&#8221; max_width=&#8221;90%&#8221; custom_margin=&#8221;49px|auto|30px|auto|false|false&#8221; custom_padding=&#8221;0px||0px||true|&#8221; border_color_all=&#8221;#fdfcec&#8221; border_color_all__hover_enabled=&#8221;on|hover&#8221;][et_pb_column type=&#8221;1_4&#8243; _builder_version=&#8221;4.6.6&#8243; background_color=&#8221;#de6f5b&#8221; z_index=&#8221;11&#8243; custom_padding=&#8221;30px|2vw|30px|2vw|true|true&#8221; custom_padding_tablet=&#8221;48px|4vw|48px|4vw|true|true&#8221; custom_padding_phone=&#8221;|||5vw|true|false&#8221; custom_padding_last_edited=&#8221;on|phone&#8221; border_width_all=&#8221;1px&#8221; border_color_all=&#8221;#de6f5b&#8221; background_color__hover=&#8221;#2a2a29&#8243; background__hover_enabled=&#8221;on|hover&#8221; background_enable_color__hover=&#8221;on&#8221; border_width_all__hover_enabled=&#8221;on|desktop&#8221;][et_pb_image src=&#8221;https:\/\/conferencia.lifeshara.com\/wp-content\/uploads\/2020\/11\/inigo-losada.jpg&#8221; title_text=&#8221;inigo-losada&#8221; admin_label=&#8221;Imagen ponente&#8221; module_class=&#8221;ponente&#8221; _builder_version=&#8221;4.6.6&#8243; _module_preset=&#8221;default&#8221; width=&#8221;150px&#8221; custom_margin=&#8221;||20px||false|false&#8221;][\/et_pb_image][et_pb_team_member name=&#8221;\u00cd\u00f1igo Losada&#8221; icon_color=&#8221;#2a2a29&#8243; _builder_version=&#8221;4.6.6&#8243; _module_preset=&#8221;default&#8221; header_level=&#8221;h2&#8243; header_font=&#8221;|700|||||||&#8221; header_text_color=&#8221;#fdfcec&#8221; position_font=&#8221;Ubuntu Mono||||||||&#8221; position_text_color=&#8221;#fdfcec&#8221; position_font_size=&#8221;18px&#8221; background_layout=&#8221;dark&#8221; custom_css_member_position=&#8221;margin-bottom: 20px;&#8221; icon_color__hover_enabled=&#8221;on|hover&#8221; icon_color__hover=&#8221;#fdfcec&#8221;]Doutor Engenheiro de Estradas, Canais e Portos, atualmente \u00e9 o Diretor de Investiga\u00e7\u00e3o do Instituto de Hidr\u00e1ulica Ambiental e Catedr\u00e1tico da ETSI de Estradas da Universidade de Cantabria. Desde 2010 a 2014 foi autor-coordenador principal espanhol dos relat\u00f3rios do IPCC, bem como \u00e9 autor principal do Relat\u00f3rio Especial do IPCC sobre os Oceanos e a Criosfera.[\/et_pb_team_member][et_pb_text _builder_version=&#8221;4.6.6&#8243; _module_preset=&#8221;default&#8221; header_text_color=&#8221;#fdfcec&#8221; header_6_text_color=&#8221;#fdfcec&#8221; custom_margin=&#8221;15px||||false|false&#8221; custom_padding=&#8221;15px||||false|false&#8221; border_width_top=&#8221;1px&#8221;]<\/p>\n<h6>Estar\u00e1 em:\u00a0<\/h6>\n<p>[\/et_pb_text][et_pb_button button_url=&#8221;https:\/\/conferencia.lifeshara.com\/pt-pt\/programa\/sessoes\/sessao-de-abertura\/&#8221; button_text=&#8221;Sess\u00e3o de abertura: Desafios comuns a Espanha e Portugal&#8221; button_alignment=&#8221;left&#8221; _builder_version=&#8221;4.6.6&#8243; custom_button=&#8221;on&#8221; button_text_size=&#8221;16px&#8221; button_text_color=&#8221;#ffffff&#8221; button_border_width=&#8221;0px&#8221; button_letter_spacing=&#8221;3px&#8221; button_font=&#8221;Ubuntu Mono|700|||||||&#8221; button_icon=&#8221;%%3%%&#8221; custom_margin=&#8221;5px||||false|false&#8221; custom_padding=&#8221;|0px||0px|false|true&#8221; button_bg_color__hover_enabled=&#8221;on|desktop&#8221; button_text_color__hover=&#8221;#2a2a29&#8243; button_text_color__hover_enabled=&#8221;on|hover&#8221;][\/et_pb_button][\/et_pb_column][et_pb_column type=&#8221;1_4&#8243; _builder_version=&#8221;4.6.6&#8243; background_color=&#8221;#ffd656&#8243; z_index=&#8221;11&#8243; custom_padding=&#8221;30px|2vw|30px|2vw|true|true&#8221; custom_padding_tablet=&#8221;48px|4vw|48px|4vw|true|true&#8221; custom_padding_phone=&#8221;|||5vw|true|false&#8221; custom_padding_last_edited=&#8221;on|phone&#8221; background_last_edited=&#8221;on|desktop&#8221; background__hover_enabled=&#8221;on|hover&#8221; background_color__hover=&#8221;#2a2a29&#8243; background_enable_color__hover=&#8221;on&#8221;][et_pb_image src=&#8221;https:\/\/conferencia.lifeshara.com\/wp-content\/uploads\/2020\/11\/Julio-Diaz-Jimenez-scaled.jpg&#8221; title_text=&#8221;Julio D\u00edaz Jim\u00e9nez&#8221; admin_label=&#8221;Imagen ponente&#8221; module_class=&#8221;ponente&#8221; _builder_version=&#8221;4.6.6&#8243; _module_preset=&#8221;default&#8221; width=&#8221;150px&#8221; custom_margin=&#8221;||20px||false|false&#8221;][\/et_pb_image][et_pb_team_member name=&#8221;Julio D\u00edaz Jim\u00e9nez &#8221; icon_color=&#8221;#2a2a29&#8243; _builder_version=&#8221;4.6.6&#8243; _module_preset=&#8221;default&#8221; header_level=&#8221;h2&#8243; header_font=&#8221;|700|||||||&#8221; header_text_color=&#8221;#fdfcec&#8221; position_font=&#8221;Ubuntu Mono||||||||&#8221; position_text_color=&#8221;#fdfcec&#8221; position_font_size=&#8221;18px&#8221; background_layout=&#8221;dark&#8221; custom_css_member_position=&#8221;margin-bottom: 20px;&#8221; icon_color__hover_enabled=&#8221;on|hover&#8221; icon_color__hover=&#8221;#fdfcec&#8221;]\u00c9 doutor em Ci\u00eancias F\u00edsicas e Cient\u00edfico Titular do Instituto de Sa\u00fade Carlos III (ISCIII) e tamb\u00e9m \u00e9 Chefe da \u00c1rea de Epidemiologia e Bioestat\u00edstica da Escola Nacional de Sa\u00fade. A sua investiga\u00e7\u00e3o foca nos efeitos na Sa\u00fade das temperaturas extremas e da contamina\u00e7\u00e3o qu\u00edmica e ac\u00fastica.[\/et_pb_team_member][et_pb_text _builder_version=&#8221;4.6.5&#8243; _module_preset=&#8221;default&#8221; header_text_color=&#8221;#fdfcec&#8221; header_6_text_color=&#8221;#fdfcec&#8221; custom_margin=&#8221;15px||||false|false&#8221; custom_padding=&#8221;15px||||false|false&#8221; border_width_top=&#8221;1px&#8221;]<\/p>\n<h6>Estar\u00e1 en:\u00a0<\/h6>\n<p>[\/et_pb_text][et_pb_button button_url=&#8221;https:\/\/conferencia.lifeshara.com\/pt-pt\/programa\/sessoes\/sessao-05\/&#8221; button_text=&#8221;Sess\u00e3o Tem\u00e1tica 05: Sa\u00fade e Adapta\u00e7\u00e3o \u00e0s altera\u00e7\u00f5es clim\u00e1ticas &#8221; button_alignment=&#8221;left&#8221; _builder_version=&#8221;4.6.6&#8243; custom_button=&#8221;on&#8221; button_text_size=&#8221;16px&#8221; button_text_color=&#8221;#ffffff&#8221; button_border_width=&#8221;0px&#8221; button_letter_spacing=&#8221;3px&#8221; button_font=&#8221;Ubuntu Mono|700|||||||&#8221; button_icon=&#8221;%%3%%&#8221; custom_margin=&#8221;5px||||false|false&#8221; custom_padding=&#8221;|0px||0px|false|true&#8221; button_bg_color__hover_enabled=&#8221;on|desktop&#8221;][\/et_pb_button][\/et_pb_column][et_pb_column type=&#8221;1_4&#8243; _builder_version=&#8221;4.6.6&#8243; background_color=&#8221;#946aac&#8221; z_index=&#8221;11&#8243; custom_padding=&#8221;30px|2vw|30px|2vw|true|true&#8221; custom_padding_tablet=&#8221;48px|4vw|48px|4vw|true|true&#8221; custom_padding_phone=&#8221;|||5vw|true|false&#8221; custom_padding_last_edited=&#8221;on|phone&#8221; background_last_edited=&#8221;on|desktop&#8221; background__hover_enabled=&#8221;on|hover&#8221; background_color__hover=&#8221;#2a2a29&#8243; background_enable_color__hover=&#8221;on&#8221;][et_pb_image src=&#8221;https:\/\/conferencia.lifeshara.com\/wp-content\/uploads\/2020\/11\/Isabel-Lanca-scaled.jpg&#8221; title_text=&#8221;Isabel Lanca&#8221; admin_label=&#8221;Imagen ponente&#8221; module_class=&#8221;ponente&#8221; _builder_version=&#8221;4.6.6&#8243; _module_preset=&#8221;default&#8221; width=&#8221;150px&#8221; custom_margin=&#8221;||20px||false|false&#8221;][\/et_pb_image][et_pb_team_member name=&#8221;Isabel Lanca &#8221; linkedin_url=&#8221;https:\/\/pt.linkedin.com\/in\/isabel-lanca-43a654120?trk=people-guest_people_search-card&#8221; icon_color=&#8221;#2a2a29&#8243; _builder_version=&#8221;4.6.6&#8243; _module_preset=&#8221;default&#8221; header_level=&#8221;h2&#8243; header_font=&#8221;|700|||||||&#8221; header_text_color=&#8221;#fdfcec&#8221; position_font=&#8221;Ubuntu Mono||||||||&#8221; position_text_color=&#8221;#fdfcec&#8221; position_font_size=&#8221;18px&#8221; background_layout=&#8221;dark&#8221; custom_css_member_position=&#8221;margin-bottom: 20px;&#8221; icon_color__hover_enabled=&#8221;on|hover&#8221; icon_color__hover=&#8221;#fdfcec&#8221;]Engenheira do Ambiente pela Universidade de Aveiro e P\u00f3s-Gradua\u00e7\u00e3o em Estudos Europeus &#8211; Economia na Universidade de Coimbra, Isabel Lanca \u00e9 respons\u00e1vel da \u00e1rea funcional de sa\u00fade ambiental do Departamento de Sa\u00fade P\u00fablica da Administra\u00e7\u00e3o Regional de Sa\u00fade do Centro IP.[\/et_pb_team_member][et_pb_text _builder_version=&#8221;4.6.5&#8243; _module_preset=&#8221;default&#8221; header_text_color=&#8221;#fdfcec&#8221; header_6_text_color=&#8221;#fdfcec&#8221; custom_margin=&#8221;15px||||false|false&#8221; custom_padding=&#8221;15px||||false|false&#8221; border_width_top=&#8221;1px&#8221;]<\/p>\n<h6>Estar\u00e1 en:\u00a0<\/h6>\n<p>[\/et_pb_text][et_pb_button button_url=&#8221;https:\/\/conferencia.lifeshara.com\/pt-pt\/programa\/sessoes\/sessao-05\/&#8221; button_text=&#8221;Sess\u00e3o Tem\u00e1tica 05: Sa\u00fade e Adapta\u00e7\u00e3o \u00e0s altera\u00e7\u00f5es clim\u00e1ticas &#8221; button_alignment=&#8221;left&#8221; _builder_version=&#8221;4.6.6&#8243; custom_button=&#8221;on&#8221; button_text_size=&#8221;16px&#8221; button_text_color=&#8221;#ffffff&#8221; button_border_width=&#8221;0px&#8221; button_letter_spacing=&#8221;3px&#8221; button_font=&#8221;Ubuntu Mono|700|||||||&#8221; button_icon=&#8221;%%3%%&#8221; custom_margin=&#8221;5px||||false|false&#8221; custom_padding=&#8221;|0px||0px|false|true&#8221; button_bg_color__hover_enabled=&#8221;on|desktop&#8221;][\/et_pb_button][\/et_pb_column][et_pb_column type=&#8221;1_4&#8243; _builder_version=&#8221;4.6.6&#8243; background_color=&#8221;#09a0d2&#8243; z_index=&#8221;11&#8243; custom_padding=&#8221;30px|2vw|30px|2vw|true|true&#8221; custom_padding_tablet=&#8221;48px|4vw|48px|4vw|true|true&#8221; custom_padding_phone=&#8221;|||5vw|true|false&#8221; custom_padding_last_edited=&#8221;on|phone&#8221; background_last_edited=&#8221;on|desktop&#8221; background__hover_enabled=&#8221;on|hover&#8221; background_color__hover=&#8221;#2a2a29&#8243; background_enable_color__hover=&#8221;on&#8221;][et_pb_image src=&#8221;https:\/\/conferencia.lifeshara.com\/wp-content\/uploads\/2020\/11\/Santiago-Gonzalez-Munoz.jpg&#8221; title_text=&#8221;Santiago Gonz\u00e1lez Mu\u00f1oz&#8221; admin_label=&#8221;Imagen ponente&#8221; module_class=&#8221;ponente&#8221; _builder_version=&#8221;4.6.6&#8243; _module_preset=&#8221;default&#8221; width=&#8221;150px&#8221; custom_margin=&#8221;||20px||false|false&#8221;][\/et_pb_image][et_pb_team_member name=&#8221;Santiago Gonz\u00e1lez Mu\u00f1oz &#8221; icon_color=&#8221;#2a2a29&#8243; _builder_version=&#8221;4.6.6&#8243; _module_preset=&#8221;default&#8221; header_level=&#8221;h2&#8243; header_font=&#8221;|700|||||||&#8221; header_text_color=&#8221;#fdfcec&#8221; position_font=&#8221;Ubuntu Mono||||||||&#8221; position_text_color=&#8221;#fdfcec&#8221; position_font_size=&#8221;18px&#8221; background_layout=&#8221;dark&#8221; custom_css_member_position=&#8221;margin-bottom: 20px;&#8221; icon_color__hover_enabled=&#8221;on|hover&#8221; icon_color__hover=&#8221;#fdfcec&#8221;]\u00c9 licenciado em Farm\u00e1cia e em Ci\u00eancia e Tecnologia dos Alimentos. Trabalha na \u00c1rea de Qualidade Sanit\u00e1ria das \u00c1guas e Avalia\u00e7\u00e3o dos Riscos Ambientais da Direc\u00e7\u00e3o Geral de Sa\u00fade P\u00fablica do Minist\u00e9rio de Sa\u00fade, onde participa em v\u00e1rias atividades em rela\u00e7\u00e3o \u00e0 sa\u00fade, ao ambiente e \u00e0s altera\u00e7\u00f5es clim\u00e1ticas.[\/et_pb_team_member][et_pb_text _builder_version=&#8221;4.6.5&#8243; _module_preset=&#8221;default&#8221; header_text_color=&#8221;#fdfcec&#8221; header_6_text_color=&#8221;#fdfcec&#8221; custom_margin=&#8221;15px||||false|false&#8221; custom_padding=&#8221;15px||||false|false&#8221; border_width_top=&#8221;1px&#8221;]<\/p>\n<h6>Estar\u00e1 en:\u00a0<\/h6>\n<p>[\/et_pb_text][et_pb_button button_url=&#8221;https:\/\/conferencia.lifeshara.com\/pt-pt\/programa\/sessoes\/sessao-05\/&#8221; button_text=&#8221;Sess\u00e3o Tem\u00e1tica 05: Sa\u00fade e Adapta\u00e7\u00e3o \u00e0s altera\u00e7\u00f5es clim\u00e1ticas &#8221; button_alignment=&#8221;left&#8221; _builder_version=&#8221;4.6.6&#8243; custom_button=&#8221;on&#8221; button_text_size=&#8221;16px&#8221; button_text_color=&#8221;#ffffff&#8221; button_border_width=&#8221;0px&#8221; button_letter_spacing=&#8221;3px&#8221; button_font=&#8221;Ubuntu Mono|700|||||||&#8221; button_icon=&#8221;%%3%%&#8221; custom_margin=&#8221;5px||||false|false&#8221; custom_padding=&#8221;|0px||0px|false|true&#8221; button_bg_color__hover_enabled=&#8221;on|desktop&#8221;][\/et_pb_button][\/et_pb_column][\/et_pb_row][et_pb_row column_structure=&#8221;1_4,1_4,1_4,1_4&#8243; use_custom_gutter=&#8221;on&#8221; gutter_width=&#8221;2&#8243; make_equal=&#8221;on&#8221; admin_label=&#8221;Fila 3 2\u00aa&#8221; _builder_version=&#8221;4.6.6&#8243; background_color=&#8221;#fdfcec&#8221; width=&#8221;90%&#8221; max_width=&#8221;90%&#8221; custom_margin=&#8221;|auto|-1px|auto|false|false&#8221; custom_padding=&#8221;0px||0px||true|&#8221; border_color_all=&#8221;#fdfcec&#8221; border_color_all__hover_enabled=&#8221;on|hover&#8221;][et_pb_column type=&#8221;1_4&#8243; _builder_version=&#8221;4.6.6&#8243; background_color=&#8221;#ffffff&#8221; z_index=&#8221;11&#8243; custom_padding=&#8221;30px|2vw|30px|2vw|true|true&#8221; custom_padding_tablet=&#8221;48px|4vw|48px|4vw|true|true&#8221; custom_padding_phone=&#8221;|||5vw|true|false&#8221; custom_padding_last_edited=&#8221;on|phone&#8221; border_width_all=&#8221;1px&#8221; border_color_all=&#8221;#de6f5b&#8221; background_color__hover=&#8221;#fdfcec&#8221; background__hover_enabled=&#8221;on|hover&#8221; background_enable_color__hover=&#8221;on&#8221; border_width_all__hover_enabled=&#8221;on|desktop&#8221;][et_pb_image src=&#8221;https:\/\/conferencia.lifeshara.com\/wp-content\/uploads\/2020\/11\/Cristina-O\u00b4Callaghan-scaled.jpg&#8221; title_text=&#8221;Cristina O\u00b4Callaghan&#8221; admin_label=&#8221;Imagen ponente&#8221; module_class=&#8221;ponente&#8221; _builder_version=&#8221;4.6.6&#8243; _module_preset=&#8221;default&#8221; width=&#8221;150px&#8221; custom_margin=&#8221;||20px||false|false&#8221;][\/et_pb_image][et_pb_team_member name=&#8221;Cristina O&#8217;Callaghan &#8221; _builder_version=&#8221;4.6.6&#8243; _module_preset=&#8221;default&#8221; header_level=&#8221;h2&#8243; header_font=&#8221;|700|||||||&#8221; body_line_height=&#8221;1.6em&#8221; position_font=&#8221;Ubuntu Mono||||||||&#8221; position_text_color=&#8221;#de6f5b&#8221; position_font_size=&#8221;18px&#8221; custom_css_member_position=&#8221;margin-bottom: 20px;&#8221; header_text_color__hover_enabled=&#8221;on|hover&#8221; header_text_color__hover=&#8221;#2a2a29&#8243; body_text_color__hover_enabled=&#8221;on|hover&#8221; body_text_color__hover=&#8221;#2a2a29&#8243; background__hover_enabled=&#8221;on|hover&#8221;]Licenciada em Biologia pela Universidade de Barcelona e Doutora em Medicina pela mesma Universidade e Mestre em Epidemiologia pela London School of Hygiene and Tropical Medicine. Atualmente \u00e9 professora dos estudos de Sa\u00fade na Universidade Oberta de Catalunya e investigadora de ISGlobal.[\/et_pb_team_member][et_pb_text _builder_version=&#8221;4.6.6&#8243; _module_preset=&#8221;default&#8221; text_text_color=&#8221;#2a2a29&#8243; header_text_color=&#8221;#de6f5b&#8221; header_6_text_color=&#8221;#de6f5b&#8221; custom_margin=&#8221;15px||||false|false&#8221; custom_padding=&#8221;15px||||false|false&#8221; border_width_top=&#8221;1px&#8221;]<\/p>\n<h6>Estar\u00e1 em:\u00a0<\/h6>\n<p>[\/et_pb_text][et_pb_button button_url=&#8221;https:\/\/conferencia.lifeshara.com\/pt-pt\/programa\/sessoes\/sessao-05\/&#8221; button_text=&#8221;Sess\u00e3o Tem\u00e1tica 05: Sa\u00fade e Adapta\u00e7\u00e3o \u00e0s altera\u00e7\u00f5es clim\u00e1ticas &#8221; button_alignment=&#8221;left&#8221; _builder_version=&#8221;4.6.6&#8243; custom_button=&#8221;on&#8221; button_text_size=&#8221;16px&#8221; button_text_color=&#8221;#2a2a29&#8243; button_border_width=&#8221;0px&#8221; button_letter_spacing=&#8221;3px&#8221; button_font=&#8221;Ubuntu Mono|700|||||||&#8221; button_icon=&#8221;%%3%%&#8221; custom_margin=&#8221;5px||||false|false&#8221; custom_padding=&#8221;|0px||0px|false|true&#8221; button_bg_color__hover_enabled=&#8221;on|desktop&#8221; button_text_color__hover=&#8221;#2a2a29&#8243; button_text_color__hover_enabled=&#8221;on|hover&#8221;][\/et_pb_button][\/et_pb_column][et_pb_column type=&#8221;1_4&#8243; _builder_version=&#8221;4.6.6&#8243; background_color=&#8221;#964e54&#8243; z_index=&#8221;11&#8243; custom_padding=&#8221;30px|2vw|30px|2vw|true|true&#8221; custom_padding_tablet=&#8221;48px|4vw|48px|4vw|true|true&#8221; custom_padding_phone=&#8221;|||5vw|true|false&#8221; custom_padding_last_edited=&#8221;on|phone&#8221; background_last_edited=&#8221;on|desktop&#8221; background__hover_enabled=&#8221;on|hover&#8221; background_color__hover=&#8221;#2a2a29&#8243; background_enable_color__hover=&#8221;on&#8221;][et_pb_image src=&#8221;https:\/\/conferencia.lifeshara.com\/wp-content\/uploads\/2020\/11\/Ricardo-Assuncao.jpg&#8221; title_text=&#8221;Ricardo Assun\u00e7\u00e3o&#8221; admin_label=&#8221;Imagen ponente&#8221; module_class=&#8221;ponente&#8221; _builder_version=&#8221;4.6.6&#8243; _module_preset=&#8221;default&#8221; width=&#8221;150px&#8221; custom_margin=&#8221;||20px||false|false&#8221;][\/et_pb_image][et_pb_team_member name=&#8221;Ricardo Assun\u00e7\u00e3o &#8221; linkedin_url=&#8221;https:\/\/www.linkedin.com\/in\/ricardo-assun%C3%A7%C3%A3o-493338164&#8243; _builder_version=&#8221;4.6.6&#8243; _module_preset=&#8221;default&#8221; header_level=&#8221;h2&#8243; header_font=&#8221;|700|||||||&#8221; header_text_color=&#8221;#fdfcec&#8221; body_text_color=&#8221;#fdfcec&#8221; body_line_height=&#8221;1.6em&#8221; position_font=&#8221;Ubuntu Mono||||||||&#8221; position_text_color=&#8221;#de6f5b&#8221; position_font_size=&#8221;18px&#8221; custom_css_member_position=&#8221;margin-bottom: 20px;&#8221; icon_color__hover_enabled=&#8221;on|hover&#8221; icon_color__hover=&#8221;#fdfcec&#8221; background__hover_enabled=&#8221;on|hover&#8221;]Com mais de uma d\u00e9cada de trabalho desenvolvido no \u00e2mbito da seguran\u00e7a alimentar e da sa\u00fade p\u00fablica, desenvolve a sua atividade de investiga\u00e7\u00e3o no Departamento de Alimenta\u00e7\u00e3o e Nutri\u00e7\u00e3o do INSA, dedicando-se essencialmente \u00e0 avalia\u00e7\u00e3o do risco e do risco-benef\u00edcio de alimentos, \u00e0 toxicologia alimentar e \u00e0 avalia\u00e7\u00e3o do impacte dos alimentos\/dieta na sa\u00fade.[\/et_pb_team_member][et_pb_text _builder_version=&#8221;4.6.6&#8243; _module_preset=&#8221;default&#8221; header_text_color=&#8221;#fdfcec&#8221; header_6_text_color=&#8221;#fdfcec&#8221; custom_margin=&#8221;15px||||false|false&#8221; custom_padding=&#8221;15px||||false|false&#8221; border_width_top=&#8221;1px&#8221;]<\/p>\n<h6>Estar\u00e1 em:\u00a0<\/h6>\n<p>[\/et_pb_text][et_pb_button button_url=&#8221;https:\/\/conferencia.lifeshara.com\/pt-pt\/programa\/sessoes\/sessao-05\/&#8221; button_text=&#8221;Sess\u00e3o Tem\u00e1tica 05: Sa\u00fade e Adapta\u00e7\u00e3o \u00e0s altera\u00e7\u00f5es clim\u00e1ticas &#8221; button_alignment=&#8221;left&#8221; _builder_version=&#8221;4.6.6&#8243; custom_button=&#8221;on&#8221; button_text_size=&#8221;16px&#8221; button_text_color=&#8221;#ffffff&#8221; button_border_width=&#8221;0px&#8221; button_letter_spacing=&#8221;3px&#8221; button_font=&#8221;Ubuntu Mono|700|||||||&#8221; button_icon=&#8221;%%3%%&#8221; custom_margin=&#8221;5px||||false|false&#8221; custom_padding=&#8221;|0px||0px|false|true&#8221; button_bg_color__hover_enabled=&#8221;on|desktop&#8221;][\/et_pb_button][\/et_pb_column][et_pb_column type=&#8221;1_4&#8243; _builder_version=&#8221;4.6.6&#8243; background_color=&#8221;#f1a336&#8243; z_index=&#8221;11&#8243; custom_padding=&#8221;30px|2vw|30px|2vw|true|true&#8221; custom_padding_tablet=&#8221;48px|4vw|48px|4vw|true|true&#8221; custom_padding_phone=&#8221;|||5vw|true|false&#8221; custom_padding_last_edited=&#8221;on|phone&#8221; background__hover_enabled=&#8221;on|hover&#8221; background_color__hover=&#8221;#2a2a29&#8243; background_enable_color__hover=&#8221;on&#8221;][et_pb_image src=&#8221;https:\/\/conferencia.lifeshara.com\/wp-content\/uploads\/2020\/11\/E.Jinamar-Tomas-Ribot.jpg&#8221; title_text=&#8221;E.Jinamar Tomas Ribot&#8221; admin_label=&#8221;Imagen ponente&#8221; module_class=&#8221;ponente&#8221; _builder_version=&#8221;4.6.6&#8243; _module_preset=&#8221;default&#8221; width=&#8221;150px&#8221; custom_margin=&#8221;||20px||false|false&#8221;][\/et_pb_image][et_pb_team_member name=&#8221;Jin\u00e1mar Tom\u00e1s Ribot &#8221; _builder_version=&#8221;4.6.6&#8243; _module_preset=&#8221;default&#8221; header_level=&#8221;h2&#8243; header_font=&#8221;|700|||||||&#8221; header_text_color=&#8221;#fdfcec&#8221; body_text_color=&#8221;#fdfcec&#8221; body_line_height=&#8221;1.6em&#8221; position_font=&#8221;Ubuntu Mono||||||||&#8221; position_text_color=&#8221;#de6f5b&#8221; position_font_size=&#8221;18px&#8221; custom_css_member_position=&#8221;margin-bottom: 20px;&#8221; icon_color__hover_enabled=&#8221;on|hover&#8221; icon_color__hover=&#8221;#fdfcec&#8221; background__hover_enabled=&#8221;on|hover&#8221;]Licenciada em Ci\u00eancias Ambientais e Mestre em Interven\u00e7\u00e3o e Gest\u00e3o do Paisagem pela Universidade Aut\u00f3noma de Barcelona, com uma comprida experi\u00eancia em gest\u00e3o e avalia\u00e7\u00e3o do ambiente. Atualmente est\u00e1 especializada no campo de adapta\u00e7\u00e3o do Servi\u00e7o das Altera\u00e7\u00f5es clim\u00e1ticas e Atm\u00f3sfera na Conselheiros da Transi\u00e7\u00e3o Energ\u00e9tica e Setores Produtivos do Governo balear.[\/et_pb_team_member][et_pb_text _builder_version=&#8221;4.6.6&#8243; _module_preset=&#8221;default&#8221; header_text_color=&#8221;#fdfcec&#8221; header_6_text_color=&#8221;#fdfcec&#8221; custom_margin=&#8221;15px||||false|false&#8221; custom_padding=&#8221;15px||||false|false&#8221; border_width_top=&#8221;1px&#8221;]<\/p>\n<h6>Estar\u00e1 em: <\/h6>\n<p>[\/et_pb_text][et_pb_button button_url=&#8221;https:\/\/conferencia.lifeshara.com\/pt-pt\/programa\/sessoes\/sessao-06\/&#8221; button_text=&#8221;Sess\u00e3o Tem\u00e1tica 06: Adapta\u00e7\u00e3o \u00e0s altera\u00e7\u00f5es clim\u00e1ticas nas ilhas do Mediterr\u00e2neo e da Macaron\u00e9sia&#8221; button_alignment=&#8221;left&#8221; _builder_version=&#8221;4.6.6&#8243; custom_button=&#8221;on&#8221; button_text_size=&#8221;16px&#8221; button_text_color=&#8221;#ffffff&#8221; button_border_width=&#8221;0px&#8221; button_letter_spacing=&#8221;3px&#8221; button_font=&#8221;Ubuntu Mono|700|||||||&#8221; button_icon=&#8221;%%3%%&#8221; custom_margin=&#8221;5px||||false|false&#8221; custom_padding=&#8221;|0px||0px|false|true&#8221; button_bg_color__hover_enabled=&#8221;on|desktop&#8221;][\/et_pb_button][\/et_pb_column][et_pb_column type=&#8221;1_4&#8243; _builder_version=&#8221;4.6.6&#8243; background_color=&#8221;#91c468&#8243; z_index=&#8221;11&#8243; custom_padding=&#8221;30px|2vw|30px|2vw|true|true&#8221; custom_padding_tablet=&#8221;48px|4vw|48px|4vw|true|true&#8221; custom_padding_phone=&#8221;|||5vw|true|false&#8221; custom_padding_last_edited=&#8221;on|phone&#8221; background__hover_enabled=&#8221;on|hover&#8221; background_color__hover=&#8221;#2a2a29&#8243; background_enable_color__hover=&#8221;on&#8221;][et_pb_image src=&#8221;https:\/\/conferencia.lifeshara.com\/wp-content\/uploads\/2020\/11\/Renato-Verdadeiro.jpg&#8221; title_text=&#8221;Renato Verdadeiro&#8221; admin_label=&#8221;Imagen ponente&#8221; module_class=&#8221;ponente&#8221; _builder_version=&#8221;4.6.6&#8243; _module_preset=&#8221;default&#8221; width=&#8221;150px&#8221; custom_margin=&#8221;||20px||false|false&#8221;][\/et_pb_image][et_pb_team_member name=&#8221;Renato Verdadeiro Marques &#8221; _builder_version=&#8221;4.6.6&#8243; _module_preset=&#8221;default&#8221; header_level=&#8221;h2&#8243; header_font=&#8221;|700|||||||&#8221; header_text_color=&#8221;#fdfcec&#8221; body_text_color=&#8221;#fdfcec&#8221; body_line_height=&#8221;1.6em&#8221; position_font=&#8221;Ubuntu Mono||||||||&#8221; position_text_color=&#8221;#de6f5b&#8221; position_font_size=&#8221;18px&#8221; custom_css_member_position=&#8221;margin-bottom: 20px;&#8221; icon_color__hover_enabled=&#8221;on|hover&#8221; icon_color__hover=&#8221;#fdfcec&#8221; background__hover_enabled=&#8221;on|hover&#8221;]Licenciado em Engenharia Biol\u00f3gica e p\u00f3s-graduado em Gest\u00e3o e Conserva\u00e7\u00e3o da Natureza. T\u00e9cnico-superior da Dire\u00e7\u00e3o Regional do Ambiente dos A\u00e7ores, desde 2001, com experi\u00eancia na gest\u00e3o e prote\u00e7\u00e3o de recursos h\u00eddricos, tendo sido coordenador do primeiro Plano de Gest\u00e3o de Riscos de Inunda\u00e7\u00f5es da Regi\u00e3o Aut\u00f3noma dos A\u00e7ores.[\/et_pb_team_member][et_pb_text _builder_version=&#8221;4.6.6&#8243; _module_preset=&#8221;default&#8221; header_text_color=&#8221;#fdfcec&#8221; header_6_text_color=&#8221;#fdfcec&#8221; custom_margin=&#8221;15px||||false|false&#8221; custom_padding=&#8221;15px||||false|false&#8221; border_width_top=&#8221;1px&#8221;]<\/p>\n<h6>Estar\u00e1 em: <\/h6>\n<p>[\/et_pb_text][et_pb_button button_url=&#8221;https:\/\/conferencia.lifeshara.com\/pt-pt\/programa\/sessoes\/sessao-06\/&#8221; button_text=&#8221;Sess\u00e3o Tem\u00e1tica 06: Adapta\u00e7\u00e3o \u00e0s altera\u00e7\u00f5es clim\u00e1ticas nas ilhas do Mediterr\u00e2neo e da Macaron\u00e9sia&#8221; button_alignment=&#8221;left&#8221; _builder_version=&#8221;4.6.6&#8243; custom_button=&#8221;on&#8221; button_text_size=&#8221;16px&#8221; button_text_color=&#8221;#ffffff&#8221; button_border_width=&#8221;0px&#8221; button_letter_spacing=&#8221;3px&#8221; button_font=&#8221;Ubuntu Mono|700|||||||&#8221; button_icon=&#8221;%%3%%&#8221; custom_margin=&#8221;5px||||false|false&#8221; custom_padding=&#8221;|0px||0px|false|true&#8221; button_bg_color__hover_enabled=&#8221;on|desktop&#8221;][\/et_pb_button][\/et_pb_column][\/et_pb_row][et_pb_row column_structure=&#8221;1_4,1_4,1_4,1_4&#8243; use_custom_gutter=&#8221;on&#8221; gutter_width=&#8221;2&#8243; make_equal=&#8221;on&#8221; admin_label=&#8221;Fila 4 2\u00aa&#8221; _builder_version=&#8221;4.6.6&#8243; background_color=&#8221;#fdfcec&#8221; width=&#8221;90%&#8221; max_width=&#8221;90%&#8221; custom_margin=&#8221;49px|auto|30px|auto|false|false&#8221; custom_padding=&#8221;0px||0px||true|&#8221; border_color_all=&#8221;#fdfcec&#8221; border_color_all__hover_enabled=&#8221;on|hover&#8221;][et_pb_column type=&#8221;1_4&#8243; _builder_version=&#8221;4.6.6&#8243; background_color=&#8221;#de6f5b&#8221; z_index=&#8221;11&#8243; custom_padding=&#8221;30px|2vw|30px|2vw|true|true&#8221; custom_padding_tablet=&#8221;48px|4vw|48px|4vw|true|true&#8221; custom_padding_phone=&#8221;|||5vw|true|false&#8221; custom_padding_last_edited=&#8221;on|phone&#8221; border_width_all=&#8221;1px&#8221; border_color_all=&#8221;#de6f5b&#8221; background_color__hover=&#8221;#2a2a29&#8243; background__hover_enabled=&#8221;on|hover&#8221; background_enable_color__hover=&#8221;on&#8221; border_width_all__hover_enabled=&#8221;on|desktop&#8221;][et_pb_image src=&#8221;https:\/\/conferencia.lifeshara.com\/wp-content\/uploads\/2020\/11\/Goncalo-Cavalheiro-scaled.jpg&#8221; title_text=&#8221;Gon\u00e7alo Cavalheiro&#8221; admin_label=&#8221;Imagen ponente&#8221; module_class=&#8221;ponente&#8221; _builder_version=&#8221;4.6.6&#8243; _module_preset=&#8221;default&#8221; width=&#8221;150px&#8221; custom_margin=&#8221;||20px||false|false&#8221;][\/et_pb_image][et_pb_team_member name=&#8221;Gon\u00e7alo Cavalheiro &#8221; icon_color=&#8221;#2a2a29&#8243; _builder_version=&#8221;4.6.6&#8243; _module_preset=&#8221;default&#8221; header_level=&#8221;h2&#8243; header_font=&#8221;|700|||||||&#8221; header_text_color=&#8221;#fdfcec&#8221; position_font=&#8221;Ubuntu Mono||||||||&#8221; position_text_color=&#8221;#fdfcec&#8221; position_font_size=&#8221;18px&#8221; background_layout=&#8221;dark&#8221; custom_css_member_position=&#8221;margin-bottom: 20px;&#8221; icon_color__hover_enabled=&#8221;on|hover&#8221; icon_color__hover=&#8221;#fdfcec&#8221;]\u00c9 consultor em altera\u00e7\u00f5es clim\u00e1ticas desde 1999. Foi coordenador dos estudos t\u00e9cnicos do Programa para as Altera\u00e7\u00f5es Clim\u00e1ticas dos A\u00e7ores e prestou assist\u00eancia t\u00e9cnica sobre altera\u00e7\u00f5es clim\u00e1ticas na S\u00e9rvia e na Maced\u00f3nia do Norte. Contribui tamb\u00e9m para o desenho da pol\u00edtica nacional portuguesa de adapta\u00e7\u00e3o e implementou a primeira iniciativa da sociedade civil dedicada \u00e0 adapta\u00e7\u00e3o: \u201cPortugal num Clima em Mudan\u00e7a\u201d.[\/et_pb_team_member][et_pb_text _builder_version=&#8221;4.6.6&#8243; _module_preset=&#8221;default&#8221; header_text_color=&#8221;#fdfcec&#8221; header_6_text_color=&#8221;#fdfcec&#8221; custom_margin=&#8221;15px||||false|false&#8221; custom_padding=&#8221;15px||||false|false&#8221; border_width_top=&#8221;1px&#8221;]<\/p>\n<h6>Estar\u00e1 em: <\/h6>\n<p>[\/et_pb_text][et_pb_button button_url=&#8221;https:\/\/conferencia.lifeshara.com\/pt-pt\/programa\/sessoes\/sessao-06\/&#8221; button_text=&#8221;Sess\u00e3o Tem\u00e1tica 06: Adapta\u00e7\u00e3o \u00e0s altera\u00e7\u00f5es clim\u00e1ticas nas ilhas do Mediterr\u00e2neo e da Macaron\u00e9sia&#8221; button_alignment=&#8221;left&#8221; _builder_version=&#8221;4.6.6&#8243; custom_button=&#8221;on&#8221; button_text_size=&#8221;16px&#8221; button_text_color=&#8221;#ffffff&#8221; button_border_width=&#8221;0px&#8221; button_letter_spacing=&#8221;3px&#8221; button_font=&#8221;Ubuntu Mono|700|||||||&#8221; button_icon=&#8221;%%3%%&#8221; custom_margin=&#8221;5px||||false|false&#8221; custom_padding=&#8221;|0px||0px|false|true&#8221; button_bg_color__hover_enabled=&#8221;on|desktop&#8221;][\/et_pb_button][\/et_pb_column][et_pb_column type=&#8221;1_4&#8243; _builder_version=&#8221;4.6.6&#8243; background_color=&#8221;#ffd656&#8243; z_index=&#8221;11&#8243; custom_padding=&#8221;30px|2vw|30px|2vw|true|true&#8221; custom_padding_tablet=&#8221;48px|4vw|48px|4vw|true|true&#8221; custom_padding_phone=&#8221;|||5vw|true|false&#8221; custom_padding_last_edited=&#8221;on|phone&#8221; background_last_edited=&#8221;on|desktop&#8221; background__hover_enabled=&#8221;on|hover&#8221; background_color__hover=&#8221;#2a2a29&#8243; background_enable_color__hover=&#8221;on&#8221;][et_pb_image src=&#8221;https:\/\/conferencia.lifeshara.com\/wp-content\/uploads\/2020\/11\/Blanca-Ramos.jpg&#8221; title_text=&#8221;Blanca-Ramos&#8221; admin_label=&#8221;Imagen ponente&#8221; module_class=&#8221;ponente&#8221; _builder_version=&#8221;4.6.6&#8243; _module_preset=&#8221;default&#8221; width=&#8221;150px&#8221; custom_margin=&#8221;||20px||false|false&#8221;][\/et_pb_image][et_pb_team_member name=&#8221;Blanca Ramos  &#8221; icon_color=&#8221;#2a2a29&#8243; _builder_version=&#8221;4.6.6&#8243; _module_preset=&#8221;default&#8221; header_level=&#8221;h2&#8243; header_font=&#8221;|700|||||||&#8221; header_text_color=&#8221;#fdfcec&#8221; position_font=&#8221;Ubuntu Mono||||||||&#8221; position_text_color=&#8221;#fdfcec&#8221; position_font_size=&#8221;18px&#8221; background_layout=&#8221;dark&#8221; custom_css_member_position=&#8221;margin-bottom: 20px;&#8221; icon_color__hover_enabled=&#8221;on|hover&#8221; icon_color__hover=&#8221;#fdfcec&#8221;]Licenciada em Biolog\u00eda, lidera a Direc\u00e7ao Facultativa do Observat\u00f3rio do Cambio Global de Serra Nevada. O Parque Nacional de Do\u00f1ana foi o seu primeiro destino at\u00e9 o traslado, em 2006, ao Parque Nacional de Serra Nevada. Tamb\u00e9m foi Especialista Nacional Deslocada na Unidade de Protec\u00e7\u00e3o da Natureza e Conserva\u00e7\u00e3o dos Solos na Direc\u00e7\u00e3o Geral do Ambiente (DG XI) da Comiss\u00e3o Europeia.[\/et_pb_team_member][et_pb_text _builder_version=&#8221;4.6.6&#8243; _module_preset=&#8221;default&#8221; header_text_color=&#8221;#fdfcec&#8221; header_6_text_color=&#8221;#fdfcec&#8221; custom_margin=&#8221;15px||||false|false&#8221; custom_padding=&#8221;15px||||false|false&#8221; border_width_top=&#8221;1px&#8221;]<\/p>\n<h6>Estar\u00e1 em: <\/h6>\n<p>[\/et_pb_text][et_pb_button button_url=&#8221;https:\/\/conferencia.lifeshara.com\/pt-pt\/programa\/sessoes\/sessao-10\/&#8221; button_text=&#8221;Sess\u00e3o Tem\u00e1tica 10: Biodiversidade protetora perante \u00e0s altera\u00e7\u00f5es clim\u00e1ticas &#8221; button_alignment=&#8221;left&#8221; _builder_version=&#8221;4.6.6&#8243; custom_button=&#8221;on&#8221; button_text_size=&#8221;16px&#8221; button_text_color=&#8221;#ffffff&#8221; button_border_width=&#8221;0px&#8221; button_letter_spacing=&#8221;3px&#8221; button_font=&#8221;Ubuntu Mono|700|||||||&#8221; button_icon=&#8221;%%3%%&#8221; custom_margin=&#8221;5px||||false|false&#8221; custom_padding=&#8221;|0px||0px|false|true&#8221; button_bg_color__hover_enabled=&#8221;on|desktop&#8221;][\/et_pb_button][\/et_pb_column][et_pb_column type=&#8221;1_4&#8243; _builder_version=&#8221;4.6.6&#8243; background_color=&#8221;#946aac&#8221; z_index=&#8221;11&#8243; custom_padding=&#8221;30px|2vw|30px|2vw|true|true&#8221; custom_padding_tablet=&#8221;48px|4vw|48px|4vw|true|true&#8221; custom_padding_phone=&#8221;|||5vw|true|false&#8221; custom_padding_last_edited=&#8221;on|phone&#8221; background_last_edited=&#8221;on|desktop&#8221; background__hover_enabled=&#8221;on|hover&#8221; background_color__hover=&#8221;#2a2a29&#8243; background_enable_color__hover=&#8221;on&#8221;][et_pb_image src=&#8221;https:\/\/conferencia.lifeshara.com\/wp-content\/uploads\/2020\/11\/joao-melos.jpg&#8221; title_text=&#8221;joao melos&#8221; admin_label=&#8221;Imagen ponente&#8221; module_class=&#8221;ponente&#8221; _builder_version=&#8221;4.6.6&#8243; _module_preset=&#8221;default&#8221; width=&#8221;150px&#8221; custom_margin=&#8221;||20px||false|false&#8221;][\/et_pb_image][et_pb_team_member name=&#8221;Jo\u00e3o Cardoso de Melo  &#8221; icon_color=&#8221;#2a2a29&#8243; _builder_version=&#8221;4.6.6&#8243; _module_preset=&#8221;default&#8221; header_level=&#8221;h2&#8243; header_font=&#8221;|700|||||||&#8221; header_text_color=&#8221;#fdfcec&#8221; position_font=&#8221;Ubuntu Mono||||||||&#8221; position_text_color=&#8221;#fdfcec&#8221; position_font_size=&#8221;18px&#8221; background_layout=&#8221;dark&#8221; custom_css_member_position=&#8221;margin-bottom: 20px;&#8221; icon_color__hover_enabled=&#8221;on|hover&#8221; icon_color__hover=&#8221;#fdfcec&#8221;]Diretor da empresa municipal Cascais Ambiente, Jo\u00e3o Cardoso de Melo \u00e9 arquiteto paisagista, consagrado no planeamento e execu\u00e7\u00e3o de projetos de restaura\u00e7\u00e3o e conserva\u00e7\u00e3o ecol\u00f3gica e turismo de natureza. Anteriormente exerceu como Diretor de Cascais Natura.[\/et_pb_team_member][et_pb_text _builder_version=&#8221;4.6.6&#8243; _module_preset=&#8221;default&#8221; header_text_color=&#8221;#fdfcec&#8221; header_6_text_color=&#8221;#fdfcec&#8221; custom_margin=&#8221;15px||||false|false&#8221; custom_padding=&#8221;15px||||false|false&#8221; border_width_top=&#8221;1px&#8221;]<\/p>\n<h6>Estar\u00e1 em:\u00a0<\/h6>\n<p>[\/et_pb_text][et_pb_button button_url=&#8221;https:\/\/conferencia.lifeshara.com\/pt-pt\/programa\/sessoes\/sessao-10\/&#8221; button_text=&#8221;Sess\u00e3o Tem\u00e1tica 10: Biodiversidade protetora perante \u00e0s altera\u00e7\u00f5es clim\u00e1ticas &#8221; button_alignment=&#8221;left&#8221; _builder_version=&#8221;4.6.6&#8243; custom_button=&#8221;on&#8221; button_text_size=&#8221;16px&#8221; button_text_color=&#8221;#ffffff&#8221; button_border_width=&#8221;0px&#8221; button_letter_spacing=&#8221;3px&#8221; button_font=&#8221;Ubuntu Mono|700|||||||&#8221; button_icon=&#8221;%%3%%&#8221; custom_margin=&#8221;5px||||false|false&#8221; custom_padding=&#8221;|0px||0px|false|true&#8221; button_bg_color__hover_enabled=&#8221;on|desktop&#8221;][\/et_pb_button][\/et_pb_column][et_pb_column type=&#8221;1_4&#8243; _builder_version=&#8221;4.6.6&#8243; background_color=&#8221;#09a0d2&#8243; z_index=&#8221;11&#8243; custom_padding=&#8221;30px|2vw|30px|2vw|true|true&#8221; custom_padding_tablet=&#8221;48px|4vw|48px|4vw|true|true&#8221; custom_padding_phone=&#8221;|||5vw|true|false&#8221; custom_padding_last_edited=&#8221;on|phone&#8221; background_last_edited=&#8221;on|desktop&#8221; background__hover_enabled=&#8221;on|hover&#8221; background_color__hover=&#8221;#2a2a29&#8243; background_enable_color__hover=&#8221;on&#8221;][et_pb_image src=&#8221;https:\/\/conferencia.lifeshara.com\/wp-content\/uploads\/2020\/11\/Regino-Zamora-1.gif&#8221; title_text=&#8221;Regino Zamora 1&#8243; admin_label=&#8221;Imagen ponente&#8221; module_class=&#8221;ponente&#8221; _builder_version=&#8221;4.6.6&#8243; _module_preset=&#8221;default&#8221; width=&#8221;150px&#8221; custom_margin=&#8221;||20px||false|false&#8221;][\/et_pb_image][et_pb_team_member name=&#8221;Regino Jes\u00fas Zamora Rodriguez &#8221; icon_color=&#8221;#2a2a29&#8243; _builder_version=&#8221;4.6.6&#8243; _module_preset=&#8221;default&#8221; header_level=&#8221;h2&#8243; header_font=&#8221;|700|||||||&#8221; header_text_color=&#8221;#fdfcec&#8221; position_font=&#8221;Ubuntu Mono||||||||&#8221; position_text_color=&#8221;#fdfcec&#8221; position_font_size=&#8221;18px&#8221; background_layout=&#8221;dark&#8221; custom_css_member_position=&#8221;margin-bottom: 20px;&#8221; icon_color__hover_enabled=&#8221;on|hover&#8221; icon_color__hover=&#8221;#fdfcec&#8221;]\u00c9 Doutor em Ci\u00eancias Biol\u00f3gicas e Catedr\u00e1tico de Ecologia da Universidade de Granada. \u00c9 o coordenador cientista do Observat\u00f3rio das Mudan\u00e7as Globais da Serra Nevada. Na atualidade, desenvolve, no marco da Infraestrutura Europeia de Investiga\u00e7\u00e3o (ERIC) LifeWatch, um n\u00f3 tem\u00e1tico internacional de ecossistemas de montanha, centrado no est\u00fadio e valoriza\u00e7\u00e3o da biodiversidade em cen\u00e1rios de mudan\u00e7as globais.[\/et_pb_team_member][et_pb_text _builder_version=&#8221;4.6.6&#8243; _module_preset=&#8221;default&#8221; header_text_color=&#8221;#fdfcec&#8221; header_6_text_color=&#8221;#fdfcec&#8221; custom_margin=&#8221;15px||||false|false&#8221; custom_padding=&#8221;15px||||false|false&#8221; border_width_top=&#8221;1px&#8221;]<\/p>\n<h6>Estar\u00e1 em:\u00a0<\/h6>\n<p>[\/et_pb_text][et_pb_button button_url=&#8221;https:\/\/conferencia.lifeshara.com\/pt-pt\/programa\/sessoes\/sessao-10\/&#8221; button_text=&#8221;Sess\u00e3o Tem\u00e1tica 10: Biodiversidade protetora perante \u00e0s altera\u00e7\u00f5es clim\u00e1ticas &#8221; button_alignment=&#8221;left&#8221; _builder_version=&#8221;4.6.6&#8243; custom_button=&#8221;on&#8221; button_text_size=&#8221;16px&#8221; button_text_color=&#8221;#ffffff&#8221; button_border_width=&#8221;0px&#8221; button_letter_spacing=&#8221;3px&#8221; button_font=&#8221;Ubuntu Mono|700|||||||&#8221; button_icon=&#8221;%%3%%&#8221; custom_margin=&#8221;5px||||false|false&#8221; custom_padding=&#8221;|0px||0px|false|true&#8221; button_bg_color__hover_enabled=&#8221;on|desktop&#8221;][\/et_pb_button][\/et_pb_column][\/et_pb_row][et_pb_row column_structure=&#8221;1_4,1_4,1_4,1_4&#8243; use_custom_gutter=&#8221;on&#8221; gutter_width=&#8221;2&#8243; make_equal=&#8221;on&#8221; admin_label=&#8221;Fila 5 2\u00aa&#8221; _builder_version=&#8221;4.6.6&#8243; background_color=&#8221;#fdfcec&#8221; width=&#8221;90%&#8221; max_width=&#8221;90%&#8221; custom_margin=&#8221;|auto|-1px|auto|false|false&#8221; custom_padding=&#8221;0px||0px||true|&#8221; border_color_all=&#8221;#fdfcec&#8221; border_color_all__hover_enabled=&#8221;on|hover&#8221;][et_pb_column type=&#8221;1_4&#8243; _builder_version=&#8221;4.6.6&#8243; background_color=&#8221;#ffffff&#8221; z_index=&#8221;11&#8243; custom_padding=&#8221;30px|2vw|30px|2vw|true|true&#8221; custom_padding_tablet=&#8221;48px|4vw|48px|4vw|true|true&#8221; custom_padding_phone=&#8221;|||5vw|true|false&#8221; custom_padding_last_edited=&#8221;on|phone&#8221; border_width_all=&#8221;1px&#8221; border_color_all=&#8221;#de6f5b&#8221; background_color__hover=&#8221;#fdfcec&#8221; background__hover_enabled=&#8221;on|hover&#8221; background_enable_color__hover=&#8221;on&#8221; border_width_all__hover_enabled=&#8221;on|desktop&#8221;][et_pb_image src=&#8221;https:\/\/conferencia.lifeshara.com\/wp-content\/uploads\/2020\/10\/Jose-Atauri.jpg&#8221; title_text=&#8221;Jose Atauri&#8221; admin_label=&#8221;Imagen ponente&#8221; module_class=&#8221;ponente&#8221; _builder_version=&#8221;4.6.6&#8243; _module_preset=&#8221;default&#8221; width=&#8221;150px&#8221; custom_margin=&#8221;||20px||false|false&#8221;][\/et_pb_image][et_pb_team_member name=&#8221;Jos\u00e9 Antonio Atauri&#8221; _builder_version=&#8221;4.6.6&#8243; _module_preset=&#8221;default&#8221; header_level=&#8221;h2&#8243; header_font=&#8221;|700|||||||&#8221; body_line_height=&#8221;1.6em&#8221; position_font=&#8221;Ubuntu Mono||||||||&#8221; position_text_color=&#8221;#de6f5b&#8221; position_font_size=&#8221;18px&#8221; custom_css_member_position=&#8221;margin-bottom: 20px;&#8221; icon_color__hover_enabled=&#8221;on|hover&#8221; icon_color__hover=&#8221;#fdfcec&#8221; header_text_color__hover=&#8221;#2a2a29&#8243; header_text_color__hover_enabled=&#8221;on|hover&#8221; body_text_color__hover=&#8221;#2a2a29&#8243; body_text_color__hover_enabled=&#8221;on|hover&#8221; background__hover_enabled=&#8221;on|hover&#8221;]<\/p>\n<p>Jos\u00e9 Antonio Atauri \u00e9 Doutor em Ecologia e investigador da ecologia de paisagem e da planeamento das \u00e1reas naturais protegidas. Trabalha na Funda\u00e7\u00e3o Fernando Gonz\u00e1lez Bern\u00e1ldez, onde coordenou o desenvolvimento do manual &#8220;\u00c1reas Protegidas frente \u00e0s Altera\u00e7\u00f5es Globais: Adapta\u00e7\u00e3o \u00e0s Altera\u00e7\u00f5es Clim\u00e1ticas no Planeamento e Gest\u00e3o\u201d.<\/p>\n<p>[\/et_pb_team_member][et_pb_text _builder_version=&#8221;4.6.6&#8243; _module_preset=&#8221;default&#8221; text_text_color=&#8221;#2a2a29&#8243; header_text_color=&#8221;#de6f5b&#8221; header_6_text_color=&#8221;#de6f5b&#8221; custom_margin=&#8221;15px||||false|false&#8221; custom_padding=&#8221;15px||||false|false&#8221; border_width_top=&#8221;1px&#8221;]<\/p>\n<h6>Estar\u00e1 em:\u00a0<\/h6>\n<p>[\/et_pb_text][et_pb_button button_url=&#8221;https:\/\/conferencia.lifeshara.com\/pt-pt\/programa\/sessoes\/sessao-10\/&#8221; button_text=&#8221;Sess\u00e3o Tem\u00e1tica 10: Biodiversidade protetora perante \u00e0s altera\u00e7\u00f5es clim\u00e1ticas &#8221; button_alignment=&#8221;left&#8221; _builder_version=&#8221;4.6.6&#8243; custom_button=&#8221;on&#8221; button_text_size=&#8221;16px&#8221; button_text_color=&#8221;#2a2a29&#8243; button_border_width=&#8221;0px&#8221; button_letter_spacing=&#8221;3px&#8221; button_font=&#8221;Ubuntu Mono|700|||||||&#8221; button_icon=&#8221;%%3%%&#8221; custom_margin=&#8221;5px||||false|false&#8221; custom_padding=&#8221;|0px||0px|false|true&#8221; button_bg_color__hover_enabled=&#8221;on|desktop&#8221;][\/et_pb_button][\/et_pb_column][et_pb_column type=&#8221;1_4&#8243; _builder_version=&#8221;4.6.6&#8243; background_color=&#8221;#964e54&#8243; z_index=&#8221;11&#8243; custom_padding=&#8221;30px|2vw|30px|2vw|true|true&#8221; custom_padding_tablet=&#8221;48px|4vw|48px|4vw|true|true&#8221; custom_padding_phone=&#8221;|||5vw|true|false&#8221; custom_padding_last_edited=&#8221;on|phone&#8221; background_last_edited=&#8221;on|desktop&#8221; background__hover_enabled=&#8221;on|hover&#8221; background_color__hover=&#8221;#2a2a29&#8243; background_enable_color__hover=&#8221;on&#8221;][et_pb_image src=&#8221;https:\/\/conferencia.lifeshara.com\/wp-content\/uploads\/2020\/10\/So\u0301nia-Santos.png&#8221; title_text=&#8221;So\u0301nia Santos&#8221; admin_label=&#8221;Imagen ponente&#8221; module_class=&#8221;ponente&#8221; _builder_version=&#8221;4.6.6&#8243; _module_preset=&#8221;default&#8221; width=&#8221;150px&#8221; custom_margin=&#8221;||20px||false|false&#8221;][\/et_pb_image][et_pb_team_member name=&#8221;S\u00f3nia Santos &#8221; icon_color=&#8221;#2a2a29&#8243; _builder_version=&#8221;4.6.6&#8243; _module_preset=&#8221;default&#8221; header_level=&#8221;h2&#8243; header_font=&#8221;|700|||||||&#8221; header_text_color=&#8221;#fdfcec&#8221; position_font=&#8221;Ubuntu Mono||||||||&#8221; position_text_color=&#8221;#fdfcec&#8221; position_font_size=&#8221;18px&#8221; background_layout=&#8221;dark&#8221; custom_css_member_position=&#8221;margin-bottom: 20px;&#8221; icon_color__hover_enabled=&#8221;on|hover&#8221; icon_color__hover=&#8221;#fdfcec&#8221;]Licenciada em Engenharia do Ambiente, ramo de Ambiente, e Diretora de Servi\u00e7os da Qualidade Ambiental da Dire\u00e7\u00e3o Regional do Ambiente do Governo Regional dos A\u00e7ores, respons\u00e1vel pelo desenvolvimento e acompanhamento da implementa\u00e7\u00e3o de pol\u00edticas regionais em altera\u00e7\u00f5es clim\u00e1ticas, incluindo o Programa Regional para as Altera\u00e7\u00f5es Clim\u00e1ticas e os Invent\u00e1rios Regionais de Emiss\u00f5es por Fontes e Remo\u00e7\u00e3o por Sumidouros.[\/et_pb_team_member][et_pb_text _builder_version=&#8221;4.6.6&#8243; _module_preset=&#8221;default&#8221; header_text_color=&#8221;#fdfcec&#8221; header_6_text_color=&#8221;#fdfcec&#8221; custom_margin=&#8221;15px||||false|false&#8221; custom_padding=&#8221;15px||||false|false&#8221; border_width_top=&#8221;1px&#8221;]<\/p>\n<h6>Estar\u00e1 em:\u00a0<\/h6>\n<p>[\/et_pb_text][et_pb_button button_url=&#8221;https:\/\/conferencia.lifeshara.com\/pt-pt\/programa\/sessoes\/sessao-06\/&#8221; button_text=&#8221;Sess\u00e3o Tem\u00e1tica 06: Adapta\u00e7\u00e3o \u00e0s altera\u00e7\u00f5es clim\u00e1ticas nas ilhas do Mediterr\u00e2neo e da Macaron\u00e9sia&#8221; button_alignment=&#8221;left&#8221; _builder_version=&#8221;4.6.6&#8243; custom_button=&#8221;on&#8221; button_text_size=&#8221;16px&#8221; button_text_color=&#8221;#ffffff&#8221; button_border_width=&#8221;0px&#8221; button_letter_spacing=&#8221;3px&#8221; button_font=&#8221;Ubuntu Mono|700|||||||&#8221; button_icon=&#8221;%%3%%&#8221; custom_margin=&#8221;5px||||false|false&#8221; custom_padding=&#8221;|0px||0px|false|true&#8221; button_bg_color__hover_enabled=&#8221;on|desktop&#8221;][\/et_pb_button][\/et_pb_column][et_pb_column type=&#8221;1_4&#8243; _builder_version=&#8221;4.6.6&#8243; background_color=&#8221;#f1a336&#8243; z_index=&#8221;11&#8243; custom_padding=&#8221;30px|2vw|30px|2vw|true|true&#8221; custom_padding_tablet=&#8221;48px|4vw|48px|4vw|true|true&#8221; custom_padding_phone=&#8221;|||5vw|true|false&#8221; custom_padding_last_edited=&#8221;on|phone&#8221; background__hover_enabled=&#8221;on|hover&#8221; background_color__hover=&#8221;#2a2a29&#8243; background_enable_color__hover=&#8221;on&#8221;][et_pb_image src=&#8221;https:\/\/conferencia.lifeshara.com\/wp-content\/uploads\/2020\/10\/Mirta-Dimas-Sua\u0301rez-1.jpg&#8221; title_text=&#8221;Mirta Dimas Sua\u0301rez&#8221; admin_label=&#8221;Imagen ponente&#8221; module_class=&#8221;ponente&#8221; _builder_version=&#8221;4.6.6&#8243; _module_preset=&#8221;default&#8221; width=&#8221;150px&#8221; custom_margin=&#8221;||20px||false|false&#8221;][\/et_pb_image][et_pb_team_member name=&#8221;Mirta Dimas Su\u00e1rez &#8221; icon_color=&#8221;#2a2a29&#8243; _builder_version=&#8221;4.6.6&#8243; _module_preset=&#8221;default&#8221; header_level=&#8221;h2&#8243; header_font=&#8221;|700|||||||&#8221; header_text_color=&#8221;#fdfcec&#8221; position_font=&#8221;Ubuntu Mono||||||||&#8221; position_text_color=&#8221;#fdfcec&#8221; position_font_size=&#8221;18px&#8221; background_layout=&#8221;dark&#8221; custom_css_member_position=&#8221;margin-bottom: 20px;&#8221; icon_color__hover_enabled=&#8221;on|hover&#8221; icon_color__hover=&#8221;#fdfcec&#8221;]Engenheira de Estradas, Canais e Portos especializada em Hidr\u00e1ulica e Energ\u00e9tica e Funcion\u00e1ria da Escala de T\u00e9cnicos Facultativos Superiores de de Ag\u00eancias Aut\u00f4nomas do Minist\u00e9rio das Infraestruturas, desenvolveu a sua carreira no Centro de Estudos Hidrogeol\u00f3gicos do CEDEX, onde trabalhou pela gest\u00e3o da informa\u00e7\u00e3o hidrol\u00f3gica e a avalia\u00e7\u00e3o dos recursos h\u00eddricos.  [\/et_pb_team_member][et_pb_text _builder_version=&#8221;4.6.6&#8243; _module_preset=&#8221;default&#8221; header_text_color=&#8221;#fdfcec&#8221; header_6_text_color=&#8221;#fdfcec&#8221; custom_margin=&#8221;15px||||false|false&#8221; custom_padding=&#8221;15px||||false|false&#8221; border_width_top=&#8221;1px&#8221;]<\/p>\n<h6>Estar\u00e1 em:\u00a0<\/h6>\n<p>[\/et_pb_text][et_pb_button button_url=&#8221;https:\/\/conferencia.lifeshara.com\/pt-pt\/programa\/sessoes\/sessao-03\/&#8221; button_text=&#8221;Sess\u00e3o Tem\u00e1tica 03: Altera\u00e7\u00f5es clim\u00e1ticas e gest\u00e3o da \u00e1gua: desafios e solu\u00e7\u00f5es pela adapta\u00e7\u00e3o&#8221; button_alignment=&#8221;left&#8221; _builder_version=&#8221;4.6.6&#8243; custom_button=&#8221;on&#8221; button_text_size=&#8221;16px&#8221; button_text_color=&#8221;#fdfcec&#8221; button_border_width=&#8221;0px&#8221; button_letter_spacing=&#8221;3px&#8221; button_font=&#8221;Ubuntu Mono|700|||||||&#8221; button_icon=&#8221;%%3%%&#8221; custom_margin=&#8221;5px||||false|false&#8221; custom_padding=&#8221;|0px||0px|false|true&#8221; button_bg_color__hover_enabled=&#8221;on|desktop&#8221; button_text_color__hover=&#8221;#2a2a29&#8243; button_text_color__hover_enabled=&#8221;on|hover&#8221;][\/et_pb_button][\/et_pb_column][et_pb_column type=&#8221;1_4&#8243; _builder_version=&#8221;4.6.6&#8243; background_color=&#8221;#91c468&#8243; z_index=&#8221;11&#8243; custom_padding=&#8221;30px|2vw|30px|2vw|true|true&#8221; custom_padding_tablet=&#8221;48px|4vw|48px|4vw|true|true&#8221; custom_padding_phone=&#8221;|||5vw|true|false&#8221; custom_padding_last_edited=&#8221;on|phone&#8221; background__hover_enabled=&#8221;on|hover&#8221; background_color__hover=&#8221;#2a2a29&#8243; background_enable_color__hover=&#8221;on&#8221;][et_pb_image src=&#8221;https:\/\/conferencia.lifeshara.com\/wp-content\/uploads\/2020\/11\/Joaquin-Rodriguez-Chaparro.jpg&#8221; title_text=&#8221;Joaqu\u00edn-Rodr\u00edguez-Chaparro&#8221; admin_label=&#8221;Imagen ponente&#8221; module_class=&#8221;ponente&#8221; _builder_version=&#8221;4.6.6&#8243; _module_preset=&#8221;default&#8221; width=&#8221;150px&#8221; custom_margin=&#8221;||20px||false|false&#8221;][\/et_pb_image][et_pb_team_member name=&#8221;Joaqu\u00edn Rodr\u00edguez Chaparro&#8221; _builder_version=&#8221;4.6.6&#8243; _module_preset=&#8221;default&#8221; header_level=&#8221;h2&#8243; header_font=&#8221;|700|||||||&#8221; header_text_color=&#8221;#fdfcec&#8221; body_text_color=&#8221;#fdfcec&#8221; body_line_height=&#8221;1.6em&#8221; position_font=&#8221;Ubuntu Mono||||||||&#8221; position_text_color=&#8221;#de6f5b&#8221; position_font_size=&#8221;18px&#8221; custom_css_member_position=&#8221;margin-bottom: 20px;&#8221; icon_color__hover_enabled=&#8221;on|hover&#8221; icon_color__hover=&#8221;#fdfcec&#8221; background__hover_enabled=&#8221;on|hover&#8221;]\u00c9 Engenheiro Agr\u00f4nomo e funcion\u00e1rio de carreira. Trabalha no Minist\u00e9rio de Agricultura, Pesquer\u00eda e Alimenta\u00e7\u00e3o na Subdire\u00e7\u00e3o Geral de Planeamento das Pol\u00edticas Agr\u00e1rias na elabora\u00e7\u00e3o do Plano Estrat\u00e9gico da PAC para a Espanha, centrado nas vertentes clim\u00e1ticas, ambientais e de avalia\u00e7\u00e3o da mesma. [\/et_pb_team_member][et_pb_text _builder_version=&#8221;4.6.6&#8243; _module_preset=&#8221;default&#8221; header_text_color=&#8221;#fdfcec&#8221; header_6_text_color=&#8221;#fdfcec&#8221; custom_margin=&#8221;15px||||false|false&#8221; custom_padding=&#8221;15px||||false|false&#8221; border_width_top=&#8221;1px&#8221;]<\/p>\n<h6>Estar\u00e1 em:\u00a0<\/h6>\n<p>[\/et_pb_text][et_pb_button button_url=&#8221;https:\/\/conferencia.lifeshara.com\/pt-pt\/programa\/sessoes\/sessao-02\/&#8221; button_text=&#8221;Sess\u00e3o Tem\u00e1tica 02: Desafios e solu\u00e7\u00f5es do sector agr\u00e1rio pela adapta\u00e7\u00e3o \u00e0s mudan\u00e7as clim\u00e1ticas &#8221; button_alignment=&#8221;left&#8221; _builder_version=&#8221;4.6.6&#8243; custom_button=&#8221;on&#8221; button_text_size=&#8221;16px&#8221; button_text_color=&#8221;#ffffff&#8221; button_border_width=&#8221;0px&#8221; button_letter_spacing=&#8221;3px&#8221; button_font=&#8221;Ubuntu Mono|700|||||||&#8221; button_icon=&#8221;%%3%%&#8221; custom_margin=&#8221;5px||||false|false&#8221; custom_padding=&#8221;|0px||0px|false|true&#8221; button_bg_color__hover_enabled=&#8221;on|desktop&#8221;][\/et_pb_button][\/et_pb_column][\/et_pb_row][et_pb_row column_structure=&#8221;1_4,1_4,1_4,1_4&#8243; use_custom_gutter=&#8221;on&#8221; gutter_width=&#8221;2&#8243; make_equal=&#8221;on&#8221; admin_label=&#8221;Fila 4 2\u00aa&#8221; _builder_version=&#8221;4.6.6&#8243; background_color=&#8221;#fdfcec&#8221; width=&#8221;90%&#8221; max_width=&#8221;90%&#8221; custom_margin=&#8221;49px|auto|30px|auto|false|false&#8221; custom_padding=&#8221;0px||0px||true|&#8221; border_color_all=&#8221;#fdfcec&#8221; border_color_all__hover_enabled=&#8221;on|hover&#8221;][et_pb_column type=&#8221;1_4&#8243; _builder_version=&#8221;4.6.6&#8243; background_color=&#8221;#de6f5b&#8221; z_index=&#8221;11&#8243; custom_padding=&#8221;30px|2vw|30px|2vw|true|true&#8221; custom_padding_tablet=&#8221;48px|4vw|48px|4vw|true|true&#8221; custom_padding_phone=&#8221;|||5vw|true|false&#8221; custom_padding_last_edited=&#8221;on|phone&#8221; border_width_all=&#8221;1px&#8221; border_color_all=&#8221;#de6f5b&#8221; background_color__hover=&#8221;#2a2a29&#8243; background__hover_enabled=&#8221;on|hover&#8221; background_enable_color__hover=&#8221;on&#8221; border_width_all__hover_enabled=&#8221;on|desktop&#8221;][et_pb_image src=&#8221;https:\/\/conferencia.lifeshara.com\/wp-content\/uploads\/2020\/11\/Jordi-Domingo-Calabuig.jpg&#8221; title_text=&#8221;Jordi-Domingo-Calabuig&#8221; admin_label=&#8221;Imagen ponente&#8221; module_class=&#8221;ponente&#8221; _builder_version=&#8221;4.6.6&#8243; _module_preset=&#8221;default&#8221; width=&#8221;150px&#8221; custom_margin=&#8221;||20px||false|false&#8221;][\/et_pb_image][et_pb_team_member name=&#8221;Jordi Domingo Calabuig&#8221; icon_color=&#8221;#2a2a29&#8243; _builder_version=&#8221;4.6.6&#8243; _module_preset=&#8221;default&#8221; header_level=&#8221;h2&#8243; header_font=&#8221;|700|||||||&#8221; header_text_color=&#8221;#fdfcec&#8221; position_font=&#8221;Ubuntu Mono||||||||&#8221; position_text_color=&#8221;#fdfcec&#8221; position_font_size=&#8221;18px&#8221; background_layout=&#8221;dark&#8221; custom_css_member_position=&#8221;margin-bottom: 20px;&#8221; icon_color__hover_enabled=&#8221;on|hover&#8221; icon_color__hover=&#8221;#fdfcec&#8221;]\u00c9 licenciado em Ci\u00eancias Biol\u00f3gicas. Desenvolveu a sua carreira profissional nas orgasiza\u00e7oes conservacionistas do terceiro setor e na Funda\u00e7\u00e3o Global Nature, onde trabalha em projetos na \u00e1rea agroambiental. Trabalhou em mitiga\u00e7\u00e3o e adapta\u00e7\u00e3o \u00e0s altera\u00e7\u00f5es clim\u00e1ticas no setor agr\u00e1rio, especialmente nos projetos centrados na transfer\u00eancia.[\/et_pb_team_member][et_pb_text _builder_version=&#8221;4.6.6&#8243; _module_preset=&#8221;default&#8221; header_text_color=&#8221;#fdfcec&#8221; header_6_text_color=&#8221;#fdfcec&#8221; custom_margin=&#8221;15px||||false|false&#8221; custom_padding=&#8221;15px||||false|false&#8221; border_width_top=&#8221;1px&#8221;]<\/p>\n<h6>Estar\u00e1 em:\u00a0<\/h6>\n<p>[\/et_pb_text][et_pb_button button_url=&#8221;https:\/\/conferencia.lifeshara.com\/sesion-02\/&#8221; button_text=&#8221;Sesi\u00f3n Tem\u00e1tica 02. Desaf\u00edos y soluciones del sector agrario para adaptarse al cambio clim\u00e1tico&#8221; button_alignment=&#8221;left&#8221; _builder_version=&#8221;4.8.2&#8243; custom_button=&#8221;on&#8221; button_text_size=&#8221;16px&#8221; button_text_color=&#8221;#ffffff&#8221; button_border_width=&#8221;0px&#8221; button_letter_spacing=&#8221;3px&#8221; button_font=&#8221;Ubuntu Mono|700|||||||&#8221; button_icon=&#8221;%%3%%&#8221; custom_margin=&#8221;5px||||false|false&#8221; custom_padding=&#8221;|0px||0px|false|true&#8221; button_bg_color__hover_enabled=&#8221;on|desktop&#8221;][\/et_pb_button][\/et_pb_column][et_pb_column type=&#8221;1_4&#8243; _builder_version=&#8221;4.6.6&#8243; background_color=&#8221;#ffd656&#8243; z_index=&#8221;11&#8243; custom_padding=&#8221;30px|2vw|30px|2vw|true|true&#8221; custom_padding_tablet=&#8221;48px|4vw|48px|4vw|true|true&#8221; custom_padding_phone=&#8221;|||5vw|true|false&#8221; custom_padding_last_edited=&#8221;on|phone&#8221; background_last_edited=&#8221;on|desktop&#8221; background__hover_enabled=&#8221;on|hover&#8221; background_color__hover=&#8221;#2a2a29&#8243; background_enable_color__hover=&#8221;on&#8221;][et_pb_image src=&#8221;https:\/\/conferencia.lifeshara.com\/wp-content\/uploads\/2020\/11\/Hugo-costa-ferreira.jpg&#8221; title_text=&#8221;Hugo-costa-ferreira&#8221; admin_label=&#8221;Imagen ponente&#8221; module_class=&#8221;ponente&#8221; _builder_version=&#8221;4.6.6&#8243; _module_preset=&#8221;default&#8221; width=&#8221;150px&#8221; custom_margin=&#8221;||20px||false|false&#8221;][\/et_pb_image][et_pb_team_member name=&#8221;Hugo Costa Ferreira&#8221; icon_color=&#8221;#2a2a29&#8243; _builder_version=&#8221;4.6.6&#8243; _module_preset=&#8221;default&#8221; header_level=&#8221;h2&#8243; header_font=&#8221;|700|||||||&#8221; header_text_color=&#8221;#fdfcec&#8221; position_font=&#8221;Ubuntu Mono||||||||&#8221; position_text_color=&#8221;#fdfcec&#8221; position_font_size=&#8221;18px&#8221; background_layout=&#8221;dark&#8221; custom_css_member_position=&#8221;margin-bottom: 20px;&#8221; icon_color__hover_enabled=&#8221;on|hover&#8221; icon_color__hover=&#8221;#fdfcec&#8221;]Licenciado em Economia Agr\u00e1ria e Sociologia Rural, Costa Ferreira exerce como o Diretor dos Programas e Pol\u00edticas do Gabinete de Pol\u00edticas e Administra\u00e7\u00e3o-Geral do Minist\u00e9rio de Agricultura portugu\u00e9s. Representou Portugal nas negocia\u00e7\u00f5es de remodela\u00e7\u00e3o da PAC e foi co-coordenador da Equipa de Trabalho sobre Agricultura Setorial na Estrat\u00e9gia Nacional de Adapta\u00e7\u00e3o \u00e0s Altera\u00e7\u00f5es Clim\u00e1ticas.[\/et_pb_team_member][et_pb_text _builder_version=&#8221;4.6.6&#8243; _module_preset=&#8221;default&#8221; header_text_color=&#8221;#fdfcec&#8221; header_6_text_color=&#8221;#fdfcec&#8221; custom_margin=&#8221;15px||||false|false&#8221; custom_padding=&#8221;15px||||false|false&#8221; border_width_top=&#8221;1px&#8221;]<\/p>\n<h6>Estar\u00e1 em:\u00a0<\/h6>\n<p>[\/et_pb_text][et_pb_button button_url=&#8221;https:\/\/conferencia.lifeshara.com\/pt-pt\/programa\/sessoes\/sessao-02\/&#8221; button_text=&#8221;Sess\u00e3o Tem\u00e1tica 02: Desafios e solu\u00e7\u00f5es do sector agr\u00e1rio pela adapta\u00e7\u00e3o \u00e0s mudan\u00e7as clim\u00e1ticas &#8221; button_alignment=&#8221;left&#8221; _builder_version=&#8221;4.6.6&#8243; custom_button=&#8221;on&#8221; button_text_size=&#8221;16px&#8221; button_text_color=&#8221;#ffffff&#8221; button_border_width=&#8221;0px&#8221; button_letter_spacing=&#8221;3px&#8221; button_font=&#8221;Ubuntu Mono|700|||||||&#8221; button_icon=&#8221;%%3%%&#8221; custom_margin=&#8221;5px||||false|false&#8221; custom_padding=&#8221;|0px||0px|false|true&#8221; button_bg_color__hover_enabled=&#8221;on|desktop&#8221;][\/et_pb_button][\/et_pb_column][et_pb_column type=&#8221;1_4&#8243; _builder_version=&#8221;4.6.6&#8243; background_color=&#8221;#946aac&#8221; z_index=&#8221;11&#8243; custom_padding=&#8221;30px|2vw|30px|2vw|true|true&#8221; custom_padding_tablet=&#8221;48px|4vw|48px|4vw|true|true&#8221; custom_padding_phone=&#8221;|||5vw|true|false&#8221; custom_padding_last_edited=&#8221;on|phone&#8221; background_last_edited=&#8221;on|desktop&#8221; background__hover_enabled=&#8221;on|hover&#8221; background_color__hover=&#8221;#2a2a29&#8243; background_enable_color__hover=&#8221;on&#8221;][et_pb_image src=&#8221;https:\/\/conferencia.lifeshara.com\/wp-content\/uploads\/2020\/11\/maria-jose-martinez-sanchez.jpg&#8221; title_text=&#8221;mar\u00eda-jos\u00e9-martinez-sanchez&#8221; admin_label=&#8221;Imagen ponente&#8221; module_class=&#8221;ponente&#8221; _builder_version=&#8221;4.6.6&#8243; _module_preset=&#8221;default&#8221; width=&#8221;150px&#8221; custom_margin=&#8221;||20px||false|false&#8221;][\/et_pb_image][et_pb_team_member name=&#8221;Mar\u00eda Jos\u00e9 Mart\u00ednez S\u00e1nchez&#8221; icon_color=&#8221;#2a2a29&#8243; _builder_version=&#8221;4.6.6&#8243; _module_preset=&#8221;default&#8221; header_level=&#8221;h2&#8243; header_font=&#8221;|700|||||||&#8221; header_text_color=&#8221;#fdfcec&#8221; position_font=&#8221;Ubuntu Mono||||||||&#8221; position_text_color=&#8221;#fdfcec&#8221; position_font_size=&#8221;18px&#8221; background_layout=&#8221;dark&#8221; custom_css_member_position=&#8221;margin-bottom: 20px;&#8221; icon_color__hover_enabled=&#8221;on|hover&#8221; icon_color__hover=&#8221;#fdfcec&#8221;]Catedr\u00e1tica de Edafologia e Qu\u00edmica Agr\u00e1ria da Universidade de Murcia. Coordenadora do projeto LIFE AMDRYC4, \u201cAdapta\u00e7\u00e3o \u00e0s Altera\u00e7\u00f5es Clim\u00e1ticas dos sistemas agr\u00e1rios de sequeiro nas \u00e1reas mediterr\u00e2neas\u201d, com mais de 40 anos de experi\u00eancia docente e investigadora. A sua principal  l\u00ednea de investiga\u00e7\u00e3o \u00e9 a Degrada\u00e7\u00e3o-Desertifica\u00e7\u00e3o dos solos.[\/et_pb_team_member][et_pb_text _builder_version=&#8221;4.6.6&#8243; _module_preset=&#8221;default&#8221; header_text_color=&#8221;#fdfcec&#8221; header_6_text_color=&#8221;#fdfcec&#8221; custom_margin=&#8221;15px||||false|false&#8221; custom_padding=&#8221;15px||||false|false&#8221; border_width_top=&#8221;1px&#8221;]<\/p>\n<h6>Estar\u00e1 em:\u00a0<\/h6>\n<p>[\/et_pb_text][et_pb_button button_url=&#8221;https:\/\/conferencia.lifeshara.com\/pt-pt\/programa\/sessoes\/sessao-02\/&#8221; button_text=&#8221;Sess\u00e3o Tem\u00e1tica 02: Desafios e solu\u00e7\u00f5es do sector agr\u00e1rio pela adapta\u00e7\u00e3o \u00e0s mudan\u00e7as clim\u00e1ticas &#8221; button_alignment=&#8221;left&#8221; _builder_version=&#8221;4.6.6&#8243; custom_button=&#8221;on&#8221; button_text_size=&#8221;16px&#8221; button_text_color=&#8221;#ffffff&#8221; button_border_width=&#8221;0px&#8221; button_letter_spacing=&#8221;3px&#8221; button_font=&#8221;Ubuntu Mono|700|||||||&#8221; button_icon=&#8221;%%3%%&#8221; custom_margin=&#8221;5px||||false|false&#8221; custom_padding=&#8221;|0px||0px|false|true&#8221; button_bg_color__hover_enabled=&#8221;on|desktop&#8221;][\/et_pb_button][\/et_pb_column][et_pb_column type=&#8221;1_4&#8243; _builder_version=&#8221;4.6.6&#8243; background_color=&#8221;#09a0d2&#8243; z_index=&#8221;11&#8243; custom_padding=&#8221;30px|2vw|30px|2vw|true|true&#8221; custom_padding_tablet=&#8221;48px|4vw|48px|4vw|true|true&#8221; custom_padding_phone=&#8221;|||5vw|true|false&#8221; custom_padding_last_edited=&#8221;on|phone&#8221; background_last_edited=&#8221;on|desktop&#8221; background__hover_enabled=&#8221;on|hover&#8221; background_color__hover=&#8221;#2a2a29&#8243; background_enable_color__hover=&#8221;on&#8221;][et_pb_image src=&#8221;https:\/\/conferencia.lifeshara.com\/wp-content\/uploads\/2020\/11\/Alfredo-Sendim.jpg&#8221; title_text=&#8221;Alfredo-Sendim&#8221; admin_label=&#8221;Imagen ponente&#8221; module_class=&#8221;ponente&#8221; _builder_version=&#8221;4.6.6&#8243; _module_preset=&#8221;default&#8221; width=&#8221;150px&#8221; custom_margin=&#8221;||20px||false|false&#8221;][\/et_pb_image][et_pb_team_member name=&#8221;Alfredo Cunhal Sendim&#8221; icon_color=&#8221;#2a2a29&#8243; _builder_version=&#8221;4.6.6&#8243; _module_preset=&#8221;default&#8221; header_level=&#8221;h2&#8243; header_font=&#8221;|700|||||||&#8221; header_text_color=&#8221;#fdfcec&#8221; position_font=&#8221;Ubuntu Mono||||||||&#8221; position_text_color=&#8221;#fdfcec&#8221; position_font_size=&#8221;18px&#8221; background_layout=&#8221;dark&#8221; custom_css_member_position=&#8221;margin-bottom: 20px;&#8221; icon_color__hover_enabled=&#8221;on|hover&#8221; icon_color__hover=&#8221;#fdfcec&#8221;]\u00c9 agricultor e coordenador da Cooperativa de Usu\u00e1rios do Freixo do Meio. Representa a nova gera\u00e7\u00e3o que retoma o desafio de gerir esta propriedade agr\u00edcola como um \u201cBem Comum\u201d num modelo de interac\u00e7\u00e3o com a comunidade e com a natureza. Elegeu a Agroecologia como \u00e9tica de gest\u00e3o e como forma de abordar o presente e de construir o futuro.[\/et_pb_team_member][et_pb_text _builder_version=&#8221;4.6.6&#8243; _module_preset=&#8221;default&#8221; header_text_color=&#8221;#fdfcec&#8221; header_6_text_color=&#8221;#fdfcec&#8221; custom_margin=&#8221;15px||||false|false&#8221; custom_padding=&#8221;15px||||false|false&#8221; border_width_top=&#8221;1px&#8221;]<\/p>\n<h6>Estar\u00e1 em:\u00a0<\/h6>\n<p>[\/et_pb_text][et_pb_button button_url=&#8221;https:\/\/conferencia.lifeshara.com\/pt-pt\/programa\/sessoes\/sessao-02\/&#8221; button_text=&#8221;Sess\u00e3o Tem\u00e1tica 02: Desafios e solu\u00e7\u00f5es do sector agr\u00e1rio pela adapta\u00e7\u00e3o \u00e0s mudan\u00e7as clim\u00e1ticas &#8221; button_alignment=&#8221;left&#8221; _builder_version=&#8221;4.6.6&#8243; custom_button=&#8221;on&#8221; button_text_size=&#8221;16px&#8221; button_text_color=&#8221;#ffffff&#8221; button_border_width=&#8221;0px&#8221; button_letter_spacing=&#8221;3px&#8221; button_font=&#8221;Ubuntu Mono|700|||||||&#8221; button_icon=&#8221;%%3%%&#8221; custom_margin=&#8221;5px||||false|false&#8221; custom_padding=&#8221;|0px||0px|false|true&#8221; button_bg_color__hover_enabled=&#8221;on|desktop&#8221;][\/et_pb_button][\/et_pb_column][\/et_pb_row][et_pb_row column_structure=&#8221;1_4,1_4,1_4,1_4&#8243; use_custom_gutter=&#8221;on&#8221; gutter_width=&#8221;2&#8243; make_equal=&#8221;on&#8221; admin_label=&#8221;Fila 1 2\u00aa&#8221; _builder_version=&#8221;4.6.6&#8243; background_enable_color=&#8221;off&#8221; width=&#8221;90%&#8221; max_width=&#8221;90%&#8221; custom_margin=&#8221;|auto|-1px|auto|false|false&#8221; custom_padding=&#8221;0px||0px||true|&#8221; border_color_all=&#8221;#fdfcec&#8221; border_color_all__hover_enabled=&#8221;on|hover&#8221;][et_pb_column type=&#8221;1_4&#8243; _builder_version=&#8221;4.6.6&#8243; background_color=&#8221;#f1a336&#8243; z_index=&#8221;11&#8243; custom_padding=&#8221;30px|2vw|30px|2vw|true|true&#8221; custom_padding_tablet=&#8221;48px|4vw|48px|4vw|true|true&#8221; custom_padding_phone=&#8221;|||5vw|true|false&#8221; custom_padding_last_edited=&#8221;on|phone&#8221; border_width_all=&#8221;1px&#8221; border_color_all=&#8221;#de6f5b&#8221; background_color__hover=&#8221;#2a2a29&#8243; background__hover_enabled=&#8221;on|hover&#8221; background_enable_color__hover=&#8221;on&#8221; border_width_all__hover_enabled=&#8221;on|desktop&#8221;][et_pb_image src=&#8221;https:\/\/conferencia.lifeshara.com\/wp-content\/uploads\/2020\/11\/Sofia-Nuncio.jpg&#8221; title_text=&#8221;Sofia Nuncio&#8221; admin_label=&#8221;Imagen ponente&#8221; module_class=&#8221;ponente&#8221; _builder_version=&#8221;4.6.6&#8243; _module_preset=&#8221;default&#8221; width=&#8221;150px&#8221; custom_margin=&#8221;||20px||false|false&#8221;][\/et_pb_image][et_pb_team_member name=&#8221;Sofia Nuncio&#8221; _builder_version=&#8221;4.6.6&#8243; _module_preset=&#8221;default&#8221; header_level=&#8221;h2&#8243; header_font=&#8221;|700|||||||&#8221; header_text_color=&#8221;#fdfcec&#8221; body_text_color=&#8221;#fdfcec&#8221; body_line_height=&#8221;1.6em&#8221; position_font=&#8221;Ubuntu Mono||||||||&#8221; position_text_color=&#8221;#de6f5b&#8221; position_font_size=&#8221;18px&#8221; custom_css_member_position=&#8221;margin-bottom: 20px;&#8221; icon_color__hover_enabled=&#8221;on|hover&#8221; icon_color__hover=&#8221;#fdfcec&#8221; background__hover_enabled=&#8221;on|hover&#8221;]Doutora em Biologia (Microbiologia), \u00e9 Investigadora no Instituto Nacional de Sa\u00fade Dr. Ricardo Jorge I.P., onde \u00e9 respons\u00e1vel pelo Centro de Estudos de Vectores e Doen\u00e7as Infecciosas e pela Unidade de Resposta \u00e0 Emerg\u00eancia e Bio Prepara\u00e7\u00e3o. \u00c9 membro do Instituto de Sa\u00fade Ambiental e do Painel Cient\u00edfico da Estrat\u00e9gia Nacional de Adapta\u00e7\u00e3o \u00e0s Altera\u00e7\u00f5es Clim\u00e1ticas.[\/et_pb_team_member][et_pb_text _builder_version=&#8221;4.6.6&#8243; _module_preset=&#8221;default&#8221; header_text_color=&#8221;#fdfcec&#8221; header_6_text_color=&#8221;#fdfcec&#8221; custom_margin=&#8221;15px||||false|false&#8221; custom_padding=&#8221;15px||||false|false&#8221; border_width_top=&#8221;1px&#8221;]<\/p>\n<h6>Estar\u00e1 em:\u00a0<\/h6>\n<p>[\/et_pb_text][et_pb_button button_url=&#8221;https:\/\/conferencia.lifeshara.com\/pt-pt\/programa\/sessoes\/sessao-05\/&#8221; button_text=&#8221;Sess\u00e3o Tem\u00e1tica 05: Sa\u00fade e Adapta\u00e7\u00e3o \u00e0s altera\u00e7\u00f5es clim\u00e1ticas &#8221; button_alignment=&#8221;left&#8221; _builder_version=&#8221;4.6.6&#8243; custom_button=&#8221;on&#8221; button_text_size=&#8221;16px&#8221; button_text_color=&#8221;#ffffff&#8221; button_border_width=&#8221;0px&#8221; button_letter_spacing=&#8221;3px&#8221; button_font=&#8221;Ubuntu Mono|700|||||||&#8221; button_icon=&#8221;%%3%%&#8221; custom_margin=&#8221;5px||||false|false&#8221; custom_padding=&#8221;|0px||0px|false|true&#8221; button_bg_color__hover_enabled=&#8221;on|desktop&#8221;][\/et_pb_button][\/et_pb_column][et_pb_column type=&#8221;1_4&#8243; _builder_version=&#8221;4.6.6&#8243; background_color=&#8221;#91c468&#8243; z_index=&#8221;11&#8243; custom_padding=&#8221;30px|2vw|30px|2vw|true|true&#8221; custom_padding_tablet=&#8221;48px|4vw|48px|4vw|true|true&#8221; custom_padding_phone=&#8221;|||5vw|true|false&#8221; custom_padding_last_edited=&#8221;on|phone&#8221; background_last_edited=&#8221;on|desktop&#8221; background__hover_enabled=&#8221;on|hover&#8221; background_color__hover=&#8221;#2a2a29&#8243; background_enable_color__hover=&#8221;on&#8221;][et_pb_image src=&#8221;https:\/\/conferencia.lifeshara.com\/wp-content\/uploads\/2020\/11\/Jose-Luis-Martin-Esquivel.jpg&#8221; title_text=&#8221;Jose-Luis-Mart\u00edn-Esquivel&#8221; admin_label=&#8221;Imagen ponente&#8221; module_class=&#8221;ponente&#8221; _builder_version=&#8221;4.6.6&#8243; _module_preset=&#8221;default&#8221; width=&#8221;150px&#8221; custom_margin=&#8221;||20px||false|false&#8221;][\/et_pb_image][et_pb_team_member name=&#8221;Jos\u00e9 Luis Mart\u00edn Esquivel&#8221; _builder_version=&#8221;4.6.6&#8243; _module_preset=&#8221;default&#8221; header_level=&#8221;h2&#8243; header_font=&#8221;|700|||||||&#8221; header_text_color=&#8221;#fdfcec&#8221; body_text_color=&#8221;#fdfcec&#8221; body_line_height=&#8221;1.6em&#8221; position_font=&#8221;Ubuntu Mono||||||||&#8221; position_text_color=&#8221;#de6f5b&#8221; position_font_size=&#8221;18px&#8221; custom_css_member_position=&#8221;margin-bottom: 20px;&#8221; icon_color__hover_enabled=&#8221;on|hover&#8221; icon_color__hover=&#8221;#fdfcec&#8221; background__hover_enabled=&#8221;on|hover&#8221;]Doutor em Biologia e investigador em Ecologia dos Ecossistemas Macaron\u00e9sicos, onde publicou v\u00e1rios livros e mais de uma centena de artigos cientistas. Foi Chefe de \u00c1reas Protegidas, Chefe de Biodiversidade e Diretor de Sustentabilidade na Ag\u00eancia Canaria das Altera\u00e7\u00f5es Clim\u00e1ticas. Na atualidade, \u00e9 coordenador de tarefas de conserva\u00e7\u00e3o no Parque Nacional do Teide.[\/et_pb_team_member][et_pb_text _builder_version=&#8221;4.6.6&#8243; _module_preset=&#8221;default&#8221; header_text_color=&#8221;#fdfcec&#8221; header_6_text_color=&#8221;#fdfcec&#8221; custom_margin=&#8221;15px||||false|false&#8221; custom_padding=&#8221;15px||||false|false&#8221; border_width_top=&#8221;1px&#8221;]<\/p>\n<h6>Estar\u00e1 em:\u00a0<\/h6>\n<p>[\/et_pb_text][et_pb_button button_url=&#8221;https:\/\/conferencia.lifeshara.com\/pt-pt\/programa\/sessoes\/sessao-10\/&#8221; button_text=&#8221;Sess\u00e3o Tem\u00e1tica 10: Biodiversidade protetora perante \u00e0s altera\u00e7\u00f5es clim\u00e1ticas &#8221; button_alignment=&#8221;left&#8221; _builder_version=&#8221;4.6.6&#8243; custom_button=&#8221;on&#8221; button_text_size=&#8221;16px&#8221; button_text_color=&#8221;#ffffff&#8221; button_border_width=&#8221;0px&#8221; button_letter_spacing=&#8221;3px&#8221; button_font=&#8221;Ubuntu Mono|700|||||||&#8221; button_icon=&#8221;%%3%%&#8221; custom_margin=&#8221;5px||||false|false&#8221; custom_padding=&#8221;|0px||0px|false|true&#8221; button_bg_color__hover_enabled=&#8221;on|desktop&#8221;][\/et_pb_button][\/et_pb_column][et_pb_column type=&#8221;1_4&#8243; _builder_version=&#8221;4.6.6&#8243; background_color=&#8221;#964e54&#8243; z_index=&#8221;11&#8243; custom_padding=&#8221;30px|2vw|30px|2vw|true|true&#8221; custom_padding_tablet=&#8221;48px|4vw|48px|4vw|true|true&#8221; custom_padding_phone=&#8221;|||5vw|true|false&#8221; custom_padding_last_edited=&#8221;on|phone&#8221; background_last_edited=&#8221;on|desktop&#8221; background__hover_enabled=&#8221;on|hover&#8221; background_color__hover=&#8221;#2a2a29&#8243; background_enable_color__hover=&#8221;on&#8221;][et_pb_image src=&#8221;https:\/\/conferencia.lifeshara.com\/wp-content\/uploads\/2020\/10\/Jose\u0301-A\u0301ngel-Rodri\u0301guez-Cabellos-1.jpg&#8221; title_text=&#8221;Jose\u0301 A\u0301ngel Rodri\u0301guez Cabellos&#8221; admin_label=&#8221;Imagen ponente&#8221; module_class=&#8221;ponente&#8221; _builder_version=&#8221;4.6.6&#8243; _module_preset=&#8221;default&#8221; width=&#8221;150px&#8221; custom_margin=&#8221;||20px||false|false&#8221;][\/et_pb_image][et_pb_team_member name=&#8221;Jos\u00e9 \u00c1ngel Rodr\u00edguez Cabellos &#8221; icon_color=&#8221;#2a2a29&#8243; _builder_version=&#8221;4.6.6&#8243; _module_preset=&#8221;default&#8221; header_level=&#8221;h2&#8243; header_font=&#8221;|700|||||||&#8221; header_text_color=&#8221;#fdfcec&#8221; position_font=&#8221;Ubuntu Mono||||||||&#8221; position_text_color=&#8221;#fdfcec&#8221; position_font_size=&#8221;18px&#8221; background_layout=&#8221;dark&#8221; custom_css_member_position=&#8221;margin-bottom: 20px;&#8221; icon_color__hover_enabled=&#8221;on|hover&#8221; icon_color__hover=&#8221;#fdfcec&#8221;]Membro do Corpo de Engenheiros de Estradas, Canais e Portos do Estado espanhol, \u00e9 o respons\u00e1vel do desenvolvimento do Plano Hidrol\u00f3gico e do Plano das Secas na Demarca\u00e7\u00e3o Hidrogr\u00e1fica do Guadiana e Chefe do Gabinete de Planeamento Hidrol\u00f3gico. Trabalhou em projetos de constru\u00e7\u00e3o, conserva\u00e7\u00e3o e melhoramento das infraestruturas hidr\u00e1ulicas.   [\/et_pb_team_member][et_pb_text _builder_version=&#8221;4.6.6&#8243; _module_preset=&#8221;default&#8221; header_text_color=&#8221;#fdfcec&#8221; header_6_text_color=&#8221;#fdfcec&#8221; custom_margin=&#8221;15px||||false|false&#8221; custom_padding=&#8221;15px||||false|false&#8221; border_width_top=&#8221;1px&#8221;]<\/p>\n<h6>Estar\u00e1 em:\u00a0<\/h6>\n<p>[\/et_pb_text][et_pb_button button_url=&#8221;https:\/\/conferencia.lifeshara.com\/pt-pt\/programa\/sessoes\/sessao-03\/&#8221; button_text=&#8221;Sess\u00e3o Tem\u00e1tica 03: Altera\u00e7\u00f5es clim\u00e1ticas e gest\u00e3o da \u00e1gua: desafios e solu\u00e7\u00f5es pela adapta\u00e7\u00e3o&#8221; button_alignment=&#8221;left&#8221; _builder_version=&#8221;4.6.6&#8243; custom_button=&#8221;on&#8221; button_text_size=&#8221;16px&#8221; button_text_color=&#8221;#fdfcec&#8221; button_border_width=&#8221;0px&#8221; button_letter_spacing=&#8221;3px&#8221; button_font=&#8221;Ubuntu Mono|700|||||||&#8221; button_icon=&#8221;%%3%%&#8221; custom_margin=&#8221;5px||||false|false&#8221; custom_padding=&#8221;|0px||0px|false|true&#8221; button_bg_color__hover_enabled=&#8221;on|desktop&#8221; button_text_color__hover=&#8221;#2a2a29&#8243; button_text_color__hover_enabled=&#8221;on|hover&#8221;][\/et_pb_button][\/et_pb_column][et_pb_column type=&#8221;1_4&#8243; _builder_version=&#8221;4.6.6&#8243; background_color=&#8221;#ffffff&#8221; z_index=&#8221;11&#8243; custom_padding=&#8221;30px|2vw|30px|2vw|true|true&#8221; custom_padding_tablet=&#8221;48px|4vw|48px|4vw|true|true&#8221; custom_padding_phone=&#8221;|||5vw|true|false&#8221; custom_padding_last_edited=&#8221;on|phone&#8221; background_last_edited=&#8221;on|desktop&#8221; border_width_all=&#8221;1px&#8221; border_color_all=&#8221;#de6f5b&#8221; background__hover_enabled=&#8221;on|desktop&#8221; background_color__hover=&#8221;#fdfcec&#8221; background_enable_color__hover=&#8221;on&#8221; border_width_all__hover_enabled=&#8221;on|desktop&#8221;][et_pb_image src=&#8221;https:\/\/conferencia.lifeshara.com\/wp-content\/uploads\/2020\/11\/foto_Celia-Laranjeira.jpg&#8221; title_text=&#8221;foto_Celia Laranjeira&#8221; admin_label=&#8221;Imagen ponente&#8221; module_class=&#8221;ponente&#8221; _builder_version=&#8221;4.6.6&#8243; _module_preset=&#8221;default&#8221; width=&#8221;150px&#8221; custom_margin=&#8221;||20px||false|false&#8221;][\/et_pb_image][et_pb_team_member name=&#8221;C\u00e9lia Laranjeira&#8221; _builder_version=&#8221;4.6.6&#8243; _module_preset=&#8221;default&#8221; header_level=&#8221;h2&#8243; header_font=&#8221;|700|||||||&#8221; body_line_height=&#8221;1.6em&#8221; position_font=&#8221;Ubuntu Mono||||||||&#8221; position_text_color=&#8221;#de6f5b&#8221; position_font_size=&#8221;18px&#8221; custom_css_member_position=&#8221;margin-bottom: 20px;&#8221; icon_color__hover_enabled=&#8221;on|hover&#8221; icon_color__hover=&#8221;#fdfcec&#8221; header_text_color__hover=&#8221;#2a2a29&#8243; header_text_color__hover_enabled=&#8221;on|hover&#8221; body_text_color__hover=&#8221;#2a2a29&#8243; body_text_color__hover_enabled=&#8221;on|hover&#8221; background__hover_enabled=&#8221;on|hover&#8221;]Bi\u00f3loga e Chefe da Divis\u00e3o do Ambiente e Sustentabilidade da C\u00e2mara Municipal de \u00c1gueda, \u00e9 respons\u00e1vel do desenvolvimento e implementa\u00e7\u00e3o dos projetos na \u00e1rea de energia e efici\u00eancia das \u00e0guas, energias renov\u00e1veis, mobilidade sustent\u00e1vel, ac\u00e7\u00f5es para a gest\u00e3o eficiente dos recursos naturais e res\u00edduos. [\/et_pb_team_member][et_pb_text _builder_version=&#8221;4.6.6&#8243; _module_preset=&#8221;default&#8221; text_text_color=&#8221;#2a2a29&#8243; header_text_color=&#8221;#de6f5b&#8221; header_6_text_color=&#8221;#de6f5b&#8221; custom_margin=&#8221;15px||||false|false&#8221; custom_padding=&#8221;15px||||false|false&#8221; border_width_top=&#8221;1px&#8221;]<\/p>\n<h6>Estar\u00e1 em:\u00a0<\/h6>\n<p>[\/et_pb_text][et_pb_button button_url=&#8221;https:\/\/conferencia.lifeshara.com\/pt-pt\/sessao-01\/&#8221; button_text=&#8221;Sess\u00e3o Tem\u00e1tica 01: Est\u00e3o as cidades a adaptar-se \u00e0s altera\u00e7\u00f5es clim\u00e1ticas? &#8221; button_alignment=&#8221;left&#8221; _builder_version=&#8221;4.6.6&#8243; custom_button=&#8221;on&#8221; button_text_size=&#8221;16px&#8221; button_text_color=&#8221;#2a2a29&#8243; button_border_width=&#8221;0px&#8221; button_letter_spacing=&#8221;3px&#8221; button_font=&#8221;Ubuntu Mono|700|||||||&#8221; button_icon=&#8221;%%3%%&#8221; custom_margin=&#8221;5px||||false|false&#8221; custom_padding=&#8221;|0px||0px|false|true&#8221; button_bg_color__hover_enabled=&#8221;on|desktop&#8221; button_text_color__hover=&#8221;#2a2a29&#8243; button_text_color__hover_enabled=&#8221;on|hover&#8221;][\/et_pb_button][\/et_pb_column][\/et_pb_row][et_pb_row column_structure=&#8221;1_4,1_4,1_4,1_4&#8243; use_custom_gutter=&#8221;on&#8221; gutter_width=&#8221;2&#8243; make_equal=&#8221;on&#8221; admin_label=&#8221;Fila 2&#8243; _builder_version=&#8221;4.6.6&#8243; background_color=&#8221;#fdfcec&#8221; width=&#8221;90%&#8221; max_width=&#8221;90%&#8221; custom_margin=&#8221;49px|auto|30px|auto|false|false&#8221; custom_padding=&#8221;0px||0px||true|&#8221; border_color_all=&#8221;#fdfcec&#8221; border_color_all__hover_enabled=&#8221;on|hover&#8221;][et_pb_column type=&#8221;1_4&#8243; _builder_version=&#8221;4.6.6&#8243; background_color=&#8221;#de6f5b&#8221; z_index=&#8221;11&#8243; custom_padding=&#8221;30px|2vw|30px|2vw|true|true&#8221; custom_padding_tablet=&#8221;48px|4vw|48px|4vw|true|true&#8221; custom_padding_phone=&#8221;|||5vw|true|false&#8221; custom_padding_last_edited=&#8221;on|phone&#8221; border_width_all=&#8221;1px&#8221; border_color_all=&#8221;#de6f5b&#8221; background_color__hover=&#8221;#2a2a29&#8243; background__hover_enabled=&#8221;on|hover&#8221; background_enable_color__hover=&#8221;on&#8221; border_width_all__hover_enabled=&#8221;on|desktop&#8221;][et_pb_image src=&#8221;https:\/\/conferencia.lifeshara.com\/wp-content\/uploads\/2020\/11\/foto_Paulo-Fernandes.jpg&#8221; title_text=&#8221;foto_Paulo Fernandes&#8221; admin_label=&#8221;Imagen ponente&#8221; module_class=&#8221;ponente&#8221; _builder_version=&#8221;4.6.6&#8243; _module_preset=&#8221;default&#8221; width=&#8221;150px&#8221; custom_margin=&#8221;||20px||false|false&#8221;][\/et_pb_image][et_pb_team_member name=&#8221;Paulo Fernandes&#8221; _builder_version=&#8221;4.6.6&#8243; _module_preset=&#8221;default&#8221; header_level=&#8221;h2&#8243; header_font=&#8221;|700|||||||&#8221; header_text_color=&#8221;#fdfcec&#8221; body_text_color=&#8221;#fdfcec&#8221; body_line_height=&#8221;1.6em&#8221; position_font=&#8221;Ubuntu Mono||||||||&#8221; position_text_color=&#8221;#de6f5b&#8221; position_font_size=&#8221;18px&#8221; custom_css_member_position=&#8221;margin-bottom: 20px;&#8221; icon_color__hover_enabled=&#8221;on|hover&#8221; icon_color__hover=&#8221;#fdfcec&#8221; background__hover_enabled=&#8221;on|hover&#8221;]Graduado em Rela\u00e7\u00f5es Internacionais, atualmente \u00e9 o Presidente da C\u00e2mara Municipal do munic\u00edpio de Fund\u00e3o, onde j\u00e1 serviu como vice-presidente e vereador nas \u00e1reas como esportes, cultura e a\u00e7\u00e3o social. \u00c9 fundador e presidente da Rede de Aldeias de Xisto e tamb\u00e9m fundador da Rede de Aldeias Hist\u00f3ricas de Portugal, entre outras institui\u00e7\u00f5es vinculadas ao Desenvolvimento Regional.[\/et_pb_team_member][et_pb_text _builder_version=&#8221;4.6.6&#8243; _module_preset=&#8221;default&#8221; header_text_color=&#8221;#fdfcec&#8221; header_6_text_color=&#8221;#fdfcec&#8221; custom_margin=&#8221;15px||||false|false&#8221; custom_padding=&#8221;15px||||false|false&#8221; border_width_top=&#8221;1px&#8221;]<\/p>\n<h6>Estar\u00e1 em:\u00a0<\/h6>\n<p>[\/et_pb_text][et_pb_button button_url=&#8221;https:\/\/conferencia.lifeshara.com\/pt-pt\/sessao-01\/&#8221; button_text=&#8221;Sess\u00e3o Tem\u00e1tica 01: Est\u00e3o as cidades a adaptar-se \u00e0s altera\u00e7\u00f5es clim\u00e1ticas? &#8221; button_alignment=&#8221;left&#8221; _builder_version=&#8221;4.6.6&#8243; custom_button=&#8221;on&#8221; button_text_size=&#8221;16px&#8221; button_text_color=&#8221;#fdfcec&#8221; button_border_width=&#8221;0px&#8221; button_letter_spacing=&#8221;3px&#8221; button_font=&#8221;Ubuntu Mono|700|||||||&#8221; button_icon=&#8221;%%3%%&#8221; custom_margin=&#8221;5px||||false|false&#8221; custom_padding=&#8221;|0px||0px|false|true&#8221; button_bg_color__hover_enabled=&#8221;on|desktop&#8221; button_text_color__hover=&#8221;#2a2a29&#8243; button_text_color__hover_enabled=&#8221;on|hover&#8221;][\/et_pb_button][\/et_pb_column][et_pb_column type=&#8221;1_4&#8243; _builder_version=&#8221;4.6.6&#8243; background_color=&#8221;#ffd656&#8243; z_index=&#8221;11&#8243; custom_padding=&#8221;30px|2vw|30px|2vw|true|true&#8221; custom_padding_tablet=&#8221;48px|4vw|48px|4vw|true|true&#8221; custom_padding_phone=&#8221;|||5vw|true|false&#8221; custom_padding_last_edited=&#8221;on|phone&#8221; background_last_edited=&#8221;on|desktop&#8221; background__hover_enabled=&#8221;on|hover&#8221; background_color__hover=&#8221;#2a2a29&#8243; background_enable_color__hover=&#8221;on&#8221;][et_pb_image src=&#8221;https:\/\/conferencia.lifeshara.com\/wp-content\/uploads\/2020\/11\/foto_Ana-Lourenco.png&#8221; title_text=&#8221;foto_Ana Lourenco&#8221; admin_label=&#8221;Imagen ponente&#8221; module_class=&#8221;ponente&#8221; _builder_version=&#8221;4.6.6&#8243; _module_preset=&#8221;default&#8221; width=&#8221;150px&#8221; custom_margin=&#8221;||20px||false|false&#8221;][\/et_pb_image][et_pb_team_member name=&#8221;Ana Cristina Louren\u00e7o&#8221; icon_color=&#8221;#2a2a29&#8243; _builder_version=&#8221;4.6.6&#8243; _module_preset=&#8221;default&#8221; header_level=&#8221;h2&#8243; header_font=&#8221;|700|||||||&#8221; header_text_color=&#8221;#fdfcec&#8221; position_font=&#8221;Ubuntu Mono||||||||&#8221; position_text_color=&#8221;#fdfcec&#8221; position_font_size=&#8221;18px&#8221; background_layout=&#8221;dark&#8221; custom_css_member_position=&#8221;margin-bottom: 20px;&#8221; icon_color__hover_enabled=&#8221;on|hover&#8221; icon_color__hover=&#8221;#fdfcec&#8221;]Doutora em Arquitetura Paisagista, exerce fun\u00e7\u00f5es na C\u00e2mara Municipal de Lisboa nas \u00e1reas do planeamento urban\u00edstico, gest\u00e3o do espa\u00e7o p\u00fablico e ambiente, entre outras, sendo atualmente Diretora do Departamento de Ambiente, Energia e Altera\u00e7\u00f5es Clim\u00e1ticas.[\/et_pb_team_member][et_pb_text _builder_version=&#8221;4.6.6&#8243; _module_preset=&#8221;default&#8221; header_text_color=&#8221;#fdfcec&#8221; header_6_text_color=&#8221;#fdfcec&#8221; custom_margin=&#8221;15px||||false|false&#8221; custom_padding=&#8221;15px||||false|false&#8221; border_width_top=&#8221;1px&#8221;]<\/p>\n<h6>Estar\u00e1 em:\u00a0<\/h6>\n<p>[\/et_pb_text][et_pb_button button_url=&#8221;https:\/\/conferencia.lifeshara.com\/pt-pt\/sessao-01\/&#8221; button_text=&#8221;Sess\u00e3o Tem\u00e1tica 01: Est\u00e3o as cidades a adaptar-se \u00e0s altera\u00e7\u00f5es clim\u00e1ticas? &#8221; button_alignment=&#8221;left&#8221; _builder_version=&#8221;4.6.6&#8243; custom_button=&#8221;on&#8221; button_text_size=&#8221;16px&#8221; button_text_color=&#8221;#fdfcec&#8221; button_border_width=&#8221;0px&#8221; button_letter_spacing=&#8221;3px&#8221; button_font=&#8221;Ubuntu Mono|700|||||||&#8221; button_icon=&#8221;%%3%%&#8221; custom_margin=&#8221;5px||||false|false&#8221; custom_padding=&#8221;|0px||0px|false|true&#8221; button_bg_color__hover_enabled=&#8221;on|desktop&#8221; button_text_color__hover=&#8221;#2a2a29&#8243; button_text_color__hover_enabled=&#8221;on|hover&#8221;][\/et_pb_button][\/et_pb_column][et_pb_column type=&#8221;1_4&#8243; _builder_version=&#8221;4.6.6&#8243; background_color=&#8221;#946aac&#8221; z_index=&#8221;11&#8243; custom_padding=&#8221;30px|2vw|30px|2vw|true|true&#8221; custom_padding_tablet=&#8221;48px|4vw|48px|4vw|true|true&#8221; custom_padding_phone=&#8221;|||5vw|true|false&#8221; custom_padding_last_edited=&#8221;on|phone&#8221; background_last_edited=&#8221;on|desktop&#8221; background__hover_enabled=&#8221;on|hover&#8221; background_color__hover=&#8221;#2a2a29&#8243; background_enable_color__hover=&#8221;on&#8221;][et_pb_image src=&#8221;https:\/\/conferencia.lifeshara.com\/wp-content\/uploads\/2020\/11\/Ricardo-Trigo.jpg&#8221; title_text=&#8221;Ricardo-Trigo&#8221; admin_label=&#8221;Imagen ponente&#8221; module_class=&#8221;ponente&#8221; _builder_version=&#8221;4.6.6&#8243; _module_preset=&#8221;default&#8221; width=&#8221;150px&#8221; custom_margin=&#8221;||20px||false|false&#8221;][\/et_pb_image][et_pb_team_member name=&#8221;Ricardo Trigo&#8221; icon_color=&#8221;#2a2a29&#8243; _builder_version=&#8221;4.6.6&#8243; _module_preset=&#8221;default&#8221; header_level=&#8221;h2&#8243; header_font=&#8221;|700|||||||&#8221; header_text_color=&#8221;#fdfcec&#8221; position_font=&#8221;Ubuntu Mono||||||||&#8221; position_text_color=&#8221;#fdfcec&#8221; position_font_size=&#8221;18px&#8221; background_layout=&#8221;dark&#8221; custom_css_member_position=&#8221;margin-bottom: 20px;&#8221; icon_color__hover_enabled=&#8221;on|hover&#8221; icon_color__hover=&#8221;#fdfcec&#8221;]\u00c9 professor associado na Faculdade de Ci\u00eancias da Universidade de Lisboa e diretor do Instituto Dom Luiz. Publicou amplamente sobre as altera\u00e7\u00f5es clim\u00e1ticas e os extremos clim\u00e1ticos com um particular \u00eanfase nas inunda\u00e7\u00f5es, secas, vagas de calor e inc\u00eandios florestais. Em 2008 foi galardoado com o Pr\u00eamio da International Journal of Climatology, endossado pela Royal Meteorological Society do Reino Unido.[\/et_pb_team_member][et_pb_text _builder_version=&#8221;4.6.6&#8243; _module_preset=&#8221;default&#8221; header_text_color=&#8221;#fdfcec&#8221; header_6_text_color=&#8221;#fdfcec&#8221; custom_margin=&#8221;15px||||false|false&#8221; custom_padding=&#8221;15px||||false|false&#8221; border_width_top=&#8221;1px&#8221;]<\/p>\n<h6>Estar\u00e1 em:\u00a0<\/h6>\n<p>[\/et_pb_text][et_pb_button button_url=&#8221;https:\/\/conferencia.lifeshara.com\/pt-pt\/programa\/sessoes\/sessao-08\/&#8221; button_text=&#8221;Sess\u00e3o Tem\u00e1tica 08: Redu\u00e7\u00e3o do risco de desastres e adapta\u00e7\u00e3o \u00e0s altera\u00e7\u00f5es clim\u00e1ticas&#8221; button_alignment=&#8221;left&#8221; _builder_version=&#8221;4.6.6&#8243; custom_button=&#8221;on&#8221; button_text_size=&#8221;16px&#8221; button_text_color=&#8221;#ffffff&#8221; button_border_width=&#8221;0px&#8221; button_letter_spacing=&#8221;3px&#8221; button_font=&#8221;Ubuntu Mono|700|||||||&#8221; button_icon=&#8221;%%3%%&#8221; custom_margin=&#8221;5px||||false|false&#8221; custom_padding=&#8221;|0px||0px|false|true&#8221; button_bg_color__hover_enabled=&#8221;on|desktop&#8221;][\/et_pb_button][\/et_pb_column][et_pb_column type=&#8221;1_4&#8243; _builder_version=&#8221;4.6.6&#8243; background_color=&#8221;#09a0d2&#8243; z_index=&#8221;11&#8243; custom_padding=&#8221;30px|2vw|30px|2vw|true|true&#8221; custom_padding_tablet=&#8221;48px|4vw|48px|4vw|true|true&#8221; custom_padding_phone=&#8221;|||5vw|true|false&#8221; custom_padding_last_edited=&#8221;on|phone&#8221; background_last_edited=&#8221;on|desktop&#8221; background__hover_enabled=&#8221;on|hover&#8221; background_color__hover=&#8221;#2a2a29&#8243; background_enable_color__hover=&#8221;on&#8221;][et_pb_image src=&#8221;https:\/\/conferencia.lifeshara.com\/wp-content\/uploads\/2020\/11\/Ana-Vicedo-Cabrera.jpg&#8221; title_text=&#8221;Ana-Vicedo-Cabrera&#8221; admin_label=&#8221;Imagen ponente&#8221; module_class=&#8221;ponente&#8221; _builder_version=&#8221;4.6.6&#8243; _module_preset=&#8221;default&#8221; width=&#8221;150px&#8221; custom_margin=&#8221;||20px||false|false&#8221;][\/et_pb_image][et_pb_team_member name=&#8221;Ana Mar\u00eda Vicedo Cabrera&#8221; icon_color=&#8221;#2a2a29&#8243; _builder_version=&#8221;4.6.6&#8243; _module_preset=&#8221;default&#8221; header_level=&#8221;h2&#8243; header_font=&#8221;|700|||||||&#8221; header_text_color=&#8221;#fdfcec&#8221; position_font=&#8221;Ubuntu Mono||||||||&#8221; position_text_color=&#8221;#fdfcec&#8221; position_font_size=&#8221;18px&#8221; background_layout=&#8221;dark&#8221; custom_css_member_position=&#8221;margin-bottom: 20px;&#8221; icon_color__hover_enabled=&#8221;on|hover&#8221; icon_color__hover=&#8221;#fdfcec&#8221;]Es epidemi\u00f3loga ambiental experta en el impacto del cambio clim\u00e1tico sobre la salud. Actualmente es investigadora del Institute of Social and Preventive Medicine y del Oeschger Center for Climate Change Research de la Universidad de Berna (Suiza), donde lidera el grupo de investigaci\u00f3n sobre Cambio Clim\u00e1tico y Salud. Actualmente investiga sobre los efectos de las temperaturas extremas y la contaminaci\u00f3n atmosf\u00e9rica sobre la salud.[\/et_pb_team_member][et_pb_text _builder_version=&#8221;4.6.6&#8243; _module_preset=&#8221;default&#8221; header_text_color=&#8221;#fdfcec&#8221; header_6_text_color=&#8221;#fdfcec&#8221; custom_margin=&#8221;15px||||false|false&#8221; custom_padding=&#8221;15px||||false|false&#8221; border_width_top=&#8221;1px&#8221;]<\/p>\n<h6>Estar\u00e1 em:\u00a0<\/h6>\n<p>[\/et_pb_text][et_pb_button button_url=&#8221;https:\/\/conferencia.lifeshara.com\/pt-pt\/programa\/sessoes\/sessao-08\/&#8221; button_text=&#8221;Sess\u00e3o Tem\u00e1tica 08: Redu\u00e7\u00e3o do risco de desastres e adapta\u00e7\u00e3o \u00e0s altera\u00e7\u00f5es clim\u00e1ticas&#8221; button_alignment=&#8221;left&#8221; _builder_version=&#8221;4.6.6&#8243; custom_button=&#8221;on&#8221; button_text_size=&#8221;16px&#8221; button_text_color=&#8221;#ffffff&#8221; button_border_width=&#8221;0px&#8221; button_letter_spacing=&#8221;3px&#8221; button_font=&#8221;Ubuntu Mono|700|||||||&#8221; button_icon=&#8221;%%3%%&#8221; custom_margin=&#8221;5px||||false|false&#8221; custom_padding=&#8221;|0px||0px|false|true&#8221; button_bg_color__hover_enabled=&#8221;on|desktop&#8221;][\/et_pb_button][\/et_pb_column][\/et_pb_row][et_pb_row column_structure=&#8221;1_4,1_4,1_4,1_4&#8243; use_custom_gutter=&#8221;on&#8221; gutter_width=&#8221;2&#8243; make_equal=&#8221;on&#8221; admin_label=&#8221;Fila 5 2\u00aa&#8221; _builder_version=&#8221;4.6.6&#8243; background_color=&#8221;#fdfcec&#8221; width=&#8221;90%&#8221; max_width=&#8221;90%&#8221; custom_margin=&#8221;|auto|-1px|auto|false|false&#8221; custom_padding=&#8221;0px||0px||true|&#8221; border_color_all=&#8221;#fdfcec&#8221; border_color_all__hover_enabled=&#8221;on|hover&#8221;][et_pb_column type=&#8221;1_4&#8243; _builder_version=&#8221;4.6.6&#8243; background_color=&#8221;#ffffff&#8221; z_index=&#8221;11&#8243; custom_padding=&#8221;30px|2vw|30px|2vw|true|true&#8221; custom_padding_tablet=&#8221;48px|4vw|48px|4vw|true|true&#8221; custom_padding_phone=&#8221;|||5vw|true|false&#8221; custom_padding_last_edited=&#8221;on|phone&#8221; border_width_all=&#8221;1px&#8221; border_color_all=&#8221;#de6f5b&#8221; background_color__hover=&#8221;#fdfcec&#8221; background__hover_enabled=&#8221;on|hover&#8221; background_enable_color__hover=&#8221;on&#8221; border_width_all__hover_enabled=&#8221;on|desktop&#8221;][et_pb_image src=&#8221;https:\/\/conferencia.lifeshara.com\/wp-content\/uploads\/2020\/10\/A\u0301ngel-Ferna\u0301ndez-Lo\u0301pez-2.jpg&#8221; title_text=&#8221;A\u0301ngel Ferna\u0301ndez Lo\u0301pez&#8221; admin_label=&#8221;Imagen ponente&#8221; module_class=&#8221;ponente&#8221; _builder_version=&#8221;4.6.6&#8243; _module_preset=&#8221;default&#8221; width=&#8221;150px&#8221; custom_margin=&#8221;||20px||false|false&#8221;][\/et_pb_image][et_pb_team_member name=&#8221;Angel Fern\u00e1ndez L\u00f3pez \t&#8221; _builder_version=&#8221;4.6.6&#8243; _module_preset=&#8221;default&#8221; header_level=&#8221;h2&#8243; header_font=&#8221;|700|||||||&#8221; body_line_height=&#8221;1.6em&#8221; position_font=&#8221;Ubuntu Mono||||||||&#8221; position_text_color=&#8221;#de6f5b&#8221; position_font_size=&#8221;18px&#8221; custom_css_member_position=&#8221;margin-bottom: 20px;&#8221; icon_color__hover_enabled=&#8221;on|hover&#8221; icon_color__hover=&#8221;#fdfcec&#8221; header_text_color__hover=&#8221;#2a2a29&#8243; header_text_color__hover_enabled=&#8221;on|hover&#8221; body_text_color__hover=&#8221;#2a2a29&#8243; body_text_color__hover_enabled=&#8221;on|hover&#8221; background__hover_enabled=&#8221;on|hover&#8221;]Diretor-Conservador do Parque Nacional de Garajonay com uma longa experi\u00eancia nas diferentes \u00e1reas de gest\u00e3o dos Espa\u00e7os Naturais Protegidos. \u00c9 Engenheiro de Montanha docente e autor de livros e artigos em revistas cient\u00edficas e de divulga\u00e7\u00e3o sobre a conserva\u00e7\u00e3o da natureza, a gest\u00e3o florestal e divulga\u00e7\u00e3o ambiental. [\/et_pb_team_member][et_pb_text _builder_version=&#8221;4.6.6&#8243; _module_preset=&#8221;default&#8221; text_text_color=&#8221;#2a2a29&#8243; header_text_color=&#8221;#de6f5b&#8221; header_6_text_color=&#8221;#de6f5b&#8221; custom_margin=&#8221;15px||||false|false&#8221; custom_padding=&#8221;15px||||false|false&#8221; border_width_top=&#8221;1px&#8221;]<\/p>\n<h6>Estar\u00e1 em:\u00a0<\/h6>\n<p>[\/et_pb_text][et_pb_button button_url=&#8221;https:\/\/conferencia.lifeshara.com\/pt-pt\/programa\/sessoes\/sessao-03\/&#8221; button_text=&#8221;Sess\u00e3o Tem\u00e1tica 03: Altera\u00e7\u00f5es clim\u00e1ticas e gest\u00e3o da \u00e1gua: desafios e solu\u00e7\u00f5es pela adapta\u00e7\u00e3o&#8221; button_alignment=&#8221;left&#8221; _builder_version=&#8221;4.6.6&#8243; custom_button=&#8221;on&#8221; button_text_size=&#8221;16px&#8221; button_text_color=&#8221;#2a2a29&#8243; button_border_width=&#8221;0px&#8221; button_letter_spacing=&#8221;3px&#8221; button_font=&#8221;Ubuntu Mono|700|||||||&#8221; button_icon=&#8221;%%3%%&#8221; custom_margin=&#8221;5px||||false|false&#8221; custom_padding=&#8221;|0px||0px|false|true&#8221; button_bg_color__hover_enabled=&#8221;on|desktop&#8221; button_text_color__hover=&#8221;#2a2a29&#8243; button_text_color__hover_enabled=&#8221;on|hover&#8221;][\/et_pb_button][\/et_pb_column][et_pb_column type=&#8221;1_4&#8243; _builder_version=&#8221;4.6.6&#8243; background_color=&#8221;#964e54&#8243; z_index=&#8221;11&#8243; custom_padding=&#8221;30px|2vw|30px|2vw|true|true&#8221; custom_padding_tablet=&#8221;48px|4vw|48px|4vw|true|true&#8221; custom_padding_phone=&#8221;|||5vw|true|false&#8221; custom_padding_last_edited=&#8221;on|phone&#8221; background_last_edited=&#8221;on|desktop&#8221; background__hover_enabled=&#8221;on|hover&#8221; background_color__hover=&#8221;#2a2a29&#8243; background_enable_color__hover=&#8221;on&#8221;][et_pb_image src=&#8221;https:\/\/conferencia.lifeshara.com\/wp-content\/uploads\/2020\/10\/Margarita-Ruiz-Ramos-1.jpg&#8221; title_text=&#8221;Margarita Ruiz Ramos&#8221; admin_label=&#8221;Imagen ponente&#8221; module_class=&#8221;ponente&#8221; _builder_version=&#8221;4.6.6&#8243; _module_preset=&#8221;default&#8221; width=&#8221;150px&#8221; custom_margin=&#8221;||20px||false|false&#8221;][\/et_pb_image][et_pb_team_member name=&#8221;Margarita Ruiz Ramos &#8221; _builder_version=&#8221;4.6.6&#8243; _module_preset=&#8221;default&#8221; header_level=&#8221;h2&#8243; header_font=&#8221;|700|||||||&#8221; header_text_color=&#8221;#fdfcec&#8221; body_text_color=&#8221;#fdfcec&#8221; body_line_height=&#8221;1.6em&#8221; position_font=&#8221;Ubuntu Mono||||||||&#8221; position_text_color=&#8221;#de6f5b&#8221; position_font_size=&#8221;18px&#8221; custom_css_member_position=&#8221;margin-bottom: 20px;&#8221; icon_color__hover_enabled=&#8221;on|hover&#8221; icon_color__hover=&#8221;#fdfcec&#8221; background__hover_enabled=&#8221;on|hover&#8221;]Doutora Engenheira Agr\u00f4noma, investiga sobre a adapta\u00e7\u00e3o dos sistemas agr\u00edcolas \u00e0s altera\u00e7\u00f5es clim\u00e1ticas presentes e futuras. \u00c9 professora do Departamento de Produ\u00e7\u00e3o Agr\u00e1ria na Universidade Polit\u00e9cnica de Madrid (UPM) e membro da equipa directiva do Centro de Estudos e Investiga\u00e7\u00e3o para a Gest\u00e3o dos Riscos Agr\u00e1rios e Ambientais da UPM.[\/et_pb_team_member][et_pb_text _builder_version=&#8221;4.6.6&#8243; _module_preset=&#8221;default&#8221; header_text_color=&#8221;#fdfcec&#8221; header_6_text_color=&#8221;#fdfcec&#8221; custom_margin=&#8221;15px||||false|false&#8221; custom_padding=&#8221;15px||||false|false&#8221; border_width_top=&#8221;1px&#8221;]<\/p>\n<h6>Estar\u00e1 em:\u00a0<\/h6>\n<p>[\/et_pb_text][et_pb_button button_url=&#8221;https:\/\/conferencia.lifeshara.com\/pt-pt\/programa\/sessoes\/sessao-02\/&#8221; button_text=&#8221;Sess\u00e3o Tem\u00e1tica 02: Desafios e solu\u00e7\u00f5es do sector agr\u00e1rio pela adapta\u00e7\u00e3o \u00e0s mudan\u00e7as clim\u00e1ticas &#8221; button_alignment=&#8221;left&#8221; _builder_version=&#8221;4.6.6&#8243; custom_button=&#8221;on&#8221; button_text_size=&#8221;16px&#8221; button_text_color=&#8221;#ffffff&#8221; button_border_width=&#8221;0px&#8221; button_letter_spacing=&#8221;3px&#8221; button_font=&#8221;Ubuntu Mono|700|||||||&#8221; button_icon=&#8221;%%3%%&#8221; custom_margin=&#8221;5px||||false|false&#8221; custom_padding=&#8221;|0px||0px|false|true&#8221; button_bg_color__hover_enabled=&#8221;on|desktop&#8221;][\/et_pb_button][\/et_pb_column][et_pb_column type=&#8221;1_4&#8243; _builder_version=&#8221;4.6.6&#8243; background_color=&#8221;#f1a336&#8243; z_index=&#8221;11&#8243; custom_padding=&#8221;30px|2vw|30px|2vw|true|true&#8221; custom_padding_tablet=&#8221;48px|4vw|48px|4vw|true|true&#8221; custom_padding_phone=&#8221;|||5vw|true|false&#8221; custom_padding_last_edited=&#8221;on|phone&#8221; background__hover_enabled=&#8221;on|hover&#8221; background_color__hover=&#8221;#2a2a29&#8243; background_enable_color__hover=&#8221;on&#8221;][et_pb_image src=&#8221;https:\/\/conferencia.lifeshara.com\/wp-content\/uploads\/2020\/10\/Rodrigo-Proenc\u0327a-de-Oliveira.jpg&#8221; title_text=&#8221;Rodrigo Proenc\u0327a de Oliveira&#8221; admin_label=&#8221;Imagen ponente&#8221; module_class=&#8221;ponente&#8221; _builder_version=&#8221;4.6.6&#8243; _module_preset=&#8221;default&#8221; width=&#8221;150px&#8221; custom_margin=&#8221;||20px||false|false&#8221;][\/et_pb_image][et_pb_team_member name=&#8221;Rodrigo Proen\u00e7a de Oliveira &#8221; icon_color=&#8221;#2a2a29&#8243; _builder_version=&#8221;4.6.6&#8243; _module_preset=&#8221;default&#8221; header_level=&#8221;h2&#8243; header_font=&#8221;|700|||||||&#8221; header_text_color=&#8221;#fdfcec&#8221; position_font=&#8221;Ubuntu Mono||||||||&#8221; position_text_color=&#8221;#fdfcec&#8221; position_font_size=&#8221;18px&#8221; background_layout=&#8221;dark&#8221; custom_css_member_position=&#8221;margin-bottom: 20px;&#8221; icon_color__hover_enabled=&#8221;on|hover&#8221; icon_color__hover=&#8221;#fdfcec&#8221;]Engenheiro Civil e professor no Instituto Superior T\u00e9cnico &#8211; Universidade de Lisboa. H\u00e1 mais de 30 anos que desenvolve a sua atividade na \u00e1rea da hidrologia e da gest\u00e3o dos recursos h\u00eddricos. Foi coordenador da Estrat\u00e9gia Nacional de Adapta\u00e7\u00e3o aos Impactes das Altera\u00e7\u00f5es Clim\u00e1ticos nos Recursos H\u00eddricos de 2012.[\/et_pb_team_member][et_pb_text _builder_version=&#8221;4.6.6&#8243; _module_preset=&#8221;default&#8221; header_text_color=&#8221;#fdfcec&#8221; header_6_text_color=&#8221;#fdfcec&#8221; custom_margin=&#8221;15px||||false|false&#8221; custom_padding=&#8221;15px||||false|false&#8221; border_width_top=&#8221;1px&#8221;]<\/p>\n<h6>Estar\u00e1 em:\u00a0<\/h6>\n<p>[\/et_pb_text][et_pb_button button_url=&#8221;https:\/\/conferencia.lifeshara.com\/pt-pt\/programa\/sessoes\/sessao-03\/&#8221; button_text=&#8221;Sess\u00e3o Tem\u00e1tica 03: Altera\u00e7\u00f5es clim\u00e1ticas e gest\u00e3o da \u00e1gua: desafios e solu\u00e7\u00f5es pela adapta\u00e7\u00e3o&#8221; button_alignment=&#8221;left&#8221; _builder_version=&#8221;4.6.6&#8243; custom_button=&#8221;on&#8221; button_text_size=&#8221;16px&#8221; button_text_color=&#8221;#fdfcec&#8221; button_border_width=&#8221;0px&#8221; button_letter_spacing=&#8221;3px&#8221; button_font=&#8221;Ubuntu Mono|700|||||||&#8221; button_icon=&#8221;%%3%%&#8221; custom_margin=&#8221;5px||||false|false&#8221; custom_padding=&#8221;|0px||0px|false|true&#8221; button_bg_color__hover_enabled=&#8221;on|desktop&#8221; button_text_color__hover=&#8221;#2a2a29&#8243; button_text_color__hover_enabled=&#8221;on|hover&#8221;][\/et_pb_button][\/et_pb_column][et_pb_column type=&#8221;1_4&#8243; _builder_version=&#8221;4.6.6&#8243; background_color=&#8221;#91c468&#8243; z_index=&#8221;11&#8243; custom_padding=&#8221;30px|2vw|30px|2vw|true|true&#8221; custom_padding_tablet=&#8221;48px|4vw|48px|4vw|true|true&#8221; custom_padding_phone=&#8221;|||5vw|true|false&#8221; custom_padding_last_edited=&#8221;on|phone&#8221; background__hover_enabled=&#8221;on|hover&#8221; background_color__hover=&#8221;#2a2a29&#8243; background_enable_color__hover=&#8221;on&#8221;][et_pb_image src=&#8221;https:\/\/conferencia.lifeshara.com\/wp-content\/uploads\/2020\/11\/Conceicao-Colaco.jpg&#8221; title_text=&#8221;Conceicao Colaco&#8221; admin_label=&#8221;Imagen ponente&#8221; module_class=&#8221;ponente&#8221; _builder_version=&#8221;4.6.6&#8243; _module_preset=&#8221;default&#8221; width=&#8221;150px&#8221; custom_margin=&#8221;||20px||false|false&#8221;][\/et_pb_image][et_pb_team_member name=&#8221;Concei\u00e7\u00e3o Cola\u00e7o &#8221; _builder_version=&#8221;4.6.6&#8243; _module_preset=&#8221;default&#8221; header_level=&#8221;h2&#8243; header_font=&#8221;|700|||||||&#8221; header_text_color=&#8221;#fdfcec&#8221; body_text_color=&#8221;#fdfcec&#8221; body_line_height=&#8221;1.6em&#8221; position_font=&#8221;Ubuntu Mono||||||||&#8221; position_text_color=&#8221;#de6f5b&#8221; position_font_size=&#8221;18px&#8221; custom_css_member_position=&#8221;margin-bottom: 20px;&#8221; icon_color__hover_enabled=&#8221;on|hover&#8221; icon_color__hover=&#8221;#fdfcec&#8221; background__hover_enabled=&#8221;on|hover&#8221;]\u00c9 investigadora no Centro de Ecologia Aplicada Baeta Neves do Instituto Superior de Agronomia. Engenheira Florestal com doutoramento em ci\u00eancias da educa\u00e7\u00e3o, trabalha em educa\u00e7\u00e3o ambiental e preven\u00e7\u00e3o de inc\u00eandios. As suas \u00e1reas de investiga\u00e7\u00e3o s\u00e3o: a dimens\u00e3o social dos inc\u00eandios florestais com foco na preven\u00e7\u00e3o, desenvolvimento rural, gest\u00e3o do espa\u00e7o florestal, educa\u00e7\u00e3o ambiental e educa\u00e7\u00e3o para o risco.[\/et_pb_team_member][et_pb_text _builder_version=&#8221;4.6.6&#8243; _module_preset=&#8221;default&#8221; header_text_color=&#8221;#fdfcec&#8221; header_6_text_color=&#8221;#fdfcec&#8221; custom_margin=&#8221;15px||||false|false&#8221; custom_padding=&#8221;15px||||false|false&#8221; border_width_top=&#8221;1px&#8221;]<\/p>\n<h6>Estar\u00e1 em:\u00a0<\/h6>\n<p>[\/et_pb_text][et_pb_button button_url=&#8221;https:\/\/conferencia.lifeshara.com\/pt-pt\/programa\/sessoes\/sessao-07\/&#8221; button_text=&#8221;Sess\u00e3o Tem\u00e1tica 07: Informa\u00e7\u00e3o, Educa\u00e7\u00e3o e Capacita\u00e7\u00e3o pela adapta\u00e7\u00e3o \u00e0s altera\u00e7\u00f5es clim\u00e1ticas&#8221; button_alignment=&#8221;left&#8221; _builder_version=&#8221;4.6.6&#8243; custom_button=&#8221;on&#8221; button_text_size=&#8221;16px&#8221; button_text_color=&#8221;#ffffff&#8221; button_border_width=&#8221;0px&#8221; button_letter_spacing=&#8221;3px&#8221; button_font=&#8221;Ubuntu Mono|700|||||||&#8221; button_icon=&#8221;%%3%%&#8221; custom_margin=&#8221;5px||||false|false&#8221; custom_padding=&#8221;|0px||0px|false|true&#8221; button_bg_color__hover_enabled=&#8221;on|desktop&#8221;][\/et_pb_button][\/et_pb_column][\/et_pb_row][et_pb_row column_structure=&#8221;1_4,1_4,1_4,1_4&#8243; use_custom_gutter=&#8221;on&#8221; gutter_width=&#8221;2&#8243; make_equal=&#8221;on&#8221; admin_label=&#8221;Fila 1 2\u00aa&#8221; _builder_version=&#8221;4.6.6&#8243; background_enable_color=&#8221;off&#8221; width=&#8221;90%&#8221; max_width=&#8221;90%&#8221; custom_margin=&#8221;49px|auto|-1px|auto|false|false&#8221; custom_padding=&#8221;0px||0px||true|&#8221; border_color_all=&#8221;#fdfcec&#8221; border_color_all__hover_enabled=&#8221;on|hover&#8221;][et_pb_column type=&#8221;1_4&#8243; _builder_version=&#8221;4.6.6&#8243; background_color=&#8221;#f1a336&#8243; z_index=&#8221;11&#8243; custom_padding=&#8221;30px|2vw|30px|2vw|true|true&#8221; custom_padding_tablet=&#8221;48px|4vw|48px|4vw|true|true&#8221; custom_padding_phone=&#8221;|||5vw|true|false&#8221; custom_padding_last_edited=&#8221;on|phone&#8221; border_width_all=&#8221;1px&#8221; border_color_all=&#8221;#de6f5b&#8221; background_color__hover=&#8221;#2a2a29&#8243; background__hover_enabled=&#8221;on|hover&#8221; background_enable_color__hover=&#8221;on&#8221; border_width_all__hover_enabled=&#8221;on|desktop&#8221;][et_pb_image src=&#8221;https:\/\/conferencia.lifeshara.com\/wp-content\/uploads\/2020\/11\/Foto_CarlaPires.jpg&#8221; title_text=&#8221;Foto_CarlaPires&#8221; admin_label=&#8221;Imagen ponente&#8221; module_class=&#8221;ponente&#8221; _builder_version=&#8221;4.6.6&#8243; _module_preset=&#8221;default&#8221; width=&#8221;150px&#8221; custom_margin=&#8221;||20px||false|false&#8221;][\/et_pb_image][et_pb_team_member name=&#8221;Carla Pires&#8221; _builder_version=&#8221;4.6.6&#8243; _module_preset=&#8221;default&#8221; header_level=&#8221;h2&#8243; header_font=&#8221;|700|||||||&#8221; header_text_color=&#8221;#fdfcec&#8221; body_text_color=&#8221;#fdfcec&#8221; body_line_height=&#8221;1.6em&#8221; position_font=&#8221;Ubuntu Mono||||||||&#8221; position_text_color=&#8221;#de6f5b&#8221; position_font_size=&#8221;18px&#8221; custom_css_member_position=&#8221;margin-bottom: 20px;&#8221; icon_color__hover_enabled=&#8221;on|hover&#8221; icon_color__hover=&#8221;#fdfcec&#8221; background__hover_enabled=&#8221;on|hover&#8221;]Arquiteta e Chefe da Divis\u00e3o da Unidade de Inova\u00e7\u00e3o e Sustentabilidade Empresarial em Gaiurb, empresa municipal de Vila Nova de Gaia. Participou na implementa\u00e7\u00e3o do \u201cPlano de A\u00e7\u00e3o para a Sustentabilidade Energ\u00e9tica de Vila Nova de Gaia\u201d e em cerca de 19 projetos de efici\u00eancia energ\u00e9tica em habita\u00e7\u00f5es sociais e p\u00fablicas dos Fondos Europeos de Desenvolvimento Regional.[\/et_pb_team_member][et_pb_text _builder_version=&#8221;4.6.6&#8243; _module_preset=&#8221;default&#8221; header_text_color=&#8221;#fdfcec&#8221; header_6_text_color=&#8221;#fdfcec&#8221; custom_margin=&#8221;15px||||false|false&#8221; custom_padding=&#8221;15px||||false|false&#8221; border_width_top=&#8221;1px&#8221;]<\/p>\n<h6>Estar\u00e1 em:\u00a0<\/h6>\n<p>[\/et_pb_text][et_pb_button button_url=&#8221;https:\/\/conferencia.lifeshara.com\/pt-pt\/sessao-01\/&#8221; button_text=&#8221;Sess\u00e3o Tem\u00e1tica 01: Est\u00e3o as cidades a adaptar-se \u00e0s altera\u00e7\u00f5es clim\u00e1ticas? &#8221; button_alignment=&#8221;left&#8221; _builder_version=&#8221;4.6.6&#8243; custom_button=&#8221;on&#8221; button_text_size=&#8221;16px&#8221; button_text_color=&#8221;#fdfcec&#8221; button_border_width=&#8221;0px&#8221; button_letter_spacing=&#8221;3px&#8221; button_font=&#8221;Ubuntu Mono|700|||||||&#8221; button_icon=&#8221;%%3%%&#8221; custom_margin=&#8221;5px||||false|false&#8221; custom_padding=&#8221;|0px||0px|false|true&#8221; button_bg_color__hover_enabled=&#8221;on|desktop&#8221; button_text_color__hover=&#8221;#2a2a29&#8243; button_text_color__hover_enabled=&#8221;on|hover&#8221;][\/et_pb_button][\/et_pb_column][et_pb_column type=&#8221;1_4&#8243; _builder_version=&#8221;4.6.6&#8243; background_color=&#8221;#91c468&#8243; z_index=&#8221;11&#8243; custom_padding=&#8221;30px|2vw|30px|2vw|true|true&#8221; custom_padding_tablet=&#8221;48px|4vw|48px|4vw|true|true&#8221; custom_padding_phone=&#8221;|||5vw|true|false&#8221; custom_padding_last_edited=&#8221;on|phone&#8221; background_last_edited=&#8221;on|desktop&#8221; background__hover_enabled=&#8221;on|hover&#8221; background_color__hover=&#8221;#2a2a29&#8243; background_enable_color__hover=&#8221;on&#8221;][et_pb_image src=&#8221;https:\/\/conferencia.lifeshara.com\/wp-content\/uploads\/2020\/11\/Foto_Paula-Silvestre-CIM-RC.jpg&#8221; title_text=&#8221;Foto_Paula Silvestre (CIM RC)&#8221; admin_label=&#8221;Imagen ponente&#8221; module_class=&#8221;ponente&#8221; _builder_version=&#8221;4.6.6&#8243; _module_preset=&#8221;default&#8221; width=&#8221;150px&#8221; custom_margin=&#8221;||20px||false|false&#8221;][\/et_pb_image][et_pb_team_member name=&#8221;Paula Silvestre&#8221; _builder_version=&#8221;4.6.6&#8243; _module_preset=&#8221;default&#8221; header_level=&#8221;h2&#8243; header_font=&#8221;|700|||||||&#8221; header_text_color=&#8221;#fdfcec&#8221; body_text_color=&#8221;#fdfcec&#8221; body_line_height=&#8221;1.6em&#8221; position_font=&#8221;Ubuntu Mono||||||||&#8221; position_text_color=&#8221;#de6f5b&#8221; position_font_size=&#8221;18px&#8221; custom_css_member_position=&#8221;margin-bottom: 20px;&#8221; icon_color__hover_enabled=&#8221;on|hover&#8221; icon_color__hover=&#8221;#fdfcec&#8221; background__hover_enabled=&#8221;on|hover&#8221;]Licenciada em Direito, atualmente \u00e9 Chefe da Divis\u00e3o Administrativa e Financeira da Comunidade Intermunicipal da Regi\u00e3o de Coimbra. Nos \u00faltimos anos, destaca-se a coordena\u00e7\u00e3o de projetos europeus alinhados com as prioridades da Uni\u00e3o Europeia, bem como a participa\u00e7\u00e3o em projetos de coopera\u00e7\u00e3o nas \u00e1reas da economia circular e compras verdes, educa\u00e7\u00e3o digital e moderniza\u00e7\u00e3o administrativa.[\/et_pb_team_member][et_pb_text _builder_version=&#8221;4.6.6&#8243; _module_preset=&#8221;default&#8221; header_text_color=&#8221;#fdfcec&#8221; header_6_text_color=&#8221;#fdfcec&#8221; custom_margin=&#8221;15px||||false|false&#8221; custom_padding=&#8221;15px||||false|false&#8221; border_width_top=&#8221;1px&#8221;]<\/p>\n<h6>Estar\u00e1 em:\u00a0<\/h6>\n<p>[\/et_pb_text][et_pb_button button_url=&#8221;https:\/\/conferencia.lifeshara.com\/pt-pt\/sessao-01\/&#8221; button_text=&#8221;Sess\u00e3o Tem\u00e1tica 01: Est\u00e3o as cidades a adaptar-se \u00e0s altera\u00e7\u00f5es clim\u00e1ticas? &#8221; button_alignment=&#8221;left&#8221; _builder_version=&#8221;4.6.6&#8243; custom_button=&#8221;on&#8221; button_text_size=&#8221;16px&#8221; button_text_color=&#8221;#fdfcec&#8221; button_border_width=&#8221;0px&#8221; button_letter_spacing=&#8221;3px&#8221; button_font=&#8221;Ubuntu Mono|700|||||||&#8221; button_icon=&#8221;%%3%%&#8221; custom_margin=&#8221;5px||||false|false&#8221; custom_padding=&#8221;|0px||0px|false|true&#8221; button_bg_color__hover_enabled=&#8221;on|desktop&#8221; button_text_color__hover=&#8221;#2a2a29&#8243; button_text_color__hover_enabled=&#8221;on|hover&#8221;][\/et_pb_button][\/et_pb_column][et_pb_column type=&#8221;1_4&#8243; _builder_version=&#8221;4.6.6&#8243; background_color=&#8221;#964e54&#8243; z_index=&#8221;11&#8243; custom_padding=&#8221;30px|2vw|30px|2vw|true|true&#8221; custom_padding_tablet=&#8221;48px|4vw|48px|4vw|true|true&#8221; custom_padding_phone=&#8221;|||5vw|true|false&#8221; custom_padding_last_edited=&#8221;on|phone&#8221; background_last_edited=&#8221;on|desktop&#8221; background__hover_enabled=&#8221;on|hover&#8221; background_color__hover=&#8221;#2a2a29&#8243; background_enable_color__hover=&#8221;on&#8221;][et_pb_image src=&#8221;https:\/\/conferencia.lifeshara.com\/wp-content\/uploads\/2020\/11\/Elena-Veza-Marti\u0301nez.jpg&#8221; title_text=&#8221;Elena Veza Marti\u0301nez&#8221; admin_label=&#8221;Imagen ponente&#8221; module_class=&#8221;ponente&#8221; _builder_version=&#8221;4.6.6&#8243; _module_preset=&#8221;default&#8221; width=&#8221;150px&#8221; custom_margin=&#8221;||20px||false|false&#8221;][\/et_pb_image][et_pb_team_member name=&#8221;Elena Veza &#8221; icon_color=&#8221;#2a2a29&#8243; _builder_version=&#8221;4.6.6&#8243; _module_preset=&#8221;default&#8221; header_level=&#8221;h2&#8243; header_font=&#8221;|700|||||||&#8221; header_text_color=&#8221;#fdfcec&#8221; position_font=&#8221;Ubuntu Mono||||||||&#8221; position_text_color=&#8221;#fdfcec&#8221; position_font_size=&#8221;18px&#8221; background_layout=&#8221;dark&#8221; custom_css_member_position=&#8221;margin-bottom: 20px;&#8221; icon_color__hover_enabled=&#8221;on|hover&#8221; icon_color__hover=&#8221;#fdfcec&#8221;]Veza \u00e9 licenciada em Ci\u00eancias Ambientais, mestre em Preven\u00e7\u00e3o de Riscos Laborais e Engenheira Industrial Qu\u00edmica especializada em Pol\u00edmeros. No \u00e2mbito profissional, tem trabalhado mais de 14 anos na \u00c1rea Metropolitana de Barcelona, onde trabalha desde os \u00faltimos 4 anos na adapta\u00e7\u00e3o e mitiga\u00e7\u00e3o dos efeitos das altera\u00e7\u00f5es clim\u00e1ticas e na contamina\u00e7\u00e3o atmosf\u00e9rica.[\/et_pb_team_member][et_pb_text _builder_version=&#8221;4.6.6&#8243; _module_preset=&#8221;default&#8221; header_text_color=&#8221;#fdfcec&#8221; header_6_text_color=&#8221;#fdfcec&#8221; custom_margin=&#8221;15px||||false|false&#8221; custom_padding=&#8221;15px||||false|false&#8221; border_width_top=&#8221;1px&#8221;]<\/p>\n<h6>Estar\u00e1 em:\u00a0<\/h6>\n<p>[\/et_pb_text][et_pb_button button_url=&#8221;https:\/\/conferencia.lifeshara.com\/pt-pt\/sessao-01\/&#8221; button_text=&#8221;Sess\u00e3o Tem\u00e1tica 01: Est\u00e3o as cidades a adaptar-se \u00e0s altera\u00e7\u00f5es clim\u00e1ticas? &#8221; button_alignment=&#8221;left&#8221; _builder_version=&#8221;4.6.6&#8243; custom_button=&#8221;on&#8221; button_text_size=&#8221;16px&#8221; button_text_color=&#8221;#fdfcec&#8221; button_border_width=&#8221;0px&#8221; button_letter_spacing=&#8221;3px&#8221; button_font=&#8221;Ubuntu Mono|700|||||||&#8221; button_icon=&#8221;%%3%%&#8221; custom_margin=&#8221;5px||||false|false&#8221; custom_padding=&#8221;|0px||0px|false|true&#8221; button_bg_color__hover_enabled=&#8221;on|desktop&#8221; button_text_color__hover=&#8221;#2a2a29&#8243; button_text_color__hover_enabled=&#8221;on|hover&#8221;][\/et_pb_button][\/et_pb_column][et_pb_column type=&#8221;1_4&#8243; _builder_version=&#8221;4.6.6&#8243; background_color=&#8221;#ffffff&#8221; z_index=&#8221;11&#8243; custom_padding=&#8221;30px|2vw|30px|2vw|true|true&#8221; custom_padding_tablet=&#8221;48px|4vw|48px|4vw|true|true&#8221; custom_padding_phone=&#8221;|||5vw|true|false&#8221; custom_padding_last_edited=&#8221;on|phone&#8221; background_last_edited=&#8221;on|desktop&#8221; border_width_all=&#8221;1px&#8221; border_color_all=&#8221;#de6f5b&#8221; background__hover_enabled=&#8221;on|desktop&#8221; background_color__hover=&#8221;#fdfcec&#8221; background_enable_color__hover=&#8221;on&#8221; border_width_all__hover_enabled=&#8221;on|desktop&#8221;][et_pb_image src=&#8221;https:\/\/conferencia.lifeshara.com\/wp-content\/uploads\/2020\/11\/Foto-Josu-Benaito.jpeg&#8221; title_text=&#8221;Foto Josu Benaito&#8221; admin_label=&#8221;Imagen ponente&#8221; module_class=&#8221;ponente&#8221; _builder_version=&#8221;4.6.6&#8243; _module_preset=&#8221;default&#8221; width=&#8221;150px&#8221; custom_margin=&#8221;||20px||false|false&#8221;][\/et_pb_image][et_pb_team_member name=&#8221;Josu Benaito Villagarc\u00eda&#8221; _builder_version=&#8221;4.6.6&#8243; _module_preset=&#8221;default&#8221; header_level=&#8221;h2&#8243; header_font=&#8221;|700|||||||&#8221; body_line_height=&#8221;1.6em&#8221; position_font=&#8221;Ubuntu Mono||||||||&#8221; position_text_color=&#8221;#de6f5b&#8221; position_font_size=&#8221;18px&#8221; custom_css_member_position=&#8221;margin-bottom: 20px;&#8221; icon_color__hover_enabled=&#8221;on|hover&#8221; icon_color__hover=&#8221;#fdfcec&#8221; header_text_color__hover=&#8221;#2a2a29&#8243; header_text_color__hover_enabled=&#8221;on|hover&#8221; body_text_color__hover=&#8221;#2a2a29&#8243; body_text_color__hover_enabled=&#8221;on|hover&#8221; background__hover_enabled=&#8221;on|hover&#8221;]\u00c9 ge\u00f3grafo e diretor de Sa\u00fade e Ambiente da C\u00e2mara Municipal de Donostia-San Sebasti\u00e1n. \u00c9 tamb\u00e9m especialista em mobilidade urbana e foi Diretor dos Transportes do Governo Vasco entre 2009 e 2012.[\/et_pb_team_member][et_pb_text _builder_version=&#8221;4.6.6&#8243; _module_preset=&#8221;default&#8221; text_text_color=&#8221;#2a2a29&#8243; header_text_color=&#8221;#de6f5b&#8221; header_6_text_color=&#8221;#de6f5b&#8221; custom_margin=&#8221;15px||||false|false&#8221; custom_padding=&#8221;15px||||false|false&#8221; border_width_top=&#8221;1px&#8221;]<\/p>\n<h6>Estar\u00e1 em:\u00a0<\/h6>\n<p>[\/et_pb_text][et_pb_button button_url=&#8221;https:\/\/conferencia.lifeshara.com\/pt-pt\/sessao-01\/&#8221; button_text=&#8221;Sess\u00e3o Tem\u00e1tica 01: Est\u00e3o as cidades a adaptar-se \u00e0s altera\u00e7\u00f5es clim\u00e1ticas? &#8221; button_alignment=&#8221;left&#8221; _builder_version=&#8221;4.6.6&#8243; custom_button=&#8221;on&#8221; button_text_size=&#8221;16px&#8221; button_text_color=&#8221;#2a2a29&#8243; button_border_width=&#8221;0px&#8221; button_letter_spacing=&#8221;3px&#8221; button_font=&#8221;Ubuntu Mono|700|||||||&#8221; button_icon=&#8221;%%3%%&#8221; custom_margin=&#8221;5px||||false|false&#8221; custom_padding=&#8221;|0px||0px|false|true&#8221; button_bg_color__hover_enabled=&#8221;on|desktop&#8221; button_text_color__hover=&#8221;#2a2a29&#8243; button_text_color__hover_enabled=&#8221;on|hover&#8221;][\/et_pb_button][\/et_pb_column][\/et_pb_row][et_pb_row column_structure=&#8221;1_4,1_4,1_4,1_4&#8243; use_custom_gutter=&#8221;on&#8221; gutter_width=&#8221;2&#8243; make_equal=&#8221;on&#8221; admin_label=&#8221;Fila 2&#8243; _builder_version=&#8221;4.6.6&#8243; background_color=&#8221;#fdfcec&#8221; width=&#8221;90%&#8221; max_width=&#8221;90%&#8221; custom_margin=&#8221;49px|auto|30px|auto|false|false&#8221; custom_padding=&#8221;0px||0px||true|&#8221; border_color_all=&#8221;#fdfcec&#8221; border_color_all__hover_enabled=&#8221;on|hover&#8221;][et_pb_column type=&#8221;1_4&#8243; _builder_version=&#8221;4.6.6&#8243; background_color=&#8221;#de6f5b&#8221; z_index=&#8221;11&#8243; custom_padding=&#8221;30px|2vw|30px|2vw|true|true&#8221; custom_padding_tablet=&#8221;48px|4vw|48px|4vw|true|true&#8221; custom_padding_phone=&#8221;|||5vw|true|false&#8221; custom_padding_last_edited=&#8221;on|phone&#8221; border_width_all=&#8221;1px&#8221; border_color_all=&#8221;#de6f5b&#8221; background_color__hover=&#8221;#2a2a29&#8243; background__hover_enabled=&#8221;on|hover&#8221; background_enable_color__hover=&#8221;on&#8221; border_width_all__hover_enabled=&#8221;on|desktop&#8221;][et_pb_image src=&#8221;https:\/\/conferencia.lifeshara.com\/wp-content\/uploads\/2020\/11\/foto_Enrique-Berruezo-scaled.jpg&#8221; title_text=&#8221;foto_Enrique Berruezo&#8221; admin_label=&#8221;Imagen ponente&#8221; module_class=&#8221;ponente&#8221; _builder_version=&#8221;4.6.6&#8243; _module_preset=&#8221;default&#8221; width=&#8221;150px&#8221; custom_margin=&#8221;||20px||false|false&#8221;][\/et_pb_image][et_pb_team_member name=&#8221;Enrique Berruezo&#8221; _builder_version=&#8221;4.6.6&#8243; _module_preset=&#8221;default&#8221; header_level=&#8221;h2&#8243; header_font=&#8221;|700|||||||&#8221; header_text_color=&#8221;#fdfcec&#8221; body_text_color=&#8221;#fdfcec&#8221; body_line_height=&#8221;1.6em&#8221; position_font=&#8221;Ubuntu Mono||||||||&#8221; position_text_color=&#8221;#de6f5b&#8221; position_font_size=&#8221;18px&#8221; custom_css_member_position=&#8221;margin-bottom: 20px;&#8221; icon_color__hover_enabled=&#8221;on|hover&#8221; icon_color__hover=&#8221;#fdfcec&#8221; background__hover_enabled=&#8221;on|hover&#8221;]Arquiteto T\u00e9cnico e Engenheiro de Edifica\u00e7\u00f5es com experi\u00eancia em Mobilidade Urbana Sustent\u00e1vel. \u00c9 t\u00e9cnico dos Servi\u00e7os T\u00e9cnicos de Obras P\u00fablicas, Urbaniza\u00e7\u00e3o e Ambiente do Pelouro do Urbanismo e Ambiente da C\u00e2mara Municipal de Lorca (Murcia).[\/et_pb_team_member][et_pb_text _builder_version=&#8221;4.6.6&#8243; _module_preset=&#8221;default&#8221; header_text_color=&#8221;#fdfcec&#8221; header_6_text_color=&#8221;#fdfcec&#8221; custom_margin=&#8221;15px||||false|false&#8221; custom_padding=&#8221;15px||||false|false&#8221; border_width_top=&#8221;1px&#8221;]<\/p>\n<h6>Estar\u00e1 em:\u00a0<\/h6>\n<p>[\/et_pb_text][et_pb_button button_url=&#8221;https:\/\/conferencia.lifeshara.com\/pt-pt\/sessao-01\/&#8221; button_text=&#8221;Sess\u00e3o Tem\u00e1tica 01: Est\u00e3o as cidades a adaptar-se \u00e0s altera\u00e7\u00f5es clim\u00e1ticas? &#8221; button_alignment=&#8221;left&#8221; _builder_version=&#8221;4.6.6&#8243; custom_button=&#8221;on&#8221; button_text_size=&#8221;16px&#8221; button_text_color=&#8221;#fdfcec&#8221; button_border_width=&#8221;0px&#8221; button_letter_spacing=&#8221;3px&#8221; button_font=&#8221;Ubuntu Mono|700|||||||&#8221; button_icon=&#8221;%%3%%&#8221; custom_margin=&#8221;5px||||false|false&#8221; custom_padding=&#8221;|0px||0px|false|true&#8221; button_bg_color__hover_enabled=&#8221;on|desktop&#8221; button_text_color__hover=&#8221;#2a2a29&#8243; button_text_color__hover_enabled=&#8221;on|hover&#8221;][\/et_pb_button][\/et_pb_column][et_pb_column type=&#8221;1_4&#8243; _builder_version=&#8221;4.6.6&#8243; background_color=&#8221;#ffd656&#8243; z_index=&#8221;11&#8243; custom_padding=&#8221;30px|2vw|30px|2vw|true|true&#8221; custom_padding_tablet=&#8221;48px|4vw|48px|4vw|true|true&#8221; custom_padding_phone=&#8221;|||5vw|true|false&#8221; custom_padding_last_edited=&#8221;on|phone&#8221; background_last_edited=&#8221;on|desktop&#8221; background__hover_enabled=&#8221;on|hover&#8221; background_color__hover=&#8221;#2a2a29&#8243; background_enable_color__hover=&#8221;on&#8221;][et_pb_image src=&#8221;https:\/\/conferencia.lifeshara.com\/wp-content\/uploads\/2020\/11\/Javier-Alejandre.jpg&#8221; title_text=&#8221;Javier-Alejandre&#8221; admin_label=&#8221;Imagen ponente&#8221; module_class=&#8221;ponente&#8221; _builder_version=&#8221;4.6.6&#8243; _module_preset=&#8221;default&#8221; width=&#8221;150px&#8221; custom_margin=&#8221;||20px||false|false&#8221;][\/et_pb_image][et_pb_team_member name=&#8221;Javier Alejandre de las Heras &#8221; icon_color=&#8221;#2a2a29&#8243; _builder_version=&#8221;4.6.6&#8243; _module_preset=&#8221;default&#8221; header_level=&#8221;h2&#8243; header_font=&#8221;|700|||||||&#8221; header_text_color=&#8221;#fdfcec&#8221; position_font=&#8221;Ubuntu Mono||||||||&#8221; position_text_color=&#8221;#fdfcec&#8221; position_font_size=&#8221;18px&#8221; background_layout=&#8221;dark&#8221; custom_css_member_position=&#8221;margin-bottom: 20px;&#8221; icon_color__hover_enabled=&#8221;on|hover&#8221; icon_color__hover=&#8221;#fdfcec&#8221;]Engenheiro Agr\u00f4nomo especializado nas Ind\u00fastrias Agr\u00e1rias, \u00e9 membro do Gabinete T\u00e9cnico da Uni\u00e3o de Pequenos Agricultores (UPA) Federal, onde trabalha como especialista em Pol\u00edtica Agr\u00edcola Comum, rela\u00e7\u00f5es da cadeia agroalimentar, energias renov\u00e1veis e seguros agr\u00edcolas. \u00c9 o respons\u00e1vel do projeto-piloto \u201cPegada de Carbono e a sua Mitiga\u00e7\u00e3o: Info-AdaptaAGRI\u201d. [\/et_pb_team_member][et_pb_text _builder_version=&#8221;4.6.6&#8243; _module_preset=&#8221;default&#8221; header_text_color=&#8221;#fdfcec&#8221; header_6_text_color=&#8221;#fdfcec&#8221; custom_margin=&#8221;15px||||false|false&#8221; custom_padding=&#8221;15px||||false|false&#8221; border_width_top=&#8221;1px&#8221;]<\/p>\n<h6>Estar\u00e1 em:\u00a0<\/h6>\n<p>[\/et_pb_text][et_pb_button button_url=&#8221;https:\/\/conferencia.lifeshara.com\/pt-pt\/programa\/sessoes\/sessao-02\/&#8221; button_text=&#8221;Sess\u00e3o Tem\u00e1tica 02: Desafios e solu\u00e7\u00f5es do sector agr\u00e1rio pela adapta\u00e7\u00e3o \u00e0s mudan\u00e7as clim\u00e1ticas &#8221; button_alignment=&#8221;left&#8221; _builder_version=&#8221;4.6.6&#8243; custom_button=&#8221;on&#8221; button_text_size=&#8221;16px&#8221; button_text_color=&#8221;#ffffff&#8221; button_border_width=&#8221;0px&#8221; button_letter_spacing=&#8221;3px&#8221; button_font=&#8221;Ubuntu Mono|700|||||||&#8221; button_icon=&#8221;%%3%%&#8221; custom_margin=&#8221;5px||||false|false&#8221; custom_padding=&#8221;|0px||0px|false|true&#8221; button_bg_color__hover_enabled=&#8221;on|desktop&#8221;][\/et_pb_button][\/et_pb_column][et_pb_column type=&#8221;1_4&#8243; _builder_version=&#8221;4.6.6&#8243; background_color=&#8221;#946aac&#8221; z_index=&#8221;11&#8243; custom_padding=&#8221;30px|2vw|30px|2vw|true|true&#8221; custom_padding_tablet=&#8221;48px|4vw|48px|4vw|true|true&#8221; custom_padding_phone=&#8221;|||5vw|true|false&#8221; custom_padding_last_edited=&#8221;on|phone&#8221; background_last_edited=&#8221;on|desktop&#8221; background__hover_enabled=&#8221;on|hover&#8221; background_color__hover=&#8221;#2a2a29&#8243; background_enable_color__hover=&#8221;on&#8221;][et_pb_image src=&#8221;https:\/\/conferencia.lifeshara.com\/wp-content\/uploads\/2020\/11\/Ana-Pinto.jpg&#8221; title_text=&#8221;Ana-Pint\u00f3&#8221; admin_label=&#8221;Imagen ponente&#8221; module_class=&#8221;ponente&#8221; _builder_version=&#8221;4.6.6&#8243; _module_preset=&#8221;default&#8221; width=&#8221;150px&#8221; custom_margin=&#8221;||20px||false|false&#8221;][\/et_pb_image][et_pb_team_member name=&#8221;Ana Pint\u00f3 &#8221; icon_color=&#8221;#2a2a29&#8243; _builder_version=&#8221;4.6.6&#8243; _module_preset=&#8221;default&#8221; header_level=&#8221;h2&#8243; header_font=&#8221;|700|||||||&#8221; header_text_color=&#8221;#fdfcec&#8221; position_font=&#8221;Ubuntu Mono||||||||&#8221; position_text_color=&#8221;#fdfcec&#8221; position_font_size=&#8221;18px&#8221; background_layout=&#8221;dark&#8221; custom_css_member_position=&#8221;margin-bottom: 20px;&#8221; icon_color__hover_enabled=&#8221;on|hover&#8221; icon_color__hover=&#8221;#fdfcec&#8221;]Engenheira agr\u00f3noma, trabalha no Gabinete Espanhol para as Altera\u00e7\u00f5es Clim\u00e1ticas do Minist\u00e9rio para a Transi\u00e7\u00e3o Ecol\u00f3gica e o Desafio Demogr\u00e1fico onde, entre outras fun\u00e7\u00f5es, faz acompanhamento das pol\u00edticas de mitiga\u00e7\u00e3o e adapta\u00e7\u00e3o no setor agr\u00e1rio e pecu\u00e1rio e \u00e9 respons\u00e1vel da coordena\u00e7\u00e3o das atividades da Rede iberoamericana de Gabinetes das Altera\u00e7\u00f5es Clim\u00e1ticas.[\/et_pb_team_member][et_pb_text _builder_version=&#8221;4.6.6&#8243; _module_preset=&#8221;default&#8221; header_text_color=&#8221;#fdfcec&#8221; header_6_text_color=&#8221;#fdfcec&#8221; custom_margin=&#8221;15px||||false|false&#8221; custom_padding=&#8221;15px||||false|false&#8221; border_width_top=&#8221;1px&#8221;]<\/p>\n<h6>Estar\u00e1 em:\u00a0<\/h6>\n<p>[\/et_pb_text][et_pb_button button_url=&#8221;https:\/\/conferencia.lifeshara.com\/pt-pt\/programa\/sessoes\/sessao-02\/&#8221; button_text=&#8221;Sess\u00e3o Tem\u00e1tica 02: Desafios e solu\u00e7\u00f5es do sector agr\u00e1rio pela adapta\u00e7\u00e3o \u00e0s mudan\u00e7as clim\u00e1ticas &#8221; button_alignment=&#8221;left&#8221; _builder_version=&#8221;4.6.6&#8243; custom_button=&#8221;on&#8221; button_text_size=&#8221;16px&#8221; button_text_color=&#8221;#ffffff&#8221; button_border_width=&#8221;0px&#8221; button_letter_spacing=&#8221;3px&#8221; button_font=&#8221;Ubuntu Mono|700|||||||&#8221; button_icon=&#8221;%%3%%&#8221; custom_margin=&#8221;5px||||false|false&#8221; custom_padding=&#8221;|0px||0px|false|true&#8221; button_bg_color__hover_enabled=&#8221;on|desktop&#8221;][\/et_pb_button][\/et_pb_column][et_pb_column type=&#8221;1_4&#8243; _builder_version=&#8221;4.6.6&#8243; background_color=&#8221;#09a0d2&#8243; z_index=&#8221;11&#8243; custom_padding=&#8221;30px|2vw|30px|2vw|true|true&#8221; custom_padding_tablet=&#8221;48px|4vw|48px|4vw|true|true&#8221; custom_padding_phone=&#8221;|||5vw|true|false&#8221; custom_padding_last_edited=&#8221;on|phone&#8221; background_last_edited=&#8221;on|desktop&#8221; background__hover_enabled=&#8221;on|hover&#8221; background_color__hover=&#8221;#2a2a29&#8243; background_enable_color__hover=&#8221;on&#8221;][et_pb_image src=&#8221;https:\/\/conferencia.lifeshara.com\/wp-content\/uploads\/2020\/11\/Tiago-Carvalho.jpg&#8221; title_text=&#8221;Tiago-Carvalho&#8221; admin_label=&#8221;Imagen ponente&#8221; module_class=&#8221;ponente&#8221; _builder_version=&#8221;4.6.6&#8243; _module_preset=&#8221;default&#8221; width=&#8221;150px&#8221; custom_margin=&#8221;||20px||false|false&#8221;][\/et_pb_image][et_pb_team_member name=&#8221;Tiago Carvalho &#8221; icon_color=&#8221;#2a2a29&#8243; _builder_version=&#8221;4.6.6&#8243; _module_preset=&#8221;default&#8221; header_level=&#8221;h2&#8243; header_font=&#8221;|700|||||||&#8221; header_text_color=&#8221;#fdfcec&#8221; position_font=&#8221;Ubuntu Mono||||||||&#8221; position_text_color=&#8221;#fdfcec&#8221; position_font_size=&#8221;18px&#8221; background_layout=&#8221;dark&#8221; custom_css_member_position=&#8221;margin-bottom: 20px;&#8221; icon_color__hover_enabled=&#8221;on|hover&#8221; icon_color__hover=&#8221;#fdfcec&#8221;]Especialista Ambiental com Mestrado em Engenharia do Ambiente pela Univ. Nova Lisboa. De 2009 a 2017, especialista ambiental na empresa de consultadoria TARH. Trabalhou em diversos projetos de recarga induzida: WARBO \u2013 It\u00e1lia; MARSOL \u2013 Algarve e SOWAMO \u2013Algarve, disseminando as t\u00e9cnicas e construindo mecanismos de adapta\u00e7\u00e3o \u00e0s altera\u00e7\u00f5es clim\u00e1ticas. Atualmente \u00e9 trabalhador independente no Rio de Janeiro, Brasil.[\/et_pb_team_member][et_pb_text _builder_version=&#8221;4.6.6&#8243; _module_preset=&#8221;default&#8221; header_text_color=&#8221;#fdfcec&#8221; header_6_text_color=&#8221;#fdfcec&#8221; custom_margin=&#8221;15px||||false|false&#8221; custom_padding=&#8221;15px||||false|false&#8221; border_width_top=&#8221;1px&#8221;]<\/p>\n<h6>Estar\u00e1 em:\u00a0<\/h6>\n<p>[\/et_pb_text][et_pb_button button_url=&#8221;https:\/\/conferencia.lifeshara.com\/pt-pt\/programa\/sessoes\/sessao-03\/&#8221; button_text=&#8221;Sess\u00e3o Tem\u00e1tica 03: Altera\u00e7\u00f5es clim\u00e1ticas e gest\u00e3o da \u00e1gua: desafios e solu\u00e7\u00f5es pela adapta\u00e7\u00e3o&#8221; button_alignment=&#8221;left&#8221; _builder_version=&#8221;4.6.6&#8243; custom_button=&#8221;on&#8221; button_text_size=&#8221;16px&#8221; button_text_color=&#8221;#fdfcec&#8221; button_border_width=&#8221;0px&#8221; button_letter_spacing=&#8221;3px&#8221; button_font=&#8221;Ubuntu Mono|700|||||||&#8221; button_icon=&#8221;%%3%%&#8221; custom_margin=&#8221;5px||||false|false&#8221; custom_padding=&#8221;|0px||0px|false|true&#8221; button_bg_color__hover_enabled=&#8221;on|desktop&#8221; button_text_color__hover=&#8221;#2a2a29&#8243; button_text_color__hover_enabled=&#8221;on|hover&#8221;][\/et_pb_button][\/et_pb_column][\/et_pb_row][et_pb_row column_structure=&#8221;1_4,1_4,1_4,1_4&#8243; use_custom_gutter=&#8221;on&#8221; gutter_width=&#8221;2&#8243; make_equal=&#8221;on&#8221; admin_label=&#8221;Fila 5 2\u00aa&#8221; _builder_version=&#8221;4.6.6&#8243; background_color=&#8221;#fdfcec&#8221; width=&#8221;90%&#8221; max_width=&#8221;90%&#8221; custom_margin=&#8221;49px|auto|-1px|auto|false|false&#8221; custom_padding=&#8221;0px||0px||true|&#8221; border_color_all=&#8221;#fdfcec&#8221; border_color_all__hover_enabled=&#8221;on|hover&#8221;][et_pb_column type=&#8221;1_4&#8243; _builder_version=&#8221;4.6.6&#8243; background_color=&#8221;#ffffff&#8221; z_index=&#8221;11&#8243; custom_padding=&#8221;30px|2vw|30px|2vw|true|true&#8221; custom_padding_tablet=&#8221;48px|4vw|48px|4vw|true|true&#8221; custom_padding_phone=&#8221;|||5vw|true|false&#8221; custom_padding_last_edited=&#8221;on|phone&#8221; border_width_all=&#8221;1px&#8221; border_color_all=&#8221;#de6f5b&#8221; background_color__hover=&#8221;#fdfcec&#8221; background__hover_enabled=&#8221;on|hover&#8221; background_enable_color__hover=&#8221;on&#8221; border_width_all__hover_enabled=&#8221;on|desktop&#8221;][et_pb_image src=&#8221;https:\/\/conferencia.lifeshara.com\/wp-content\/uploads\/2020\/11\/Marisa-Tejedor.jpg&#8221; title_text=&#8221;Marisa Tejedor&#8221; admin_label=&#8221;Imagen ponente&#8221; module_class=&#8221;ponente&#8221; _builder_version=&#8221;4.6.6&#8243; _module_preset=&#8221;default&#8221; width=&#8221;150px&#8221; custom_margin=&#8221;||20px||false|false&#8221;][\/et_pb_image][et_pb_team_member name=&#8221;Marisa Tejedor Salguero &#8221; _builder_version=&#8221;4.6.6&#8243; _module_preset=&#8221;default&#8221; header_level=&#8221;h2&#8243; header_font=&#8221;|700|||||||&#8221; body_line_height=&#8221;1.6em&#8221; position_font=&#8221;Ubuntu Mono||||||||&#8221; position_text_color=&#8221;#de6f5b&#8221; position_font_size=&#8221;18px&#8221; custom_css_member_position=&#8221;margin-bottom: 20px;&#8221; icon_color__hover_enabled=&#8221;on|hover&#8221; icon_color__hover=&#8221;#fdfcec&#8221; header_text_color__hover=&#8221;#2a2a29&#8243; header_text_color__hover_enabled=&#8221;on|hover&#8221; body_text_color__hover=&#8221;#2a2a29&#8243; body_text_color__hover_enabled=&#8221;on|hover&#8221; background__hover_enabled=&#8221;on|hover&#8221;]Catedr\u00e1tica de Edafologia e Quimica Agr\u00edcola da Universidade de La Laguna. Foi Reitora da Universidade de la Laguna y \u00e9 membro do Observat\u00f3rio das Altera\u00e7\u00f5es Clim\u00e1ticas do Governo de Can\u00e1rias. A sua investiga\u00e7\u00e3o centrou-se no estudo dos recursos do solo e as \u00e1guas, onde desenvolve projetos sobre a desertifica\u00e7\u00e3o e o impacte dos inc\u00eandios na eros\u00e3o e a contamina\u00e7\u00e3o da \u00e1gua, entre outros.[\/et_pb_team_member][et_pb_text _builder_version=&#8221;4.6.6&#8243; _module_preset=&#8221;default&#8221; text_text_color=&#8221;#2a2a29&#8243; header_text_color=&#8221;#de6f5b&#8221; header_6_text_color=&#8221;#de6f5b&#8221; custom_margin=&#8221;15px||||false|false&#8221; custom_padding=&#8221;15px||||false|false&#8221; border_width_top=&#8221;1px&#8221;]<\/p>\n<h6>Estar\u00e1 em:\u00a0<\/h6>\n<p>[\/et_pb_text][et_pb_button button_url=&#8221;https:\/\/conferencia.lifeshara.com\/pt-pt\/programa\/sessoes\/sessao-06\/&#8221; button_text=&#8221;Sess\u00e3o Tem\u00e1tica 06: Adapta\u00e7\u00e3o \u00e0s altera\u00e7\u00f5es clim\u00e1ticas nas ilhas do Mediterr\u00e2neo e da Macaron\u00e9sia&#8221; button_alignment=&#8221;left&#8221; _builder_version=&#8221;4.6.6&#8243; custom_button=&#8221;on&#8221; button_text_size=&#8221;16px&#8221; button_text_color=&#8221;#2a2a29&#8243; button_border_width=&#8221;0px&#8221; button_letter_spacing=&#8221;3px&#8221; button_font=&#8221;Ubuntu Mono|700|||||||&#8221; button_icon=&#8221;%%3%%&#8221; custom_margin=&#8221;5px||||false|false&#8221; custom_padding=&#8221;|0px||0px|false|true&#8221; button_bg_color__hover_enabled=&#8221;on|desktop&#8221; button_text_color__hover=&#8221;#2a2a29&#8243; button_text_color__hover_enabled=&#8221;on|hover&#8221;][\/et_pb_button][\/et_pb_column][et_pb_column type=&#8221;1_4&#8243; _builder_version=&#8221;4.6.6&#8243; background_color=&#8221;#964e54&#8243; z_index=&#8221;11&#8243; custom_padding=&#8221;30px|2vw|30px|2vw|true|true&#8221; custom_padding_tablet=&#8221;48px|4vw|48px|4vw|true|true&#8221; custom_padding_phone=&#8221;|||5vw|true|false&#8221; custom_padding_last_edited=&#8221;on|phone&#8221; background_last_edited=&#8221;on|desktop&#8221; background__hover_enabled=&#8221;on|hover&#8221; background_color__hover=&#8221;#2a2a29&#8243; background_enable_color__hover=&#8221;on&#8221;][et_pb_image src=&#8221;https:\/\/conferencia.lifeshara.com\/wp-content\/uploads\/2020\/11\/Nuno-Serralha.jpg&#8221; title_text=&#8221;Nuno Serralha&#8221; admin_label=&#8221;Imagen ponente&#8221; module_class=&#8221;ponente&#8221; _builder_version=&#8221;4.6.6&#8243; _module_preset=&#8221;default&#8221; width=&#8221;150px&#8221; custom_margin=&#8221;||20px||false|false&#8221;][\/et_pb_image][et_pb_team_member name=&#8221;Nuno da Concei\u00e7\u00e3o Gouveia Serralha &#8221; _builder_version=&#8221;4.6.6&#8243; _module_preset=&#8221;default&#8221; header_level=&#8221;h2&#8243; header_font=&#8221;|700|||||||&#8221; header_text_color=&#8221;#fdfcec&#8221; body_text_color=&#8221;#fdfcec&#8221; body_line_height=&#8221;1.6em&#8221; position_font=&#8221;Ubuntu Mono||||||||&#8221; position_text_color=&#8221;#de6f5b&#8221; position_font_size=&#8221;18px&#8221; custom_css_member_position=&#8221;margin-bottom: 20px;&#8221; icon_color__hover_enabled=&#8221;on|hover&#8221; icon_color__hover=&#8221;#fdfcec&#8221; background__hover_enabled=&#8221;on|hover&#8221;]Licenciado em Engenharia Florestal, exerce fun\u00e7\u00f5es de Chefe de Divis\u00e3o de Floresta\u00e7\u00e3o e Conserva\u00e7\u00e3o dos solos do Instituto das Florestas e Conserva\u00e7\u00e3o da Natureza (IP-RAM) e exerceu fun\u00e7\u00f5es como T\u00e9cnico Superior na Divis\u00e3o de Prote\u00e7\u00e3o e Conserva\u00e7\u00e3o da Floresta e mais recentemente na Dire\u00e7\u00e3o de Servi\u00e7os de Gest\u00e3o Florestal e Bio(Geo)diversidade do IP-RAM.[\/et_pb_team_member][et_pb_text _builder_version=&#8221;4.6.6&#8243; _module_preset=&#8221;default&#8221; header_text_color=&#8221;#fdfcec&#8221; header_6_text_color=&#8221;#fdfcec&#8221; custom_margin=&#8221;15px||||false|false&#8221; custom_padding=&#8221;15px||||false|false&#8221; border_width_top=&#8221;1px&#8221;]<\/p>\n<h6>Estar\u00e1 em:\u00a0<\/h6>\n<p>[\/et_pb_text][et_pb_button button_url=&#8221;https:\/\/conferencia.lifeshara.com\/pt-pt\/programa\/sessoes\/sessao-06\/&#8221; button_text=&#8221;Sess\u00e3o Tem\u00e1tica 06: Adapta\u00e7\u00e3o \u00e0s altera\u00e7\u00f5es clim\u00e1ticas nas ilhas do Mediterr\u00e2neo e da Macaron\u00e9sia&#8221; button_alignment=&#8221;left&#8221; _builder_version=&#8221;4.6.6&#8243; custom_button=&#8221;on&#8221; button_text_size=&#8221;16px&#8221; button_text_color=&#8221;#ffffff&#8221; button_border_width=&#8221;0px&#8221; button_letter_spacing=&#8221;3px&#8221; button_font=&#8221;Ubuntu Mono|700|||||||&#8221; button_icon=&#8221;%%3%%&#8221; custom_margin=&#8221;5px||||false|false&#8221; custom_padding=&#8221;|0px||0px|false|true&#8221; button_bg_color__hover_enabled=&#8221;on|desktop&#8221;][\/et_pb_button][\/et_pb_column][et_pb_column type=&#8221;1_4&#8243; _builder_version=&#8221;4.6.6&#8243; background_color=&#8221;#f1a336&#8243; z_index=&#8221;11&#8243; custom_padding=&#8221;30px|2vw|30px|2vw|true|true&#8221; custom_padding_tablet=&#8221;48px|4vw|48px|4vw|true|true&#8221; custom_padding_phone=&#8221;|||5vw|true|false&#8221; custom_padding_last_edited=&#8221;on|phone&#8221; background__hover_enabled=&#8221;on|hover&#8221; background_color__hover=&#8221;#2a2a29&#8243; background_enable_color__hover=&#8221;on&#8221;][et_pb_image src=&#8221;https:\/\/conferencia.lifeshara.com\/wp-content\/uploads\/2020\/11\/Francisco-Teixeira.jpg&#8221; title_text=&#8221;Francisco-Teixeira&#8221; admin_label=&#8221;Imagen ponente&#8221; module_class=&#8221;ponente&#8221; _builder_version=&#8221;4.6.6&#8243; _module_preset=&#8221;default&#8221; width=&#8221;150px&#8221; custom_margin=&#8221;||20px||false|false&#8221;][\/et_pb_image][et_pb_team_member name=&#8221;Francisco Teixeira &#8221; icon_color=&#8221;#2a2a29&#8243; _builder_version=&#8221;4.6.6&#8243; _module_preset=&#8221;default&#8221; header_level=&#8221;h2&#8243; header_font=&#8221;|700|||||||&#8221; header_text_color=&#8221;#fdfcec&#8221; position_font=&#8221;Ubuntu Mono||||||||&#8221; position_text_color=&#8221;#fdfcec&#8221; position_font_size=&#8221;18px&#8221; background_layout=&#8221;dark&#8221; custom_css_member_position=&#8221;margin-bottom: 20px;&#8221; icon_color__hover_enabled=&#8221;on|hover&#8221; icon_color__hover=&#8221;#fdfcec&#8221;]\u00c9 Diretor do Departamento de Comunica\u00e7\u00e3o e Cidadania Ambiental da Ag\u00eancia Portuguesa do Ambiente. Integra o Grupo de Trabalho de Educa\u00e7\u00e3o Ambiental para a Sustentabilidade e foi coordenador do Grupo de Trabalho de desenvolvimento da Estrat\u00e9gia Nacional de Educa\u00e7\u00e3o Ambiental.[\/et_pb_team_member][et_pb_text _builder_version=&#8221;4.6.6&#8243; _module_preset=&#8221;default&#8221; header_text_color=&#8221;#fdfcec&#8221; header_6_text_color=&#8221;#fdfcec&#8221; custom_margin=&#8221;15px||||false|false&#8221; custom_padding=&#8221;15px||||false|false&#8221; border_width_top=&#8221;1px&#8221;]<\/p>\n<h6>Estar\u00e1 em:\u00a0<\/h6>\n<p>[\/et_pb_text][et_pb_button button_url=&#8221;https:\/\/conferencia.lifeshara.com\/pt-pt\/programa\/sessoes\/sessao-07\/&#8221; button_text=&#8221;Sess\u00e3o Tem\u00e1tica 07: Informa\u00e7\u00e3o, Educa\u00e7\u00e3o e Capacita\u00e7\u00e3o pela adapta\u00e7\u00e3o \u00e0s altera\u00e7\u00f5es clim\u00e1ticas&#8221; button_alignment=&#8221;left&#8221; _builder_version=&#8221;4.6.6&#8243; custom_button=&#8221;on&#8221; button_text_size=&#8221;16px&#8221; button_text_color=&#8221;#ffffff&#8221; button_border_width=&#8221;0px&#8221; button_letter_spacing=&#8221;3px&#8221; button_font=&#8221;Ubuntu Mono|700|||||||&#8221; button_icon=&#8221;%%3%%&#8221; custom_margin=&#8221;5px||||false|false&#8221; custom_padding=&#8221;|0px||0px|false|true&#8221; button_bg_color__hover_enabled=&#8221;on|desktop&#8221;][\/et_pb_button][\/et_pb_column][et_pb_column type=&#8221;1_4&#8243; _builder_version=&#8221;4.6.6&#8243; background_color=&#8221;#91c468&#8243; z_index=&#8221;11&#8243; custom_padding=&#8221;30px|2vw|30px|2vw|true|true&#8221; custom_padding_tablet=&#8221;48px|4vw|48px|4vw|true|true&#8221; custom_padding_phone=&#8221;|||5vw|true|false&#8221; custom_padding_last_edited=&#8221;on|phone&#8221; background__hover_enabled=&#8221;on|hover&#8221; background_color__hover=&#8221;#2a2a29&#8243; background_enable_color__hover=&#8221;on&#8221;][et_pb_image src=&#8221;https:\/\/conferencia.lifeshara.com\/wp-content\/uploads\/2020\/11\/Maria-Luz-Diaz-Guerrero.jpg&#8221; title_text=&#8221;Mar\u00eda-Luz-D\u00edaz-Guerrero&#8221; admin_label=&#8221;Imagen ponente&#8221; module_class=&#8221;ponente&#8221; _builder_version=&#8221;4.6.6&#8243; _module_preset=&#8221;default&#8221; width=&#8221;150px&#8221; custom_margin=&#8221;||20px||false|false&#8221;][\/et_pb_image][et_pb_team_member name=&#8221;Mar\u00eda Luz D\u00edaz Guerrero &#8221; icon_color=&#8221;#2a2a29&#8243; _builder_version=&#8221;4.6.6&#8243; _module_preset=&#8221;default&#8221; header_level=&#8221;h2&#8243; header_font=&#8221;|700|||||||&#8221; header_text_color=&#8221;#fdfcec&#8221; position_font=&#8221;Ubuntu Mono||||||||&#8221; position_text_color=&#8221;#fdfcec&#8221; position_font_size=&#8221;18px&#8221; background_layout=&#8221;dark&#8221; custom_css_member_position=&#8221;margin-bottom: 20px;&#8221; icon_color__hover_enabled=&#8221;on|hover&#8221; icon_color__hover=&#8221;#fdfcec&#8221;]Licenciada em Psicologia, \u00e9 fundadora e diretora da Cooperativa \u201cHuerto Alegre\u201d. Com uma comprida experi\u00eancia na doc\u00eancia, gest\u00e3o e coordena\u00e7\u00e3o dos projetos de educa\u00e7\u00e3o ambiental como a Rede Andaluza de Eco-Escolas o Recapacicla, \u00e9 presidenta da Rede Andaluza de Centros de Educa\u00e7\u00e3o Ambiental e faz parte da Associa\u00e7\u00e3o de Mulheres de Cooperativas de Andaluc\u00eda.[\/et_pb_team_member][et_pb_text _builder_version=&#8221;4.6.6&#8243; _module_preset=&#8221;default&#8221; header_text_color=&#8221;#fdfcec&#8221; header_6_text_color=&#8221;#fdfcec&#8221; custom_margin=&#8221;15px||||false|false&#8221; custom_padding=&#8221;15px||||false|false&#8221; border_width_top=&#8221;1px&#8221;]<\/p>\n<h6>Estar\u00e1 em:\u00a0<\/h6>\n<p>[\/et_pb_text][et_pb_button button_url=&#8221;https:\/\/conferencia.lifeshara.com\/pt-pt\/programa\/sessoes\/sessao-07\/&#8221; button_text=&#8221;Sess\u00e3o Tem\u00e1tica 07: Informa\u00e7\u00e3o, Educa\u00e7\u00e3o e Capacita\u00e7\u00e3o pela adapta\u00e7\u00e3o \u00e0s altera\u00e7\u00f5es clim\u00e1ticas&#8221; button_alignment=&#8221;left&#8221; _builder_version=&#8221;4.6.6&#8243; custom_button=&#8221;on&#8221; button_text_size=&#8221;16px&#8221; button_text_color=&#8221;#ffffff&#8221; button_border_width=&#8221;0px&#8221; button_letter_spacing=&#8221;3px&#8221; button_font=&#8221;Ubuntu Mono|700|||||||&#8221; button_icon=&#8221;%%3%%&#8221; custom_margin=&#8221;5px||||false|false&#8221; custom_padding=&#8221;|0px||0px|false|true&#8221; button_bg_color__hover_enabled=&#8221;on|desktop&#8221;][\/et_pb_button][\/et_pb_column][\/et_pb_row][et_pb_row column_structure=&#8221;1_4,1_4,1_4,1_4&#8243; use_custom_gutter=&#8221;on&#8221; gutter_width=&#8221;2&#8243; make_equal=&#8221;on&#8221; admin_label=&#8221;Fila 1 2\u00aa&#8221; _builder_version=&#8221;4.6.6&#8243; background_enable_color=&#8221;off&#8221; width=&#8221;90%&#8221; max_width=&#8221;90%&#8221; custom_margin=&#8221;49px|auto|-1px|auto|false|false&#8221; custom_padding=&#8221;0px||0px||true|&#8221; border_color_all=&#8221;#fdfcec&#8221; border_color_all__hover_enabled=&#8221;on|hover&#8221;][et_pb_column type=&#8221;1_4&#8243; _builder_version=&#8221;4.6.6&#8243; background_color=&#8221;#f1a336&#8243; z_index=&#8221;11&#8243; custom_padding=&#8221;30px|2vw|30px|2vw|true|true&#8221; custom_padding_tablet=&#8221;48px|4vw|48px|4vw|true|true&#8221; custom_padding_phone=&#8221;|||5vw|true|false&#8221; custom_padding_last_edited=&#8221;on|phone&#8221; border_width_all=&#8221;1px&#8221; border_color_all=&#8221;#de6f5b&#8221; background_color__hover=&#8221;#2a2a29&#8243; background__hover_enabled=&#8221;on|hover&#8221; background_enable_color__hover=&#8221;on&#8221; border_width_all__hover_enabled=&#8221;on|desktop&#8221;][et_pb_image src=&#8221;https:\/\/conferencia.lifeshara.com\/wp-content\/uploads\/2020\/11\/Gerardo-BENITO.jpg&#8221; title_text=&#8221;Gerardo-BENITO&#8221; admin_label=&#8221;Imagen ponente&#8221; module_class=&#8221;ponente&#8221; _builder_version=&#8221;4.6.6&#8243; _module_preset=&#8221;default&#8221; width=&#8221;150px&#8221; custom_margin=&#8221;||20px||false|false&#8221;][\/et_pb_image][et_pb_team_member name=&#8221;Gerardo Benito&#8221; _builder_version=&#8221;4.6.6&#8243; _module_preset=&#8221;default&#8221; header_level=&#8221;h2&#8243; header_font=&#8221;|700|||||||&#8221; header_text_color=&#8221;#fdfcec&#8221; body_text_color=&#8221;#fdfcec&#8221; body_line_height=&#8221;1.6em&#8221; position_font=&#8221;Ubuntu Mono||||||||&#8221; position_text_color=&#8221;#de6f5b&#8221; position_font_size=&#8221;18px&#8221; custom_css_member_position=&#8221;margin-bottom: 20px;&#8221; icon_color__hover_enabled=&#8221;on|hover&#8221; icon_color__hover=&#8221;#fdfcec&#8221; background__hover_enabled=&#8221;on|hover&#8221;]Professor de Investiga\u00e7\u00e3o do CSIC no Museu Nacional das Ci\u00eancias Naturais de Madrid. A sua investiga\u00e7\u00e3o foca-se nos riscos de inunda\u00e7\u00f5es, a reconstru\u00e7\u00e3o dos registros hidrol\u00f3gicos hist\u00f3ricos e o paleoclima. Participou como autor no 5AR do IPCC e no Relat\u00f3rio Especial do IPCC sobre \u201cSucessos Extremos e Desastres para avan\u00e7ar na adapta\u00e7\u00e3o \u00e0s altera\u00e7\u00f5es clim\u00e1ticas\u201d.[\/et_pb_team_member][et_pb_text _builder_version=&#8221;4.6.6&#8243; _module_preset=&#8221;default&#8221; header_text_color=&#8221;#fdfcec&#8221; header_6_text_color=&#8221;#fdfcec&#8221; custom_margin=&#8221;15px||||false|false&#8221; custom_padding=&#8221;15px||||false|false&#8221; border_width_top=&#8221;1px&#8221;]<\/p>\n<h6>Estar\u00e1 em:\u00a0<\/h6>\n<p>[\/et_pb_text][et_pb_button button_url=&#8221;https:\/\/conferencia.lifeshara.com\/pt-pt\/programa\/sessoes\/sessao-08\/&#8221; button_text=&#8221;Sess\u00e3o Tem\u00e1tica 08: Redu\u00e7\u00e3o do risco de desastres e adapta\u00e7\u00e3o \u00e0s altera\u00e7\u00f5es clim\u00e1ticas&#8221; button_alignment=&#8221;left&#8221; _builder_version=&#8221;4.6.6&#8243; custom_button=&#8221;on&#8221; button_text_size=&#8221;16px&#8221; button_text_color=&#8221;#ffffff&#8221; button_border_width=&#8221;0px&#8221; button_letter_spacing=&#8221;3px&#8221; button_font=&#8221;Ubuntu Mono|700|||||||&#8221; button_icon=&#8221;%%3%%&#8221; custom_margin=&#8221;5px||||false|false&#8221; custom_padding=&#8221;|0px||0px|false|true&#8221; button_bg_color__hover_enabled=&#8221;on|desktop&#8221;][\/et_pb_button][\/et_pb_column][et_pb_column type=&#8221;1_4&#8243; _builder_version=&#8221;4.6.6&#8243; background_color=&#8221;#91c468&#8243; z_index=&#8221;11&#8243; custom_padding=&#8221;30px|2vw|30px|2vw|true|true&#8221; custom_padding_tablet=&#8221;48px|4vw|48px|4vw|true|true&#8221; custom_padding_phone=&#8221;|||5vw|true|false&#8221; custom_padding_last_edited=&#8221;on|phone&#8221; background_last_edited=&#8221;on|desktop&#8221; background__hover_enabled=&#8221;on|hover&#8221; background_color__hover=&#8221;#2a2a29&#8243; background_enable_color__hover=&#8221;on&#8221;][et_pb_image src=&#8221;https:\/\/conferencia.lifeshara.com\/wp-content\/uploads\/2020\/11\/SorayaRomero1.png&#8221; title_text=&#8221;SorayaRomero1&#8243; admin_label=&#8221;Imagen ponente&#8221; module_class=&#8221;ponente&#8221; _builder_version=&#8221;4.6.6&#8243; _module_preset=&#8221;default&#8221; width=&#8221;150px&#8221; custom_margin=&#8221;||20px||false|false&#8221;][\/et_pb_image][et_pb_team_member name=&#8221;Soraya Romero&#8221; _builder_version=&#8221;4.6.6&#8243; _module_preset=&#8221;default&#8221; header_level=&#8221;h2&#8243; header_font=&#8221;|700|||||||&#8221; header_text_color=&#8221;#fdfcec&#8221; body_text_color=&#8221;#fdfcec&#8221; body_line_height=&#8221;1.6em&#8221; position_font=&#8221;Ubuntu Mono||||||||&#8221; position_text_color=&#8221;#de6f5b&#8221; position_font_size=&#8221;18px&#8221; custom_css_member_position=&#8221;margin-bottom: 20px;&#8221; icon_color__hover_enabled=&#8221;on|hover&#8221; icon_color__hover=&#8221;#fdfcec&#8221; background__hover_enabled=&#8221;on|hover&#8221;]Licenciada em Sociologia e P\u00f3s-Graduada em Comunica\u00e7\u00e3o, \u00e9 Diretora de Sustentabilidade no Grupo IBEROSTAR para a Europa, M\u00e9dio-Oriente e \u00c1frica e professora Associada na Faculdade de Economia e Empresas da Universidade das Ilhas Baleares. \u00c9 Vogal do Comit\u00e9 Executivo da rede Espanhola Women Action Sustainability.[\/et_pb_team_member][et_pb_text _builder_version=&#8221;4.6.6&#8243; _module_preset=&#8221;default&#8221; header_text_color=&#8221;#fdfcec&#8221; header_6_text_color=&#8221;#fdfcec&#8221; custom_margin=&#8221;15px||||false|false&#8221; custom_padding=&#8221;15px||||false|false&#8221; border_width_top=&#8221;1px&#8221; locked=&#8221;off&#8221;]<\/p>\n<h6>Estar\u00e1 em:\u00a0<\/h6>\n<p>[\/et_pb_text][et_pb_button button_url=&#8221;https:\/\/conferencia.lifeshara.com\/pt-pt\/programa\/sessoes\/sessao-09\/&#8221; button_text=&#8221;Sess\u00e3o Tem\u00e1tica 09: Turismo. Converter os desafios clim\u00e1ticos e ambientais em oportunidades&#8221; button_alignment=&#8221;left&#8221; _builder_version=&#8221;4.6.6&#8243; custom_button=&#8221;on&#8221; button_text_size=&#8221;16px&#8221; button_text_color=&#8221;#ffffff&#8221; button_border_width=&#8221;0px&#8221; button_letter_spacing=&#8221;3px&#8221; button_font=&#8221;Ubuntu Mono|700|||||||&#8221; button_icon=&#8221;%%3%%&#8221; custom_margin=&#8221;5px||||false|false&#8221; custom_padding=&#8221;|0px||0px|false|true&#8221; button_bg_color__hover_enabled=&#8221;on|desktop&#8221;][\/et_pb_button][\/et_pb_column][et_pb_column type=&#8221;1_4&#8243; _builder_version=&#8221;4.6.6&#8243; background_color=&#8221;#964e54&#8243; z_index=&#8221;11&#8243; custom_padding=&#8221;30px|2vw|30px|2vw|true|true&#8221; custom_padding_tablet=&#8221;48px|4vw|48px|4vw|true|true&#8221; custom_padding_phone=&#8221;|||5vw|true|false&#8221; custom_padding_last_edited=&#8221;on|phone&#8221; background_last_edited=&#8221;on|desktop&#8221; background__hover_enabled=&#8221;on|hover&#8221; background_color__hover=&#8221;#2a2a29&#8243; background_enable_color__hover=&#8221;on&#8221;][et_pb_image src=&#8221;https:\/\/conferencia.lifeshara.com\/wp-content\/uploads\/2020\/11\/CristinaSizaVieira.jpg&#8221; title_text=&#8221;CristinaSizaVieira&#8221; admin_label=&#8221;Imagen ponente&#8221; module_class=&#8221;ponente&#8221; _builder_version=&#8221;4.6.6&#8243; _module_preset=&#8221;default&#8221; width=&#8221;150px&#8221; custom_margin=&#8221;||20px||false|false&#8221;][\/et_pb_image][et_pb_team_member name=&#8221;Cristina Siza Vieira&#8221; icon_color=&#8221;#2a2a29&#8243; _builder_version=&#8221;4.6.6&#8243; _module_preset=&#8221;default&#8221; header_level=&#8221;h2&#8243; header_font=&#8221;|700|||||||&#8221; header_text_color=&#8221;#fdfcec&#8221; position_font=&#8221;Ubuntu Mono||||||||&#8221; position_text_color=&#8221;#fdfcec&#8221; position_font_size=&#8221;18px&#8221; background_layout=&#8221;dark&#8221; custom_css_member_position=&#8221;margin-bottom: 20px;&#8221; icon_color__hover_enabled=&#8221;on|hover&#8221; icon_color__hover=&#8221;#fdfcec&#8221;]Licenciada em Direito e P\u00f3s-Graduada em Ci\u00eancias Jur\u00eddico-Administrativas com especializa\u00e7\u00e3o em Direito do Ordenamento do Territ\u00f3rio, Urbanismo e Ambiente, \u00e9 Professora na P\u00f3s-Gradua\u00e7\u00e3o em Gest\u00e3o Hoteleira na Universidade Europeia, em Lisboa. Foi Diretora-Geral do Turismo e tamb\u00e9m advogada na Banca e consultora de grupos empresariais do turismo. Atualmente \u00e9 CEO da Associa\u00e7\u00e3o da Hotelaria de Portugal.[\/et_pb_team_member][et_pb_text _builder_version=&#8221;4.6.6&#8243; _module_preset=&#8221;default&#8221; header_text_color=&#8221;#fdfcec&#8221; header_6_text_color=&#8221;#fdfcec&#8221; custom_margin=&#8221;15px||||false|false&#8221; custom_padding=&#8221;15px||||false|false&#8221; border_width_top=&#8221;1px&#8221; locked=&#8221;off&#8221;]<\/p>\n<h6>Estar\u00e1 em:\u00a0<\/h6>\n<p>[\/et_pb_text][et_pb_button button_url=&#8221;https:\/\/conferencia.lifeshara.com\/pt-pt\/programa\/sessoes\/sessao-09\/&#8221; button_text=&#8221;Sess\u00e3o Tem\u00e1tica 09: Turismo. Converter os desafios clim\u00e1ticos e ambientais em oportunidades&#8221; button_alignment=&#8221;left&#8221; _builder_version=&#8221;4.6.6&#8243; custom_button=&#8221;on&#8221; button_text_size=&#8221;16px&#8221; button_text_color=&#8221;#ffffff&#8221; button_border_width=&#8221;0px&#8221; button_letter_spacing=&#8221;3px&#8221; button_font=&#8221;Ubuntu Mono|700|||||||&#8221; button_icon=&#8221;%%3%%&#8221; custom_margin=&#8221;5px||||false|false&#8221; custom_padding=&#8221;|0px||0px|false|true&#8221; button_bg_color__hover_enabled=&#8221;on|desktop&#8221;][\/et_pb_button][\/et_pb_column][et_pb_column type=&#8221;1_4&#8243; _builder_version=&#8221;4.6.6&#8243; background_color=&#8221;#ffffff&#8221; z_index=&#8221;11&#8243; custom_padding=&#8221;30px|2vw|30px|2vw|true|true&#8221; custom_padding_tablet=&#8221;48px|4vw|48px|4vw|true|true&#8221; custom_padding_phone=&#8221;|||5vw|true|false&#8221; custom_padding_last_edited=&#8221;on|phone&#8221; background_last_edited=&#8221;on|desktop&#8221; border_width_all=&#8221;1px&#8221; border_color_all=&#8221;#de6f5b&#8221; background__hover_enabled=&#8221;on|desktop&#8221; background_color__hover=&#8221;#fdfcec&#8221; background_enable_color__hover=&#8221;on&#8221; border_width_all__hover_enabled=&#8221;on|desktop&#8221;][et_pb_image src=&#8221;https:\/\/conferencia.lifeshara.com\/wp-content\/uploads\/2020\/11\/Leonor-Picao.foto_.jpg&#8221; title_text=&#8221;Leonor Pic\u00e3o.foto&#8221; admin_label=&#8221;Imagen ponente&#8221; module_class=&#8221;ponente&#8221; _builder_version=&#8221;4.6.6&#8243; _module_preset=&#8221;default&#8221; width=&#8221;150px&#8221; custom_margin=&#8221;||20px||false|false&#8221;][\/et_pb_image][et_pb_team_member name=&#8221;Leonor Pic\u00e3o &#8221; _builder_version=&#8221;4.6.6&#8243; _module_preset=&#8221;default&#8221; header_level=&#8221;h2&#8243; header_font=&#8221;|700|||||||&#8221; body_line_height=&#8221;1.6em&#8221; position_font=&#8221;Ubuntu Mono||||||||&#8221; position_text_color=&#8221;#de6f5b&#8221; position_font_size=&#8221;18px&#8221; custom_css_member_position=&#8221;margin-bottom: 20px;&#8221; icon_color__hover_enabled=&#8221;on|hover&#8221; icon_color__hover=&#8221;#fdfcec&#8221; header_text_color__hover=&#8221;#2a2a29&#8243; header_text_color__hover_enabled=&#8221;on|hover&#8221; body_text_color__hover=&#8221;#2a2a29&#8243; body_text_color__hover_enabled=&#8221;on|hover&#8221; background__hover_enabled=&#8221;on|hover&#8221;]Licenciada em Arquitetura, \u00e9 Diretora Coordenadora da Dire\u00e7\u00e3o de Valoriza\u00e7\u00e3o da Oferta no Turismo de Portugal, respons\u00e1vel pelo tema da Sustentabilidade no Turismo. Acumulou a fun\u00e7\u00e3o de perita em grupos de trabalho sobre Altera\u00e7\u00f5es Clim\u00e1ticas e Turismo a n\u00edvel nacional e internacional. Desde 2017 assumiu a fun\u00e7\u00e3o de Presidenta da Comiss\u00e3o T\u00e9cnica de Normaliza\u00e7\u00e3o para o Turismo no \u00e2mbito do Sistema Portugu\u00eas da Qualidade.[\/et_pb_team_member][et_pb_text _builder_version=&#8221;4.6.6&#8243; _module_preset=&#8221;default&#8221; text_text_color=&#8221;#2a2a29&#8243; header_text_color=&#8221;#de6f5b&#8221; header_6_text_color=&#8221;#de6f5b&#8221; custom_margin=&#8221;15px||||false|false&#8221; custom_padding=&#8221;15px||||false|false&#8221; border_width_top=&#8221;1px&#8221;]<\/p>\n<h6>Estar\u00e1 em:\u00a0<\/h6>\n<p>[\/et_pb_text][et_pb_button button_url=&#8221;https:\/\/conferencia.lifeshara.com\/pt-pt\/programa\/sessoes\/sessao-09\/&#8221; button_text=&#8221;Sess\u00e3o Tem\u00e1tica 09: Turismo. Converter os desafios clim\u00e1ticos e ambientais em oportunidades&#8221; button_alignment=&#8221;left&#8221; _builder_version=&#8221;4.6.6&#8243; custom_button=&#8221;on&#8221; button_text_size=&#8221;16px&#8221; button_text_color=&#8221;#2a2a29&#8243; button_border_width=&#8221;0px&#8221; button_letter_spacing=&#8221;3px&#8221; button_font=&#8221;Ubuntu Mono|700|||||||&#8221; button_icon=&#8221;%%3%%&#8221; custom_margin=&#8221;5px||||false|false&#8221; custom_padding=&#8221;|0px||0px|false|true&#8221; locked=&#8221;off&#8221; button_bg_color__hover_enabled=&#8221;on|desktop&#8221; button_text_color__hover=&#8221;#2a2a29&#8243; button_text_color__hover_enabled=&#8221;on|hover&#8221;][\/et_pb_button][\/et_pb_column][\/et_pb_row][et_pb_row column_structure=&#8221;1_4,1_4,1_4,1_4&#8243; use_custom_gutter=&#8221;on&#8221; gutter_width=&#8221;2&#8243; make_equal=&#8221;on&#8221; admin_label=&#8221;Fila 2&#8243; _builder_version=&#8221;4.6.6&#8243; background_color=&#8221;#fdfcec&#8221; width=&#8221;90%&#8221; max_width=&#8221;90%&#8221; custom_margin=&#8221;49px|auto|30px|auto|false|false&#8221; custom_padding=&#8221;0px||0px||true|&#8221; border_color_all=&#8221;#fdfcec&#8221; border_color_all__hover_enabled=&#8221;on|hover&#8221;][et_pb_column type=&#8221;1_4&#8243; _builder_version=&#8221;4.6.6&#8243; background_color=&#8221;#de6f5b&#8221; z_index=&#8221;11&#8243; custom_padding=&#8221;30px|2vw|30px|2vw|true|true&#8221; custom_padding_tablet=&#8221;48px|4vw|48px|4vw|true|true&#8221; custom_padding_phone=&#8221;|||5vw|true|false&#8221; custom_padding_last_edited=&#8221;on|phone&#8221; border_width_all=&#8221;1px&#8221; border_color_all=&#8221;#de6f5b&#8221; background_color__hover=&#8221;#2a2a29&#8243; background__hover_enabled=&#8221;on|hover&#8221; background_enable_color__hover=&#8221;on&#8221; border_width_all__hover_enabled=&#8221;on|desktop&#8221;][et_pb_image src=&#8221;https:\/\/conferencia.lifeshara.com\/wp-content\/uploads\/2020\/11\/Foto-Carlos-Alegria-scaled.jpg&#8221; title_text=&#8221;Foto Carlos Alegria&#8221; admin_label=&#8221;Imagen ponente&#8221; module_class=&#8221;ponente&#8221; _builder_version=&#8221;4.6.6&#8243; _module_preset=&#8221;default&#8221; width=&#8221;150px&#8221; custom_margin=&#8221;||20px||false|false&#8221;][\/et_pb_image][et_pb_team_member name=&#8221;Carlos Alegr\u00eda&#8221; _builder_version=&#8221;4.6.6&#8243; _module_preset=&#8221;default&#8221; header_level=&#8221;h2&#8243; header_font=&#8221;|700|||||||&#8221; header_text_color=&#8221;#fdfcec&#8221; body_text_color=&#8221;#fdfcec&#8221; body_line_height=&#8221;1.6em&#8221; position_font=&#8221;Ubuntu Mono||||||||&#8221; position_text_color=&#8221;#de6f5b&#8221; position_font_size=&#8221;18px&#8221; custom_css_member_position=&#8221;margin-bottom: 20px;&#8221; icon_color__hover_enabled=&#8221;on|hover&#8221; icon_color__hover=&#8221;#fdfcec&#8221; background__hover_enabled=&#8221;on|hover&#8221;]Doutorado em Engenharia Eletrot\u00e9cnica, \u00e9 Professor Universit\u00e1rio desde 1980 e publicou numerosos relat\u00f3rios e artigos em revistas nacionais e internacionais. Desde 1990 exerce como gestor de empresas e como profissional liberal em trabalhos de projeto, consultadoria e promotor de sistemas de energia, bem como na \u00e1rea imobili\u00e1ria. \u00c9 Presidente da Associa\u00e7\u00e3o de Produtores de Energia e Biomassa.[\/et_pb_team_member][et_pb_text _builder_version=&#8221;4.6.6&#8243; _module_preset=&#8221;default&#8221; header_text_color=&#8221;#fdfcec&#8221; header_6_text_color=&#8221;#fdfcec&#8221; custom_margin=&#8221;15px||||false|false&#8221; custom_padding=&#8221;15px||||false|false&#8221; border_width_top=&#8221;1px&#8221;]<\/p>\n<h6>Estar\u00e1 em:<\/h6>\n<p>[\/et_pb_text][et_pb_button button_url=&#8221;https:\/\/conferencia.lifeshara.com\/pt-pt\/programa\/sessoes\/sessao-09\/&#8221; button_text=&#8221;Sess\u00e3o Tem\u00e1tica 09: Turismo. Converter os desafios clim\u00e1ticos e ambientais em oportunidades&#8221; button_alignment=&#8221;left&#8221; _builder_version=&#8221;4.6.6&#8243; custom_button=&#8221;on&#8221; button_text_size=&#8221;16px&#8221; button_text_color=&#8221;#ffffff&#8221; button_border_width=&#8221;0px&#8221; button_letter_spacing=&#8221;3px&#8221; button_font=&#8221;Ubuntu Mono|700|||||||&#8221; button_icon=&#8221;%%3%%&#8221; custom_margin=&#8221;5px||||false|false&#8221; custom_padding=&#8221;|0px||0px|false|true&#8221; button_bg_color__hover_enabled=&#8221;on|desktop&#8221;][\/et_pb_button][\/et_pb_column][et_pb_column type=&#8221;1_4&#8243; _builder_version=&#8221;4.6.6&#8243; background_color=&#8221;#ffd656&#8243; z_index=&#8221;11&#8243; custom_padding=&#8221;30px|2vw|30px|2vw|true|true&#8221; custom_padding_tablet=&#8221;48px|4vw|48px|4vw|true|true&#8221; custom_padding_phone=&#8221;|||5vw|true|false&#8221; custom_padding_last_edited=&#8221;on|phone&#8221; background_last_edited=&#8221;on|desktop&#8221; background__hover_enabled=&#8221;on|hover&#8221; background_color__hover=&#8221;#2a2a29&#8243; background_enable_color__hover=&#8221;on&#8221;][et_pb_image src=&#8221;https:\/\/conferencia.lifeshara.com\/wp-content\/uploads\/2020\/11\/foto-C.Pino-pequena.png&#8221; title_text=&#8221;foto C.Pino peque\u00f1a&#8221; admin_label=&#8221;Imagen ponente&#8221; module_class=&#8221;ponente&#8221; _builder_version=&#8221;4.6.6&#8243; _module_preset=&#8221;default&#8221; width=&#8221;150px&#8221; custom_margin=&#8221;||20px||false|false&#8221;][\/et_pb_image][et_pb_team_member name=&#8221;Coral\u00eda Pino L\u00f3pez&#8221; icon_color=&#8221;#2a2a29&#8243; _builder_version=&#8221;4.6.6&#8243; _module_preset=&#8221;default&#8221; header_level=&#8221;h2&#8243; header_font=&#8221;|700|||||||&#8221; header_text_color=&#8221;#fdfcec&#8221; position_font=&#8221;Ubuntu Mono||||||||&#8221; position_text_color=&#8221;#fdfcec&#8221; position_font_size=&#8221;18px&#8221; background_layout=&#8221;dark&#8221; custom_css_member_position=&#8221;margin-bottom: 20px;&#8221; icon_color__hover_enabled=&#8221;on|hover&#8221; icon_color__hover=&#8221;#fdfcec&#8221;]T\u00e9cnica em Empresas e Atividades Tur\u00edsticas, \u00e9 respons\u00e1vel pela \u00e1rea de Efici\u00eancia Energ\u00e9tica e Sustentabilidade bem como da \u00e1rea de Forma\u00e7\u00e3o do Instituto Tecnol\u00f3gico Hoteleiro, pertencente \u00e0 Confedera\u00e7\u00e3o Espanhola de Hot\u00e9is e Alojamentos Tur\u00edsticos. Foi professora em v\u00e1rias escolas de neg\u00f3cios e coordenadora do Mestrado em Gest\u00e3o e Administra\u00e7\u00e3o Ambiental da Funda\u00e7\u00e3o Biodiversidade.[\/et_pb_team_member][et_pb_text _builder_version=&#8221;4.6.6&#8243; _module_preset=&#8221;default&#8221; header_text_color=&#8221;#fdfcec&#8221; header_6_text_color=&#8221;#fdfcec&#8221; custom_margin=&#8221;15px||||false|false&#8221; custom_padding=&#8221;15px||||false|false&#8221; border_width_top=&#8221;1px&#8221;]<\/p>\n<h6>Estar\u00e1 em:<\/h6>\n<p>[\/et_pb_text][et_pb_button button_url=&#8221;https:\/\/conferencia.lifeshara.com\/pt-pt\/programa\/sessoes\/sessao-09\/&#8221; button_text=&#8221;Sess\u00e3o Tem\u00e1tica 09: Turismo. Converter os desafios clim\u00e1ticos e ambientais em oportunidades&#8221; button_alignment=&#8221;left&#8221; _builder_version=&#8221;4.6.6&#8243; custom_button=&#8221;on&#8221; button_text_size=&#8221;16px&#8221; button_text_color=&#8221;#ffffff&#8221; button_border_width=&#8221;0px&#8221; button_letter_spacing=&#8221;3px&#8221; button_font=&#8221;Ubuntu Mono|700|||||||&#8221; button_icon=&#8221;%%3%%&#8221; custom_margin=&#8221;5px||||false|false&#8221; custom_padding=&#8221;|0px||0px|false|true&#8221; button_bg_color__hover_enabled=&#8221;on|desktop&#8221;][\/et_pb_button][\/et_pb_column][et_pb_column type=&#8221;1_4&#8243; _builder_version=&#8221;4.6.6&#8243; background_color=&#8221;#946aac&#8221; z_index=&#8221;11&#8243; custom_padding=&#8221;30px|2vw|30px|2vw|true|true&#8221; custom_padding_tablet=&#8221;48px|4vw|48px|4vw|true|true&#8221; custom_padding_phone=&#8221;|||5vw|true|false&#8221; custom_padding_last_edited=&#8221;on|phone&#8221; background_last_edited=&#8221;on|desktop&#8221; background__hover_enabled=&#8221;on|hover&#8221; background_color__hover=&#8221;#2a2a29&#8243; background_enable_color__hover=&#8221;on&#8221;][et_pb_image src=&#8221;https:\/\/conferencia.lifeshara.com\/wp-content\/uploads\/2020\/11\/Jose-Guillermo-Diaz.jpg&#8221; title_text=&#8221;Jose Guillermo Diaz&#8221; admin_label=&#8221;Imagen ponente&#8221; module_class=&#8221;ponente&#8221; _builder_version=&#8221;4.6.6&#8243; _module_preset=&#8221;default&#8221; width=&#8221;150px&#8221; custom_margin=&#8221;||20px||false|false&#8221;][\/et_pb_image][et_pb_team_member name=&#8221;Jos\u00e9 D\u00edaz Monta\u00f1\u00e9s &#8221; icon_color=&#8221;#2a2a29&#8243; _builder_version=&#8221;4.6.6&#8243; _module_preset=&#8221;default&#8221; header_level=&#8221;h2&#8243; header_font=&#8221;|700|||||||&#8221; header_text_color=&#8221;#fdfcec&#8221; position_font=&#8221;Ubuntu Mono||||||||&#8221; position_text_color=&#8221;#fdfcec&#8221; position_font_size=&#8221;18px&#8221; background_layout=&#8221;dark&#8221; custom_css_member_position=&#8221;margin-bottom: 20px;&#8221; icon_color__hover_enabled=&#8221;on|hover&#8221; icon_color__hover=&#8221;#fdfcec&#8221;]<\/p>\n<p>Engenheiro Superior Industrial com especialidade em Eletricidade e Programa de Dire\u00e7\u00e3o Geral, \u00e9 CEO e principal acionista dos Artiem Hotels, que refundou. Foi Presidente da Confedera\u00e7\u00e3o Espanhola de Hot\u00e9is e Alojamentos Tur\u00edsticos e do Instituto Tecnol\u00f3gico Hoteleiro. \u00c9 atualmente presidente da plataforma eletr\u00f3nica de Turismo <em>Thinktur<\/em>.<\/p>\n<p>[\/et_pb_team_member][et_pb_text _builder_version=&#8221;4.6.6&#8243; _module_preset=&#8221;default&#8221; header_text_color=&#8221;#fdfcec&#8221; header_6_text_color=&#8221;#fdfcec&#8221; custom_margin=&#8221;15px||||false|false&#8221; custom_padding=&#8221;15px||||false|false&#8221; border_width_top=&#8221;1px&#8221;]<\/p>\n<h6>Estar\u00e1 em:<\/h6>\n<p>[\/et_pb_text][et_pb_button button_url=&#8221;https:\/\/conferencia.lifeshara.com\/pt-pt\/programa\/sessoes\/sessao-09\/&#8221; button_text=&#8221;Sess\u00e3o Tem\u00e1tica 09: Turismo. Converter os desafios clim\u00e1ticos e ambientais em oportunidades&#8221; button_alignment=&#8221;left&#8221; _builder_version=&#8221;4.6.6&#8243; custom_button=&#8221;on&#8221; button_text_size=&#8221;16px&#8221; button_text_color=&#8221;#ffffff&#8221; button_border_width=&#8221;0px&#8221; button_letter_spacing=&#8221;3px&#8221; button_font=&#8221;Ubuntu Mono|700|||||||&#8221; button_icon=&#8221;%%3%%&#8221; custom_margin=&#8221;5px||||false|false&#8221; custom_padding=&#8221;|0px||0px|false|true&#8221; button_bg_color__hover_enabled=&#8221;on|desktop&#8221;][\/et_pb_button][\/et_pb_column][et_pb_column type=&#8221;1_4&#8243; _builder_version=&#8221;4.6.6&#8243; background_color=&#8221;#09a0d2&#8243; z_index=&#8221;11&#8243; custom_padding=&#8221;30px|2vw|30px|2vw|true|true&#8221; custom_padding_tablet=&#8221;48px|4vw|48px|4vw|true|true&#8221; custom_padding_phone=&#8221;|||5vw|true|false&#8221; custom_padding_last_edited=&#8221;on|phone&#8221; background_last_edited=&#8221;on|desktop&#8221; background__hover_enabled=&#8221;on|hover&#8221; background_color__hover=&#8221;#2a2a29&#8243; background_enable_color__hover=&#8221;on&#8221;][et_pb_image src=&#8221;https:\/\/conferencia.lifeshara.com\/wp-content\/uploads\/2020\/11\/Alexandra-Toimil.jpg&#8221; title_text=&#8221;Alexandra-Toimil&#8221; admin_label=&#8221;Imagen ponente&#8221; module_class=&#8221;ponente&#8221; _builder_version=&#8221;4.6.6&#8243; _module_preset=&#8221;default&#8221; width=&#8221;150px&#8221; custom_margin=&#8221;||20px||false|false&#8221;][\/et_pb_image][et_pb_team_member name=&#8221;Alexandra Toimil &#8221; icon_color=&#8221;#2a2a29&#8243; _builder_version=&#8221;4.6.6&#8243; _module_preset=&#8221;default&#8221; header_level=&#8221;h2&#8243; header_font=&#8221;|700|||||||&#8221; header_text_color=&#8221;#fdfcec&#8221; position_font=&#8221;Ubuntu Mono||||||||&#8221; position_text_color=&#8221;#fdfcec&#8221; position_font_size=&#8221;18px&#8221; background_layout=&#8221;dark&#8221; custom_css_member_position=&#8221;margin-bottom: 20px;&#8221; icon_color__hover_enabled=&#8221;on|hover&#8221; icon_color__hover=&#8221;#fdfcec&#8221;]<\/p>\n<p><span>\u00c9 investigadora postdoctoral do Grupo do Clima Marinho e Altera\u00e7\u00f5es Clim\u00e1ticas do Instituto de Hidr\u00e1ulica Ambiental da Universidade de Cantabria. A sua \u00e1rea de investiga\u00e7\u00e3o foca-se no an\u00e1lisis dos impactes das altera\u00e7\u00f5es clim\u00e1ticas, especialmente nos derivados das inunda\u00e7\u00f5es e a eros\u00e3o da costa, a avalia\u00e7\u00e3o socioecon\u00f3mica dos riscos associados e do desenho de estrat\u00e9gias de adapta\u00e7\u00e3o.<\/span><\/p>\n<p>[\/et_pb_team_member][et_pb_text _builder_version=&#8221;4.6.6&#8243; _module_preset=&#8221;default&#8221; header_text_color=&#8221;#fdfcec&#8221; header_6_text_color=&#8221;#fdfcec&#8221; custom_margin=&#8221;15px||||false|false&#8221; custom_padding=&#8221;15px||||false|false&#8221; border_width_top=&#8221;1px&#8221;]<\/p>\n<h6>Estar\u00e1 em:<\/h6>\n<p>[\/et_pb_text][et_pb_button button_url=&#8221;https:\/\/conferencia.lifeshara.com\/pt-pt\/programa\/sessoes\/sessao-04&#8243; button_text=&#8221;Sess\u00e3o Tem\u00e1tica 04: Altera\u00e7\u00f5es clim\u00e1ticas e gest\u00e3o dos espa\u00e7os costeiros&#8221; button_alignment=&#8221;left&#8221; _builder_version=&#8221;4.6.6&#8243; custom_button=&#8221;on&#8221; button_text_size=&#8221;16px&#8221; button_text_color=&#8221;#ffffff&#8221; button_border_width=&#8221;0px&#8221; button_letter_spacing=&#8221;3px&#8221; button_font=&#8221;Ubuntu Mono|700|||||||&#8221; button_icon=&#8221;%%3%%&#8221; custom_margin=&#8221;5px||||false|false&#8221; custom_padding=&#8221;|0px||0px|false|true&#8221; button_bg_color__hover_enabled=&#8221;on|desktop&#8221;][\/et_pb_button][\/et_pb_column][\/et_pb_row][et_pb_row column_structure=&#8221;1_4,1_4,1_4,1_4&#8243; use_custom_gutter=&#8221;on&#8221; gutter_width=&#8221;2&#8243; make_equal=&#8221;on&#8221; admin_label=&#8221;Fila 5 2\u00aa&#8221; _builder_version=&#8221;4.6.6&#8243; background_color=&#8221;#fdfcec&#8221; width=&#8221;90%&#8221; max_width=&#8221;90%&#8221; custom_margin=&#8221;49px|auto|-1px|auto|false|false&#8221; custom_padding=&#8221;0px||0px||true|&#8221; border_color_all=&#8221;#fdfcec&#8221; border_color_all__hover_enabled=&#8221;on|hover&#8221;][et_pb_column type=&#8221;1_4&#8243; _builder_version=&#8221;4.6.6&#8243; background_color=&#8221;#ffffff&#8221; z_index=&#8221;11&#8243; custom_padding=&#8221;30px|2vw|30px|2vw|true|true&#8221; custom_padding_tablet=&#8221;48px|4vw|48px|4vw|true|true&#8221; custom_padding_phone=&#8221;|||5vw|true|false&#8221; custom_padding_last_edited=&#8221;on|phone&#8221; border_width_all=&#8221;1px&#8221; border_color_all=&#8221;#de6f5b&#8221; background_color__hover=&#8221;#fdfcec&#8221; background__hover_enabled=&#8221;on|hover&#8221; background_enable_color__hover=&#8221;on&#8221; border_width_all__hover_enabled=&#8221;on|desktop&#8221;][et_pb_image src=&#8221;https:\/\/conferencia.lifeshara.com\/wp-content\/uploads\/2020\/11\/JoseFranciscoSanchez.jpg&#8221; title_text=&#8221;JoseFranciscoSanchez&#8221; admin_label=&#8221;Imagen ponente&#8221; module_class=&#8221;ponente&#8221; _builder_version=&#8221;4.6.6&#8243; _module_preset=&#8221;default&#8221; width=&#8221;150px&#8221; custom_margin=&#8221;||20px||false|false&#8221;][\/et_pb_image][et_pb_team_member name=&#8221;Jose Francisco S\u00e1nchez &#8221; _builder_version=&#8221;4.6.6&#8243; _module_preset=&#8221;default&#8221; header_level=&#8221;h2&#8243; header_font=&#8221;|700|||||||&#8221; body_line_height=&#8221;1.6em&#8221; position_font=&#8221;Ubuntu Mono||||||||&#8221; position_text_color=&#8221;#de6f5b&#8221; position_font_size=&#8221;18px&#8221; custom_css_member_position=&#8221;margin-bottom: 20px;&#8221; icon_color__hover_enabled=&#8221;on|hover&#8221; icon_color__hover=&#8221;#fdfcec&#8221; header_text_color__hover=&#8221;#2a2a29&#8243; header_text_color__hover_enabled=&#8221;on|hover&#8221; body_text_color__hover=&#8221;#2a2a29&#8243; body_text_color__hover_enabled=&#8221;on|hover&#8221; background__hover_enabled=&#8221;on|hover&#8221;]<\/p>\n<p><span>\u00c9 o director de Engenheria de Costas do Centro de Estudos de Portos e Costas do CEDEX, onde tem tido trabalhado durante 18 anos em v\u00e1rios campos da engenharia do mar com a realiza\u00e7\u00e3o de estudos no ambiente marinho, trabalhos de experimenta\u00e7\u00e3o de estruturas dos portos e investiga\u00e7\u00e3o aplicada sobre eros\u00e3o das praias e hidrodin\u00e2mica costeira.<\/span><\/p>\n<p>[\/et_pb_team_member][et_pb_text _builder_version=&#8221;4.6.6&#8243; _module_preset=&#8221;default&#8221; text_text_color=&#8221;#2a2a29&#8243; header_text_color=&#8221;#de6f5b&#8221; header_6_text_color=&#8221;#de6f5b&#8221; custom_margin=&#8221;15px||||false|false&#8221; custom_padding=&#8221;15px||||false|false&#8221; border_width_top=&#8221;1px&#8221;]<\/p>\n<h6>Estar\u00e1 em:<\/h6>\n<p>[\/et_pb_text][et_pb_button button_url=&#8221;https:\/\/conferencia.lifeshara.com\/pt-pt\/programa\/sessoes\/sessao-04&#8243; button_text=&#8221;Sess\u00e3o Tem\u00e1tica 04: Altera\u00e7\u00f5es clim\u00e1ticas e gest\u00e3o dos espa\u00e7os costeiros&#8221; button_alignment=&#8221;left&#8221; _builder_version=&#8221;4.6.6&#8243; custom_button=&#8221;on&#8221; button_text_size=&#8221;16px&#8221; button_text_color=&#8221;#2a2a29&#8243; button_border_width=&#8221;0px&#8221; button_letter_spacing=&#8221;3px&#8221; button_font=&#8221;Ubuntu Mono|700|||||||&#8221; button_icon=&#8221;%%3%%&#8221; custom_margin=&#8221;5px||||false|false&#8221; custom_padding=&#8221;|0px||0px|false|true&#8221; button_bg_color__hover_enabled=&#8221;on|desktop&#8221; button_text_color__hover=&#8221;#2a2a29&#8243; button_text_color__hover_enabled=&#8221;on|hover&#8221;][\/et_pb_button][\/et_pb_column][et_pb_column type=&#8221;1_4&#8243; _builder_version=&#8221;4.6.6&#8243; background_color=&#8221;#964e54&#8243; z_index=&#8221;11&#8243; custom_padding=&#8221;30px|2vw|30px|2vw|true|true&#8221; custom_padding_tablet=&#8221;48px|4vw|48px|4vw|true|true&#8221; custom_padding_phone=&#8221;|||5vw|true|false&#8221; custom_padding_last_edited=&#8221;on|phone&#8221; background_last_edited=&#8221;on|desktop&#8221; background__hover_enabled=&#8221;on|hover&#8221; background_color__hover=&#8221;#2a2a29&#8243; background_enable_color__hover=&#8221;on&#8221;][et_pb_image src=&#8221;https:\/\/conferencia.lifeshara.com\/wp-content\/uploads\/2020\/11\/Celso_Pinto.jpg&#8221; title_text=&#8221;Celso_Pinto&#8221; admin_label=&#8221;Imagen ponente&#8221; module_class=&#8221;ponente&#8221; _builder_version=&#8221;4.6.6&#8243; _module_preset=&#8221;default&#8221; width=&#8221;150px&#8221; custom_margin=&#8221;||20px||false|false&#8221;][\/et_pb_image][et_pb_team_member name=&#8221;Celso Aleixo Pinto &#8221; _builder_version=&#8221;4.6.6&#8243; _module_preset=&#8221;default&#8221; header_level=&#8221;h2&#8243; header_font=&#8221;|700|||||||&#8221; header_text_color=&#8221;#fdfcec&#8221; body_text_color=&#8221;#fdfcec&#8221; body_line_height=&#8221;1.6em&#8221; position_font=&#8221;Ubuntu Mono||||||||&#8221; position_text_color=&#8221;#de6f5b&#8221; position_font_size=&#8221;18px&#8221; custom_css_member_position=&#8221;margin-bottom: 20px;&#8221; icon_color__hover_enabled=&#8221;on|hover&#8221; icon_color__hover=&#8221;#fdfcec&#8221; background__hover_enabled=&#8221;on|hover&#8221;]<\/p>\n<p><span>\u00c9 o Chefe de Equipa Multidisciplinar do N\u00facleo de Monitoriza\u00e7\u00e3o Costeira e Risco no Departamento do Litoral e Prote\u00e7\u00e3o Costeira da Ag\u00eancia Portuguesa do Ambiente, onde desenvolve projetos como COSMO e CHIMERA. A sua especializa\u00e7\u00e3o acad\u00e9mica foca-se na \u00e1rea da geologia e geomorfologia costeira, morfodin\u00e2mica de praias, sedimentologia aplicada e processos costeiros.<\/span><\/p>\n<p>[\/et_pb_team_member][et_pb_text _builder_version=&#8221;4.6.6&#8243; _module_preset=&#8221;default&#8221; header_text_color=&#8221;#fdfcec&#8221; header_6_text_color=&#8221;#fdfcec&#8221; custom_margin=&#8221;15px||||false|false&#8221; custom_padding=&#8221;15px||||false|false&#8221; border_width_top=&#8221;1px&#8221;]<\/p>\n<h6>Estar\u00e1 em:<\/h6>\n<p>[\/et_pb_text][et_pb_button button_url=&#8221;https:\/\/conferencia.lifeshara.com\/pt-pt\/programa\/sessoes\/sessao-04&#8243; button_text=&#8221;Sess\u00e3o Tem\u00e1tica 04: Altera\u00e7\u00f5es clim\u00e1ticas e gest\u00e3o dos espa\u00e7os costeiros&#8221; button_alignment=&#8221;left&#8221; _builder_version=&#8221;4.6.6&#8243; custom_button=&#8221;on&#8221; button_text_size=&#8221;16px&#8221; button_text_color=&#8221;#ffffff&#8221; button_border_width=&#8221;0px&#8221; button_letter_spacing=&#8221;3px&#8221; button_font=&#8221;Ubuntu Mono|700|||||||&#8221; button_icon=&#8221;%%3%%&#8221; custom_margin=&#8221;5px||||false|false&#8221; custom_padding=&#8221;|0px||0px|false|true&#8221; button_bg_color__hover_enabled=&#8221;on|desktop&#8221;][\/et_pb_button][\/et_pb_column][et_pb_column type=&#8221;1_4&#8243; _builder_version=&#8221;4.6.6&#8243; background_color=&#8221;#f1a336&#8243; z_index=&#8221;11&#8243; custom_padding=&#8221;30px|2vw|30px|2vw|true|true&#8221; custom_padding_tablet=&#8221;48px|4vw|48px|4vw|true|true&#8221; custom_padding_phone=&#8221;|||5vw|true|false&#8221; custom_padding_last_edited=&#8221;on|phone&#8221; background__hover_enabled=&#8221;on|hover&#8221; background_color__hover=&#8221;#2a2a29&#8243; background_enable_color__hover=&#8221;on&#8221;][et_pb_image src=&#8221;https:\/\/conferencia.lifeshara.com\/wp-content\/uploads\/2020\/11\/Juan-Taboada-scaled.jpg&#8221; title_text=&#8221;Juan-Taboada&#8221; admin_label=&#8221;Imagen ponente&#8221; module_class=&#8221;ponente&#8221; _builder_version=&#8221;4.6.6&#8243; _module_preset=&#8221;default&#8221; width=&#8221;150px&#8221; custom_margin=&#8221;||20px||false|false&#8221;][\/et_pb_image][et_pb_team_member name=&#8221;Juan Taboada &#8221; icon_color=&#8221;#2a2a29&#8243; _builder_version=&#8221;4.6.6&#8243; _module_preset=&#8221;default&#8221; header_level=&#8221;h2&#8243; header_font=&#8221;|700|||||||&#8221; header_text_color=&#8221;#fdfcec&#8221; position_font=&#8221;Ubuntu Mono||||||||&#8221; position_text_color=&#8221;#fdfcec&#8221; position_font_size=&#8221;18px&#8221; background_layout=&#8221;dark&#8221; custom_css_member_position=&#8221;margin-bottom: 20px;&#8221; icon_color__hover_enabled=&#8221;on|hover&#8221; icon_color__hover=&#8221;#fdfcec&#8221;]<\/p>\n<p><span>Doutor em F\u00edsica especializado nos efeitos das altera\u00e7\u00f5es clim\u00e1ticas nas \u00e1reas costeiras, coordena o servi\u00e7o meteorol\u00f3gico da Xunta de Galicia (MeteoGalicia) e coordenou o projeto MarRisk e participou noutros como MyCoast. Fiz a sua tese sobre a circula\u00e7\u00e3o hidrodin\u00e2mica no Mediterr\u00e1neo e depois especializou-se na circula\u00e7ao atmosf\u00e9rica.<\/span><\/p>\n<p>[\/et_pb_team_member][et_pb_text _builder_version=&#8221;4.6.6&#8243; _module_preset=&#8221;default&#8221; header_text_color=&#8221;#fdfcec&#8221; header_6_text_color=&#8221;#fdfcec&#8221; custom_margin=&#8221;15px||||false|false&#8221; custom_padding=&#8221;15px||||false|false&#8221; border_width_top=&#8221;1px&#8221;]<\/p>\n<h6>Estar\u00e1 em:<\/h6>\n<p>[\/et_pb_text][et_pb_button button_url=&#8221;https:\/\/conferencia.lifeshara.com\/pt-pt\/programa\/sessoes\/sessao-04&#8243; button_text=&#8221;Sess\u00e3o Tem\u00e1tica 04: Altera\u00e7\u00f5es clim\u00e1ticas e gest\u00e3o dos espa\u00e7os costeiros&#8221; button_alignment=&#8221;left&#8221; _builder_version=&#8221;4.6.6&#8243; custom_button=&#8221;on&#8221; button_text_size=&#8221;16px&#8221; button_text_color=&#8221;#ffffff&#8221; button_border_width=&#8221;0px&#8221; button_letter_spacing=&#8221;3px&#8221; button_font=&#8221;Ubuntu Mono|700|||||||&#8221; button_icon=&#8221;%%3%%&#8221; custom_margin=&#8221;5px||||false|false&#8221; custom_padding=&#8221;|0px||0px|false|true&#8221; button_bg_color__hover_enabled=&#8221;on|desktop&#8221;][\/et_pb_button][\/et_pb_column][et_pb_column type=&#8221;1_4&#8243; _builder_version=&#8221;4.6.6&#8243; background_color=&#8221;#91c468&#8243; z_index=&#8221;11&#8243; custom_padding=&#8221;30px|2vw|30px|2vw|true|true&#8221; custom_padding_tablet=&#8221;48px|4vw|48px|4vw|true|true&#8221; custom_padding_phone=&#8221;|||5vw|true|false&#8221; custom_padding_last_edited=&#8221;on|phone&#8221; background__hover_enabled=&#8221;on|hover&#8221; background_color__hover=&#8221;#2a2a29&#8243; background_enable_color__hover=&#8221;on&#8221;][et_pb_image src=&#8221;https:\/\/conferencia.lifeshara.com\/wp-content\/uploads\/2020\/11\/Paula-Freire-scaled.jpg&#8221; title_text=&#8221;Paula-Freire&#8221; admin_label=&#8221;Imagen ponente&#8221; module_class=&#8221;ponente&#8221; _builder_version=&#8221;4.6.6&#8243; _module_preset=&#8221;default&#8221; width=&#8221;150px&#8221; custom_margin=&#8221;||20px||false|false&#8221;][\/et_pb_image][et_pb_team_member name=&#8221;Paula Freire&#8221; icon_color=&#8221;#2a2a29&#8243; _builder_version=&#8221;4.6.6&#8243; _module_preset=&#8221;default&#8221; header_level=&#8221;h2&#8243; header_font=&#8221;|700|||||||&#8221; header_text_color=&#8221;#fdfcec&#8221; position_font=&#8221;Ubuntu Mono||||||||&#8221; position_text_color=&#8221;#fdfcec&#8221; position_font_size=&#8221;18px&#8221; background_layout=&#8221;dark&#8221; custom_css_member_position=&#8221;margin-bottom: 20px;&#8221; icon_color__hover_enabled=&#8221;on|hover&#8221; icon_color__hover=&#8221;#fdfcec&#8221;]<\/p>\n<p><span>\u00c9 doutora em Geologia e investigadora no N\u00facleo de Estu\u00e1rios e Zonas Costeiras do Laborat\u00f3rio Nacional de Engenharia Civil. A sua atividade profissional desenvolve-se na \u00e1rea da morfodin\u00e2mica de estu\u00e1rios e praias, no \u00e2mbito de projetos de investiga\u00e7\u00e3o cient\u00edfica e de desenvolvimento tecnol\u00f3gico e coordenou projetos multidisciplinares de an\u00e1lise do risco \u00e0 inunda\u00e7\u00e3o e eros\u00e3o em ambientes costeiros.<\/span><\/p>\n<p>[\/et_pb_team_member][et_pb_text _builder_version=&#8221;4.6.6&#8243; _module_preset=&#8221;default&#8221; header_text_color=&#8221;#fdfcec&#8221; header_6_text_color=&#8221;#fdfcec&#8221; custom_margin=&#8221;15px||||false|false&#8221; custom_padding=&#8221;15px||||false|false&#8221; border_width_top=&#8221;1px&#8221;]<\/p>\n<h6>Estar\u00e1 em:<\/h6>\n<p>[\/et_pb_text][et_pb_button button_url=&#8221;https:\/\/conferencia.lifeshara.com\/pt-pt\/programa\/sessoes\/sessao-04&#8243; button_text=&#8221;Sess\u00e3o Tem\u00e1tica 04: Altera\u00e7\u00f5es clim\u00e1ticas e gest\u00e3o dos espa\u00e7os costeiros&#8221; button_alignment=&#8221;left&#8221; _builder_version=&#8221;4.6.6&#8243; custom_button=&#8221;on&#8221; button_text_size=&#8221;16px&#8221; button_text_color=&#8221;#ffffff&#8221; button_border_width=&#8221;0px&#8221; button_letter_spacing=&#8221;3px&#8221; button_font=&#8221;Ubuntu Mono|700|||||||&#8221; button_icon=&#8221;%%3%%&#8221; custom_margin=&#8221;5px||||false|false&#8221; custom_padding=&#8221;|0px||0px|false|true&#8221; button_bg_color__hover_enabled=&#8221;on|desktop&#8221;][\/et_pb_button][\/et_pb_column][\/et_pb_row][et_pb_row column_structure=&#8221;1_4,1_4,1_4,1_4&#8243; use_custom_gutter=&#8221;on&#8221; gutter_width=&#8221;2&#8243; make_equal=&#8221;on&#8221; admin_label=&#8221;Fila 1 2\u00aa&#8221; _builder_version=&#8221;4.6.6&#8243; background_enable_color=&#8221;off&#8221; width=&#8221;90%&#8221; max_width=&#8221;90%&#8221; custom_margin=&#8221;49px|auto|-1px|auto|false|false&#8221; custom_padding=&#8221;0px||0px||true|&#8221; border_color_all=&#8221;#fdfcec&#8221; border_color_all__hover_enabled=&#8221;on|hover&#8221;][et_pb_column type=&#8221;1_4&#8243; _builder_version=&#8221;4.6.6&#8243; background_color=&#8221;#f1a336&#8243; z_index=&#8221;11&#8243; custom_padding=&#8221;30px|2vw|30px|2vw|true|true&#8221; custom_padding_tablet=&#8221;48px|4vw|48px|4vw|true|true&#8221; custom_padding_phone=&#8221;|||5vw|true|false&#8221; custom_padding_last_edited=&#8221;on|phone&#8221; border_width_all=&#8221;1px&#8221; border_color_all=&#8221;#de6f5b&#8221; background_color__hover=&#8221;#2a2a29&#8243; background__hover_enabled=&#8221;on|hover&#8221; background_enable_color__hover=&#8221;on&#8221; border_width_all__hover_enabled=&#8221;on|desktop&#8221;][et_pb_image src=&#8221;https:\/\/conferencia.lifeshara.com\/wp-content\/uploads\/2020\/11\/SERGIO_BARROSO.jpg&#8221; title_text=&#8221;SERGIO_BARROSO&#8221; admin_label=&#8221;Imagen ponente&#8221; module_class=&#8221;ponente&#8221; _builder_version=&#8221;4.6.6&#8243; _module_preset=&#8221;default&#8221; width=&#8221;150px&#8221; custom_margin=&#8221;||20px||false|false&#8221;][\/et_pb_image][et_pb_team_member name=&#8221;S\u00e9rgio Barroso&#8221; _builder_version=&#8221;4.6.6&#8243; _module_preset=&#8221;default&#8221; header_level=&#8221;h2&#8243; header_font=&#8221;|700|||||||&#8221; header_text_color=&#8221;#fdfcec&#8221; body_text_color=&#8221;#fdfcec&#8221; body_line_height=&#8221;1.6em&#8221; position_font=&#8221;Ubuntu Mono||||||||&#8221; position_text_color=&#8221;#de6f5b&#8221; position_font_size=&#8221;18px&#8221; custom_css_member_position=&#8221;margin-bottom: 20px;&#8221; icon_color__hover_enabled=&#8221;on|hover&#8221; icon_color__hover=&#8221;#fdfcec&#8221; background__hover_enabled=&#8221;on|hover&#8221;]<\/p>\n<p><span>Ge\u00f3grafo e urbanista e Mestre em Planeamento Regional e Urbano, \u00e9 diretor do Centro de Estudos e Desenvolvimento Regional e Urbano. Coordenou a elabora\u00e7\u00e3o dos programas de ordenamento das orlas costeiras, bacias hidrogr\u00e1ficas e planos metropolitanos de adapta\u00e7\u00e3o para v\u00e1rias ilhas de A\u00e7ores e cidades de Portugal.<\/span><\/p>\n<p>[\/et_pb_team_member][et_pb_text _builder_version=&#8221;4.6.6&#8243; _module_preset=&#8221;default&#8221; header_text_color=&#8221;#fdfcec&#8221; header_6_text_color=&#8221;#fdfcec&#8221; custom_margin=&#8221;15px||||false|false&#8221; custom_padding=&#8221;15px||||false|false&#8221; border_width_top=&#8221;1px&#8221;]<\/p>\n<h6>Estar\u00e1 em:<\/h6>\n<p>[\/et_pb_text][et_pb_button button_url=&#8221;https:\/\/conferencia.lifeshara.com\/pt-pt\/programa\/sessoes\/sessao-04&#8243; button_text=&#8221;Sess\u00e3o Tem\u00e1tica 04: Altera\u00e7\u00f5es clim\u00e1ticas e gest\u00e3o dos espa\u00e7os costeiros&#8221; button_alignment=&#8221;left&#8221; _builder_version=&#8221;4.6.6&#8243; custom_button=&#8221;on&#8221; button_text_size=&#8221;16px&#8221; button_text_color=&#8221;#ffffff&#8221; button_border_width=&#8221;0px&#8221; button_letter_spacing=&#8221;3px&#8221; button_font=&#8221;Ubuntu Mono|700|||||||&#8221; button_icon=&#8221;%%3%%&#8221; custom_margin=&#8221;5px||||false|false&#8221; custom_padding=&#8221;|0px||0px|false|true&#8221; button_bg_color__hover_enabled=&#8221;on|desktop&#8221;][\/et_pb_button][\/et_pb_column][et_pb_column type=&#8221;1_4&#8243; _builder_version=&#8221;4.6.6&#8243; background_color=&#8221;#91c468&#8243; z_index=&#8221;11&#8243; custom_padding=&#8221;30px|2vw|30px|2vw|true|true&#8221; custom_padding_tablet=&#8221;48px|4vw|48px|4vw|true|true&#8221; custom_padding_phone=&#8221;|||5vw|true|false&#8221; custom_padding_last_edited=&#8221;on|phone&#8221; background_last_edited=&#8221;on|desktop&#8221; background__hover_enabled=&#8221;on|hover&#8221; background_color__hover=&#8221;#2a2a29&#8243; background_enable_color__hover=&#8221;on&#8221;][et_pb_image src=&#8221;https:\/\/conferencia.lifeshara.com\/wp-content\/uploads\/2020\/11\/german-llerena.jpg&#8221; title_text=&#8221;german-llerena&#8221; admin_label=&#8221;Imagen ponente&#8221; module_class=&#8221;ponente&#8221; _builder_version=&#8221;4.6.6&#8243; _module_preset=&#8221;default&#8221; width=&#8221;150px&#8221; custom_margin=&#8221;||20px||false|false&#8221;][\/et_pb_image][et_pb_team_member name=&#8221;Germ\u00e1n Llerena del Castillo &#8221; _builder_version=&#8221;4.6.6&#8243; _module_preset=&#8221;default&#8221; header_level=&#8221;h2&#8243; header_font=&#8221;|700|||||||&#8221; header_text_color=&#8221;#fdfcec&#8221; body_text_color=&#8221;#fdfcec&#8221; body_line_height=&#8221;1.6em&#8221; position_font=&#8221;Ubuntu Mono||||||||&#8221; position_text_color=&#8221;#de6f5b&#8221; position_font_size=&#8221;18px&#8221; custom_css_member_position=&#8221;margin-bottom: 20px;&#8221; icon_color__hover_enabled=&#8221;on|hover&#8221; icon_color__hover=&#8221;#fdfcec&#8221; background__hover_enabled=&#8221;on|hover&#8221;]<\/p>\n<p><span>Doutor em Educa\u00e7\u00e3o Ambiental, trabalha na C\u00e2mara Municipal de Sant Cugat del Vall\u00e8s (Barcelona) na \u00e1rea do Ambiente e Educa\u00e7\u00e3o como educador ambiental, onde impulsiona a Agroecologia Escolar. Tamb\u00e9m \u00e9 professor associado de Educa\u00e7\u00e3o e Comunica\u00e7\u00e3o Ambiental no Grado de Ci\u00eancias Ambientais da UAB e faz parte em associa\u00e7\u00f5es e movimentos ambientais e agroecol\u00f3gicos. <\/span><\/p>\n<p>[\/et_pb_team_member][et_pb_text _builder_version=&#8221;4.6.6&#8243; _module_preset=&#8221;default&#8221; header_text_color=&#8221;#fdfcec&#8221; header_6_text_color=&#8221;#fdfcec&#8221; custom_margin=&#8221;15px||||false|false&#8221; custom_padding=&#8221;15px||||false|false&#8221; border_width_top=&#8221;1px&#8221;]<\/p>\n<h6>Estar\u00e1 em:<\/h6>\n<p>[\/et_pb_text][et_pb_button button_url=&#8221;https:\/\/conferencia.lifeshara.com\/pt-pt\/programa\/sessoes\/sessao-07\/&#8221; button_text=&#8221;Sess\u00e3o Tem\u00e1tica 07: Informa\u00e7\u00e3o, Educa\u00e7\u00e3o e Capacita\u00e7\u00e3o pela adapta\u00e7\u00e3o \u00e0s altera\u00e7\u00f5es clim\u00e1ticas&#8221; button_alignment=&#8221;left&#8221; _builder_version=&#8221;4.6.6&#8243; custom_button=&#8221;on&#8221; button_text_size=&#8221;16px&#8221; button_text_color=&#8221;#ffffff&#8221; button_border_width=&#8221;0px&#8221; button_letter_spacing=&#8221;3px&#8221; button_font=&#8221;Ubuntu Mono|700|||||||&#8221; button_icon=&#8221;%%3%%&#8221; custom_margin=&#8221;5px||||false|false&#8221; custom_padding=&#8221;|0px||0px|false|true&#8221; button_bg_color__hover_enabled=&#8221;on|desktop&#8221;][\/et_pb_button][\/et_pb_column][et_pb_column type=&#8221;1_4&#8243; _builder_version=&#8221;4.6.6&#8243; background_color=&#8221;#964e54&#8243; z_index=&#8221;11&#8243; custom_padding=&#8221;30px|2vw|30px|2vw|true|true&#8221; custom_padding_tablet=&#8221;48px|4vw|48px|4vw|true|true&#8221; custom_padding_phone=&#8221;|||5vw|true|false&#8221; custom_padding_last_edited=&#8221;on|phone&#8221; background_last_edited=&#8221;on|desktop&#8221; background__hover_enabled=&#8221;on|hover&#8221; background_color__hover=&#8221;#2a2a29&#8243; background_enable_color__hover=&#8221;on&#8221;][et_pb_image src=&#8221;https:\/\/conferencia.lifeshara.com\/wp-content\/uploads\/2020\/11\/Amaia-Esparza.jpg&#8221; title_text=&#8221;Amaia-Esparza&#8221; admin_label=&#8221;Imagen ponente&#8221; module_class=&#8221;ponente&#8221; _builder_version=&#8221;4.6.6&#8243; _module_preset=&#8221;default&#8221; width=&#8221;150px&#8221; custom_margin=&#8221;||20px||false|false&#8221;][\/et_pb_image][et_pb_team_member name=&#8221;Amaia Esparza Iraizoz &#8221; icon_color=&#8221;#2a2a29&#8243; _builder_version=&#8221;4.6.6&#8243; _module_preset=&#8221;default&#8221; header_level=&#8221;h2&#8243; header_font=&#8221;|700|||||||&#8221; header_text_color=&#8221;#fdfcec&#8221; position_font=&#8221;Ubuntu Mono||||||||&#8221; position_text_color=&#8221;#fdfcec&#8221; position_font_size=&#8221;18px&#8221; background_layout=&#8221;dark&#8221; custom_css_member_position=&#8221;margin-bottom: 20px;&#8221; icon_color__hover_enabled=&#8221;on|hover&#8221; icon_color__hover=&#8221;#fdfcec&#8221;]<\/p>\n<p><span>Licenciada em Ci\u00eancias Ambientais e educadora ambiental, com especializa\u00e7\u00e3o na gest\u00e3o dos espa\u00e7os naturais protegidos. Faz parte da equipa de Garrapo S.L. e trabalhou na gest\u00e3o dos espa\u00e7os naturais protegidos (ANR Bosque de Orgi), regula\u00e7\u00e3o micol\u00f3gica (Parque Micol\u00f3gico Ultzama) e em v\u00e1rios projetos de desenvolvimento e participa\u00e7\u00e3o rural sustent\u00e1vel e voluntariado ambiental. <\/span><\/p>\n<p>[\/et_pb_team_member][et_pb_text _builder_version=&#8221;4.6.6&#8243; _module_preset=&#8221;default&#8221; header_text_color=&#8221;#fdfcec&#8221; header_6_text_color=&#8221;#fdfcec&#8221; custom_margin=&#8221;15px||||false|false&#8221; custom_padding=&#8221;15px||||false|false&#8221; border_width_top=&#8221;1px&#8221;]<\/p>\n<h6>Estar\u00e1 em:<\/h6>\n<p>[\/et_pb_text][et_pb_button button_url=&#8221;https:\/\/conferencia.lifeshara.com\/pt-pt\/programa\/sessoes\/sessao-07\/&#8221; button_text=&#8221;Sess\u00e3o Tem\u00e1tica 07: Informa\u00e7\u00e3o, Educa\u00e7\u00e3o e Capacita\u00e7\u00e3o pela adapta\u00e7\u00e3o \u00e0s altera\u00e7\u00f5es clim\u00e1ticas&#8221; button_alignment=&#8221;left&#8221; _builder_version=&#8221;4.6.6&#8243; custom_button=&#8221;on&#8221; button_text_size=&#8221;16px&#8221; button_text_color=&#8221;#ffffff&#8221; button_border_width=&#8221;0px&#8221; button_letter_spacing=&#8221;3px&#8221; button_font=&#8221;Ubuntu Mono|700|||||||&#8221; button_icon=&#8221;%%3%%&#8221; custom_margin=&#8221;5px||||false|false&#8221; custom_padding=&#8221;|0px||0px|false|true&#8221; button_bg_color__hover_enabled=&#8221;on|desktop&#8221;][\/et_pb_button][\/et_pb_column][et_pb_column type=&#8221;1_4&#8243; _builder_version=&#8221;4.6.6&#8243; background_color=&#8221;#ffffff&#8221; z_index=&#8221;11&#8243; custom_padding=&#8221;30px|2vw|30px|2vw|true|true&#8221; custom_padding_tablet=&#8221;48px|4vw|48px|4vw|true|true&#8221; custom_padding_phone=&#8221;|||5vw|true|false&#8221; custom_padding_last_edited=&#8221;on|phone&#8221; background_last_edited=&#8221;on|desktop&#8221; border_width_all=&#8221;1px&#8221; border_color_all=&#8221;#de6f5b&#8221; background__hover_enabled=&#8221;on|desktop&#8221; background_color__hover=&#8221;#fdfcec&#8221; background_enable_color__hover=&#8221;on&#8221; border_width_all__hover_enabled=&#8221;on|desktop&#8221;][et_pb_image src=&#8221;https:\/\/conferencia.lifeshara.com\/wp-content\/uploads\/2020\/11\/Pedro-Silvestre.jpg&#8221; title_text=&#8221;Pedro Silvestre&#8221; admin_label=&#8221;Imagen ponente&#8221; module_class=&#8221;ponente&#8221; _builder_version=&#8221;4.6.6&#8243; _module_preset=&#8221;default&#8221; width=&#8221;150px&#8221; custom_margin=&#8221;||20px||false|false&#8221;][\/et_pb_image][et_pb_team_member name=&#8221;Pedro Silvestre&#8221; _builder_version=&#8221;4.6.6&#8243; _module_preset=&#8221;default&#8221; header_level=&#8221;h2&#8243; header_font=&#8221;|700|||||||&#8221; body_line_height=&#8221;1.6em&#8221; position_font=&#8221;Ubuntu Mono||||||||&#8221; position_text_color=&#8221;#de6f5b&#8221; position_font_size=&#8221;18px&#8221; custom_css_member_position=&#8221;margin-bottom: 20px;&#8221; icon_color__hover_enabled=&#8221;on|hover&#8221; icon_color__hover=&#8221;#fdfcec&#8221; header_text_color__hover=&#8221;#2a2a29&#8243; header_text_color__hover_enabled=&#8221;on|hover&#8221; body_text_color__hover=&#8221;#2a2a29&#8243; body_text_color__hover_enabled=&#8221;on|hover&#8221; background__hover_enabled=&#8221;on|hover&#8221;]<\/p>\n<p>Diretor do Campo de Golf dos Salgados, \u00e9 respons\u00e1vel por assegurar a coordena\u00e7\u00e3o geral da explora\u00e7\u00e3o do campo de golfe de forma a garantir a presta\u00e7\u00e3o de um servi\u00e7o de qualidade, de acordo com a estrat\u00e9gia da empresa e do Grupo Salgados. \u00c9 ainda respons\u00e1vel pela implementa\u00e7\u00e3o e monitoriza\u00e7\u00e3o dos recursos utilizados no campo de golfe.<\/p>\n<p>[\/et_pb_team_member][et_pb_text _builder_version=&#8221;4.6.6&#8243; _module_preset=&#8221;default&#8221; text_text_color=&#8221;#2a2a29&#8243; header_text_color=&#8221;#de6f5b&#8221; header_6_text_color=&#8221;#de6f5b&#8221; custom_margin=&#8221;15px||||false|false&#8221; custom_padding=&#8221;15px||||false|false&#8221; border_width_top=&#8221;1px&#8221;]<\/p>\n<h6>Estar\u00e1 em:<\/h6>\n<p>[\/et_pb_text][et_pb_button button_url=&#8221;https:\/\/conferencia.lifeshara.com\/pt-pt\/programa\/sessoes\/sessao-09\/&#8221; button_text=&#8221;Sess\u00e3o Tem\u00e1tica 09: Turismo. Converter os desafios clim\u00e1ticos e ambientais em oportunidades&#8221; button_alignment=&#8221;left&#8221; _builder_version=&#8221;4.6.6&#8243; custom_button=&#8221;on&#8221; button_text_size=&#8221;16px&#8221; button_text_color=&#8221;#2a2a29&#8243; button_border_width=&#8221;0px&#8221; button_letter_spacing=&#8221;3px&#8221; button_font=&#8221;Ubuntu Mono|700|||||||&#8221; button_icon=&#8221;%%3%%&#8221; custom_margin=&#8221;5px||||false|false&#8221; custom_padding=&#8221;|0px||0px|false|true&#8221; button_bg_color__hover_enabled=&#8221;on|desktop&#8221; button_text_color__hover=&#8221;#2a2a29&#8243; button_text_color__hover_enabled=&#8221;on|hover&#8221;][\/et_pb_button][\/et_pb_column][\/et_pb_row][et_pb_row column_structure=&#8221;1_4,1_4,1_4,1_4&#8243; use_custom_gutter=&#8221;on&#8221; gutter_width=&#8221;2&#8243; make_equal=&#8221;on&#8221; disabled_on=&#8221;on|on|on&#8221; admin_label=&#8221;Fila 2&#8243; _builder_version=&#8221;4.6.6&#8243; background_enable_color=&#8221;off&#8221; width=&#8221;90%&#8221; max_width=&#8221;90%&#8221; custom_margin=&#8221;49px|auto|30px|auto|false|false&#8221; custom_padding=&#8221;0px||0px||true|&#8221; border_color_all=&#8221;#fdfcec&#8221; disabled=&#8221;on&#8221; border_color_all__hover_enabled=&#8221;on|hover&#8221;][et_pb_column type=&#8221;1_4&#8243; _builder_version=&#8221;4.6.6&#8243; background_color=&#8221;#de6f5b&#8221; z_index=&#8221;11&#8243; custom_padding=&#8221;30px|2vw|30px|2vw|true|true&#8221; custom_padding_tablet=&#8221;48px|4vw|48px|4vw|true|true&#8221; custom_padding_phone=&#8221;|||5vw|true|false&#8221; custom_padding_last_edited=&#8221;on|phone&#8221; border_width_all=&#8221;1px&#8221; border_color_all=&#8221;#de6f5b&#8221; background_color__hover=&#8221;#2a2a29&#8243; background__hover_enabled=&#8221;on|hover&#8221; background_enable_color__hover=&#8221;on&#8221; border_width_all__hover_enabled=&#8221;on|desktop&#8221;][\/et_pb_column][et_pb_column type=&#8221;1_4&#8243; _builder_version=&#8221;4.6.6&#8243; background_enable_color=&#8221;off&#8221; z_index=&#8221;11&#8243; custom_padding=&#8221;30px|2vw|30px|2vw|true|true&#8221; custom_padding_tablet=&#8221;48px|4vw|48px|4vw|true|true&#8221; custom_padding_phone=&#8221;|||5vw|true|false&#8221; custom_padding_last_edited=&#8221;on|phone&#8221; background_last_edited=&#8221;on|desktop&#8221; background__hover_enabled=&#8221;on|hover&#8221; background_color__hover=&#8221;#2a2a29&#8243; background_enable_color__hover=&#8221;on&#8221;][\/et_pb_column][et_pb_column type=&#8221;1_4&#8243; _builder_version=&#8221;4.6.6&#8243; background_enable_color=&#8221;off&#8221; z_index=&#8221;11&#8243; custom_padding=&#8221;30px|2vw|30px|2vw|true|true&#8221; custom_padding_tablet=&#8221;48px|4vw|48px|4vw|true|true&#8221; custom_padding_phone=&#8221;|||5vw|true|false&#8221; custom_padding_last_edited=&#8221;on|phone&#8221; background_last_edited=&#8221;on|desktop&#8221; background__hover_enabled=&#8221;on|hover&#8221; background_color__hover=&#8221;#2a2a29&#8243; background_enable_color__hover=&#8221;on&#8221;][\/et_pb_column][et_pb_column type=&#8221;1_4&#8243; _builder_version=&#8221;4.6.6&#8243; background_enable_color=&#8221;off&#8221; z_index=&#8221;11&#8243; custom_padding=&#8221;30px|2vw|30px|2vw|true|true&#8221; custom_padding_tablet=&#8221;48px|4vw|48px|4vw|true|true&#8221; custom_padding_phone=&#8221;|||5vw|true|false&#8221; custom_padding_last_edited=&#8221;on|phone&#8221; background_last_edited=&#8221;on|desktop&#8221; background__hover_enabled=&#8221;on|hover&#8221; background_color__hover=&#8221;#2a2a29&#8243; background_enable_color__hover=&#8221;on&#8221;][\/et_pb_column][\/et_pb_row][et_pb_row column_structure=&#8221;1_4,1_4,1_4,1_4&#8243; use_custom_gutter=&#8221;on&#8221; gutter_width=&#8221;2&#8243; make_equal=&#8221;on&#8221; disabled_on=&#8221;on|on|on&#8221; _builder_version=&#8221;4.6.6&#8243; _module_preset=&#8221;default&#8221; width=&#8221;90%&#8221; max_width=&#8221;90%&#8221; module_alignment=&#8221;center&#8221; disabled=&#8221;on&#8221;][et_pb_column type=&#8221;1_4&#8243; _builder_version=&#8221;4.6.6&#8243; _module_preset=&#8221;default&#8221;][et_pb_blurb title=&#8221;Ricardo Trigo&#8221; url=&#8221;\/sesion-01&#8243; image=&#8221;https:\/\/conferencia.lifeshara.com\/wp-content\/uploads\/2020\/11\/Sofia-Nuncio.jpg&#8221; _builder_version=&#8221;4.6.6&#8243; _module_preset=&#8221;default&#8221; header_level=&#8221;h5&#8243; header_font=&#8221;|700|||||||&#8221; header_text_color=&#8221;#fdfcec&#8221; header_font_size=&#8221;22px&#8221; header_line_height=&#8221;1.4em&#8221; body_text_color=&#8221;#fdfcec&#8221; body_font_size=&#8221;16px&#8221; body_line_height=&#8221;1.5em&#8221; background_color=&#8221;#de6f5b&#8221; background_layout=&#8221;dark&#8221; custom_padding=&#8221;20px|25px|20px|25px|false|true&#8221; link_option_url=&#8221;\/sesion-01&#8243; background_color__hover=&#8221;#2a2a29&#8243; background_enable_color__hover=&#8221;on&#8221; background__hover_enabled=&#8221;on|hover&#8221;]<\/p>\n<p>Doctora en Arquitectura de Paisajes, ejerce funciones en la C\u00e1mara Municipal de Lisboa en las \u00e1reas de planificaci\u00f3n urban\u00edstica, gesti\u00f3n del espacio p\u00fablico y medio ambiente, entre otras, siendo actualmente la Directora del Departamento de Medio Ambiente, Energ\u00eda y Cambio Clim\u00e1tico.<\/p>\n<hr \/>\n<h5>Estar\u00e1 en:<br \/><strong>SESI\u00d3N TEM\u00c1TICA 01<\/strong><\/h5>\n<p>[\/et_pb_blurb][\/et_pb_column][et_pb_column type=&#8221;1_4&#8243; _builder_version=&#8221;4.6.6&#8243; _module_preset=&#8221;default&#8221;][et_pb_blurb title=&#8221;Ricardo Trigo&#8221; url=&#8221;\/sesion-01&#8243; image=&#8221;https:\/\/conferencia.lifeshara.com\/wp-content\/uploads\/2020\/11\/Sofia-Nuncio.jpg&#8221; _builder_version=&#8221;4.6.6&#8243; _module_preset=&#8221;default&#8221; header_level=&#8221;h5&#8243; header_font=&#8221;|700|||||||&#8221; header_text_color=&#8221;#fdfcec&#8221; header_font_size=&#8221;22px&#8221; header_line_height=&#8221;1.4em&#8221; body_text_color=&#8221;#fdfcec&#8221; body_font_size=&#8221;16px&#8221; body_line_height=&#8221;1.5em&#8221; background_color=&#8221;#de6f5b&#8221; background_layout=&#8221;dark&#8221; custom_padding=&#8221;20px|25px|20px|25px|false|true&#8221; link_option_url=&#8221;\/sesion-01&#8243; background__hover_enabled=&#8221;on|hover&#8221; background_color__hover=&#8221;#2a2a29&#8243; background_enable_color__hover=&#8221;on&#8221;]<\/p>\n<p>Doctora en Arquitectura de Paisajes, ejerce funciones en la C\u00e1mara Municipal de Lisboa en las \u00e1reas de planificaci\u00f3n urban\u00edstica, gesti\u00f3n del espacio p\u00fablico y medio ambiente, entre otras, siendo actualmente la Directora del Departamento de Medio Ambiente, Energ\u00eda y Cambio Clim\u00e1tico.<\/p>\n<hr \/>\n<h5>Estar\u00e1 en:<br \/> <strong>SESI\u00d3N TEM\u00c1TICA 01<\/strong><\/h5>\n<p>[\/et_pb_blurb][\/et_pb_column][et_pb_column type=&#8221;1_4&#8243; _builder_version=&#8221;4.6.6&#8243; _module_preset=&#8221;default&#8221;][et_pb_blurb title=&#8221;Ricardo Trigo&#8221; url=&#8221;\/sesion-01&#8243; image=&#8221;https:\/\/conferencia.lifeshara.com\/wp-content\/uploads\/2020\/11\/Sofia-Nuncio.jpg&#8221; _builder_version=&#8221;4.6.6&#8243; _module_preset=&#8221;default&#8221; header_level=&#8221;h5&#8243; header_font=&#8221;|700|||||||&#8221; header_text_color=&#8221;#fdfcec&#8221; header_font_size=&#8221;22px&#8221; header_line_height=&#8221;1.4em&#8221; body_text_color=&#8221;#fdfcec&#8221; body_font_size=&#8221;16px&#8221; body_line_height=&#8221;1.5em&#8221; background_color=&#8221;#de6f5b&#8221; background_layout=&#8221;dark&#8221; custom_padding=&#8221;20px|25px|20px|25px|false|true&#8221; link_option_url=&#8221;\/sesion-01&#8243; background_color__hover=&#8221;#2a2a29&#8243; background_enable_color__hover=&#8221;on&#8221; background__hover_enabled=&#8221;on|hover&#8221;]<\/p>\n<p>Doctora en Arquitectura de Paisajes, ejerce funciones en la C\u00e1mara Municipal de Lisboa en las \u00e1reas de planificaci\u00f3n urban\u00edstica, gesti\u00f3n del espacio p\u00fablico y medio ambiente, entre otras, siendo actualmente la Directora del Departamento de Medio Ambiente, Energ\u00eda y Cambio Clim\u00e1tico.<\/p>\n<hr \/>\n<h5>Estar\u00e1 en:<br \/><strong>SESI\u00d3N TEM\u00c1TICA 01<\/strong><\/h5>\n<p>[\/et_pb_blurb][\/et_pb_column][et_pb_column type=&#8221;1_4&#8243; _builder_version=&#8221;4.6.6&#8243; _module_preset=&#8221;default&#8221;][et_pb_blurb title=&#8221;Ricardo Trigo&#8221; url=&#8221;\/sesion-01&#8243; image=&#8221;https:\/\/conferencia.lifeshara.com\/wp-content\/uploads\/2020\/11\/Sofia-Nuncio.jpg&#8221; _builder_version=&#8221;4.6.6&#8243; _module_preset=&#8221;default&#8221; header_level=&#8221;h5&#8243; header_font=&#8221;|700|||||||&#8221; header_text_color=&#8221;#fdfcec&#8221; header_font_size=&#8221;22px&#8221; header_line_height=&#8221;1.4em&#8221; body_text_color=&#8221;#fdfcec&#8221; body_font_size=&#8221;16px&#8221; body_line_height=&#8221;1.5em&#8221; background_color=&#8221;#de6f5b&#8221; background_layout=&#8221;dark&#8221; custom_padding=&#8221;20px|25px|20px|25px|false|true&#8221; link_option_url=&#8221;\/sesion-01&#8243; background_color__hover=&#8221;#2a2a29&#8243; background_enable_color__hover=&#8221;on&#8221; background__hover_enabled=&#8221;on|hover&#8221;]<\/p>\n<p>Doctora en Arquitectura de Paisajes, ejerce funciones en la C\u00e1mara Municipal de Lisboa en las \u00e1reas de planificaci\u00f3n urban\u00edstica, gesti\u00f3n del espacio p\u00fablico y medio ambiente, entre otras, siendo actualmente la Directora del Departamento de Medio Ambiente, Energ\u00eda y Cambio Clim\u00e1tico.<\/p>\n<hr \/>\n<h5>Estar\u00e1 en:<br \/><strong>SESI\u00d3N TEM\u00c1TICA 01<\/strong><\/h5>\n<p>[\/et_pb_blurb][\/et_pb_column][\/et_pb_row][\/et_pb_section][et_pb_section fb_built=&#8221;1&#8243; admin_label=&#8221;#Adaptes&#8221; _builder_version=&#8221;4.6.5&#8243; _module_preset=&#8221;default&#8221; background_color=&#8221;#fdfcec&#8221; custom_padding=&#8221;80px||0px|||&#8221; locked=&#8221;off&#8221; collapsed=&#8221;off&#8221;][et_pb_row column_structure=&#8221;2_3,1_3&#8243; admin_label=&#8221;Fila&#8221; _builder_version=&#8221;4.6.5&#8243; _module_preset=&#8221;default&#8221; custom_padding=&#8221;||0px|||&#8221;][et_pb_column type=&#8221;2_3&#8243; _builder_version=&#8221;4.6.5&#8243; _module_preset=&#8221;default&#8221;][\/et_pb_column][et_pb_column type=&#8221;1_3&#8243; _builder_version=&#8221;4.6.5&#8243; _module_preset=&#8221;default&#8221;][et_pb_blurb title=&#8221;TRANSMISS\u00c3O AO VIVO&#8221; image=&#8221;https:\/\/conferencia.lifeshara.com\/wp-content\/uploads\/2020\/10\/ezgif.com-gif-maker-1.gif&#8221; icon_placement=&#8221;left&#8221; content_max_width=&#8221;90%&#8221; _builder_version=&#8221;4.6.6&#8243; _module_preset=&#8221;default&#8221; header_font=&#8221;Ubuntu Mono|700|||||||&#8221; header_letter_spacing=&#8221;2px&#8221; background_color=&#8221;#91c468&#8243; width=&#8221;100%&#8221; max_width=&#8221;100%&#8221; module_alignment=&#8221;left&#8221; custom_padding=&#8221;20px||10px|0px|false|false&#8221; module_alignment_tablet=&#8221;center&#8221; module_alignment_phone=&#8221;&#8221; module_alignment_last_edited=&#8221;on|phone&#8221; border_width_all=&#8221;1px&#8221; border_color_all=&#8221;#91c468&#8243; box_shadow_style=&#8221;preset1&#8243; box_shadow_spread=&#8221;-12px&#8221;][\/et_pb_blurb][\/et_pb_column][\/et_pb_row][et_pb_row admin_label=&#8221;Fila&#8221; _builder_version=&#8221;4.6.5&#8243; _module_preset=&#8221;default&#8221; custom_padding=&#8221;||0px|||&#8221;][et_pb_column type=&#8221;4_4&#8243; _builder_version=&#8221;4.6.5&#8243; _module_preset=&#8221;default&#8221;][et_pb_text admin_label=&#8221;#Adaptes&#8221; _builder_version=&#8221;4.6.5&#8243; _module_preset=&#8221;default&#8221; header_2_font=&#8221;||||||||&#8221; header_2_font_size=&#8221;30px&#8221;]<\/p>\n<h2 style=\"text-align: center;\">#Adaptes<\/h2>\n<p>[\/et_pb_text][et_pb_text _builder_version=&#8221;4.6.6&#8243; _module_preset=&#8221;default&#8221; text_font=&#8221;|700|||||||&#8221; text_font_size=&#8221;18px&#8221; header_2_font=&#8221;||||||||&#8221; header_2_font_size=&#8221;30px&#8221; text_orientation=&#8221;center&#8221; custom_margin=&#8221;||-16px||false|false&#8221;]Ajuda-nos a partilhar esta informa\u00e7\u00e3o?[\/et_pb_text][\/et_pb_column][\/et_pb_row][\/et_pb_section]<\/p>\n","protected":false},"excerpt":{"rendered":"<p>Vice-presidenta quarta do Governo da Espanha e ministra para a Transi\u00e7\u00e3o Ecol\u00f3gica e o Desafio Demogr\u00e1fico. Licenciada em Direito e membro do Corpo Superior dos Administradores Civis do Estado, tesoura uma longa trajet\u00f3ria na luta contra as altera\u00e7\u00f5es clim\u00e1ticas na Administra\u00e7\u00e3o P\u00fablica espanhola e em institui\u00e7\u00f5es internacionais como o Instituto do Desenvolvimento Sustent\u00e1vel e Rela\u00e7\u00f5es [&hellip;]<\/p>\n","protected":false},"author":5,"featured_media":2372,"parent":2008,"menu_order":0,"comment_status":"closed","ping_status":"closed","template":"","meta":{"_et_pb_use_builder":"on","_et_pb_old_content":"","_et_gb_content_width":"","footnotes":""},"class_list":["post-3925","page","type-page","status-publish","has-post-thumbnail","hentry"],"_links":{"self":[{"href":"https:\/\/conferencia.lifeshara.com\/pt-pt\/wp-json\/wp\/v2\/pages\/3925","targetHints":{"allow":["GET"]}}],"collection":[{"href":"https:\/\/conferencia.lifeshara.com\/pt-pt\/wp-json\/wp\/v2\/pages"}],"about":[{"href":"https:\/\/conferencia.lifeshara.com\/pt-pt\/wp-json\/wp\/v2\/types\/page"}],"author":[{"embeddable":true,"href":"https:\/\/conferencia.lifeshara.com\/pt-pt\/wp-json\/wp\/v2\/users\/5"}],"replies":[{"embeddable":true,"href":"https:\/\/conferencia.lifeshara.com\/pt-pt\/wp-json\/wp\/v2\/comments?post=3925"}],"version-history":[{"count":0,"href":"https:\/\/conferencia.lifeshara.com\/pt-pt\/wp-json\/wp\/v2\/pages\/3925\/revisions"}],"up":[{"embeddable":true,"href":"https:\/\/conferencia.lifeshara.com\/pt-pt\/wp-json\/wp\/v2\/pages\/2008"}],"wp:featuredmedia":[{"embeddable":true,"href":"https:\/\/conferencia.lifeshara.com\/pt-pt\/wp-json\/wp\/v2\/media\/2372"}],"wp:attachment":[{"href":"https:\/\/conferencia.lifeshara.com\/pt-pt\/wp-json\/wp\/v2\/media?parent=3925"}],"curies":[{"name":"wp","href":"https:\/\/api.w.org\/{rel}","templated":true}]}}