{"id":2981,"date":"2020-10-29T09:14:06","date_gmt":"2020-10-29T08:14:06","guid":{"rendered":"https:\/\/conferencia.lifeshara.com\/programa\/sessoes\/sesion-02\/"},"modified":"2021-03-03T14:44:43","modified_gmt":"2021-03-03T13:44:43","slug":"sessao-02","status":"publish","type":"page","link":"https:\/\/conferencia.lifeshara.com\/pt-pt\/programa\/sessoes\/sessao-02\/","title":{"rendered":"Sess\u00e3o 02"},"content":{"rendered":"<p>[et_pb_section fb_built=&#8221;1&#8243; admin_label=&#8221;Cabecera p\u00e1gina&#8221; _builder_version=&#8221;4.6.6&#8243; _module_preset=&#8221;default&#8221; background_color=&#8221;#91c468&#8243; custom_margin=&#8221;0px||||false|false&#8221; custom_margin_tablet=&#8221;0px||||false|false&#8221; custom_margin_phone=&#8221;&#8221; custom_margin_last_edited=&#8221;on|phone&#8221; custom_padding=&#8221;0px|||||&#8221;][et_pb_row column_structure=&#8221;3_5,2_5&#8243; _builder_version=&#8221;4.6.6&#8243; _module_preset=&#8221;default&#8221; background_enable_color=&#8221;off&#8221; width=&#8221;100%&#8221; max_width=&#8221;100%&#8221; custom_margin_last_edited=&#8221;off|desktop&#8221; custom_padding=&#8221;0px|||||&#8221; custom_margin__hover_enabled=&#8221;off|desktop&#8221;][et_pb_column type=&#8221;3_5&#8243; _builder_version=&#8221;4.6.6&#8243; _module_preset=&#8221;default&#8221; background_color=&#8221;#ffFFFF&#8221;][et_pb_cta title=&#8221;SESS\u00c3O TEM\u00c1TICA 02&#8243; button_url=&#8221;#sesion&#8221; admin_label=&#8221;T\u00edtulo+subt\u00edtulo+bot\u00f3n&#8221; _builder_version=&#8221;4.6.6&#8243; _module_preset=&#8221;default&#8221; header_font=&#8221;|700|||||||&#8221; header_text_align=&#8221;left&#8221; header_text_color=&#8221;#2a2a29&#8243; header_letter_spacing=&#8221;2px&#8221; body_font=&#8221;Ubuntu Mono||||||||&#8221; body_text_align=&#8221;left&#8221; body_text_color=&#8221;#de6f5b&#8221; body_font_size=&#8221;25px&#8221; body_line_height=&#8221;1.3em&#8221; background_color=&#8221;rgba(0,0,0,0)&#8221; custom_button=&#8221;on&#8221; button_font=&#8221;|700|||||||&#8221; button_icon=&#8221;%%1%%&#8221; button_on_hover=&#8221;off&#8221; text_orientation=&#8221;left&#8221; background_layout=&#8221;light&#8221; width=&#8221;80%&#8221; width_tablet=&#8221;75%&#8221; width_phone=&#8221;100%&#8221; width_last_edited=&#8221;on|phone&#8221; module_alignment=&#8221;right&#8221; custom_margin=&#8221;70px|0px|10px||false|false&#8221; custom_margin_tablet=&#8221;80px||10px||false|false&#8221; custom_margin_phone=&#8221;80px||0px||false|false&#8221; custom_margin_last_edited=&#8221;on|phone&#8221; custom_padding=&#8221;|0px|0px||false|false&#8221; header_font_size_tablet=&#8221;&#8221; header_font_size_phone=&#8221;&#8221; header_font_size_last_edited=&#8221;on|phone&#8221; body_font_size_tablet=&#8221;24px&#8221; body_font_size_phone=&#8221;22px&#8221; body_font_size_last_edited=&#8221;on|phone&#8221; module_alignment_tablet=&#8221;center&#8221; module_alignment_phone=&#8221;&#8221; module_alignment_last_edited=&#8221;on|tablet&#8221; custom_css_promo_button=&#8221;margin-top: 20px; &#8221; custom_css_promo_title=&#8221;padding-bottom:20px; &#8221; button_bg_color__hover_enabled=&#8221;on|hover&#8221; button_bg_color__hover=&#8221;#fdfcec&#8221; button_bg_enable_color__hover=&#8221;on&#8221;]<\/p>\n<p>Quarta feira 18<br \/> <strong>16:00-17:30 <\/strong>WET<\/p>\n<p>[\/et_pb_cta][et_pb_cta button_url=&#8221;#sesion&#8221; button_text=&#8221;Ver sess\u00e3o&#8221; admin_label=&#8221;T\u00edtulo+subt\u00edtulo+bot\u00f3n&#8221; _builder_version=&#8221;4.6.6&#8243; _module_preset=&#8221;default&#8221; header_level=&#8221;h1&#8243; header_font=&#8221;|700|||||||&#8221; header_text_align=&#8221;left&#8221; header_text_color=&#8221;#2a2a29&#8243; header_font_size=&#8221;45px&#8221; header_letter_spacing=&#8221;2px&#8221; body_font=&#8221;Ubuntu Mono|700|||||||&#8221; body_text_align=&#8221;left&#8221; body_text_color=&#8221;#2a2a29&#8243; body_font_size=&#8221;35px&#8221; body_line_height=&#8221;1.1em&#8221; background_color=&#8221;rgba(0,0,0,0)&#8221; custom_button=&#8221;on&#8221; button_font=&#8221;|700|||||||&#8221; button_icon=&#8221;%%1%%&#8221; button_on_hover=&#8221;off&#8221; text_orientation=&#8221;left&#8221; background_layout=&#8221;light&#8221; width=&#8221;80%&#8221; width_tablet=&#8221;75%&#8221; width_phone=&#8221;100%&#8221; width_last_edited=&#8221;on|phone&#8221; module_alignment=&#8221;right&#8221; custom_margin=&#8221;2px||50px||false|false&#8221; custom_margin_tablet=&#8221;||80px||false|false&#8221; custom_margin_phone=&#8221;20px||50px||false|false&#8221; custom_margin_last_edited=&#8221;on|tablet&#8221; custom_padding=&#8221;0px|10%|||false|false&#8221; custom_padding_tablet=&#8221;|20%|||false|false&#8221; custom_padding_phone=&#8221;|10%|||false|false&#8221; custom_padding_last_edited=&#8221;on|phone&#8221; header_font_size_tablet=&#8221;40px&#8221; header_font_size_phone=&#8221;30px&#8221; header_font_size_last_edited=&#8221;on|phone&#8221; body_font_size_tablet=&#8221;35px&#8221; body_font_size_phone=&#8221;30px&#8221; body_font_size_last_edited=&#8221;on|phone&#8221; module_alignment_tablet=&#8221;center&#8221; module_alignment_phone=&#8221;&#8221; module_alignment_last_edited=&#8221;on|tablet&#8221; custom_css_promo_button=&#8221;margin-top: 20px; &#8221; custom_css_promo_title=&#8221;padding-bottom:20px; &#8221; button_bg_color__hover_enabled=&#8221;on|hover&#8221; button_bg_color__hover=&#8221;#fdfcec&#8221; button_bg_enable_color__hover=&#8221;on&#8221;]<\/p>\n<p>Desafios e solu\u00e7\u00f5es do setor agr\u00e1rio para adaptar-se \u00e0s altera\u00e7\u00f5es clim\u00e1ticas<\/p>\n<p>[\/et_pb_cta][\/et_pb_column][et_pb_column type=&#8221;2_5&#8243; _builder_version=&#8221;4.6.6&#8243; _module_preset=&#8221;default&#8221; background_enable_color=&#8221;off&#8221;][et_pb_divider show_divider=&#8221;off&#8221; _builder_version=&#8221;4.6.6&#8243; _module_preset=&#8221;default&#8221;][\/et_pb_divider][et_pb_image src=&#8221;https:\/\/conferencia.lifeshara.com\/wp-content\/uploads\/2020\/10\/Adaptes-Sesion-02-opt.gif&#8221; title_text=&#8221;Adaptes-Sesion-02-opt&#8221; align=&#8221;center&#8221; _builder_version=&#8221;4.6.6&#8243; width=&#8221;90%&#8221; width_tablet=&#8221;70%&#8221; width_phone=&#8221;&#8221; width_last_edited=&#8221;on|tablet&#8221; module_alignment=&#8221;center&#8221; max_height_tablet=&#8221;400px&#8221; max_height_phone=&#8221;&#8221; max_height_last_edited=&#8221;on|tablet&#8221; custom_margin=&#8221;|||-100px|false|false&#8221; custom_margin_tablet=&#8221;|||0px|false|false&#8221; custom_margin_phone=&#8221;&#8221; custom_margin_last_edited=&#8221;on|tablet&#8221; custom_padding=&#8221;40px||40px||true|false&#8221; custom_padding_tablet=&#8221;0px||0px||false|false&#8221; custom_padding_phone=&#8221;0px||0px||true|false&#8221; custom_padding_last_edited=&#8221;on|phone&#8221; scroll_vertical_motion_enable=&#8221;on&#8221; scroll_vertical_motion=&#8221;0|82|82|100|1|0|-1&#8243; locked=&#8221;off&#8221;][\/et_pb_image][\/et_pb_column][\/et_pb_row][\/et_pb_section][et_pb_section fb_built=&#8221;1&#8243; admin_label=&#8221;Cuerpo p\u00e1gina&#8221; module_id=&#8221;sesion&#8221; _builder_version=&#8221;4.6.6&#8243; background_color=&#8221;#91c468&#8243; custom_margin=&#8221;-60px||||false|false&#8221; locked=&#8221;off&#8221;][et_pb_row column_structure=&#8221;3_5,2_5&#8243; use_custom_gutter=&#8221;on&#8221; gutter_width=&#8221;2&#8243; make_equal=&#8221;on&#8221; disabled_on=&#8221;off|off|off&#8221; _builder_version=&#8221;4.6.6&#8243; custom_padding=&#8221;10px||10px||false|false&#8221; animation_direction=&#8221;top&#8221; border_color_all=&#8221;rgba(51,51,51,0.05)&#8221; border_width_top=&#8221;1px&#8221; border_color_top=&#8221;#de6f5b&#8221; border_color_bottom=&#8221;#de6f5b&#8221;][et_pb_column type=&#8221;3_5&#8243; _builder_version=&#8221;4.6.5&#8243; background_color=&#8221;rgba(0,0,0,0)&#8221; custom_padding=&#8221;2%|2%|2%|2%|true|true&#8221; custom_padding__hover=&#8221;|||&#8221;][et_pb_video src=&#8221;https:\/\/youtu.be\/PSYT6srmAvg&#8221; image_src=&#8221;https:\/\/conferencia.lifeshara.com\/wp-content\/uploads\/2020\/11\/Adaptes__fondo-pantalla_S02@2x.png&#8221; play_icon_color=&#8221;#fdfcec&#8221; thumbnail_overlay_color=&#8221;rgba(0,0,0,0.6)&#8221; _builder_version=&#8221;4.6.6&#8243; _module_preset=&#8221;default&#8221; border_width_all=&#8221;1px&#8221; border_color_all=&#8221;#fdfcec&#8221;][\/et_pb_video][\/et_pb_column][et_pb_column type=&#8221;2_5&#8243; _builder_version=&#8221;4.6.5&#8243; background_color=&#8221;rgba(0,0,0,0)&#8221; custom_padding=&#8221;2%|2%|2%|2%|true|true&#8221; custom_padding__hover=&#8221;|||&#8221;][et_pb_blurb title=&#8221;Interven\u00e7\u00f5es&#8221; use_icon=&#8221;on&#8221; font_icon=&#8221;%%375%%&#8221; icon_color=&#8221;#de6f5b&#8221; icon_placement=&#8221;left&#8221; use_icon_font_size=&#8221;on&#8221; icon_font_size=&#8221;40px&#8221; _builder_version=&#8221;4.8.2&#8243; _module_preset=&#8221;default&#8221; header_font=&#8221;|700|||||||&#8221; header_text_color=&#8221;#fdfcec&#8221; body_font=&#8221;|700|||||||&#8221; body_link_font=&#8221;|700|||||||&#8221; hover_enabled=&#8221;0&#8243; header_font_size_tablet=&#8221;&#8221; header_font_size_phone=&#8221;&#8221; header_font_size_last_edited=&#8221;on|phone&#8221; body_link_text_color__hover_enabled=&#8221;on|desktop&#8221; body_link_text_color__hover=&#8221;#2a2a29&#8243; sticky_enabled=&#8221;0&#8243;]<\/p>\n<ol>\n<li><a href=\"https:\/\/conferencia.lifeshara.com\/wp-content\/uploads\/2021\/01\/Adaptes_Ponencias-sesio\u0301n-2.pdf\" target=\"_blank\" rel=\"noopener noreferrer\">Apresenta\u00e7\u00f5es, mesas de discuss\u00e3o<br \/>\n<\/a><\/li>\n<\/ol>\n<p>[\/et_pb_blurb][\/et_pb_column][\/et_pb_row][et_pb_row use_custom_gutter=&#8221;on&#8221; gutter_width=&#8221;2&#8243; make_equal=&#8221;on&#8221; _builder_version=&#8221;4.6.6&#8243; custom_padding=&#8221;10px||10px||false|false&#8221; animation_direction=&#8221;top&#8221; border_color_all=&#8221;rgba(51,51,51,0.05)&#8221; border_width_top=&#8221;1px&#8221; border_color_top=&#8221;#de6f5b&#8221; border_width_bottom=&#8221;1px&#8221; border_color_bottom=&#8221;#de6f5b&#8221;][et_pb_column type=&#8221;4_4&#8243; _builder_version=&#8221;4.6.5&#8243; background_color=&#8221;rgba(0,0,0,0)&#8221; custom_padding=&#8221;2%|2%|2%|2%|true|true&#8221; custom_padding__hover=&#8221;|||&#8221;][et_pb_text _builder_version=&#8221;4.6.6&#8243; text_font=&#8221;||||||||&#8221; text_text_color=&#8221;#2a2a29&#8243; text_font_size=&#8221;18px&#8221; header_font=&#8221;Ubuntu Mono|700|||||||&#8221; header_text_color=&#8221;#fdfcec&#8221; header_2_font=&#8221;Ubuntu Mono|700|||||||&#8221; header_2_text_color=&#8221;#fdfcec&#8221; header_2_font_size=&#8221;38px&#8221; header_3_font=&#8221;Ubuntu Mono|700|||||||&#8221; header_3_text_color=&#8221;#2a2a29&#8243; header_3_font_size=&#8221;32px&#8221; header_4_font=&#8221;Ubuntu Mono|700|||||||&#8221; header_4_text_color=&#8221;#fdfcec&#8221; header_4_letter_spacing=&#8221;3px&#8221; header_5_font=&#8221;Ubuntu Mono|700|||||||&#8221; header_5_text_color=&#8221;#2a2a29&#8243; header_6_font=&#8221;Ubuntu Mono|700|||||||&#8221; custom_padding=&#8221;||25px||false|false&#8221; text_font_size_tablet=&#8221;17px&#8221; text_font_size_phone=&#8221;16px&#8221; text_font_size_last_edited=&#8221;on|phone&#8221; header_2_font_size_tablet=&#8221;38px&#8221; header_2_font_size_phone=&#8221;35px&#8221; header_2_font_size_last_edited=&#8221;on|phone&#8221; header_3_font_size_tablet=&#8221;&#8221; header_3_font_size_phone=&#8221;29px&#8221; header_3_font_size_last_edited=&#8221;on|phone&#8221; border_color_bottom=&#8221;#de6f5b&#8221;]<\/p>\n<p>Debateremos com os oradores sobre os desafios e poss\u00edveis solu\u00e7\u00f5es do setor agr\u00e1rio perante as altera\u00e7\u00f5es clim\u00e1ticas. Um col\u00f3quio que se estruturar\u00e1 em tr\u00eas painel de discuss\u00e3o e no qual a participa\u00e7\u00e3o do p\u00fablico com perguntas e coment\u00e1rios ser\u00e1 decisiva.<\/p>\n<ul>\n<li>O primeiro painel de discuss\u00e3o versar\u00e1 sobre as pol\u00edticas e, principalmente, sobre os desafios e oportunidades da futura PAC para a adapta\u00e7\u00e3o \u00e0s altera\u00e7\u00f5es clim\u00e1ticas e sinergias com o Plano Nacional de Adapta\u00e7\u00e3o \u00e0s Altera\u00e7\u00f5es Clim\u00e1ticas (PNACC).<\/li>\n<li>O segundo painel abordar\u00e1 o estado do conhecimento cient\u00edfico e as necessidades e desafios para a transfer\u00eancia deste conhecimento para os diferentes elos do setor agr\u00e1rio.<\/li>\n<li>O terceiro painel de discuss\u00e3o centrar-se-\u00e1 nas solu\u00e7\u00f5es e nas medidas identificadas de adapta\u00e7\u00e3o \u00e0s altera\u00e7\u00f5es clim\u00e1ticas para a sua aplica\u00e7\u00e3o a n\u00edvel de explora\u00e7\u00e3o agr\u00e1ria. \u00a0<\/li>\n<\/ul>\n<p>[\/et_pb_text][\/et_pb_column][\/et_pb_row][et_pb_row column_structure=&#8221;1_2,1_2&#8243; use_custom_gutter=&#8221;on&#8221; gutter_width=&#8221;2&#8243; make_equal=&#8221;on&#8221; _builder_version=&#8221;4.6.6&#8243; custom_padding=&#8221;10px||10px||false|false&#8221; animation_direction=&#8221;top&#8221; border_color_all=&#8221;rgba(51,51,51,0.05)&#8221; border_color_top=&#8221;#de6f5b&#8221; border_color_bottom=&#8221;#de6f5b&#8221;][et_pb_column type=&#8221;1_2&#8243; _builder_version=&#8221;4.6.5&#8243; background_color=&#8221;rgba(0,0,0,0)&#8221; custom_padding=&#8221;2%|2%|2%|2%|true|true&#8221; custom_padding__hover=&#8221;|||&#8221;][et_pb_blurb title=&#8221;Coordena&#8221; use_icon=&#8221;on&#8221; font_icon=&#8221;%%176%%&#8221; icon_color=&#8221;#de6f5b&#8221; icon_placement=&#8221;left&#8221; use_icon_font_size=&#8221;on&#8221; icon_font_size=&#8221;40px&#8221; _builder_version=&#8221;4.6.6&#8243; _module_preset=&#8221;default&#8221; header_font=&#8221;|700|||||||&#8221; header_text_color=&#8221;#fdfcec&#8221; body_font=&#8221;|600|||||||&#8221; body_font_size=&#8221;18px&#8221; custom_margin=&#8221;||30px||false|false&#8221; body_font_size_tablet=&#8221;&#8221; body_font_size_phone=&#8221;&#8221; body_font_size_last_edited=&#8221;on|phone&#8221;]<\/p>\n<p><strong>Vanessa S\u00e1nchez Ortega,<\/strong> Funda\u00e7\u00e3o Global Nature<\/p>\n<p>[\/et_pb_blurb][\/et_pb_column][et_pb_column type=&#8221;1_2&#8243; _builder_version=&#8221;4.6.5&#8243; background_color=&#8221;rgba(0,0,0,0)&#8221; custom_padding=&#8221;2%|2%|2%|2%|true|true&#8221; custom_padding__hover=&#8221;|||&#8221;][et_pb_blurb title=&#8221;Interv\u00eam&#8221; use_icon=&#8221;on&#8221; font_icon=&#8221;%%259%%&#8221; icon_color=&#8221;#de6f5b&#8221; icon_placement=&#8221;left&#8221; use_icon_font_size=&#8221;on&#8221; icon_font_size=&#8221;40px&#8221; _builder_version=&#8221;4.6.6&#8243; _module_preset=&#8221;default&#8221; header_font=&#8221;|700|||||||&#8221; header_text_color=&#8221;#fdfcec&#8221; header_font_size_tablet=&#8221;&#8221; header_font_size_phone=&#8221;&#8221; header_font_size_last_edited=&#8221;on|phone&#8221;]<\/p>\n<ul>\n<li style=\"font-weight: 400;\"><span style=\"font-weight: 400;\"><strong>Joaqu\u00edn Rodr\u00edguez Chaparro<\/strong>, Subdire\u00e7\u00e3o-Geral de Planeamento de Pol\u00edticas Agr\u00e1rias. Secretaria-Geral de Agricultura e Alimenta\u00e7\u00e3o, Minist\u00e9rio da Agricultura, Pesca e Alimenta\u00e7\u00e3o<\/span><\/li>\n<li style=\"font-weight: 400;\"><span style=\"font-weight: 400;\"><strong>Ana Pint\u00f3<\/strong>, Secretaria Espanhola das Altera\u00e7\u00f5es Clim\u00e1ticas. Minist\u00e9rio para a Transi\u00e7\u00e3o Ecol\u00f3gica e o Desafio Demogr\u00e1fico.<\/span><\/li>\n<li style=\"font-weight: 400;\"><span style=\"font-weight: 400;\"><strong>Hugo Costa Ferreira<\/strong>, Dire\u00e7\u00e3o de Servi\u00e7os de Programa\u00e7\u00e3o e Pol\u00edticas. Secretaria de Planeamento, Pol\u00edtica e Administra\u00e7\u00e3o Geral. Minist\u00e9rio da Agricultura, Governo de Portugal)<\/span><\/li>\n<li style=\"font-weight: 400;\"><span style=\"font-weight: 400;\"><strong>Margarita Ruiz Ramos<\/strong>, Centro de Estudos e Investiga\u00e7\u00e3o para a Gest\u00e3o de Riscos Agr\u00e1rios e Ambientais (CEIGRAM), Universidade Polit\u00e9cnica de Madrid<\/span><\/li>\n<li style=\"font-weight: 400;\"><strong>Jordi Domingo Calabuig<\/strong> <span style=\"font-weight: 400;\">, Funda\u00e7\u00e3o Global Nature.<\/span><\/li>\n<li style=\"font-weight: 400;\"><span style=\"font-weight: 400;\"><strong>Teresa Pinto Correia<\/strong>, Instituto Mediterr\u00e2neo de Agricultura, Meio Ambiente e Desenvolvimento (Universidade de \u00c9vora)<\/span><\/li>\n<li style=\"font-weight: 400;\"><span style=\"font-weight: 400;\"><strong>Javier Alejandre<\/strong>, Uni\u00e3o de Pequenos Agricultores e Criadores de Gado (UPA)<\/span><\/li>\n<li style=\"font-weight: 400;\"><span style=\"font-weight: 400;\"><strong>Alfredo Cunhal Sendim<\/strong>, <a href=\"https:\/\/www.herdadedofreixodomeio.pt\/cooperativa\">Herdade do Freixo do Meio Cooperativa<\/a>.<\/span><\/li>\n<li style=\"font-weight: 400;\"><span style=\"font-weight: 400;\"><strong>M\u00aa Jos\u00e9 Mart\u00ednez S\u00e1nchez<\/strong>, projeto LIFE AmdryC4 e Universidade de M\u00farcia<\/span><\/li>\n<\/ul>\n<p>[\/et_pb_blurb][\/et_pb_column][\/et_pb_row][\/et_pb_section][et_pb_section fb_built=&#8221;1&#8243; admin_label=&#8221;#Adaptes&#8221; _builder_version=&#8221;4.6.5&#8243; _module_preset=&#8221;default&#8221; background_color=&#8221;#fdfcec&#8221; custom_padding=&#8221;80px||0px|||&#8221; locked=&#8221;off&#8221; collapsed=&#8221;off&#8221;][et_pb_row admin_label=&#8221;Fila&#8221; _builder_version=&#8221;4.6.5&#8243; _module_preset=&#8221;default&#8221; custom_padding=&#8221;||0px|||&#8221;][et_pb_column type=&#8221;4_4&#8243; _builder_version=&#8221;4.6.5&#8243; _module_preset=&#8221;default&#8221;][et_pb_text admin_label=&#8221;#Adaptes&#8221; _builder_version=&#8221;4.6.5&#8243; _module_preset=&#8221;default&#8221; header_2_font=&#8221;||||||||&#8221; header_2_font_size=&#8221;30px&#8221;]<\/p>\n<h2 style=\"text-align: center;\">#Adaptes<\/h2>\n<p>[\/et_pb_text][et_pb_text _builder_version=&#8221;4.6.6&#8243; _module_preset=&#8221;default&#8221; text_font=&#8221;|700|||||||&#8221; text_font_size=&#8221;18px&#8221; header_2_font=&#8221;||||||||&#8221; header_2_font_size=&#8221;30px&#8221; text_orientation=&#8221;center&#8221; custom_margin=&#8221;||-16px||false|false&#8221;]Ajuda-nos a partilhar esta informa\u00e7\u00e3o?[\/et_pb_text][\/et_pb_column][\/et_pb_row][\/et_pb_section]<\/p>\n","protected":false},"excerpt":{"rendered":"<p>Quarta feira 18 16:00-17:30 WETDesafios e solu\u00e7\u00f5es do setor agr\u00e1rio para adaptar-se \u00e0s altera\u00e7\u00f5es clim\u00e1ticas Apresenta\u00e7\u00f5es, mesas de discuss\u00e3o Debateremos com os oradores sobre os desafios e poss\u00edveis solu\u00e7\u00f5es do setor agr\u00e1rio perante as altera\u00e7\u00f5es clim\u00e1ticas. Um col\u00f3quio que se estruturar\u00e1 em tr\u00eas painel de discuss\u00e3o e no qual a participa\u00e7\u00e3o do p\u00fablico com perguntas [&hellip;]<\/p>\n","protected":false},"author":4,"featured_media":2074,"parent":2024,"menu_order":0,"comment_status":"closed","ping_status":"closed","template":"","meta":{"_et_pb_use_builder":"on","_et_pb_old_content":"","_et_gb_content_width":"","footnotes":""},"class_list":["post-2981","page","type-page","status-publish","has-post-thumbnail","hentry"],"_links":{"self":[{"href":"https:\/\/conferencia.lifeshara.com\/pt-pt\/wp-json\/wp\/v2\/pages\/2981","targetHints":{"allow":["GET"]}}],"collection":[{"href":"https:\/\/conferencia.lifeshara.com\/pt-pt\/wp-json\/wp\/v2\/pages"}],"about":[{"href":"https:\/\/conferencia.lifeshara.com\/pt-pt\/wp-json\/wp\/v2\/types\/page"}],"author":[{"embeddable":true,"href":"https:\/\/conferencia.lifeshara.com\/pt-pt\/wp-json\/wp\/v2\/users\/4"}],"replies":[{"embeddable":true,"href":"https:\/\/conferencia.lifeshara.com\/pt-pt\/wp-json\/wp\/v2\/comments?post=2981"}],"version-history":[{"count":0,"href":"https:\/\/conferencia.lifeshara.com\/pt-pt\/wp-json\/wp\/v2\/pages\/2981\/revisions"}],"up":[{"embeddable":true,"href":"https:\/\/conferencia.lifeshara.com\/pt-pt\/wp-json\/wp\/v2\/pages\/2024"}],"wp:featuredmedia":[{"embeddable":true,"href":"https:\/\/conferencia.lifeshara.com\/pt-pt\/wp-json\/wp\/v2\/media\/2074"}],"wp:attachment":[{"href":"https:\/\/conferencia.lifeshara.com\/pt-pt\/wp-json\/wp\/v2\/media?parent=2981"}],"curies":[{"name":"wp","href":"https:\/\/api.w.org\/{rel}","templated":true}]}}