{"id":2578,"date":"2020-10-13T07:31:06","date_gmt":"2020-10-13T05:31:06","guid":{"rendered":"https:\/\/conferencia.lifeshara.com\/que-es-adaptes\/"},"modified":"2021-03-11T09:48:37","modified_gmt":"2021-03-11T08:48:37","slug":"what-is-adaptes","status":"publish","type":"page","link":"https:\/\/conferencia.lifeshara.com\/en\/what-is-adaptes\/","title":{"rendered":"What is Adaptes?"},"content":{"rendered":"<p>[et_pb_section fb_built=&#8221;1&#8243; admin_label=&#8221;Cabecera p\u00e1gina&#8221; _builder_version=&#8221;4.6.6&#8243; _module_preset=&#8221;default&#8221; background_color=&#8221;rgba(0,0,0,0)&#8221; custom_margin=&#8221;0px||||false|false&#8221; custom_margin_tablet=&#8221;&#8221; custom_margin_phone=&#8221;&#8221; custom_margin_last_edited=&#8221;on|desktop&#8221; custom_padding=&#8221;0px|||||&#8221;][et_pb_row column_structure=&#8221;1_2,1_2&#8243; _builder_version=&#8221;4.6.6&#8243; _module_preset=&#8221;default&#8221; background_color=&#8221;rgba(0,0,0,0)&#8221; width=&#8221;100%&#8221; max_width=&#8221;100%&#8221; custom_margin_last_edited=&#8221;off|desktop&#8221; custom_padding=&#8221;0px|||||&#8221; custom_margin__hover_enabled=&#8221;off|desktop&#8221;][et_pb_column type=&#8221;1_2&#8243; _builder_version=&#8221;4.6.6&#8243; _module_preset=&#8221;default&#8221; background_color=&#8221;#ffFFFF&#8221;][et_pb_cta title=&#8221;What is Adaptes?&#8221; button_url=&#8221;#info&#8221; button_text=&#8221;CONTINUE READING&#8221; admin_label=&#8221;T\u00edtulo+subt\u00edtulo+bot\u00f3n&#8221; _builder_version=&#8221;4.6.6&#8243; _module_preset=&#8221;default&#8221; header_level=&#8221;h1&#8243; header_font=&#8221;|700|||||||&#8221; header_text_align=&#8221;left&#8221; header_text_color=&#8221;#2a2a29&#8243; header_font_size=&#8221;60px&#8221; body_text_align=&#8221;left&#8221; body_text_color=&#8221;#2a2a29&#8243; body_font_size=&#8221;20px&#8221; background_color=&#8221;rgba(0,0,0,0)&#8221; custom_button=&#8221;on&#8221; button_font=&#8221;|700|||||||&#8221; button_icon=&#8221;%%1%%&#8221; button_on_hover=&#8221;off&#8221; text_orientation=&#8221;left&#8221; background_layout=&#8221;light&#8221; width=&#8221;75%&#8221; width_tablet=&#8221;75%&#8221; width_phone=&#8221;90%&#8221; width_last_edited=&#8221;on|tablet&#8221; module_alignment=&#8221;right&#8221; custom_margin=&#8221;70px||50px||false|false&#8221; custom_margin_tablet=&#8221;||80px||false|false&#8221; custom_margin_phone=&#8221;80px||50px||false|false&#8221; custom_margin_last_edited=&#8221;on|phone&#8221; header_font_size_tablet=&#8221;50px&#8221; header_font_size_phone=&#8221;40px&#8221; header_font_size_last_edited=&#8221;on|phone&#8221; body_font_size_tablet=&#8221;&#8221; body_font_size_phone=&#8221;18px&#8221; body_font_size_last_edited=&#8221;on|phone&#8221; module_alignment_tablet=&#8221;center&#8221; module_alignment_phone=&#8221;&#8221; module_alignment_last_edited=&#8221;on|tablet&#8221; custom_css_promo_button=&#8221;margin-top: 20px; &#8221; custom_css_promo_title=&#8221;padding-bottom:20px; &#8221; button_bg_color__hover_enabled=&#8221;on|hover&#8221; button_bg_color__hover=&#8221;#fdfcec&#8221; button_bg_enable_color__hover=&#8221;on&#8221;]<\/p>\n<p>Adaptes is the first Iberian Conference on climate change adaptation. <\/p>\n<p>[\/et_pb_cta][\/et_pb_column][et_pb_column type=&#8221;1_2&#8243; _builder_version=&#8221;4.6.6&#8243; _module_preset=&#8221;default&#8221; background_color=&#8221;#fdfcec&#8221;][et_pb_image src=&#8221;https:\/\/conferencia.lifeshara.com\/wp-content\/uploads\/2020\/10\/Camaleon.gif&#8221; title_text=&#8221;Camaleon&#8221; align=&#8221;center&#8221; _builder_version=&#8221;4.6.6&#8243; max_height_tablet=&#8221;400px&#8221; max_height_phone=&#8221;&#8221; max_height_last_edited=&#8221;on|tablet&#8221; custom_margin_tablet=&#8221;|||0px|false|false&#8221; custom_margin_phone=&#8221;&#8221; custom_margin_last_edited=&#8221;on|desktop&#8221; scroll_vertical_motion_enable=&#8221;on&#8221; scroll_vertical_motion=&#8221;0|82|82|100|1|0|-1&#8243; locked=&#8221;off&#8221;][\/et_pb_image][\/et_pb_column][\/et_pb_row][\/et_pb_section][et_pb_section fb_built=&#8221;1&#8243; admin_label=&#8221;Cuerpo p\u00e1gina&#8221; module_id=&#8221;info&#8221; _builder_version=&#8221;4.6.6&#8243; background_color=&#8221;#fdfcec&#8221; background_enable_image=&#8221;off&#8221; parallax=&#8221;on&#8221; z_index=&#8221;10&#8243; overflow-x=&#8221;hidden&#8221; overflow-y=&#8221;hidden&#8221; custom_padding=&#8221;0px|||||&#8221;][et_pb_row column_structure=&#8221;1_3,2_3&#8243; _builder_version=&#8221;4.6.6&#8243;][et_pb_column type=&#8221;1_3&#8243; disabled_on=&#8221;on|on|off&#8221; _builder_version=&#8221;4.6.6&#8243; background_color=&#8221;#fdfcec&#8221; sticky_position=&#8221;top&#8221; sticky_limit_bottom=&#8221;section&#8221; sticky_position_tablet=&#8221;&#8221; sticky_position_phone=&#8221;top&#8221; sticky_position_last_edited=&#8221;on|tablet&#8221;][et_pb_divider show_divider=&#8221;off&#8221; _builder_version=&#8221;4.6.5&#8243; _module_preset=&#8221;default&#8221; height=&#8221;50px&#8221;][\/et_pb_divider][et_pb_button button_url=&#8221;#what-is-adaptes&#8221; button_text=&#8221;What is Adaptes?&#8221; button_alignment=&#8221;left&#8221; admin_label=&#8221;\u00bfQU\u00c9 ES ADAPTES?&#8221; _builder_version=&#8221;4.6.6&#8243; _module_preset=&#8221;default&#8221; custom_button=&#8221;on&#8221; button_text_size=&#8221;16px&#8221; button_text_color=&#8221;#2a2a29&#8243; button_bg_color=&#8221;rgba(0,0,0,0)&#8221; button_border_width=&#8221;0px&#8221; button_letter_spacing=&#8221;3px&#8221; button_font=&#8221;Ubuntu Mono|700||on|||||&#8221; button_use_icon=&#8221;off&#8221; custom_margin=&#8221;0px||20px||false|false&#8221; custom_padding=&#8221;|10px||10px|false|true&#8221; custom_css_main_element=&#8221;width: 100%;||&#8221; custom_css_after=&#8221;  &#8221; button_bg_color__hover_enabled=&#8221;on|desktop&#8221; button_bg_color__hover=&#8221;#ffd656&#8243; button_bg_enable_color__hover=&#8221;on&#8221; button_bg_color__sticky_enabled=&#8221;off|sticky&#8221; button_bg_color__sticky=&#8221;#ffd656&#8243; button_bg_enable_color__sticky=&#8221;on&#8221;][\/et_pb_button][et_pb_button button_url=&#8221;#what-will-you-find&#8221; button_text=&#8221;What will you find at the conference?&#8221; button_alignment=&#8221;left&#8221; admin_label=&#8221;\u00bfQu\u00e9 encontrar\u00e1s en la Conferencia?&#8221; _builder_version=&#8221;4.6.6&#8243; _module_preset=&#8221;default&#8221; custom_button=&#8221;on&#8221; button_text_size=&#8221;16px&#8221; button_text_color=&#8221;#2a2a29&#8243; button_bg_color=&#8221;rgba(0,0,0,0)&#8221; button_border_width=&#8221;0px&#8221; button_letter_spacing=&#8221;3px&#8221; button_font=&#8221;Ubuntu Mono|700||on|||||&#8221; button_use_icon=&#8221;off&#8221; custom_margin=&#8221;0px||20px||false|false&#8221; custom_padding=&#8221;|10px||10px|false|true&#8221; custom_css_main_element=&#8221;width: 100%;&#8221; button_bg_color__hover_enabled=&#8221;on|hover&#8221; button_bg_color__hover=&#8221;#f1a336&#8243; button_bg_enable_color__hover=&#8221;on&#8221; button_bg_color__sticky_enabled=&#8221;off|sticky&#8221; button_bg_color__sticky=&#8221;#f1a336&#8243; button_bg_enable_color__sticky=&#8221;on&#8221;][\/et_pb_button][et_pb_button button_url=&#8221;#objectives&#8221; button_text=&#8221;Objectives&#8221; button_alignment=&#8221;left&#8221; admin_label=&#8221;Objetivos&#8221; _builder_version=&#8221;4.6.6&#8243; _module_preset=&#8221;default&#8221; custom_button=&#8221;on&#8221; button_text_size=&#8221;16px&#8221; button_text_color=&#8221;#2a2a29&#8243; button_bg_color=&#8221;rgba(0,0,0,0)&#8221; button_border_width=&#8221;0px&#8221; button_letter_spacing=&#8221;3px&#8221; button_font=&#8221;Ubuntu Mono|700||on|||||&#8221; button_use_icon=&#8221;off&#8221; custom_margin=&#8221;0px||20px||false|false&#8221; custom_padding=&#8221;|10px||10px|false|true&#8221; custom_css_main_element=&#8221;width: 100%;&#8221; button_bg_color__hover_enabled=&#8221;on|desktop&#8221; button_bg_color__hover=&#8221;#de6f5b&#8221; button_bg_enable_color__hover=&#8221;on&#8221; button_bg_color__sticky_enabled=&#8221;off|sticky&#8221; button_bg_color__sticky=&#8221;#de6f5b&#8221; button_bg_enable_color__sticky=&#8221;on&#8221;][\/et_pb_button][et_pb_button button_url=&#8221;#a-quien-se-dirige&#8221; button_text=&#8221;Who is Adaptes aimed at?&#8221; button_alignment=&#8221;left&#8221; admin_label=&#8221;A qui\u00e9n va dirigido Adaptes&#8221; _builder_version=&#8221;4.6.6&#8243; _module_preset=&#8221;default&#8221; custom_button=&#8221;on&#8221; button_text_size=&#8221;16px&#8221; button_text_color=&#8221;#2a2a29&#8243; button_bg_color=&#8221;rgba(0,0,0,0)&#8221; button_border_width=&#8221;0px&#8221; button_letter_spacing=&#8221;3px&#8221; button_font=&#8221;Ubuntu Mono|700||on|||||&#8221; button_use_icon=&#8221;off&#8221; custom_margin=&#8221;0px||20px||false|false&#8221; custom_padding=&#8221;|10px||10px|false|true&#8221; custom_css_main_element=&#8221;width: 100%;&#8221; button_bg_color__hover_enabled=&#8221;on|desktop&#8221; button_bg_color__hover=&#8221;#91c468&#8243; button_bg_enable_color__hover=&#8221;on&#8221; button_bg_color__sticky_enabled=&#8221;off|sticky&#8221; button_bg_color__sticky=&#8221;#91c468&#8243; button_bg_enable_color__sticky=&#8221;on&#8221;][\/et_pb_button][et_pb_button button_url=&#8221;#organising-entities&#8221; button_text=&#8221;Organising entities&#8221; button_alignment=&#8221;left&#8221; admin_label=&#8221;Entidades que organizan&#8221; _builder_version=&#8221;4.6.6&#8243; _module_preset=&#8221;default&#8221; custom_button=&#8221;on&#8221; button_text_size=&#8221;16px&#8221; button_text_color=&#8221;#2a2a29&#8243; button_bg_color=&#8221;rgba(0,0,0,0)&#8221; button_border_width=&#8221;0px&#8221; button_letter_spacing=&#8221;3px&#8221; button_font=&#8221;Ubuntu Mono|700||on|||||&#8221; button_use_icon=&#8221;off&#8221; custom_margin=&#8221;0px||20px||false|false&#8221; custom_padding=&#8221;|10px||10px|false|true&#8221; custom_css_main_element=&#8221;width: 100%;&#8221; button_bg_color__hover_enabled=&#8221;on|desktop&#8221; button_bg_color__hover=&#8221;#09a0d2&#8243; button_bg_enable_color__hover=&#8221;on&#8221; button_bg_color__sticky_enabled=&#8221;off|sticky&#8221; button_bg_color__sticky=&#8221;#09a0d2&#8243; button_bg_enable_color__sticky=&#8221;on&#8221;][\/et_pb_button][\/et_pb_column][et_pb_column type=&#8221;2_3&#8243; _builder_version=&#8221;4.4.1&#8243;][et_pb_blurb title=&#8221;What is Adaptes?&#8221; content_max_width=&#8221;100%&#8221; admin_label=&#8221;\u00bfQu\u00e9 es Adaptes?&#8221; module_id=&#8221;what-is-adaptes&#8221; _builder_version=&#8221;4.6.6&#8243; _module_preset=&#8221;default&#8221; header_level=&#8221;h2&#8243; header_font=&#8221;|700|||||||&#8221; header_font_size=&#8221;35px&#8221; body_text_color=&#8221;#2a2a29&#8243; body_link_font=&#8221;|700|||on|||#2a2a29|&#8221; body_link_text_color=&#8221;#de6f5b&#8221; module_alignment=&#8221;left&#8221; custom_padding=&#8221;||50px||false|false&#8221; header_font_size_tablet=&#8221;&#8221; header_font_size_phone=&#8221;30px&#8221; header_font_size_last_edited=&#8221;on|phone&#8221; body_font_size_tablet=&#8221;&#8221; body_font_size_phone=&#8221;16px&#8221; body_font_size_last_edited=&#8221;on|phone&#8221; custom_css_blurb_title=&#8221;margin-bottom: 30px; &#8221; border_width_bottom=&#8221;1px&#8221; border_color_bottom=&#8221;#ffd656&#8243;]<\/p>\n<p>With <strong>Adaptes<\/strong> we want to promote and contribute to making climate change adaptation an opportunity and a reality, for the present and for the future. For this challenge, we have the following proposal: a participative and innovative online cooperation event. The conference will be a meeting place to engage in dialogue and share ideas, lessons learnt, experiences and good practices between all stakeholders, entities and institutions. Now more than ever we need to generate shared strategies and strengthen cooperation.<\/p>\n<p>The climate crisis and the current global health situation call upon us to act urgently and to work together to move towards an Iberian resilience. They also challenge us to tackle the effects of climate change through shared adaptation strategies, which are both a necessity and an opportunity.<\/p>\n<p><strong>Adaptes<\/strong> represents also the finishing line for the work undertaken during the last four years as part of the European project <a href=\"https:\/\/www.lifeshara.com\/\">LIFE SHARA<\/a>, \u201cSharing awareness and governance of climate change adaptation\u201d, whose general aim is to improve climate change adaptation governance in Spain and Portugal. The project has been coordinated by the Ministry for Ecological Transition and Demographic Challenge (MITECO) through the Biodiversity Foundation, and includes as partners: the Spanish Climate Change Office, the Autonomous Agency of National Parks -through the National Centre for Environmental Education (CENEAM)-, the Spanish State Meteorological Agency (AEMET) and the Portuguese Agency for the Environment.<\/p>\n<p>[\/et_pb_blurb][et_pb_blurb title=&#8221;What will you find at the conference?&#8221; content_max_width=&#8221;100%&#8221; admin_label=&#8221;\u00bfQu\u00e9 encontrar\u00e1s en la Conferencia?&#8221; module_id=&#8221;what-will-you-find&#8221; _builder_version=&#8221;4.9.1&#8243; _module_preset=&#8221;default&#8221; header_level=&#8221;h2&#8243; header_font=&#8221;|700|||||||&#8221; header_font_size=&#8221;35px&#8221; body_text_color=&#8221;#2a2a29&#8243; body_link_font=&#8221;|700|||on|||#de6f5b|&#8221; body_link_text_color=&#8221;#de6f5b&#8221; module_alignment=&#8221;left&#8221; custom_padding=&#8221;30px||30px||true|false&#8221; header_font_size_tablet=&#8221;&#8221; header_font_size_phone=&#8221;30px&#8221; header_font_size_last_edited=&#8221;on|phone&#8221; body_font_size_tablet=&#8221;&#8221; body_font_size_phone=&#8221;16px&#8221; body_font_size_last_edited=&#8221;on|phone&#8221; custom_css_blurb_title=&#8221;margin-bottom: 30px; &#8221; border_color_all=&#8221;#f1a336&#8243; border_width_bottom=&#8221;1px&#8221;]<\/p>\n<ul>\n<li>A complete, three-days programme: 18 \u00b7 19 \u00b7 20 November.<\/li>\n<li>Simultaneous interpretation available in Spanish and Portuguese. Also available in English for the opening and closing sessions.<\/li>\n<li>General sessions via online streaming for the opening and closing events of the conference.<\/li>\n<li>Ten thematic sessions via Zoom to enable dialogue and participants engagement.<\/li>\n<li>A space for networking and an online cafeteria for participants.<\/li>\n<li><a href=\"https:\/\/docs.google.com\/forms\/d\/e\/1FAIpQLSfR4dJ9vyg_yqszp0YBVNGSqUP2UQO237V-U3Lo5yIRPwTKCQ\/viewform\">Free registration.<\/a><\/li>\n<\/ul>\n<p>[\/et_pb_blurb][et_pb_blurb title=&#8221;Objectives&#8221; content_max_width=&#8221;100%&#8221; module_id=&#8221;objectives&#8221; _builder_version=&#8221;4.6.6&#8243; _module_preset=&#8221;default&#8221; header_level=&#8221;h2&#8243; header_font=&#8221;|700|||||||&#8221; header_font_size=&#8221;35px&#8221; body_text_color=&#8221;#2a2a29&#8243; module_alignment=&#8221;left&#8221; custom_padding=&#8221;30px||30px||true|false&#8221; header_font_size_tablet=&#8221;&#8221; header_font_size_phone=&#8221;30px&#8221; header_font_size_last_edited=&#8221;on|phone&#8221; body_font_size_tablet=&#8221;&#8221; body_font_size_phone=&#8221;16px&#8221; body_font_size_last_edited=&#8221;on|phone&#8221; custom_css_blurb_title=&#8221;margin-bottom: 30px; &#8221; border_color_all=&#8221;#de6f5b&#8221; border_width_bottom=&#8221;1px&#8221;]<\/p>\n<ul>\n<li style=\"list-style-type: none;\">\n<ul>\n<li>To share<strong> knowledge, experiences and good practices<\/strong> between Spain and Portugal.<\/li>\n<li>To promote <strong>knowledge<\/strong> <strong>transfer<\/strong> for the development of adaptive policies and practices.<\/li>\n<li>To raise <strong>awareness<\/strong> about climate change adaptation.<\/li>\n<li>To contribute to establishing <strong>networks for communication and work.<\/strong><\/li>\n<li>Foster and strengthen <strong>shared governance<\/strong> between Spain and Portugal.<\/li>\n<\/ul>\n<\/li>\n<\/ul>\n<p>[\/et_pb_blurb][et_pb_blurb title=&#8221;Who is Adaptes aimed at?&#8221; content_max_width=&#8221;100%&#8221; admin_label=&#8221;A qui\u00e9n va dirigido Adaptes&#8221; module_id=&#8221;a-quien-se-dirige&#8221; _builder_version=&#8221;4.6.6&#8243; _module_preset=&#8221;default&#8221; header_level=&#8221;h2&#8243; header_font=&#8221;|700|||||||&#8221; header_font_size=&#8221;35px&#8221; body_text_color=&#8221;#2a2a29&#8243; module_alignment=&#8221;left&#8221; custom_padding=&#8221;30px||30px||true|false&#8221; header_font_size_tablet=&#8221;&#8221; header_font_size_phone=&#8221;30px&#8221; header_font_size_last_edited=&#8221;on|phone&#8221; body_font_size_tablet=&#8221;&#8221; body_font_size_phone=&#8221;16px&#8221; body_font_size_last_edited=&#8221;on|phone&#8221; custom_css_blurb_title=&#8221;margin-bottom: 30px; &#8221; border_color_all=&#8221;#91c468&#8243; border_width_bottom=&#8221;1px&#8221;]<\/p>\n<ul>\n<li>Technical personnel in public administrations and private sector.<\/li>\n<li>People responsible for making decisions related to climate change.<\/li>\n<li>Researchers, academics and teachers.<\/li>\n<li>Representatives from the private sector and NGOs.<\/li>\n<li>Journalists and media professionals.<\/li>\n<li>Students.<\/li>\n<li>Anyone interested on the topic.<\/li>\n<\/ul>\n<p>[\/et_pb_blurb][et_pb_blurb title=&#8221;Organizers&#8221; content_max_width=&#8221;100%&#8221; admin_label=&#8221;Entidades que organizan&#8221; module_id=&#8221;organising-entities&#8221; _builder_version=&#8221;4.6.6&#8243; _module_preset=&#8221;default&#8221; header_level=&#8221;h2&#8243; header_font=&#8221;|700|||||||&#8221; header_font_size=&#8221;35px&#8221; body_text_color=&#8221;#2a2a29&#8243; body_link_font=&#8221;|700|||on|||#de6f5b|&#8221; body_link_text_color=&#8221;#2a2a29&#8243; module_alignment=&#8221;left&#8221; custom_padding=&#8221;30px||0px||false|false&#8221; header_font_size_tablet=&#8221;&#8221; header_font_size_phone=&#8221;30px&#8221; header_font_size_last_edited=&#8221;on|phone&#8221; body_font_size_tablet=&#8221;&#8221; body_font_size_phone=&#8221;16px&#8221; body_font_size_last_edited=&#8221;on|phone&#8221; custom_css_blurb_title=&#8221;margin-bottom: 30px; &#8221; border_color_all=&#8221;#de6f5b&#8221; border_color_bottom=&#8221;#ffd656&#8243;]<\/p>\n<p>Organized by the <a href=\"https:\/\/www.miteco.gob.es\/es\/\"><strong>Ministry for the Ecological Transition and Demographic Challenge (MITECO)<\/strong><\/a> through the <a href=\"https:\/\/www.fundacion-biodiversidad.es\/es\"><strong>Biodiversity Foundation<\/strong><\/a> and the <a href=\"https:\/\/www.miteco.gob.es\/es\/cambio-climatico\/temas\/organismos-e-instituciones-implicados-en-la-lucha-contra-el-cambio-climatico-a-nivel-nacional\/oficina-espanola-en-cambio-climatico\/\"><strong>Spanish Climate Change Office<\/strong><\/a> together with the <a href=\"https:\/\/www.apambiente.pt\/\"><strong>Portuguese Agency for the Environment<\/strong><\/a>.<\/p>\n<p>Also participating in organising the conference are the Autonomous Agency of National Parks \u2013 through the National <a href=\"https:\/\/www.miteco.gob.es\/es\/ceneam\/\"><strong>Centre for Environmental Education (CENEAM)<\/strong> <\/a>\u2013 and the <a href=\"http:\/\/www.aemet.es\/es\/portada\"><strong>Spanish State Meteorological Agency (AEMET)<\/strong><\/a>.<\/p>\n<p>[\/et_pb_blurb][et_pb_image src=&#8221;https:\/\/conferencia.lifeshara.com\/wp-content\/uploads\/2020\/10\/Adaptes-Organizadores@4x.png&#8221; title_text=&#8221;Adaptes-Organizadores@4x&#8221; show_bottom_space=&#8221;off&#8221; _builder_version=&#8221;4.6.5&#8243; _module_preset=&#8221;default&#8221; custom_padding=&#8221;||||false|false&#8221; border_color_bottom=&#8221;#f1a336&#8243;][\/et_pb_image][et_pb_divider color=&#8221;#de6f5b&#8221; divider_position=&#8221;bottom&#8221; _builder_version=&#8221;4.6.6&#8243; _module_preset=&#8221;default&#8221; height=&#8221;69px&#8221;][\/et_pb_divider][\/et_pb_column][\/et_pb_row][\/et_pb_section][et_pb_section fb_built=&#8221;1&#8243; admin_label=&#8221;#Adaptes&#8221; _builder_version=&#8221;4.6.5&#8243; _module_preset=&#8221;default&#8221; background_color=&#8221;#fdfcec&#8221; custom_padding=&#8221;80px||0px|||&#8221; global_module=&#8221;4025&#8243; saved_tabs=&#8221;all&#8221; locked=&#8221;off&#8221; collapsed=&#8221;off&#8221;][et_pb_row column_structure=&#8221;2_3,1_3&#8243; disabled_on=&#8221;on|on|on&#8221; admin_label=&#8221;Fila&#8221; _builder_version=&#8221;4.6.6&#8243; _module_preset=&#8221;default&#8221; custom_padding=&#8221;||0px|||&#8221; disabled=&#8221;on&#8221;][et_pb_column type=&#8221;2_3&#8243; _builder_version=&#8221;4.6.5&#8243; _module_preset=&#8221;default&#8221;][\/et_pb_column][et_pb_column type=&#8221;1_3&#8243; _builder_version=&#8221;4.6.5&#8243; _module_preset=&#8221;default&#8221;][et_pb_button button_url=&#8221;\/en\/programme\/&#8221; url_new_window=&#8221;on&#8221; button_text=&#8221;attend the online conference&#8221; button_alignment=&#8221;right&#8221; admin_label=&#8221;Bot\u00f3n: SIGN UP NOW!&#8221; _builder_version=&#8221;4.6.6&#8243; _module_preset=&#8221;default&#8221; custom_button=&#8221;on&#8221; button_text_color=&#8221;#fdfcec&#8221; button_bg_color=&#8221;#91c468&#8243; button_border_color=&#8221;rgba(0,0,0,0)&#8221; button_font=&#8221;|800|||||||&#8221; button_icon=&#8221;%%302%%&#8221; button_icon_placement=&#8221;left&#8221; button_on_hover=&#8221;off&#8221; positioning=&#8221;fixed&#8221; position_origin_f=&#8221;top_right&#8221; vertical_offset=&#8221;75px&#8221; horizontal_offset=&#8221;0px&#8221; vertical_offset_tablet=&#8221;90px&#8221; vertical_offset_phone=&#8221;72px&#8221; vertical_offset_last_edited=&#8221;on|phone&#8221; position_origin_a_tablet=&#8221;&#8221; position_origin_a_phone=&#8221;&#8221; position_origin_a_last_edited=&#8221;on|tablet&#8221; position_origin_f_tablet=&#8221;&#8221; position_origin_f_phone=&#8221;&#8221; position_origin_f_last_edited=&#8221;on|desktop&#8221; position_origin_r_tablet=&#8221;&#8221; position_origin_r_phone=&#8221;&#8221; position_origin_r_last_edited=&#8221;on|tablet&#8221; custom_padding=&#8221;20px|||40px|false|false&#8221; button_text_size_tablet=&#8221;18px&#8221; button_text_size_phone=&#8221;16px&#8221; button_text_size_last_edited=&#8221;on|phone&#8221; positioning_tablet=&#8221;&#8221; positioning_phone=&#8221;&#8221; positioning_last_edited=&#8221;on|phone&#8221; button_bg_color__hover_enabled=&#8221;on|desktop&#8221; button_bg_color__hover=&#8221;#de6f5b&#8221; button_bg_enable_color__hover=&#8221;on&#8221;][\/et_pb_button][\/et_pb_column][\/et_pb_row][et_pb_row admin_label=&#8221;Fila&#8221; _builder_version=&#8221;4.6.5&#8243; _module_preset=&#8221;default&#8221; custom_padding=&#8221;||0px|||&#8221;][et_pb_column type=&#8221;4_4&#8243; _builder_version=&#8221;4.6.5&#8243; _module_preset=&#8221;default&#8221;][et_pb_text admin_label=&#8221;#Adaptes&#8221; _builder_version=&#8221;4.6.5&#8243; _module_preset=&#8221;default&#8221; header_2_font=&#8221;||||||||&#8221; header_2_font_size=&#8221;30px&#8221;]<\/p>\n<h2 style=\"text-align: center;\">#Adaptes<\/h2>\n<p>[\/et_pb_text][et_pb_text _builder_version=&#8221;4.6.6&#8243; _module_preset=&#8221;default&#8221; text_font=&#8221;|700|||||||&#8221; text_font_size=&#8221;18px&#8221; header_2_font=&#8221;||||||||&#8221; header_2_font_size=&#8221;30px&#8221; text_orientation=&#8221;center&#8221; custom_margin=&#8221;||-16px||false|false&#8221;]Can you help us to share this information?[\/et_pb_text][\/et_pb_column][\/et_pb_row][\/et_pb_section]<\/p>\n","protected":false},"excerpt":{"rendered":"<p>Adaptes is the first Iberian Conference on climate change adaptation. With Adaptes we want to promote and contribute to making climate change adaptation an opportunity and a reality, for the present and for the future. For this challenge, we have the following proposal: a participative and innovative online cooperation event. The conference will be a [&hellip;]<\/p>\n","protected":false},"author":5,"featured_media":2505,"parent":0,"menu_order":0,"comment_status":"closed","ping_status":"closed","template":"","meta":{"_et_pb_use_builder":"on","_et_pb_old_content":"","_et_gb_content_width":"","footnotes":""},"class_list":["post-2578","page","type-page","status-publish","has-post-thumbnail","hentry"],"_links":{"self":[{"href":"https:\/\/conferencia.lifeshara.com\/en\/wp-json\/wp\/v2\/pages\/2578","targetHints":{"allow":["GET"]}}],"collection":[{"href":"https:\/\/conferencia.lifeshara.com\/en\/wp-json\/wp\/v2\/pages"}],"about":[{"href":"https:\/\/conferencia.lifeshara.com\/en\/wp-json\/wp\/v2\/types\/page"}],"author":[{"embeddable":true,"href":"https:\/\/conferencia.lifeshara.com\/en\/wp-json\/wp\/v2\/users\/5"}],"replies":[{"embeddable":true,"href":"https:\/\/conferencia.lifeshara.com\/en\/wp-json\/wp\/v2\/comments?post=2578"}],"version-history":[{"count":0,"href":"https:\/\/conferencia.lifeshara.com\/en\/wp-json\/wp\/v2\/pages\/2578\/revisions"}],"wp:featuredmedia":[{"embeddable":true,"href":"https:\/\/conferencia.lifeshara.com\/en\/wp-json\/wp\/v2\/media\/2505"}],"wp:attachment":[{"href":"https:\/\/conferencia.lifeshara.com\/en\/wp-json\/wp\/v2\/media?parent=2578"}],"curies":[{"name":"wp","href":"https:\/\/api.w.org\/{rel}","templated":true}]}}